{"id":3458,"date":"2023-08-10T09:23:44","date_gmt":"2023-08-10T09:23:44","guid":{"rendered":"https:\/\/riwal-wpn.acceptatie.indicia-interactiv.nl\/da\/?post_type=knowledge&#038;p=3458"},"modified":"2023-12-14T12:03:37","modified_gmt":"2023-12-14T12:03:37","slug":"kvinder-i-liftbranchen-katrine-aurora-balle","status":"publish","type":"knowledge","link":"https:\/\/riwal-wpn.acceptatie.indicia-interactiv.nl\/da\/artikler-og-nyheder\/blog\/kvinder-i-liftbranchen-katrine-aurora-balle\/","title":{"rendered":"Kvinder i liftbranchen: Katrine Aurora Balle"},"content":{"rendered":"<div class=\"rental-wp-default-block rental-theme-block-default-margin\">\n\t\t\t\t\t\t\t\t<div class=\"container\">\n<div class=\"wp-block-group is-layout-flow wp-block-group-is-layout-flow\">\n<div class=\"wp-block-columns is-layout-flex wp-container-core-columns-is-layout-398b3aa3 wp-block-columns-is-layout-flex\">\n<div class=\"wp-block-column has-primary-color has-text-color is-layout-flow wp-block-column-is-layout-flow\">\n<p>I anledning af kvindernes internationale kampdag hylder vi alle kvinders resultater og bidrag. Hos Riwal er vi stolte over at have kvinder, der g\u00f8r en reel forskel i vores branche. Som f.eks. Katrine Aurora Balle, vores dedikerede IPAF-instrukt\u00f8r og Training Manager. Vi vil gerne dele hendes inspirerende historie, som er blevet fremh\u00e6vet af International Powered Access Federation (IPAF) som en del af IPAF&#8217;s initiativ om at bringe fokus p\u00e5 kvinder som arbejder i liftbranchen.<\/p>\n\n\n\n<h2 class=\"wp-block-heading\" id=\"h-katrine-aurora-balle-safety-instructor-amp-training-manager-hos-riwal\">Katrine Aurora Balle<br>Safety Instructor &amp; Training Manager hos Riwal<\/h2>\n\n\n\n<div class=\"wp-block-rental-theme-title-text rental-theme-block-default-margin\">\n\t<div class=\"wp-block-rental-theme-title-text__container\">\n\t\t<div class=\"wp-block-rental-theme-title-text__wrapper\">\n\t\t\t<h1 class='wp-block-rental-theme-title-text__title'>Hvordan kom du ind i denne branche, og hvad tiltrak dig ved den?<br><br><br><br><br><\/h1>\t\t<\/div>\n\t\t<div class='wp-block-rental-theme-title-text__text'>\n\n<p>Jeg studerede til en kandidatgrad i maritim ark\u00e6ologi og blev uddannet som kommerciel dykker. Derefter blev jeg headhuntet for at blive instrukt\u00f8r inden for sikkerhedstr\u00e6ning, herunder arbejde i vindenergiindustrien. Jeg finder, at jeg generelt er meget opm\u00e6rksom p\u00e5 sikkerhedsanliggender, hvilket hj\u00e6lper mig med den m\u00e5de, jeg betragter potentielle sikkerhedsrisici p\u00e5.<\/p>\n\n\n\n<p>At v\u00e6re forudseende kommer meget naturligt for mig, ligesom vurdering af risici og at finde l\u00f8sninger for at mindske\/eliminere dem. Jeg tror, at mange kvinder besidder denne evne, og den er meget efterspurgt i vores verden.<\/p>\n\n\n\n<p>Jeg kan lide, at denne branche giver mig mulighed for at udnytte mine naturlige evner til at forudse risikofyldte situationer og min k\u00e6rlighed til kommunikation og uddannelse til at forbedre andre arbejderes sikre arbejdsmilj\u00f8.<\/p>\n\n<\/div>\n\t<\/div>\n<\/div>\n\n<div class=\"wp-block-rental-theme-expertises wp-block-rental-theme-expertises--white rental-theme-block-default-margin\">\n\t\t<div class=\"wp-block-rental-theme-expertises__container\">\n\t\t\t<h2 class='wp-block-rental-theme-expertises__title'><em>&#8220;Jeg \u00f8nsker at forts\u00e6tte med at v\u00e6re en del af at skabe en kultur, hvor alle er lige, uanset k\u00f8n eller etnicitet.<\/em>&#8220;<\/h2>\t\t\t\n\n<div class=\"wp-block-columns is-layout-flex wp-container-core-columns-is-layout-28f84493 wp-block-columns-is-layout-flex\">\n<div class=\"wp-block-column is-layout-flow wp-block-column-is-layout-flow\"><div class=\"wp-block-rental-theme-expertise-item\">\n\t<div class=\"wp-block-rental-theme-expertise-item__container\">\n\t\t<div class=\"wp-block-rental-theme-expertise-item__content\">\n\t\t\t\t\t\t\t\t\t\t\t\t<div class=\"wp-block-rental-theme-expertise-item--no-link\">\n\t\t\t\t\t\t<h2 class='wp-block-rental-theme-expertise-item__title'>Katrine Aurora Balle<\/h2>\t\t\t\t\t<\/div>\n\t\t\t\t\t\t\t\t<div class=\"wp-block-rental-theme-expertise-item__text\">\n\n<p><\/p>\n\n<\/div>\n\t\t\t\t\t<\/div>\n\t<\/div>\n<\/div>\n<\/div>\n<\/div>\n\n\t\t<\/div>\n<\/div>\n\n\n\n\n<div class=\"wp-block-columns is-layout-flex wp-container-core-columns-is-layout-28f84493 wp-block-columns-is-layout-flex\">\n<div class=\"wp-block-column is-layout-flow wp-block-column-is-layout-flow\">\n<h2 class=\"wp-block-heading\" id=\"h-hvad-finder-du-inspirende-ved-dit-arbejde\">Hvad finder du inspirende ved dit arbejde?<\/h2>\n\n\n\n<p>Jeg tror, at uddannelse er n\u00f8glen til en sund og blomstrende samfund. For mig er det centralt i denne sammenh\u00e6ng at give folk uddannelse og str\u00e6be efter at \u00f8ge deres kompetencer samt udfordre deres gr\u00e6nser. Jeg har altid tiltrukket mig job, der tilf\u00e6ldigvis var i mande-dominerede brancher, og har ogs\u00e5 s\u00f8gt at udfordre gr\u00e6nser for mig selv og andre kvinder; det er det, jeg finder inspirerende ved min rolle i denne branche.<\/p>\n<\/div>\n\n\n\n<div class=\"wp-block-column is-layout-flow wp-block-column-is-layout-flow\">\n<figure class=\"wp-block-image size-large\"><img decoding=\"async\" src=\"https:\/\/riwal-wpn.acceptatie.indicia-interactiv.nl\/app\/themes\/rental\/dist\/images\/patterns\/knowledge_blog_1.webp\" alt=\"\" class=\"wp-image-1212\" \/><\/figure>\n<\/div>\n<\/div>\n\n\n\n<h2 class=\"wp-block-heading\" id=\"h-hvor-ser-du-dig-selv-om-fem-ar-og-hvad-onsker-du-at-have-opnaet\">Hvor ser du dig selv om fem \u00e5r og hvad \u00f8nsker du at have opn\u00e5et?<\/h2>\n\n\n\n<p>Jeg \u00f8nsker at forts\u00e6tte med at v\u00e6re en del af at skabe en kultur, hvor alle er lige, uanset k\u00f8n eller etnicitet: At sikre, at vores branche byder velkommen til alle, der har noget at bidrage med, og at kvinder ikke l\u00e6ngere beh\u00f8ver at bevise sig selv p\u00e5 flere m\u00e5der end deres mandlige kolleger. Jeg tror ikke, at minoriteterne skal bevise, at de er gode nok til at arbejde i en bestemt branche. Jeg tror, at branchen skal bevise, at den er god nok, s\u00e5 minoriteter har lyst til at arbejde i den.<\/p>\n\n\n<div class=\"wp-block-rental-theme-featured rental-theme-block-default-padding\">\n\t<div class=\"container\">\n\t\t<div class=\"wp-block-rental-theme-featured-container\">\n\t\t\t<div class=\"wp-block-rental-theme-featured__image\">\n\t\t\t\t<div class=\"wp-block-rental-theme-featured-image-container\">\n\t\t\t\t\t\t\t\t\t\t\t<div class=\"main-image\">\n\t\t\t\t\t\t\t<img loading=\"lazy\" decoding=\"async\" width=\"620\" height=\"413\" src=\"https:\/\/riwal-wpn.acceptatie.indicia-interactiv.nl\/app\/uploads\/sites\/14\/2023\/04\/202210040123-Riwal-Opleidingen-min-scaled.jpg\" class=\"attachment-featured_block_image size-featured_block_image\" alt=\"\" srcset=\"https:\/\/riwal-wpn.acceptatie.indicia-interactiv.nl\/app\/uploads\/sites\/14\/2023\/04\/202210040123-Riwal-Opleidingen-min-scaled.jpg 2560w, https:\/\/riwal-wpn.acceptatie.indicia-interactiv.nl\/app\/uploads\/sites\/14\/2023\/04\/202210040123-Riwal-Opleidingen-min-2048x1365.jpg 2048w, https:\/\/riwal-wpn.acceptatie.indicia-interactiv.nl\/app\/uploads\/sites\/14\/2023\/04\/202210040123-Riwal-Opleidingen-min-1388x925.jpg 1388w, https:\/\/riwal-wpn.acceptatie.indicia-interactiv.nl\/app\/uploads\/sites\/14\/2023\/04\/202210040123-Riwal-Opleidingen-min-830x553.jpg 830w, https:\/\/riwal-wpn.acceptatie.indicia-interactiv.nl\/app\/uploads\/sites\/14\/2023\/04\/202210040123-Riwal-Opleidingen-min-250x167.jpg 250w, https:\/\/riwal-wpn.acceptatie.indicia-interactiv.nl\/app\/uploads\/sites\/14\/2023\/04\/202210040123-Riwal-Opleidingen-min-300x200.jpg 300w, https:\/\/riwal-wpn.acceptatie.indicia-interactiv.nl\/app\/uploads\/sites\/14\/2023\/04\/202210040123-Riwal-Opleidingen-min-768x512.jpg 768w, https:\/\/riwal-wpn.acceptatie.indicia-interactiv.nl\/app\/uploads\/sites\/14\/2023\/04\/202210040123-Riwal-Opleidingen-min-1024x683.jpg 1024w, https:\/\/riwal-wpn.acceptatie.indicia-interactiv.nl\/app\/uploads\/sites\/14\/2023\/04\/202210040123-Riwal-Opleidingen-min-1536x1024.jpg 1536w, https:\/\/riwal-wpn.acceptatie.indicia-interactiv.nl\/app\/uploads\/sites\/14\/2023\/04\/202210040123-Riwal-Opleidingen-min-178x119.jpg 178w, https:\/\/riwal-wpn.acceptatie.indicia-interactiv.nl\/app\/uploads\/sites\/14\/2023\/04\/202210040123-Riwal-Opleidingen-min-390x260.jpg 390w\" sizes=\"auto, (max-width: 620px) 100vw, 620px\" \/>\t\t\t\t\t\t<\/div>\n\t\t\t\t\t\t\t\t\t\t<div class=\"wp-block-rental-theme-featured-image-container__subtext\">\n\t\t\t\t\t\t\t\t\t\t\t<\/div>\n\t\t\t\t<\/div>\n\t\t\t<\/div>\n\t\t\t<div class=\"wp-block-rental-theme-featured-content\">\n\t\t\t\t<div>\n\t\t\t\t\t<h2 class=\"wp-block-rental-theme-featured-title\">Hvilke r\u00e5d ville du give til andre kvinder i branchen eller kvinder, der overvejer at tr\u00e6de ind i branchen?<\/h2>\n\t\t\t\t\t<div class=\"wp-block-rental-theme-featured-text\">\n\n<p>Kend dine styrker, v\u00e6r stolt og tro p\u00e5, at du har noget at bidrage med. Inddrag dine forventninger i dit arbejde. N\u00e5r du kommunikerer dine forventninger til dig selv og andre, har de en st\u00f8rre chance for at blive opfyldt. Sig din mening. V\u00e6r den forandring, du \u00f8nsker at se i andre.<\/p>\n\n\n\n<p class=\"has-small-font-size\"><\/p>\n\n<\/div>\n\t\t\t\t<\/div>\n\t\t\t<\/div>\n\t\t<\/div>\n\t<\/div>\n<\/div>\n<\/div>\n<\/div>\n<\/div>\n<\/div>\n\t\t\t\t\t\t\t<\/div> \n\n<div class=\"container\">\n<p><em>The International Powered Access Federation (IPAF) fremmer sikker og effektiv brug af lifte i hele verden. Denne artikel er en del af IPAF&#8217;s initiativ for kvinder i liftbranchen..<\/em><\/p>\n<\/div>\n\n<div class=\"container\">\n<p class=\"has-medium-font-size\"><\/p>\n<\/div>\n\n<div class=\"rental-wp-default-block rental-theme-block-default-margin\">\n\t\t\t\t\t\t\t\t<div class=\"container\"><div class=\"wp-block-rental-theme-latest-news\">\n\t<div class=\"wp-block-rental-theme-latest-news-container\">\n\t\t\t\t<div class=\"wp-block-rental-theme-latest-news__content\">\n\t\t\t\t\t\t\t\t<div class=\"wp-block-rental-theme-latest-news__article\">\n\t\t\t\t\t\t<div class=\"wp-block-rental-theme-latest-news__article--date\">\n\t\t\t\t\t\t\t14 &#8211; 02 &#8211; 2024\t\t\t\t\t\t<\/div>\n\t\t\t\t\t\t<a class=\"wp-block-rental-theme-latest-news__article--link\" href=\"https:\/\/riwal-wpn.acceptatie.indicia-interactiv.nl\/da\/artikler-og-nyheder\/nyheder\/riwal-lancerer-ny-hjemmeside\/\">\n\t\t\t\t\t\t\t<div class=\"wp-block-rental-theme-latest-news__article--title\">\n\t\t\t\t\t\t\t\tRiwal lancerer ny hjemmeside\t\t\t\t\t\t\t<\/div>\n\t\t\t\t\t\t<\/a>\n\t\t\t\t\t\t<div class=\"wp-block-rental-theme-latest-news__article--content\">\n\t\t\t\t\t\t\tMed vores nye hjemmeside, g\u00f8r vi det nemmere at leje maskiner. Sammen med den opdaterede version af MitRiwal, som lanceres i marts, giver vi vores kunder en digital opgradering, der vil v\u00e6re med til at forbedre udlejningsoplevelsen.\t\t\t\t\t\t<\/div>\n\t\t\t\t\t\t<div class=\"wp-block-rental-theme-latest-news__article--more\">\n\t\t\t\t\t\t\t<a class=\"wp-block-rental-theme-latest-news__article--link\" href=\"https:\/\/riwal-wpn.acceptatie.indicia-interactiv.nl\/da\/artikler-og-nyheder\/nyheder\/riwal-lancerer-ny-hjemmeside\/\">L\u00e6s mere&#8230;<\/a>\n\t\t\t\t\t\t<\/div>\n\t\t\t\t\t<\/div>\n\t\t\t\t\t\t\t\t\t<div class=\"wp-block-rental-theme-latest-news__article\">\n\t\t\t\t\t\t<div class=\"wp-block-rental-theme-latest-news__article--date\">\n\t\t\t\t\t\t\t05 &#8211; 01 &#8211; 2024\t\t\t\t\t\t<\/div>\n\t\t\t\t\t\t<a class=\"wp-block-rental-theme-latest-news__article--link\" href=\"https:\/\/riwal-wpn.acceptatie.indicia-interactiv.nl\/da\/artikler-og-nyheder\/blog\/6-gode-raad-til-arbejde-i-lifte-i-sne-og-frostvejr\/\">\n\t\t\t\t\t\t\t<div class=\"wp-block-rental-theme-latest-news__article--title\">\n\t\t\t\t\t\t\t\t6 gode r\u00e5d til arbejde i lifte i sne og frostvejr\t\t\t\t\t\t\t<\/div>\n\t\t\t\t\t\t<\/a>\n\t\t\t\t\t\t<div class=\"wp-block-rental-theme-latest-news__article--content\">\n\t\t\t\t\t\t\tVi kommer her med nogle tips til, hvad du skal v\u00e6re opm\u00e6rksom p\u00e5, n\u00e5r du arbejder med lifte om vinteren.\t\t\t\t\t\t<\/div>\n\t\t\t\t\t\t<div class=\"wp-block-rental-theme-latest-news__article--more\">\n\t\t\t\t\t\t\t<a class=\"wp-block-rental-theme-latest-news__article--link\" href=\"https:\/\/riwal-wpn.acceptatie.indicia-interactiv.nl\/da\/artikler-og-nyheder\/blog\/6-gode-raad-til-arbejde-i-lifte-i-sne-og-frostvejr\/\">L\u00e6s mere&#8230;<\/a>\n\t\t\t\t\t\t<\/div>\n\t\t\t\t\t<\/div>\n\t\t\t\t\t\t\t\t\t<div class=\"wp-block-rental-theme-latest-news__article\">\n\t\t\t\t\t\t<div class=\"wp-block-rental-theme-latest-news__article--date\">\n\t\t\t\t\t\t\t12 &#8211; 09 &#8211; 2023\t\t\t\t\t\t<\/div>\n\t\t\t\t\t\t<a class=\"wp-block-rental-theme-latest-news__article--link\" href=\"https:\/\/riwal-wpn.acceptatie.indicia-interactiv.nl\/da\/artikler-og-nyheder\/blog\/riwal-safety-training-holder-dig-sikker-efter-ferien\/\">\n\t\t\t\t\t\t\t<div class=\"wp-block-rental-theme-latest-news__article--title\">\n\t\t\t\t\t\t\t\tRiwal Safety Training holder dig sikker efter ferien\t\t\t\t\t\t\t<\/div>\n\t\t\t\t\t\t<\/a>\n\t\t\t\t\t\t<div class=\"wp-block-rental-theme-latest-news__article--content\">\n\t\t\t\t\t\t\tUanset om du lige er vendt tilbage fra ferie eller st\u00e5r foran en velfortjent pause, er det vigtigt altid at prioritere sikkerheden p\u00e5 din arbejdsplads.\t\t\t\t\t\t<\/div>\n\t\t\t\t\t\t<div class=\"wp-block-rental-theme-latest-news__article--more\">\n\t\t\t\t\t\t\t<a class=\"wp-block-rental-theme-latest-news__article--link\" href=\"https:\/\/riwal-wpn.acceptatie.indicia-interactiv.nl\/da\/artikler-og-nyheder\/blog\/riwal-safety-training-holder-dig-sikker-efter-ferien\/\">L\u00e6s mere&#8230;<\/a>\n\t\t\t\t\t\t<\/div>\n\t\t\t\t\t<\/div>\n\t\t\t\t\t\t<\/div>\n\t<\/div>\n<\/div>\n<\/div>\n\t\t\t\t\t\t\t<\/div> ","protected":false},"excerpt":{"rendered":"<p>Hos Riwal har vi flere super seje kvinder.<\/p>\n<p>En af dem er Katrine Aurora Balle, vores Safety Instructor &amp; Training Manager i Riwal Danmark, som International Powered Access Federation (IPAF) har valgt at fremh\u00e6ve i deres artikelserie \u201cWomen in Powered Access\u201d.<\/p>\n<p>I den rigtig fine artikel kan i l\u00e6se mere om Katrines vej ind i lift branchen, hendes inspiration og hendes r\u00e5d til andre kvinder i branchen.<\/p>\n","protected":false},"featured_media":3459,"template":"","meta":{"_acf_changed":false,"editor_notices":[],"footnotes":""},"knowledge-category":[29],"knowledge-tag":[105],"class_list":["post-3458","knowledge","type-knowledge","status-publish","has-post-thumbnail","hentry","knowledge-category-blog"],"acf":[],"yoast_head":"<!-- This site is optimized with the Yoast SEO Premium plugin v27.1 (Yoast SEO v27.1.1) - https:\/\/yoast.com\/product\/yoast-seo-premium-wordpress\/ -->\n<title>Kvinder i liftbranchen | Blog | Riwal<\/title>\n<meta name=\"description\" content=\"Kvinder i liftbranchen. P\u00e5 kvindernes internationale kampdag, s\u00e6tter vi fokus p\u00e5 vores seje kollegaer. L\u00e6s historien her.\" \/>\n<meta name=\"robots\" content=\"noindex, follow, max-snippet:-1, max-image-preview:large, max-video-preview:-1\" \/>\n<meta property=\"og:locale\" content=\"da_DK\" \/>\n<meta property=\"og:type\" content=\"article\" \/>\n<meta property=\"og:title\" content=\"Kvinder i liftbranchen: Katrine Aurora Balle\" \/>\n<meta property=\"og:description\" content=\"Kvinder i liftbranchen. P\u00e5 kvindernes internationale kampdag, s\u00e6tter vi fokus p\u00e5 vores seje kollegaer. L\u00e6s historien her.\" \/>\n<meta property=\"og:url\" content=\"https:\/\/riwal-wpn.acceptatie.indicia-interactiv.nl\/da\/knowledge\/blog\/kvinder-i-liftbranchen-katrine-aurora-balle\/\" \/>\n<meta property=\"og:site_name\" content=\"Riwal Danmark\" \/>\n<meta property=\"article:modified_time\" content=\"2023-12-14T12:03:37+00:00\" \/>\n<meta property=\"og:image\" content=\"https:\/\/riwal-wpn.acceptatie.indicia-interactiv.nl\/app\/uploads\/sites\/14\/2023\/08\/Katrine-IPAF-portraet-1.png\" \/>\n\t<meta property=\"og:image:width\" content=\"1314\" \/>\n\t<meta property=\"og:image:height\" content=\"638\" \/>\n\t<meta property=\"og:image:type\" content=\"image\/png\" \/>\n<meta name=\"twitter:card\" content=\"summary_large_image\" \/>\n<meta name=\"twitter:label1\" content=\"Est. reading time\" \/>\n\t<meta name=\"twitter:data1\" content=\"3 minutter\" \/>\n<script type=\"application\/ld+json\" class=\"yoast-schema-graph\">{\"@context\":\"https:\/\/schema.org\",\"@graph\":[{\"@type\":\"WebPage\",\"@id\":\"https:\/\/riwal-wpn.acceptatie.indicia-interactiv.nl\/da\/knowledge\/blog\/kvinder-i-liftbranchen-katrine-aurora-balle\/\",\"url\":\"https:\/\/riwal-wpn.acceptatie.indicia-interactiv.nl\/da\/knowledge\/blog\/kvinder-i-liftbranchen-katrine-aurora-balle\/\",\"name\":\"Kvinder i liftbranchen | Blog | Riwal\",\"isPartOf\":{\"@id\":\"https:\/\/riwal-wpn.acceptatie.indicia-interactiv.nl\/da\/#website\"},\"primaryImageOfPage\":{\"@id\":\"https:\/\/riwal-wpn.acceptatie.indicia-interactiv.nl\/da\/knowledge\/blog\/kvinder-i-liftbranchen-katrine-aurora-balle\/#primaryimage\"},\"image\":{\"@id\":\"https:\/\/riwal-wpn.acceptatie.indicia-interactiv.nl\/da\/knowledge\/blog\/kvinder-i-liftbranchen-katrine-aurora-balle\/#primaryimage\"},\"thumbnailUrl\":\"https:\/\/riwal-wpn.acceptatie.indicia-interactiv.nl\/app\/uploads\/sites\/14\/2023\/08\/Katrine-IPAF-portraet-1.png\",\"datePublished\":\"2023-08-10T09:23:44+00:00\",\"dateModified\":\"2023-12-14T12:03:37+00:00\",\"description\":\"Kvinder i liftbranchen. P\u00e5 kvindernes internationale kampdag, s\u00e6tter vi fokus p\u00e5 vores seje kollegaer. L\u00e6s historien her.\",\"breadcrumb\":{\"@id\":\"https:\/\/riwal-wpn.acceptatie.indicia-interactiv.nl\/da\/knowledge\/blog\/kvinder-i-liftbranchen-katrine-aurora-balle\/#breadcrumb\"},\"inLanguage\":\"da-DK\",\"potentialAction\":[{\"@type\":\"ReadAction\",\"target\":[\"https:\/\/riwal-wpn.acceptatie.indicia-interactiv.nl\/da\/knowledge\/blog\/kvinder-i-liftbranchen-katrine-aurora-balle\/\"]}]},{\"@type\":\"ImageObject\",\"inLanguage\":\"da-DK\",\"@id\":\"https:\/\/riwal-wpn.acceptatie.indicia-interactiv.nl\/da\/knowledge\/blog\/kvinder-i-liftbranchen-katrine-aurora-balle\/#primaryimage\",\"url\":\"https:\/\/riwal-wpn.acceptatie.indicia-interactiv.nl\/app\/uploads\/sites\/14\/2023\/08\/Katrine-IPAF-portraet-1.png\",\"contentUrl\":\"https:\/\/riwal-wpn.acceptatie.indicia-interactiv.nl\/app\/uploads\/sites\/14\/2023\/08\/Katrine-IPAF-portraet-1.png\",\"width\":1314,\"height\":638,\"caption\":\"Katrine Aurora Balle, Training Manager at Riwal Safety Training Denmark\"},{\"@type\":\"BreadcrumbList\",\"@id\":\"https:\/\/riwal-wpn.acceptatie.indicia-interactiv.nl\/da\/knowledge\/blog\/kvinder-i-liftbranchen-katrine-aurora-balle\/#breadcrumb\",\"itemListElement\":[{\"@type\":\"ListItem\",\"position\":1,\"name\":\"Forside\",\"item\":\"https:\/\/riwal-wpn.acceptatie.indicia-interactiv.nl\/da\/\"},{\"@type\":\"ListItem\",\"position\":2,\"name\":\"Nyheder & Blog\",\"item\":\"https:\/\/riwal-wpn.acceptatie.indicia-interactiv.nl\/da\/knowledge\/\"},{\"@type\":\"ListItem\",\"position\":3,\"name\":\"Kvinder i liftbranchen: Katrine Aurora Balle\"}]},{\"@type\":\"WebSite\",\"@id\":\"https:\/\/riwal-wpn.acceptatie.indicia-interactiv.nl\/da\/#website\",\"url\":\"https:\/\/riwal-wpn.acceptatie.indicia-interactiv.nl\/da\/\",\"name\":\"Riwal\",\"description\":\"Arial work platform &amp; Telehandler Rental\/Sales\",\"publisher\":{\"@id\":\"https:\/\/riwal-wpn.acceptatie.indicia-interactiv.nl\/da\/#organization\"},\"potentialAction\":[{\"@type\":\"SearchAction\",\"target\":{\"@type\":\"EntryPoint\",\"urlTemplate\":\"https:\/\/riwal-wpn.acceptatie.indicia-interactiv.nl\/da\/?s={search_term_string}\"},\"query-input\":{\"@type\":\"PropertyValueSpecification\",\"valueRequired\":true,\"valueName\":\"search_term_string\"}}],\"inLanguage\":\"da-DK\"},{\"@type\":\"Organization\",\"@id\":\"https:\/\/riwal-wpn.acceptatie.indicia-interactiv.nl\/da\/#organization\",\"name\":\"Riwal\",\"url\":\"https:\/\/riwal-wpn.acceptatie.indicia-interactiv.nl\/da\/\",\"logo\":{\"@type\":\"ImageObject\",\"inLanguage\":\"da-DK\",\"@id\":\"https:\/\/riwal-wpn.acceptatie.indicia-interactiv.nl\/da\/#\/schema\/logo\/image\/\",\"url\":\"\",\"contentUrl\":\"\",\"caption\":\"Riwal\"},\"image\":{\"@id\":\"https:\/\/riwal-wpn.acceptatie.indicia-interactiv.nl\/da\/#\/schema\/logo\/image\/\"}}]}<\/script>\n<!-- \/ Yoast SEO Premium plugin. -->","yoast_head_json":{"title":"Kvinder i liftbranchen | Blog | Riwal","description":"Kvinder i liftbranchen. P\u00e5 kvindernes internationale kampdag, s\u00e6tter vi fokus p\u00e5 vores seje kollegaer. L\u00e6s historien her.","robots":{"index":"noindex","follow":"follow","max-snippet":"max-snippet:-1","max-image-preview":"max-image-preview:large","max-video-preview":"max-video-preview:-1"},"og_locale":"da_DK","og_type":"article","og_title":"Kvinder i liftbranchen: Katrine Aurora Balle","og_description":"Kvinder i liftbranchen. P\u00e5 kvindernes internationale kampdag, s\u00e6tter vi fokus p\u00e5 vores seje kollegaer. L\u00e6s historien her.","og_url":"https:\/\/riwal-wpn.acceptatie.indicia-interactiv.nl\/da\/knowledge\/blog\/kvinder-i-liftbranchen-katrine-aurora-balle\/","og_site_name":"Riwal Danmark","article_modified_time":"2023-12-14T12:03:37+00:00","og_image":[{"width":1314,"height":638,"url":"https:\/\/riwal-wpn.acceptatie.indicia-interactiv.nl\/app\/uploads\/sites\/14\/2023\/08\/Katrine-IPAF-portraet-1.png","type":"image\/png"}],"twitter_card":"summary_large_image","twitter_misc":{"Est. reading time":"3 minutter"},"schema":{"@context":"https:\/\/schema.org","@graph":[{"@type":"WebPage","@id":"https:\/\/riwal-wpn.acceptatie.indicia-interactiv.nl\/da\/knowledge\/blog\/kvinder-i-liftbranchen-katrine-aurora-balle\/","url":"https:\/\/riwal-wpn.acceptatie.indicia-interactiv.nl\/da\/knowledge\/blog\/kvinder-i-liftbranchen-katrine-aurora-balle\/","name":"Kvinder i liftbranchen | Blog | Riwal","isPartOf":{"@id":"https:\/\/riwal-wpn.acceptatie.indicia-interactiv.nl\/da\/#website"},"primaryImageOfPage":{"@id":"https:\/\/riwal-wpn.acceptatie.indicia-interactiv.nl\/da\/knowledge\/blog\/kvinder-i-liftbranchen-katrine-aurora-balle\/#primaryimage"},"image":{"@id":"https:\/\/riwal-wpn.acceptatie.indicia-interactiv.nl\/da\/knowledge\/blog\/kvinder-i-liftbranchen-katrine-aurora-balle\/#primaryimage"},"thumbnailUrl":"https:\/\/riwal-wpn.acceptatie.indicia-interactiv.nl\/app\/uploads\/sites\/14\/2023\/08\/Katrine-IPAF-portraet-1.png","datePublished":"2023-08-10T09:23:44+00:00","dateModified":"2023-12-14T12:03:37+00:00","description":"Kvinder i liftbranchen. P\u00e5 kvindernes internationale kampdag, s\u00e6tter vi fokus p\u00e5 vores seje kollegaer. L\u00e6s historien her.","breadcrumb":{"@id":"https:\/\/riwal-wpn.acceptatie.indicia-interactiv.nl\/da\/knowledge\/blog\/kvinder-i-liftbranchen-katrine-aurora-balle\/#breadcrumb"},"inLanguage":"da-DK","potentialAction":[{"@type":"ReadAction","target":["https:\/\/riwal-wpn.acceptatie.indicia-interactiv.nl\/da\/knowledge\/blog\/kvinder-i-liftbranchen-katrine-aurora-balle\/"]}]},{"@type":"ImageObject","inLanguage":"da-DK","@id":"https:\/\/riwal-wpn.acceptatie.indicia-interactiv.nl\/da\/knowledge\/blog\/kvinder-i-liftbranchen-katrine-aurora-balle\/#primaryimage","url":"https:\/\/riwal-wpn.acceptatie.indicia-interactiv.nl\/app\/uploads\/sites\/14\/2023\/08\/Katrine-IPAF-portraet-1.png","contentUrl":"https:\/\/riwal-wpn.acceptatie.indicia-interactiv.nl\/app\/uploads\/sites\/14\/2023\/08\/Katrine-IPAF-portraet-1.png","width":1314,"height":638,"caption":"Katrine Aurora Balle, Training Manager at Riwal Safety Training Denmark"},{"@type":"BreadcrumbList","@id":"https:\/\/riwal-wpn.acceptatie.indicia-interactiv.nl\/da\/knowledge\/blog\/kvinder-i-liftbranchen-katrine-aurora-balle\/#breadcrumb","itemListElement":[{"@type":"ListItem","position":1,"name":"Forside","item":"https:\/\/riwal-wpn.acceptatie.indicia-interactiv.nl\/da\/"},{"@type":"ListItem","position":2,"name":"Nyheder & Blog","item":"https:\/\/riwal-wpn.acceptatie.indicia-interactiv.nl\/da\/knowledge\/"},{"@type":"ListItem","position":3,"name":"Kvinder i liftbranchen: Katrine Aurora Balle"}]},{"@type":"WebSite","@id":"https:\/\/riwal-wpn.acceptatie.indicia-interactiv.nl\/da\/#website","url":"https:\/\/riwal-wpn.acceptatie.indicia-interactiv.nl\/da\/","name":"Riwal","description":"Arial work platform &amp; Telehandler Rental\/Sales","publisher":{"@id":"https:\/\/riwal-wpn.acceptatie.indicia-interactiv.nl\/da\/#organization"},"potentialAction":[{"@type":"SearchAction","target":{"@type":"EntryPoint","urlTemplate":"https:\/\/riwal-wpn.acceptatie.indicia-interactiv.nl\/da\/?s={search_term_string}"},"query-input":{"@type":"PropertyValueSpecification","valueRequired":true,"valueName":"search_term_string"}}],"inLanguage":"da-DK"},{"@type":"Organization","@id":"https:\/\/riwal-wpn.acceptatie.indicia-interactiv.nl\/da\/#organization","name":"Riwal","url":"https:\/\/riwal-wpn.acceptatie.indicia-interactiv.nl\/da\/","logo":{"@type":"ImageObject","inLanguage":"da-DK","@id":"https:\/\/riwal-wpn.acceptatie.indicia-interactiv.nl\/da\/#\/schema\/logo\/image\/","url":"","contentUrl":"","caption":"Riwal"},"image":{"@id":"https:\/\/riwal-wpn.acceptatie.indicia-interactiv.nl\/da\/#\/schema\/logo\/image\/"}}]}},"_links":{"self":[{"href":"https:\/\/riwal-wpn.acceptatie.indicia-interactiv.nl\/da\/wp-json\/wp\/v2\/knowledge\/3458","targetHints":{"allow":["GET"]}}],"collection":[{"href":"https:\/\/riwal-wpn.acceptatie.indicia-interactiv.nl\/da\/wp-json\/wp\/v2\/knowledge"}],"about":[{"href":"https:\/\/riwal-wpn.acceptatie.indicia-interactiv.nl\/da\/wp-json\/wp\/v2\/types\/knowledge"}],"version-history":[{"count":4,"href":"https:\/\/riwal-wpn.acceptatie.indicia-interactiv.nl\/da\/wp-json\/wp\/v2\/knowledge\/3458\/revisions"}],"predecessor-version":[{"id":6382,"href":"https:\/\/riwal-wpn.acceptatie.indicia-interactiv.nl\/da\/wp-json\/wp\/v2\/knowledge\/3458\/revisions\/6382"}],"wp:featuredmedia":[{"embeddable":true,"href":"https:\/\/riwal-wpn.acceptatie.indicia-interactiv.nl\/da\/wp-json\/wp\/v2\/media\/3459"}],"wp:attachment":[{"href":"https:\/\/riwal-wpn.acceptatie.indicia-interactiv.nl\/da\/wp-json\/wp\/v2\/media?parent=3458"}],"wp:term":[{"taxonomy":"knowledge-category","embeddable":true,"href":"https:\/\/riwal-wpn.acceptatie.indicia-interactiv.nl\/da\/wp-json\/wp\/v2\/knowledge-category?post=3458"},{"taxonomy":"knowledge-tag","embeddable":true,"href":"https:\/\/riwal-wpn.acceptatie.indicia-interactiv.nl\/da\/wp-json\/wp\/v2\/knowledge-tag?post=3458"}],"curies":[{"name":"wp","href":"https:\/\/api.w.org\/{rel}","templated":true}]}}