{"id":3600,"date":"2023-08-22T13:29:12","date_gmt":"2023-08-22T13:29:12","guid":{"rendered":"https:\/\/riwal-wpn.acceptatie.indicia-interactiv.nl\/da\/?post_type=knowledge&#038;p=3600"},"modified":"2023-12-14T11:21:23","modified_gmt":"2023-12-14T11:21:23","slug":"riwal-udvider-den-groenne-lejeflaade-med-jlg","status":"publish","type":"knowledge","link":"https:\/\/riwal-wpn.acceptatie.indicia-interactiv.nl\/da\/artikler-og-nyheder\/nyheder\/riwal-udvider-den-groenne-lejeflaade-med-jlg\/","title":{"rendered":"Riwal udvider den gr\u00f8nne lejefl\u00e5de"},"content":{"rendered":"<div class=\"container\">\n<p><strong>Riwal, specialist i udlejning og salg af lifte og&nbsp;teleskopl\u00e6ssere, er det f\u00f8rste firma, der overtager de nye 100% elektriske JLG EC bomlifte.<\/strong><\/p>\n<\/div>\n\n<div class=\"container\">\n<p>De nye bomlifte er <a href=\"https:\/\/riwal-wpn.acceptatie.indicia-interactiv.nl\/da\/udlejning\/lift\/knaekarmsbomlift-lift\/jlg-e450aj\/knaekarmsbomlift-lift-el-16m\/\">JLG EC450AJ<\/a> med en arbejdsh\u00f8jde p\u00e5 15,77 meter. <a href=\"https:\/\/riwal-wpn.acceptatie.indicia-interactiv.nl\/da\/udlejning\/lift\/knaekarmsbomlift-lift\/jlg-ec520aj\/knaekarmsbomlift-lift-el-18m\/\">JLG EC520AJ<\/a> har en arbejdsh\u00f8jde p\u00e5 18 meter.<\/p>\n<\/div>\n\n<div class=\"container\">\n<p>Begge maskinmodeller leveres med lithium-ion-fosfat batterier og elektriske motorer. Begge maskiner er emissionsfrie og egner sig til b\u00e5de indend\u00f8rs og udend\u00f8rs brug.<\/p>\n<\/div>\n\n<div class=\"container\">\n<p>De nye&nbsp;<a href=\"https:\/\/jlg.com\/en\">JLG<\/a>-maskintyper tilf\u00f8jes i f\u00f8rste omgang til Riwals udlejningsfl\u00e5de i Danmark og Holland. Herefter efterfulgt af andre europ\u00e6iske lande senere p\u00e5 \u00e5ret.<\/p>\n<\/div>\n\n<div class=\"container\">\n<p>I l\u00f8bet af de sidste \u00e5r har Riwal ogs\u00e5 omdannet dieselmaskiner til elektriske maskiner. Dette g\u00f8r det muligt for virksomheden at tilbyde 100% elektriske maskiner op til 43 meters arbejdsh\u00f8jde. I Europa er 65% af Riwals udlejningsfl\u00e5de elektrisk.<\/p>\n<\/div>\n\n<div class=\"container\">\n<p>Da Riwal er JLG-forhandler i Holland, Polen, Slovenien, Kroatien og Kasakhstan, tilbydes de nye JLG-maskintyper ogs\u00e5 til udlejningsselskaber og slutbrugere i disse lande.<\/p>\n<\/div>\n\n<div class=\"container\">\n<p>Pedro Torres, administrerende direkt\u00f8r for Riwal, siger: &#8220;<em>Vores kunder kr\u00e6ver i stigende grad 100% elektriske maskiner til at arbejde i h\u00f8jden for, at udf\u00f8re deres projekter p\u00e5 den mest b\u00e6redygtige m\u00e5de. Vi er stolte af at v\u00e6re det f\u00f8rste firma, der k\u00f8ber de nye JLG-maskintyper. Som en del af vores \u201dLifting Sustainability\u201d kampagne er en stigende andel af vores fl\u00e5deinvestering i elektriske maskiner. I 2025 er vores m\u00e5l at have 75% elektriske maskiner i vores europ\u00e6iske lejefl\u00e5de<\/em>.\u201d<\/p>\n<\/div>\n\n<div class=\"container\">\n<p>Karel Huijser, General Manager and Vice President hos JLG i EMEAIR regionen, siger:<\/p>\n<\/div>\n\n<div class=\"container\">\n<p>\u201d<em>Vi er glade for at se, at Riwal er modtager af de f\u00f8rste EC elektriske bomlifte. Som virksomhed tilskynder vi vores partnere g\u00e5r i gang med omstillingen til elektrificering, hvilket inkluderer, at s\u00e6tte sig m\u00e5ls\u00e6tninger om at \u00f8ge andelen af elektriske maskiner i fl\u00e5den, samt udlede f\u00e6rre emissioner og mindre st\u00f8j. Disse EC bomlifte er blandt de f\u00f8rste fra JLG som bliver leveret i EMEAIR regionen, og vi er meget begejstret omkring deres egenskaber og performance<\/em>.<\/p>\n<\/div>\n\n<div class=\"container\">\n<figure class=\"wp-block-image size-full is-resized\"><img loading=\"lazy\" decoding=\"async\" width=\"642\" height=\"642\" src=\"https:\/\/riwal-wpn.acceptatie.indicia-interactiv.nl\/app\/uploads\/sites\/14\/2023\/08\/RWL-Sustainability-InternalActivities.png\" alt=\"\" class=\"wp-image-3602\" style=\"width:297px;height:297px\" srcset=\"https:\/\/riwal-wpn.acceptatie.indicia-interactiv.nl\/app\/uploads\/sites\/14\/2023\/08\/RWL-Sustainability-InternalActivities.png 642w, https:\/\/riwal-wpn.acceptatie.indicia-interactiv.nl\/app\/uploads\/sites\/14\/2023\/08\/RWL-Sustainability-InternalActivities-628x628.png 628w, https:\/\/riwal-wpn.acceptatie.indicia-interactiv.nl\/app\/uploads\/sites\/14\/2023\/08\/RWL-Sustainability-InternalActivities-150x150.png 150w, https:\/\/riwal-wpn.acceptatie.indicia-interactiv.nl\/app\/uploads\/sites\/14\/2023\/08\/RWL-Sustainability-InternalActivities-300x300.png 300w, https:\/\/riwal-wpn.acceptatie.indicia-interactiv.nl\/app\/uploads\/sites\/14\/2023\/08\/RWL-Sustainability-InternalActivities-178x178.png 178w, https:\/\/riwal-wpn.acceptatie.indicia-interactiv.nl\/app\/uploads\/sites\/14\/2023\/08\/RWL-Sustainability-InternalActivities-390x390.png 390w, https:\/\/riwal-wpn.acceptatie.indicia-interactiv.nl\/app\/uploads\/sites\/14\/2023\/08\/RWL-Sustainability-InternalActivities-200x200.png 200w\" sizes=\"auto, (max-width: 642px) 100vw, 642px\" \/><\/figure>\n<\/div>\n\n<div class=\"container\">\n<p><a href=\"https:\/\/riwal-wpn.acceptatie.indicia-interactiv.nl\/danmark\/da\/riwal\/sustainability\/interne-initiativer\"><\/a><\/p>\n<\/div>\n\n<div class=\"container\">\n<h3 class=\"wp-block-heading\" id=\"h-baeredygtige-initiativer\"><a href=\"https:\/\/riwal-wpn.acceptatie.indicia-interactiv.nl\/danmark\/da\/riwal\/sustainability\/interne-initiativer\">B\u00e6redygtige initiativer<\/a><\/h3>\n<\/div>\n\n<div class=\"container\">\n<h3 class=\"wp-block-heading\" id=\"h-riwal-haever-indsatsen-med-egne-interne-aktiviteter\"><a href=\"https:\/\/riwal-wpn.acceptatie.indicia-interactiv.nl\/danmark\/da\/riwal\/sustainability\/interne-initiativer\">Riwal h\u00e6ver indsatsen med egne interne aktiviteter<\/a><\/h3>\n<\/div>\n\n<div class=\"rental-wp-default-block rental-theme-block-default-margin\">\n\t\t\t\t\t\t\t\t<div class=\"container\"><div class=\"wp-block-rental-theme-latest-news\">\n\t<div class=\"wp-block-rental-theme-latest-news-container\">\n\t\t\t\t<div class=\"wp-block-rental-theme-latest-news__content\">\n\t\t\t\t\t\t\t\t<div class=\"wp-block-rental-theme-latest-news__article\">\n\t\t\t\t\t\t<div class=\"wp-block-rental-theme-latest-news__article--date\">\n\t\t\t\t\t\t\t14 &#8211; 02 &#8211; 2024\t\t\t\t\t\t<\/div>\n\t\t\t\t\t\t<a class=\"wp-block-rental-theme-latest-news__article--link\" href=\"https:\/\/riwal-wpn.acceptatie.indicia-interactiv.nl\/da\/artikler-og-nyheder\/nyheder\/riwal-lancerer-ny-hjemmeside\/\">\n\t\t\t\t\t\t\t<div class=\"wp-block-rental-theme-latest-news__article--title\">\n\t\t\t\t\t\t\t\tRiwal lancerer ny hjemmeside\t\t\t\t\t\t\t<\/div>\n\t\t\t\t\t\t<\/a>\n\t\t\t\t\t\t<div class=\"wp-block-rental-theme-latest-news__article--content\">\n\t\t\t\t\t\t\tMed vores nye hjemmeside, g\u00f8r vi det nemmere at leje maskiner. Sammen med den opdaterede version af MitRiwal, som lanceres i marts, giver vi vores kunder en digital opgradering, der vil v\u00e6re med til at forbedre udlejningsoplevelsen.\t\t\t\t\t\t<\/div>\n\t\t\t\t\t\t<div class=\"wp-block-rental-theme-latest-news__article--more\">\n\t\t\t\t\t\t\t<a class=\"wp-block-rental-theme-latest-news__article--link\" href=\"https:\/\/riwal-wpn.acceptatie.indicia-interactiv.nl\/da\/artikler-og-nyheder\/nyheder\/riwal-lancerer-ny-hjemmeside\/\">L\u00e6s mere&#8230;<\/a>\n\t\t\t\t\t\t<\/div>\n\t\t\t\t\t<\/div>\n\t\t\t\t\t\t\t\t\t<div class=\"wp-block-rental-theme-latest-news__article\">\n\t\t\t\t\t\t<div class=\"wp-block-rental-theme-latest-news__article--date\">\n\t\t\t\t\t\t\t05 &#8211; 01 &#8211; 2024\t\t\t\t\t\t<\/div>\n\t\t\t\t\t\t<a class=\"wp-block-rental-theme-latest-news__article--link\" href=\"https:\/\/riwal-wpn.acceptatie.indicia-interactiv.nl\/da\/artikler-og-nyheder\/blog\/6-gode-raad-til-arbejde-i-lifte-i-sne-og-frostvejr\/\">\n\t\t\t\t\t\t\t<div class=\"wp-block-rental-theme-latest-news__article--title\">\n\t\t\t\t\t\t\t\t6 gode r\u00e5d til arbejde i lifte i sne og frostvejr\t\t\t\t\t\t\t<\/div>\n\t\t\t\t\t\t<\/a>\n\t\t\t\t\t\t<div class=\"wp-block-rental-theme-latest-news__article--content\">\n\t\t\t\t\t\t\tVi kommer her med nogle tips til, hvad du skal v\u00e6re opm\u00e6rksom p\u00e5, n\u00e5r du arbejder med lifte om vinteren.\t\t\t\t\t\t<\/div>\n\t\t\t\t\t\t<div class=\"wp-block-rental-theme-latest-news__article--more\">\n\t\t\t\t\t\t\t<a class=\"wp-block-rental-theme-latest-news__article--link\" href=\"https:\/\/riwal-wpn.acceptatie.indicia-interactiv.nl\/da\/artikler-og-nyheder\/blog\/6-gode-raad-til-arbejde-i-lifte-i-sne-og-frostvejr\/\">L\u00e6s mere&#8230;<\/a>\n\t\t\t\t\t\t<\/div>\n\t\t\t\t\t<\/div>\n\t\t\t\t\t\t\t\t\t<div class=\"wp-block-rental-theme-latest-news__article\">\n\t\t\t\t\t\t<div class=\"wp-block-rental-theme-latest-news__article--date\">\n\t\t\t\t\t\t\t12 &#8211; 09 &#8211; 2023\t\t\t\t\t\t<\/div>\n\t\t\t\t\t\t<a class=\"wp-block-rental-theme-latest-news__article--link\" href=\"https:\/\/riwal-wpn.acceptatie.indicia-interactiv.nl\/da\/artikler-og-nyheder\/blog\/riwal-safety-training-holder-dig-sikker-efter-ferien\/\">\n\t\t\t\t\t\t\t<div class=\"wp-block-rental-theme-latest-news__article--title\">\n\t\t\t\t\t\t\t\tRiwal Safety Training holder dig sikker efter ferien\t\t\t\t\t\t\t<\/div>\n\t\t\t\t\t\t<\/a>\n\t\t\t\t\t\t<div class=\"wp-block-rental-theme-latest-news__article--content\">\n\t\t\t\t\t\t\tUanset om du lige er vendt tilbage fra ferie eller st\u00e5r foran en velfortjent pause, er det vigtigt altid at prioritere sikkerheden p\u00e5 din arbejdsplads.\t\t\t\t\t\t<\/div>\n\t\t\t\t\t\t<div class=\"wp-block-rental-theme-latest-news__article--more\">\n\t\t\t\t\t\t\t<a class=\"wp-block-rental-theme-latest-news__article--link\" href=\"https:\/\/riwal-wpn.acceptatie.indicia-interactiv.nl\/da\/artikler-og-nyheder\/blog\/riwal-safety-training-holder-dig-sikker-efter-ferien\/\">L\u00e6s mere&#8230;<\/a>\n\t\t\t\t\t\t<\/div>\n\t\t\t\t\t<\/div>\n\t\t\t\t\t\t<\/div>\n\t<\/div>\n<\/div>\n<\/div>\n\t\t\t\t\t\t\t<\/div> ","protected":false},"excerpt":{"rendered":"<p>Vores kunder kr\u00e6ver i stigende grad 100% elektriske maskiner til at arbejde i h\u00f8jden for, at udf\u00f8re deres projekter p\u00e5 den mest b\u00e6redygtige m\u00e5de. Derfor udvider Riwal den gr\u00f8nne lejefl\u00e5de.<\/p>\n","protected":false},"featured_media":3601,"template":"","meta":{"_acf_changed":false,"editor_notices":[],"footnotes":""},"knowledge-category":[146],"knowledge-tag":[143,149],"class_list":["post-3600","knowledge","type-knowledge","status-publish","has-post-thumbnail","hentry","knowledge-category-nyheder"],"acf":[],"yoast_head":"<!-- This site is optimized with the Yoast SEO Premium plugin v27.1 (Yoast SEO v27.1.1) - https:\/\/yoast.com\/product\/yoast-seo-premium-wordpress\/ -->\n<title>Riwal udvider den gr\u00f8nne lejefl\u00e5de | Nyheder | Riwal<\/title>\n<meta name=\"description\" content=\"Riwal udvider den gr\u00f8nne lejefl\u00e5de, da kunderne i stigende grad \u00f8nsket at udf\u00f8re deres projekter p\u00e5 den mest b\u00e6redygtige m\u00e5de.\" \/>\n<meta name=\"robots\" content=\"noindex, follow, max-snippet:-1, max-image-preview:large, max-video-preview:-1\" \/>\n<meta property=\"og:locale\" content=\"da_DK\" \/>\n<meta property=\"og:type\" content=\"article\" \/>\n<meta property=\"og:title\" content=\"Riwal udvider den gr\u00f8nne lejefl\u00e5de\" \/>\n<meta property=\"og:description\" content=\"Riwal udvider den gr\u00f8nne lejefl\u00e5de, da kunderne i stigende grad \u00f8nsket at udf\u00f8re deres projekter p\u00e5 den mest b\u00e6redygtige m\u00e5de.\" \/>\n<meta property=\"og:url\" content=\"https:\/\/riwal-wpn.acceptatie.indicia-interactiv.nl\/da\/knowledge\/nyheder\/riwal-udvider-den-groenne-lejeflaade-med-jlg\/\" \/>\n<meta property=\"og:site_name\" content=\"Riwal Danmark\" \/>\n<meta property=\"article:modified_time\" content=\"2023-12-14T11:21:23+00:00\" \/>\n<meta property=\"og:image\" content=\"https:\/\/riwal-wpn.acceptatie.indicia-interactiv.nl\/app\/uploads\/sites\/14\/2023\/08\/Nye-JLG-el-lifte.jpg\" \/>\n\t<meta property=\"og:image:width\" content=\"600\" \/>\n\t<meta property=\"og:image:height\" content=\"400\" \/>\n\t<meta property=\"og:image:type\" content=\"image\/jpeg\" \/>\n<meta name=\"twitter:card\" content=\"summary_large_image\" \/>\n<meta name=\"twitter:label1\" content=\"Est. reading time\" \/>\n\t<meta name=\"twitter:data1\" content=\"2 minutter\" \/>\n<script type=\"application\/ld+json\" class=\"yoast-schema-graph\">{\"@context\":\"https:\/\/schema.org\",\"@graph\":[{\"@type\":\"WebPage\",\"@id\":\"https:\/\/riwal-wpn.acceptatie.indicia-interactiv.nl\/da\/knowledge\/nyheder\/riwal-udvider-den-groenne-lejeflaade-med-jlg\/\",\"url\":\"https:\/\/riwal-wpn.acceptatie.indicia-interactiv.nl\/da\/knowledge\/nyheder\/riwal-udvider-den-groenne-lejeflaade-med-jlg\/\",\"name\":\"Riwal udvider den gr\u00f8nne lejefl\u00e5de | Nyheder | Riwal\",\"isPartOf\":{\"@id\":\"https:\/\/riwal-wpn.acceptatie.indicia-interactiv.nl\/da\/#website\"},\"primaryImageOfPage\":{\"@id\":\"https:\/\/riwal-wpn.acceptatie.indicia-interactiv.nl\/da\/knowledge\/nyheder\/riwal-udvider-den-groenne-lejeflaade-med-jlg\/#primaryimage\"},\"image\":{\"@id\":\"https:\/\/riwal-wpn.acceptatie.indicia-interactiv.nl\/da\/knowledge\/nyheder\/riwal-udvider-den-groenne-lejeflaade-med-jlg\/#primaryimage\"},\"thumbnailUrl\":\"https:\/\/riwal-wpn.acceptatie.indicia-interactiv.nl\/app\/uploads\/sites\/14\/2023\/08\/Nye-JLG-el-lifte.jpg\",\"datePublished\":\"2023-08-22T13:29:12+00:00\",\"dateModified\":\"2023-12-14T11:21:23+00:00\",\"description\":\"Riwal udvider den gr\u00f8nne lejefl\u00e5de, da kunderne i stigende grad \u00f8nsket at udf\u00f8re deres projekter p\u00e5 den mest b\u00e6redygtige m\u00e5de.\",\"breadcrumb\":{\"@id\":\"https:\/\/riwal-wpn.acceptatie.indicia-interactiv.nl\/da\/knowledge\/nyheder\/riwal-udvider-den-groenne-lejeflaade-med-jlg\/#breadcrumb\"},\"inLanguage\":\"da-DK\",\"potentialAction\":[{\"@type\":\"ReadAction\",\"target\":[\"https:\/\/riwal-wpn.acceptatie.indicia-interactiv.nl\/da\/knowledge\/nyheder\/riwal-udvider-den-groenne-lejeflaade-med-jlg\/\"]}]},{\"@type\":\"ImageObject\",\"inLanguage\":\"da-DK\",\"@id\":\"https:\/\/riwal-wpn.acceptatie.indicia-interactiv.nl\/da\/knowledge\/nyheder\/riwal-udvider-den-groenne-lejeflaade-med-jlg\/#primaryimage\",\"url\":\"https:\/\/riwal-wpn.acceptatie.indicia-interactiv.nl\/app\/uploads\/sites\/14\/2023\/08\/Nye-JLG-el-lifte.jpg\",\"contentUrl\":\"https:\/\/riwal-wpn.acceptatie.indicia-interactiv.nl\/app\/uploads\/sites\/14\/2023\/08\/Nye-JLG-el-lifte.jpg\",\"width\":600,\"height\":400},{\"@type\":\"BreadcrumbList\",\"@id\":\"https:\/\/riwal-wpn.acceptatie.indicia-interactiv.nl\/da\/knowledge\/nyheder\/riwal-udvider-den-groenne-lejeflaade-med-jlg\/#breadcrumb\",\"itemListElement\":[{\"@type\":\"ListItem\",\"position\":1,\"name\":\"Forside\",\"item\":\"https:\/\/riwal-wpn.acceptatie.indicia-interactiv.nl\/da\/\"},{\"@type\":\"ListItem\",\"position\":2,\"name\":\"Nyheder & Blog\",\"item\":\"https:\/\/riwal-wpn.acceptatie.indicia-interactiv.nl\/da\/knowledge\/\"},{\"@type\":\"ListItem\",\"position\":3,\"name\":\"Riwal udvider den gr\u00f8nne lejefl\u00e5de\"}]},{\"@type\":\"WebSite\",\"@id\":\"https:\/\/riwal-wpn.acceptatie.indicia-interactiv.nl\/da\/#website\",\"url\":\"https:\/\/riwal-wpn.acceptatie.indicia-interactiv.nl\/da\/\",\"name\":\"Riwal\",\"description\":\"Arial work platform &amp; Telehandler Rental\/Sales\",\"publisher\":{\"@id\":\"https:\/\/riwal-wpn.acceptatie.indicia-interactiv.nl\/da\/#organization\"},\"potentialAction\":[{\"@type\":\"SearchAction\",\"target\":{\"@type\":\"EntryPoint\",\"urlTemplate\":\"https:\/\/riwal-wpn.acceptatie.indicia-interactiv.nl\/da\/?s={search_term_string}\"},\"query-input\":{\"@type\":\"PropertyValueSpecification\",\"valueRequired\":true,\"valueName\":\"search_term_string\"}}],\"inLanguage\":\"da-DK\"},{\"@type\":\"Organization\",\"@id\":\"https:\/\/riwal-wpn.acceptatie.indicia-interactiv.nl\/da\/#organization\",\"name\":\"Riwal\",\"url\":\"https:\/\/riwal-wpn.acceptatie.indicia-interactiv.nl\/da\/\",\"logo\":{\"@type\":\"ImageObject\",\"inLanguage\":\"da-DK\",\"@id\":\"https:\/\/riwal-wpn.acceptatie.indicia-interactiv.nl\/da\/#\/schema\/logo\/image\/\",\"url\":\"\",\"contentUrl\":\"\",\"caption\":\"Riwal\"},\"image\":{\"@id\":\"https:\/\/riwal-wpn.acceptatie.indicia-interactiv.nl\/da\/#\/schema\/logo\/image\/\"}}]}<\/script>\n<!-- \/ Yoast SEO Premium plugin. -->","yoast_head_json":{"title":"Riwal udvider den gr\u00f8nne lejefl\u00e5de | Nyheder | Riwal","description":"Riwal udvider den gr\u00f8nne lejefl\u00e5de, da kunderne i stigende grad \u00f8nsket at udf\u00f8re deres projekter p\u00e5 den mest b\u00e6redygtige m\u00e5de.","robots":{"index":"noindex","follow":"follow","max-snippet":"max-snippet:-1","max-image-preview":"max-image-preview:large","max-video-preview":"max-video-preview:-1"},"og_locale":"da_DK","og_type":"article","og_title":"Riwal udvider den gr\u00f8nne lejefl\u00e5de","og_description":"Riwal udvider den gr\u00f8nne lejefl\u00e5de, da kunderne i stigende grad \u00f8nsket at udf\u00f8re deres projekter p\u00e5 den mest b\u00e6redygtige m\u00e5de.","og_url":"https:\/\/riwal-wpn.acceptatie.indicia-interactiv.nl\/da\/knowledge\/nyheder\/riwal-udvider-den-groenne-lejeflaade-med-jlg\/","og_site_name":"Riwal Danmark","article_modified_time":"2023-12-14T11:21:23+00:00","og_image":[{"width":600,"height":400,"url":"https:\/\/riwal-wpn.acceptatie.indicia-interactiv.nl\/app\/uploads\/sites\/14\/2023\/08\/Nye-JLG-el-lifte.jpg","type":"image\/jpeg"}],"twitter_card":"summary_large_image","twitter_misc":{"Est. reading time":"2 minutter"},"schema":{"@context":"https:\/\/schema.org","@graph":[{"@type":"WebPage","@id":"https:\/\/riwal-wpn.acceptatie.indicia-interactiv.nl\/da\/knowledge\/nyheder\/riwal-udvider-den-groenne-lejeflaade-med-jlg\/","url":"https:\/\/riwal-wpn.acceptatie.indicia-interactiv.nl\/da\/knowledge\/nyheder\/riwal-udvider-den-groenne-lejeflaade-med-jlg\/","name":"Riwal udvider den gr\u00f8nne lejefl\u00e5de | Nyheder | Riwal","isPartOf":{"@id":"https:\/\/riwal-wpn.acceptatie.indicia-interactiv.nl\/da\/#website"},"primaryImageOfPage":{"@id":"https:\/\/riwal-wpn.acceptatie.indicia-interactiv.nl\/da\/knowledge\/nyheder\/riwal-udvider-den-groenne-lejeflaade-med-jlg\/#primaryimage"},"image":{"@id":"https:\/\/riwal-wpn.acceptatie.indicia-interactiv.nl\/da\/knowledge\/nyheder\/riwal-udvider-den-groenne-lejeflaade-med-jlg\/#primaryimage"},"thumbnailUrl":"https:\/\/riwal-wpn.acceptatie.indicia-interactiv.nl\/app\/uploads\/sites\/14\/2023\/08\/Nye-JLG-el-lifte.jpg","datePublished":"2023-08-22T13:29:12+00:00","dateModified":"2023-12-14T11:21:23+00:00","description":"Riwal udvider den gr\u00f8nne lejefl\u00e5de, da kunderne i stigende grad \u00f8nsket at udf\u00f8re deres projekter p\u00e5 den mest b\u00e6redygtige m\u00e5de.","breadcrumb":{"@id":"https:\/\/riwal-wpn.acceptatie.indicia-interactiv.nl\/da\/knowledge\/nyheder\/riwal-udvider-den-groenne-lejeflaade-med-jlg\/#breadcrumb"},"inLanguage":"da-DK","potentialAction":[{"@type":"ReadAction","target":["https:\/\/riwal-wpn.acceptatie.indicia-interactiv.nl\/da\/knowledge\/nyheder\/riwal-udvider-den-groenne-lejeflaade-med-jlg\/"]}]},{"@type":"ImageObject","inLanguage":"da-DK","@id":"https:\/\/riwal-wpn.acceptatie.indicia-interactiv.nl\/da\/knowledge\/nyheder\/riwal-udvider-den-groenne-lejeflaade-med-jlg\/#primaryimage","url":"https:\/\/riwal-wpn.acceptatie.indicia-interactiv.nl\/app\/uploads\/sites\/14\/2023\/08\/Nye-JLG-el-lifte.jpg","contentUrl":"https:\/\/riwal-wpn.acceptatie.indicia-interactiv.nl\/app\/uploads\/sites\/14\/2023\/08\/Nye-JLG-el-lifte.jpg","width":600,"height":400},{"@type":"BreadcrumbList","@id":"https:\/\/riwal-wpn.acceptatie.indicia-interactiv.nl\/da\/knowledge\/nyheder\/riwal-udvider-den-groenne-lejeflaade-med-jlg\/#breadcrumb","itemListElement":[{"@type":"ListItem","position":1,"name":"Forside","item":"https:\/\/riwal-wpn.acceptatie.indicia-interactiv.nl\/da\/"},{"@type":"ListItem","position":2,"name":"Nyheder & Blog","item":"https:\/\/riwal-wpn.acceptatie.indicia-interactiv.nl\/da\/knowledge\/"},{"@type":"ListItem","position":3,"name":"Riwal udvider den gr\u00f8nne lejefl\u00e5de"}]},{"@type":"WebSite","@id":"https:\/\/riwal-wpn.acceptatie.indicia-interactiv.nl\/da\/#website","url":"https:\/\/riwal-wpn.acceptatie.indicia-interactiv.nl\/da\/","name":"Riwal","description":"Arial work platform &amp; Telehandler Rental\/Sales","publisher":{"@id":"https:\/\/riwal-wpn.acceptatie.indicia-interactiv.nl\/da\/#organization"},"potentialAction":[{"@type":"SearchAction","target":{"@type":"EntryPoint","urlTemplate":"https:\/\/riwal-wpn.acceptatie.indicia-interactiv.nl\/da\/?s={search_term_string}"},"query-input":{"@type":"PropertyValueSpecification","valueRequired":true,"valueName":"search_term_string"}}],"inLanguage":"da-DK"},{"@type":"Organization","@id":"https:\/\/riwal-wpn.acceptatie.indicia-interactiv.nl\/da\/#organization","name":"Riwal","url":"https:\/\/riwal-wpn.acceptatie.indicia-interactiv.nl\/da\/","logo":{"@type":"ImageObject","inLanguage":"da-DK","@id":"https:\/\/riwal-wpn.acceptatie.indicia-interactiv.nl\/da\/#\/schema\/logo\/image\/","url":"","contentUrl":"","caption":"Riwal"},"image":{"@id":"https:\/\/riwal-wpn.acceptatie.indicia-interactiv.nl\/da\/#\/schema\/logo\/image\/"}}]}},"_links":{"self":[{"href":"https:\/\/riwal-wpn.acceptatie.indicia-interactiv.nl\/da\/wp-json\/wp\/v2\/knowledge\/3600","targetHints":{"allow":["GET"]}}],"collection":[{"href":"https:\/\/riwal-wpn.acceptatie.indicia-interactiv.nl\/da\/wp-json\/wp\/v2\/knowledge"}],"about":[{"href":"https:\/\/riwal-wpn.acceptatie.indicia-interactiv.nl\/da\/wp-json\/wp\/v2\/types\/knowledge"}],"version-history":[{"count":7,"href":"https:\/\/riwal-wpn.acceptatie.indicia-interactiv.nl\/da\/wp-json\/wp\/v2\/knowledge\/3600\/revisions"}],"predecessor-version":[{"id":6374,"href":"https:\/\/riwal-wpn.acceptatie.indicia-interactiv.nl\/da\/wp-json\/wp\/v2\/knowledge\/3600\/revisions\/6374"}],"wp:featuredmedia":[{"embeddable":true,"href":"https:\/\/riwal-wpn.acceptatie.indicia-interactiv.nl\/da\/wp-json\/wp\/v2\/media\/3601"}],"wp:attachment":[{"href":"https:\/\/riwal-wpn.acceptatie.indicia-interactiv.nl\/da\/wp-json\/wp\/v2\/media?parent=3600"}],"wp:term":[{"taxonomy":"knowledge-category","embeddable":true,"href":"https:\/\/riwal-wpn.acceptatie.indicia-interactiv.nl\/da\/wp-json\/wp\/v2\/knowledge-category?post=3600"},{"taxonomy":"knowledge-tag","embeddable":true,"href":"https:\/\/riwal-wpn.acceptatie.indicia-interactiv.nl\/da\/wp-json\/wp\/v2\/knowledge-tag?post=3600"}],"curies":[{"name":"wp","href":"https:\/\/api.w.org\/{rel}","templated":true}]}}