{"id":4071,"date":"2020-11-19T11:03:00","date_gmt":"2020-11-19T11:03:00","guid":{"rendered":"https:\/\/riwal-wpn.acceptatie.indicia-interactiv.nl\/da\/?post_type=knowledge&#038;p=4071"},"modified":"2024-02-06T10:53:07","modified_gmt":"2024-02-06T10:53:07","slug":"hvorfor-er-leje-af-lifte-mere-baeredygtigt","status":"publish","type":"knowledge","link":"https:\/\/riwal-wpn.acceptatie.indicia-interactiv.nl\/da\/artikler-og-nyheder\/blog\/hvorfor-er-leje-af-lifte-mere-baeredygtigt\/","title":{"rendered":"Hvorfor er liftleje mere b\u00e6redygtigt?"},"content":{"rendered":"<div class=\"container\">\n<p><strong>Nyere unders\u00f8gelser har vist, at leje kan v\u00e6re 30-50% bedre for milj\u00f8et n\u00e5r det kommer til drivhusgasmissioner.&nbsp;Dette betyder, at leje af udstyr kan spille en stor rolle i at hj\u00e6lpe entrepren\u00f8rer med at n\u00e5 ambiti\u00f8se b\u00e6redygtighedsm\u00e5l i hverdagen.<\/strong><\/p>\n<\/div>\n\n<div class=\"container\">\n<h2 class=\"wp-block-heading\" id=\"h-european-rental-association\">European Rental Association<\/h2>\n<\/div>\n\n<div class=\"container\">\n<p>European Rental Association (<a href=\"https:\/\/erarental.org\/reasons-to-rent\/\">ERA<\/a>) repr\u00e6senterer interesserne hos udlejningsselskaber i hele Europa &#8211; og <a href=\"https:\/\/riwal-wpn.acceptatie.indicia-interactiv.nl\/da\/\">Riwal<\/a> er stolt over at v\u00e6re medlem af denne organisation.<br><br>ERA bestilte for nylig en unders\u00f8gelse. hvilket blev et samarbejde mellem tre uafh\u00e6ngige virksomheder, der beregnede kulstofemissioner fra tungt udstyr, inklusiv lifte, over hele dets levetid fra fremstilling, brug og til afh\u00e6ndelse. Forskerne sammenlignede derefter disse livscyklus-CO2-emissioner for k\u00f8be- og lejemaskiner.<\/p>\n<\/div>\n\n<div class=\"container\">\n<p>Konsulenterne, der arbejder med unders\u00f8gelsen, oprettede en CO2-tabel baseret p\u00e5 de faktorer, der har st\u00f8rst indflydelse p\u00e5 maskinens CO2-fodaftryk. Herunder udnyttelse, specifikation, transport og vedligeholdelse.<\/p>\n<\/div>\n\n<div class=\"container\">\n<ul class=\"wp-block-list\">\n<li>Udnyttelse refererer til hvor intenst maskinen bruges i dens levetid. Lejemaskiner har tendens til at have h\u00f8je udnyttelsesgrader. N\u00e5r en kunde er f\u00e6rdig med en maskinen, udlejes den hurtigt igen, og leveres til den n\u00e6ste kunde.&nbsp;<\/li>\n\n\n\n<li>Specifikationen handler om at bruge det rigtige udstyr til jobbet &#8211; b\u00e5de med hensyn til den passende arbejdsh\u00f8jde, s\u00e5vel udvalget af maskinen med den laveste emission.&nbsp;<\/li>\n\n\n\n<li>Til transport planl\u00e6gger udlejningsselskaber omhyggeligt deres afhentninger og leveringer, for at optimere brugen af trailere.&nbsp;<\/li>\n\n\n\n<li>Selvf\u00f8lgelig er vedligeholdelse afg\u00f8rende, for at forl\u00e6nge maskinens levetid.<br><br><br><\/li>\n<\/ul>\n<\/div>\n\n<div class=\"container\">\n<h3 class=\"wp-block-heading\" id=\"h-denne-video-samler-alle-fordelene-ved-at-leje-i-en-kort-fortaelling-nbsp\"><strong>Denne video samler alle fordelene ved at leje: I en kort fort\u00e6lling:&nbsp;<\/strong><\/h3>\n<\/div>\n\n<div class=\"rental-wp-default-block rental-theme-block-default-margin\"><div class=\"container\">\n<figure class=\"wp-block-embed is-type-video is-provider-youtube wp-block-embed-youtube\"><div class=\"wp-block-embed__wrapper\">\n<iframe title=\"How renting construction equipment reduces carbon emissions\" width=\"500\" height=\"281\" data-icn-src=\"https:\/\/www.youtube.com\/embed\/Jjcr93MRj_M?feature=oembed\" frameborder=\"0\" allow=\"accelerometer; autoplay; clipboard-write; encrypted-media; gyroscope; picture-in-picture; web-share\" referrerpolicy=\"strict-origin-when-cross-origin\" allowfullscreen><\/iframe>\n<\/div><\/figure>\n<\/div><\/div>\n\n<div class=\"container\">\n<p>Samlet set betyder alle disse elementer, at en lejemaskine ofte har et meget lavere CO2-fodaftryk i hele sin levetid, end en k\u00f8bt lift.&nbsp;<\/p>\n<\/div>\n\n<div class=\"container\">\n<p>Du kan bes\u00f8ge&nbsp;<a href=\"https:\/\/erarental.org\/reasons-to-rent\/\" target=\"_blank\" rel=\"noreferrer noopener\">ERA&#8217;s b\u00e6redygtighedsside<\/a>&nbsp;for at l\u00e6se mere om b\u00e6redygtighed og leje.&nbsp;<\/p>\n<\/div>\n\n<div class=\"rental-wp-default-block rental-theme-block-default-margin\">\n\t\t\t\t\t\t\t\t<div class=\"container\"><div class=\"wp-block-rental-theme-latest-news\">\n\t<div class=\"wp-block-rental-theme-latest-news-container\">\n\t\t\t\t<div class=\"wp-block-rental-theme-latest-news__content\">\n\t\t\t\t\t\t\t\t<div class=\"wp-block-rental-theme-latest-news__article\">\n\t\t\t\t\t\t<div class=\"wp-block-rental-theme-latest-news__article--date\">\n\t\t\t\t\t\t\t14 &#8211; 02 &#8211; 2024\t\t\t\t\t\t<\/div>\n\t\t\t\t\t\t<a class=\"wp-block-rental-theme-latest-news__article--link\" href=\"https:\/\/riwal-wpn.acceptatie.indicia-interactiv.nl\/da\/artikler-og-nyheder\/nyheder\/riwal-lancerer-ny-hjemmeside\/\">\n\t\t\t\t\t\t\t<div class=\"wp-block-rental-theme-latest-news__article--title\">\n\t\t\t\t\t\t\t\tRiwal lancerer ny hjemmeside\t\t\t\t\t\t\t<\/div>\n\t\t\t\t\t\t<\/a>\n\t\t\t\t\t\t<div class=\"wp-block-rental-theme-latest-news__article--content\">\n\t\t\t\t\t\t\tMed vores nye hjemmeside, g\u00f8r vi det nemmere at leje maskiner. Sammen med den opdaterede version af MitRiwal, som lanceres i marts, giver vi vores kunder en digital opgradering, der vil v\u00e6re med til at forbedre udlejningsoplevelsen.\t\t\t\t\t\t<\/div>\n\t\t\t\t\t\t<div class=\"wp-block-rental-theme-latest-news__article--more\">\n\t\t\t\t\t\t\t<a class=\"wp-block-rental-theme-latest-news__article--link\" href=\"https:\/\/riwal-wpn.acceptatie.indicia-interactiv.nl\/da\/artikler-og-nyheder\/nyheder\/riwal-lancerer-ny-hjemmeside\/\">L\u00e6s mere&#8230;<\/a>\n\t\t\t\t\t\t<\/div>\n\t\t\t\t\t<\/div>\n\t\t\t\t\t\t\t\t\t<div class=\"wp-block-rental-theme-latest-news__article\">\n\t\t\t\t\t\t<div class=\"wp-block-rental-theme-latest-news__article--date\">\n\t\t\t\t\t\t\t05 &#8211; 01 &#8211; 2024\t\t\t\t\t\t<\/div>\n\t\t\t\t\t\t<a class=\"wp-block-rental-theme-latest-news__article--link\" href=\"https:\/\/riwal-wpn.acceptatie.indicia-interactiv.nl\/da\/artikler-og-nyheder\/blog\/6-gode-raad-til-arbejde-i-lifte-i-sne-og-frostvejr\/\">\n\t\t\t\t\t\t\t<div class=\"wp-block-rental-theme-latest-news__article--title\">\n\t\t\t\t\t\t\t\t6 gode r\u00e5d til arbejde i lifte i sne og frostvejr\t\t\t\t\t\t\t<\/div>\n\t\t\t\t\t\t<\/a>\n\t\t\t\t\t\t<div class=\"wp-block-rental-theme-latest-news__article--content\">\n\t\t\t\t\t\t\tVi kommer her med nogle tips til, hvad du skal v\u00e6re opm\u00e6rksom p\u00e5, n\u00e5r du arbejder med lifte om vinteren.\t\t\t\t\t\t<\/div>\n\t\t\t\t\t\t<div class=\"wp-block-rental-theme-latest-news__article--more\">\n\t\t\t\t\t\t\t<a class=\"wp-block-rental-theme-latest-news__article--link\" href=\"https:\/\/riwal-wpn.acceptatie.indicia-interactiv.nl\/da\/artikler-og-nyheder\/blog\/6-gode-raad-til-arbejde-i-lifte-i-sne-og-frostvejr\/\">L\u00e6s mere&#8230;<\/a>\n\t\t\t\t\t\t<\/div>\n\t\t\t\t\t<\/div>\n\t\t\t\t\t\t\t\t\t<div class=\"wp-block-rental-theme-latest-news__article\">\n\t\t\t\t\t\t<div class=\"wp-block-rental-theme-latest-news__article--date\">\n\t\t\t\t\t\t\t12 &#8211; 09 &#8211; 2023\t\t\t\t\t\t<\/div>\n\t\t\t\t\t\t<a class=\"wp-block-rental-theme-latest-news__article--link\" href=\"https:\/\/riwal-wpn.acceptatie.indicia-interactiv.nl\/da\/artikler-og-nyheder\/blog\/riwal-safety-training-holder-dig-sikker-efter-ferien\/\">\n\t\t\t\t\t\t\t<div class=\"wp-block-rental-theme-latest-news__article--title\">\n\t\t\t\t\t\t\t\tRiwal Safety Training holder dig sikker efter ferien\t\t\t\t\t\t\t<\/div>\n\t\t\t\t\t\t<\/a>\n\t\t\t\t\t\t<div class=\"wp-block-rental-theme-latest-news__article--content\">\n\t\t\t\t\t\t\tUanset om du lige er vendt tilbage fra ferie eller st\u00e5r foran en velfortjent pause, er det vigtigt altid at prioritere sikkerheden p\u00e5 din arbejdsplads.\t\t\t\t\t\t<\/div>\n\t\t\t\t\t\t<div class=\"wp-block-rental-theme-latest-news__article--more\">\n\t\t\t\t\t\t\t<a class=\"wp-block-rental-theme-latest-news__article--link\" href=\"https:\/\/riwal-wpn.acceptatie.indicia-interactiv.nl\/da\/artikler-og-nyheder\/blog\/riwal-safety-training-holder-dig-sikker-efter-ferien\/\">L\u00e6s mere&#8230;<\/a>\n\t\t\t\t\t\t<\/div>\n\t\t\t\t\t<\/div>\n\t\t\t\t\t\t<\/div>\n\t<\/div>\n<\/div>\n<\/div>\n\t\t\t\t\t\t\t<\/div> ","protected":false},"excerpt":{"rendered":"<p>Unders\u00f8gelser viser, at en lejemaskine ofte har et meget lavere CO2-fodaftryk i hele sin levetid, end en k\u00f8bt lift.\u00a0<\/p>\n","protected":false},"featured_media":4072,"template":"","meta":{"_acf_changed":false,"editor_notices":[],"footnotes":""},"knowledge-category":[29],"knowledge-tag":[143,149],"class_list":["post-4071","knowledge","type-knowledge","status-publish","has-post-thumbnail","hentry","knowledge-category-blog"],"acf":[],"yoast_head":"<!-- This site is optimized with the Yoast SEO Premium plugin v27.1 (Yoast SEO v27.1.1) - https:\/\/yoast.com\/product\/yoast-seo-premium-wordpress\/ -->\n<title>Hvorfor er liftleje mere b\u00e6redygtigt? | Blog | Riwal<\/title>\n<meta name=\"description\" content=\"Hvorfor er liftleje mere b\u00e6redygtigt? I denne blog kan du l\u00e6se og se alle de b\u00e6redygtige fordele, som der er ved en lejemaskine\" \/>\n<meta name=\"robots\" content=\"noindex, follow, max-snippet:-1, max-image-preview:large, max-video-preview:-1\" \/>\n<meta property=\"og:locale\" content=\"da_DK\" \/>\n<meta property=\"og:type\" content=\"article\" \/>\n<meta property=\"og:title\" content=\"Hvorfor er liftleje mere b\u00e6redygtigt?\" \/>\n<meta property=\"og:description\" content=\"Hvorfor er liftleje mere b\u00e6redygtigt? I denne blog kan du l\u00e6se og se alle de b\u00e6redygtige fordele, som der er ved en lejemaskine\" \/>\n<meta property=\"og:url\" content=\"https:\/\/riwal-wpn.acceptatie.indicia-interactiv.nl\/da\/knowledge\/blog\/hvorfor-er-leje-af-lifte-mere-baeredygtigt\/\" \/>\n<meta property=\"og:site_name\" content=\"Riwal Danmark\" \/>\n<meta property=\"article:modified_time\" content=\"2024-02-06T10:53:07+00:00\" \/>\n<meta property=\"og:image\" content=\"https:\/\/riwal-wpn.acceptatie.indicia-interactiv.nl\/app\/uploads\/sites\/14\/2023\/08\/Sustainability-Logo-1.png\" \/>\n\t<meta property=\"og:image:width\" content=\"642\" \/>\n\t<meta property=\"og:image:height\" content=\"642\" \/>\n\t<meta property=\"og:image:type\" content=\"image\/png\" \/>\n<meta name=\"twitter:card\" content=\"summary_large_image\" \/>\n<meta name=\"twitter:label1\" content=\"Est. reading time\" \/>\n\t<meta name=\"twitter:data1\" content=\"2 minutter\" \/>\n<script type=\"application\/ld+json\" class=\"yoast-schema-graph\">{\"@context\":\"https:\/\/schema.org\",\"@graph\":[{\"@type\":\"WebPage\",\"@id\":\"https:\/\/riwal-wpn.acceptatie.indicia-interactiv.nl\/da\/knowledge\/blog\/hvorfor-er-leje-af-lifte-mere-baeredygtigt\/\",\"url\":\"https:\/\/riwal-wpn.acceptatie.indicia-interactiv.nl\/da\/knowledge\/blog\/hvorfor-er-leje-af-lifte-mere-baeredygtigt\/\",\"name\":\"Hvorfor er liftleje mere b\u00e6redygtigt? | Blog | Riwal\",\"isPartOf\":{\"@id\":\"https:\/\/riwal-wpn.acceptatie.indicia-interactiv.nl\/da\/#website\"},\"primaryImageOfPage\":{\"@id\":\"https:\/\/riwal-wpn.acceptatie.indicia-interactiv.nl\/da\/knowledge\/blog\/hvorfor-er-leje-af-lifte-mere-baeredygtigt\/#primaryimage\"},\"image\":{\"@id\":\"https:\/\/riwal-wpn.acceptatie.indicia-interactiv.nl\/da\/knowledge\/blog\/hvorfor-er-leje-af-lifte-mere-baeredygtigt\/#primaryimage\"},\"thumbnailUrl\":\"https:\/\/riwal-wpn.acceptatie.indicia-interactiv.nl\/app\/uploads\/sites\/14\/2023\/08\/Sustainability-Logo-1.png\",\"datePublished\":\"2020-11-19T11:03:00+00:00\",\"dateModified\":\"2024-02-06T10:53:07+00:00\",\"description\":\"Hvorfor er liftleje mere b\u00e6redygtigt? I denne blog kan du l\u00e6se og se alle de b\u00e6redygtige fordele, som der er ved en lejemaskine\",\"breadcrumb\":{\"@id\":\"https:\/\/riwal-wpn.acceptatie.indicia-interactiv.nl\/da\/knowledge\/blog\/hvorfor-er-leje-af-lifte-mere-baeredygtigt\/#breadcrumb\"},\"inLanguage\":\"da-DK\",\"potentialAction\":[{\"@type\":\"ReadAction\",\"target\":[\"https:\/\/riwal-wpn.acceptatie.indicia-interactiv.nl\/da\/knowledge\/blog\/hvorfor-er-leje-af-lifte-mere-baeredygtigt\/\"]}]},{\"@type\":\"ImageObject\",\"inLanguage\":\"da-DK\",\"@id\":\"https:\/\/riwal-wpn.acceptatie.indicia-interactiv.nl\/da\/knowledge\/blog\/hvorfor-er-leje-af-lifte-mere-baeredygtigt\/#primaryimage\",\"url\":\"https:\/\/riwal-wpn.acceptatie.indicia-interactiv.nl\/app\/uploads\/sites\/14\/2023\/08\/Sustainability-Logo-1.png\",\"contentUrl\":\"https:\/\/riwal-wpn.acceptatie.indicia-interactiv.nl\/app\/uploads\/sites\/14\/2023\/08\/Sustainability-Logo-1.png\",\"width\":642,\"height\":642},{\"@type\":\"BreadcrumbList\",\"@id\":\"https:\/\/riwal-wpn.acceptatie.indicia-interactiv.nl\/da\/knowledge\/blog\/hvorfor-er-leje-af-lifte-mere-baeredygtigt\/#breadcrumb\",\"itemListElement\":[{\"@type\":\"ListItem\",\"position\":1,\"name\":\"Forside\",\"item\":\"https:\/\/riwal-wpn.acceptatie.indicia-interactiv.nl\/da\/\"},{\"@type\":\"ListItem\",\"position\":2,\"name\":\"Nyheder & Blog\",\"item\":\"https:\/\/riwal-wpn.acceptatie.indicia-interactiv.nl\/da\/knowledge\/\"},{\"@type\":\"ListItem\",\"position\":3,\"name\":\"Hvorfor er liftleje mere b\u00e6redygtigt?\"}]},{\"@type\":\"WebSite\",\"@id\":\"https:\/\/riwal-wpn.acceptatie.indicia-interactiv.nl\/da\/#website\",\"url\":\"https:\/\/riwal-wpn.acceptatie.indicia-interactiv.nl\/da\/\",\"name\":\"Riwal\",\"description\":\"Arial work platform &amp; Telehandler Rental\/Sales\",\"publisher\":{\"@id\":\"https:\/\/riwal-wpn.acceptatie.indicia-interactiv.nl\/da\/#organization\"},\"potentialAction\":[{\"@type\":\"SearchAction\",\"target\":{\"@type\":\"EntryPoint\",\"urlTemplate\":\"https:\/\/riwal-wpn.acceptatie.indicia-interactiv.nl\/da\/?s={search_term_string}\"},\"query-input\":{\"@type\":\"PropertyValueSpecification\",\"valueRequired\":true,\"valueName\":\"search_term_string\"}}],\"inLanguage\":\"da-DK\"},{\"@type\":\"Organization\",\"@id\":\"https:\/\/riwal-wpn.acceptatie.indicia-interactiv.nl\/da\/#organization\",\"name\":\"Riwal\",\"url\":\"https:\/\/riwal-wpn.acceptatie.indicia-interactiv.nl\/da\/\",\"logo\":{\"@type\":\"ImageObject\",\"inLanguage\":\"da-DK\",\"@id\":\"https:\/\/riwal-wpn.acceptatie.indicia-interactiv.nl\/da\/#\/schema\/logo\/image\/\",\"url\":\"\",\"contentUrl\":\"\",\"caption\":\"Riwal\"},\"image\":{\"@id\":\"https:\/\/riwal-wpn.acceptatie.indicia-interactiv.nl\/da\/#\/schema\/logo\/image\/\"}}]}<\/script>\n<!-- \/ Yoast SEO Premium plugin. -->","yoast_head_json":{"title":"Hvorfor er liftleje mere b\u00e6redygtigt? | Blog | Riwal","description":"Hvorfor er liftleje mere b\u00e6redygtigt? I denne blog kan du l\u00e6se og se alle de b\u00e6redygtige fordele, som der er ved en lejemaskine","robots":{"index":"noindex","follow":"follow","max-snippet":"max-snippet:-1","max-image-preview":"max-image-preview:large","max-video-preview":"max-video-preview:-1"},"og_locale":"da_DK","og_type":"article","og_title":"Hvorfor er liftleje mere b\u00e6redygtigt?","og_description":"Hvorfor er liftleje mere b\u00e6redygtigt? I denne blog kan du l\u00e6se og se alle de b\u00e6redygtige fordele, som der er ved en lejemaskine","og_url":"https:\/\/riwal-wpn.acceptatie.indicia-interactiv.nl\/da\/knowledge\/blog\/hvorfor-er-leje-af-lifte-mere-baeredygtigt\/","og_site_name":"Riwal Danmark","article_modified_time":"2024-02-06T10:53:07+00:00","og_image":[{"width":642,"height":642,"url":"https:\/\/riwal-wpn.acceptatie.indicia-interactiv.nl\/app\/uploads\/sites\/14\/2023\/08\/Sustainability-Logo-1.png","type":"image\/png"}],"twitter_card":"summary_large_image","twitter_misc":{"Est. reading time":"2 minutter"},"schema":{"@context":"https:\/\/schema.org","@graph":[{"@type":"WebPage","@id":"https:\/\/riwal-wpn.acceptatie.indicia-interactiv.nl\/da\/knowledge\/blog\/hvorfor-er-leje-af-lifte-mere-baeredygtigt\/","url":"https:\/\/riwal-wpn.acceptatie.indicia-interactiv.nl\/da\/knowledge\/blog\/hvorfor-er-leje-af-lifte-mere-baeredygtigt\/","name":"Hvorfor er liftleje mere b\u00e6redygtigt? | Blog | Riwal","isPartOf":{"@id":"https:\/\/riwal-wpn.acceptatie.indicia-interactiv.nl\/da\/#website"},"primaryImageOfPage":{"@id":"https:\/\/riwal-wpn.acceptatie.indicia-interactiv.nl\/da\/knowledge\/blog\/hvorfor-er-leje-af-lifte-mere-baeredygtigt\/#primaryimage"},"image":{"@id":"https:\/\/riwal-wpn.acceptatie.indicia-interactiv.nl\/da\/knowledge\/blog\/hvorfor-er-leje-af-lifte-mere-baeredygtigt\/#primaryimage"},"thumbnailUrl":"https:\/\/riwal-wpn.acceptatie.indicia-interactiv.nl\/app\/uploads\/sites\/14\/2023\/08\/Sustainability-Logo-1.png","datePublished":"2020-11-19T11:03:00+00:00","dateModified":"2024-02-06T10:53:07+00:00","description":"Hvorfor er liftleje mere b\u00e6redygtigt? I denne blog kan du l\u00e6se og se alle de b\u00e6redygtige fordele, som der er ved en lejemaskine","breadcrumb":{"@id":"https:\/\/riwal-wpn.acceptatie.indicia-interactiv.nl\/da\/knowledge\/blog\/hvorfor-er-leje-af-lifte-mere-baeredygtigt\/#breadcrumb"},"inLanguage":"da-DK","potentialAction":[{"@type":"ReadAction","target":["https:\/\/riwal-wpn.acceptatie.indicia-interactiv.nl\/da\/knowledge\/blog\/hvorfor-er-leje-af-lifte-mere-baeredygtigt\/"]}]},{"@type":"ImageObject","inLanguage":"da-DK","@id":"https:\/\/riwal-wpn.acceptatie.indicia-interactiv.nl\/da\/knowledge\/blog\/hvorfor-er-leje-af-lifte-mere-baeredygtigt\/#primaryimage","url":"https:\/\/riwal-wpn.acceptatie.indicia-interactiv.nl\/app\/uploads\/sites\/14\/2023\/08\/Sustainability-Logo-1.png","contentUrl":"https:\/\/riwal-wpn.acceptatie.indicia-interactiv.nl\/app\/uploads\/sites\/14\/2023\/08\/Sustainability-Logo-1.png","width":642,"height":642},{"@type":"BreadcrumbList","@id":"https:\/\/riwal-wpn.acceptatie.indicia-interactiv.nl\/da\/knowledge\/blog\/hvorfor-er-leje-af-lifte-mere-baeredygtigt\/#breadcrumb","itemListElement":[{"@type":"ListItem","position":1,"name":"Forside","item":"https:\/\/riwal-wpn.acceptatie.indicia-interactiv.nl\/da\/"},{"@type":"ListItem","position":2,"name":"Nyheder & Blog","item":"https:\/\/riwal-wpn.acceptatie.indicia-interactiv.nl\/da\/knowledge\/"},{"@type":"ListItem","position":3,"name":"Hvorfor er liftleje mere b\u00e6redygtigt?"}]},{"@type":"WebSite","@id":"https:\/\/riwal-wpn.acceptatie.indicia-interactiv.nl\/da\/#website","url":"https:\/\/riwal-wpn.acceptatie.indicia-interactiv.nl\/da\/","name":"Riwal","description":"Arial work platform &amp; Telehandler Rental\/Sales","publisher":{"@id":"https:\/\/riwal-wpn.acceptatie.indicia-interactiv.nl\/da\/#organization"},"potentialAction":[{"@type":"SearchAction","target":{"@type":"EntryPoint","urlTemplate":"https:\/\/riwal-wpn.acceptatie.indicia-interactiv.nl\/da\/?s={search_term_string}"},"query-input":{"@type":"PropertyValueSpecification","valueRequired":true,"valueName":"search_term_string"}}],"inLanguage":"da-DK"},{"@type":"Organization","@id":"https:\/\/riwal-wpn.acceptatie.indicia-interactiv.nl\/da\/#organization","name":"Riwal","url":"https:\/\/riwal-wpn.acceptatie.indicia-interactiv.nl\/da\/","logo":{"@type":"ImageObject","inLanguage":"da-DK","@id":"https:\/\/riwal-wpn.acceptatie.indicia-interactiv.nl\/da\/#\/schema\/logo\/image\/","url":"","contentUrl":"","caption":"Riwal"},"image":{"@id":"https:\/\/riwal-wpn.acceptatie.indicia-interactiv.nl\/da\/#\/schema\/logo\/image\/"}}]}},"_links":{"self":[{"href":"https:\/\/riwal-wpn.acceptatie.indicia-interactiv.nl\/da\/wp-json\/wp\/v2\/knowledge\/4071","targetHints":{"allow":["GET"]}}],"collection":[{"href":"https:\/\/riwal-wpn.acceptatie.indicia-interactiv.nl\/da\/wp-json\/wp\/v2\/knowledge"}],"about":[{"href":"https:\/\/riwal-wpn.acceptatie.indicia-interactiv.nl\/da\/wp-json\/wp\/v2\/types\/knowledge"}],"version-history":[{"count":7,"href":"https:\/\/riwal-wpn.acceptatie.indicia-interactiv.nl\/da\/wp-json\/wp\/v2\/knowledge\/4071\/revisions"}],"predecessor-version":[{"id":6343,"href":"https:\/\/riwal-wpn.acceptatie.indicia-interactiv.nl\/da\/wp-json\/wp\/v2\/knowledge\/4071\/revisions\/6343"}],"wp:featuredmedia":[{"embeddable":true,"href":"https:\/\/riwal-wpn.acceptatie.indicia-interactiv.nl\/da\/wp-json\/wp\/v2\/media\/4072"}],"wp:attachment":[{"href":"https:\/\/riwal-wpn.acceptatie.indicia-interactiv.nl\/da\/wp-json\/wp\/v2\/media?parent=4071"}],"wp:term":[{"taxonomy":"knowledge-category","embeddable":true,"href":"https:\/\/riwal-wpn.acceptatie.indicia-interactiv.nl\/da\/wp-json\/wp\/v2\/knowledge-category?post=4071"},{"taxonomy":"knowledge-tag","embeddable":true,"href":"https:\/\/riwal-wpn.acceptatie.indicia-interactiv.nl\/da\/wp-json\/wp\/v2\/knowledge-tag?post=4071"}],"curies":[{"name":"wp","href":"https:\/\/api.w.org\/{rel}","templated":true}]}}