{"id":3624,"date":"2023-08-24T07:12:56","date_gmt":"2023-08-24T07:12:56","guid":{"rendered":"https:\/\/riwal-wpn.acceptatie.indicia-interactiv.nl\/da\/?page_id=3624"},"modified":"2024-01-23T10:23:29","modified_gmt":"2024-01-23T10:23:29","slug":"groen-omstilling","status":"publish","type":"page","link":"https:\/\/riwal-wpn.acceptatie.indicia-interactiv.nl\/da\/groen-omstilling\/","title":{"rendered":"Gr\u00f8n Omstilling"},"content":{"rendered":"<div class=\"rental-wp-default-block rental-theme-block-default-margin\">\n\t\t\t\t\t\t\t\t<div class=\"container\">\n<div class=\"wp-block-rental-theme-title-text rental-theme-block-default-margin\">\n\t<div class=\"wp-block-rental-theme-title-text__container\">\n\t\t<div class=\"wp-block-rental-theme-title-text__wrapper\">\n\t\t\t<h1 class='wp-block-rental-theme-title-text__title'>S\u00e5dan arbejder Riwal med gr\u00f8n omstilling<\/h1>\t\t<\/div>\n\t\t<div class='wp-block-rental-theme-title-text__text'>\n\n<p>Gr\u00f8n omstilling er en af vores hovedprioriteter hos Riwal og vi betragter det som v\u00e6rende essentielt af operere mere b\u00e6redygtigt som virksomhed, og ikke mindst tilbyde b\u00e6redygtige maskiner til vores kunder. <\/p>\n\n\n\n<p>Vores maskiner anvendes i mange sektorer, herunder byggeri, installation, vedligeholdelse, industri og logistik. Byggebranchen st\u00e5r over for en stor omstilling for at kunne mindske CO2 udledning &#8211; og vi \u00f8nsker at hj\u00e6lpe i denne proces. <\/p>\n\n\n\n<p>Derfor ser vi en vigtig rolle for Riwal i overgangen til et klimaneutralt og sundt milj\u00f8. Vi er engagerede i menneskers sundhed og forbedringen af den naturlige milj\u00f8.<\/p>\n\n<\/div>\n\t<\/div>\n<\/div><\/div>\n\t\t\t\t\t\t\t<\/div> \n\n<div class=\"rental-wp-default-block rental-theme-block-default-margin\">\n\t\t\t\t\t\t\t\t<div class=\"container\">\n<div class=\"wp-block-columns is-layout-flex wp-container-core-columns-is-layout-28f84493 wp-block-columns-is-layout-flex\">\n<div class=\"wp-block-column is-layout-flow wp-block-column-is-layout-flow\" style=\"flex-basis:66.66%\">\n<p><\/p>\n\n\n\n<h2 class=\"wp-block-heading\" id=\"h-ecovadis-gold-rating\">Ecovadis Gold Rating<\/h2>\n\n\n\n<p>EcoVadis vurderer virksomheder baseret p\u00e5 deres b\u00e6redygtighedspr\u00e6stationer ved at se p\u00e5 deres bestr\u00e6belser inden for emnerne: milj\u00f8, arbejde, forretningsmoral og b\u00e6redygtig indk\u00f8b. P\u00e5 nuv\u00e6rende tidspunkt har vi en EcoVadis Gold-medalje (2022), hvilket placerer os i top 5% af de vurderede virksomheder. Vi vil bevise vores engagement i vores b\u00e6redygtighedsm\u00e5l og str\u00e6ber efter at n\u00e5 en EcoVadis Platinum-niveau inden 2025.<\/p>\n<\/div>\n\n\n\n<div class=\"wp-block-column is-layout-flow wp-block-column-is-layout-flow\" style=\"flex-basis:33.33%\">\n<figure class=\"wp-block-image size-full is-resized\"><img decoding=\"async\" src=\"https:\/\/riwal-wpn.acceptatie.indicia-interactiv.nl\/app\/uploads\/sites\/14\/2023\/08\/Ecovadis-825-\u00d7-825px-Gold-2023.png\" alt=\"Riwal har opn\u00e5et en Ecovadis Gold Medal rating baseret p\u00e5 vores indsats i at blive mere b\u00e6redygtige.\" class=\"wp-image-4032\" style=\"width:235px;height:auto\" \/><\/figure>\n<\/div>\n<\/div>\n<\/div>\n\t\t\t\t\t\t\t<\/div> \n\n<div class=\"wp-block-rental-theme-featured rental-theme-block-default-padding\">\n\t<div class=\"container\">\n\t\t<div class=\"wp-block-rental-theme-featured-container\">\n\t\t\t<div class=\"wp-block-rental-theme-featured__image\">\n\t\t\t\t<div class=\"wp-block-rental-theme-featured-image-container\">\n\t\t\t\t\t\t\t\t\t\t\t<div class=\"main-image\">\n\t\t\t\t\t\t\t<img loading=\"lazy\" decoding=\"async\" width=\"620\" height=\"414\" src=\"https:\/\/riwal-wpn.acceptatie.indicia-interactiv.nl\/app\/uploads\/sites\/14\/2023\/08\/El-bomlift-JLG-660SJ-E-Riwal.jpg\" class=\"attachment-featured_block_image size-featured_block_image\" alt=\"\" srcset=\"https:\/\/riwal-wpn.acceptatie.indicia-interactiv.nl\/app\/uploads\/sites\/14\/2023\/08\/El-bomlift-JLG-660SJ-E-Riwal.jpg 1000w, https:\/\/riwal-wpn.acceptatie.indicia-interactiv.nl\/app\/uploads\/sites\/14\/2023\/08\/El-bomlift-JLG-660SJ-E-Riwal-830x554.jpg 830w, https:\/\/riwal-wpn.acceptatie.indicia-interactiv.nl\/app\/uploads\/sites\/14\/2023\/08\/El-bomlift-JLG-660SJ-E-Riwal-300x200.jpg 300w, https:\/\/riwal-wpn.acceptatie.indicia-interactiv.nl\/app\/uploads\/sites\/14\/2023\/08\/El-bomlift-JLG-660SJ-E-Riwal-768x512.jpg 768w, https:\/\/riwal-wpn.acceptatie.indicia-interactiv.nl\/app\/uploads\/sites\/14\/2023\/08\/El-bomlift-JLG-660SJ-E-Riwal-178x119.jpg 178w, https:\/\/riwal-wpn.acceptatie.indicia-interactiv.nl\/app\/uploads\/sites\/14\/2023\/08\/El-bomlift-JLG-660SJ-E-Riwal-390x260.jpg 390w, https:\/\/riwal-wpn.acceptatie.indicia-interactiv.nl\/app\/uploads\/sites\/14\/2023\/08\/El-bomlift-JLG-660SJ-E-Riwal-250x167.jpg 250w\" sizes=\"auto, (max-width: 620px) 100vw, 620px\" \/>\t\t\t\t\t\t<\/div>\n\t\t\t\t\t\t\t\t\t\t<div class=\"wp-block-rental-theme-featured-image-container__subtext\">\n\t\t\t\t\t\t\t\t\t\t\t<\/div>\n\t\t\t\t<\/div>\n\t\t\t<\/div>\n\t\t\t<div class=\"wp-block-rental-theme-featured-content\">\n\t\t\t\t<div>\n\t\t\t\t\t<h2 class=\"wp-block-rental-theme-featured-title\">Riwal&#8217;s fem fokusomr\u00e5der inden for gr\u00f8n omstilling<\/h2>\n\t\t\t\t\t<div class=\"wp-block-rental-theme-featured-text\">\n\n<p>Riwal har formuleret fem fokusomr\u00e5der med tilh\u00f8rende m\u00e5l for 2030. Vi har inkluderet disse emner i vores &#8220;Lifting Sustainability&#8221; strategi.<\/p>\n\n\n\n<p>Vores m\u00e5l for b\u00e6redygtig udvikling er baseret p\u00e5 FN&#8217;s M\u00e5l for B\u00e6redygtig Udvikling (SDG&#8217;erne) og OECD&#8217;s Retningslinjer for Virksomhedsstyring.<\/p>\n\n\n\n<p>Nogle af disse m\u00e5l fokuserer p\u00e5 b\u00e6redygtig drift inden for vores egen organisation. &#8216;At have vores eget hus i orden&#8217;, kalder vi det. De andre m\u00e5l omhandler udviklinger, der i stigende grad g\u00f8r b\u00e6redygtighed til en del af vores industri. Vi synes, det er vigtigt at spille en pionerrolle i dette.<\/p>\n\n\n\n<p>Ved at fokusere p\u00e5 disse fem kerneomr\u00e5der kan vi yde et stort bidrag til at g\u00f8re adgang med motordrevne l\u00f8sninger mere b\u00e6redygtig og skille os ud p\u00e5 markedet som en b\u00e6redygtig videnspartner.<\/p>\n\n<\/div>\n\t\t\t\t<\/div>\n\t\t\t<\/div>\n\t\t<\/div>\n\t<\/div>\n<\/div>\n\n\n<div class=\"rental-wp-default-block rental-theme-block-default-margin\">\n\t\t\t\t\t\t\t\t<div class=\"container\">\n<div class=\"wp-block-media-text has-media-on-the-right is-stacked-on-mobile\"><div class=\"wp-block-media-text__content\">\n<h3 class=\"wp-block-heading\" id=\"h-de-fem-fokusomrader-er\">De fem fokusomr\u00e5der er:<\/h3>\n\n\n\n<ul class=\"wp-block-list\">\n<li>CO2 udledning fra vores aktiviteter<\/li>\n\n\n\n<li>At leje i stedet for at eje<\/li>\n\n\n\n<li>Cirkul\u00e6r anvendelse af materialer<\/li>\n\n\n\n<li>Et b\u00e6redygtigt arbejdsmilj\u00f8<\/li>\n\n\n\n<li>Engagement i lokalsamfundet<\/li>\n<\/ul>\n<\/div><figure class=\"wp-block-media-text__media\"><img loading=\"lazy\" decoding=\"async\" width=\"1024\" height=\"267\" src=\"https:\/\/riwal-wpn.acceptatie.indicia-interactiv.nl\/app\/uploads\/sites\/14\/2023\/08\/Lifting-Sustainability-Riwal-1024x267.png\" alt=\"Riwal &quot;Lifting Sustainability&quot; kampagne for en mere b\u00e6redygtig byggebranche.\" class=\"wp-image-3628 size-full\" srcset=\"https:\/\/riwal-wpn.acceptatie.indicia-interactiv.nl\/app\/uploads\/sites\/14\/2023\/08\/Lifting-Sustainability-Riwal-1024x267.png 1024w, https:\/\/riwal-wpn.acceptatie.indicia-interactiv.nl\/app\/uploads\/sites\/14\/2023\/08\/Lifting-Sustainability-Riwal-830x216.png 830w, https:\/\/riwal-wpn.acceptatie.indicia-interactiv.nl\/app\/uploads\/sites\/14\/2023\/08\/Lifting-Sustainability-Riwal-300x78.png 300w, https:\/\/riwal-wpn.acceptatie.indicia-interactiv.nl\/app\/uploads\/sites\/14\/2023\/08\/Lifting-Sustainability-Riwal-768x200.png 768w, https:\/\/riwal-wpn.acceptatie.indicia-interactiv.nl\/app\/uploads\/sites\/14\/2023\/08\/Lifting-Sustainability-Riwal-1536x400.png 1536w, https:\/\/riwal-wpn.acceptatie.indicia-interactiv.nl\/app\/uploads\/sites\/14\/2023\/08\/Lifting-Sustainability-Riwal-178x46.png 178w, https:\/\/riwal-wpn.acceptatie.indicia-interactiv.nl\/app\/uploads\/sites\/14\/2023\/08\/Lifting-Sustainability-Riwal-1440x375.png 1440w, https:\/\/riwal-wpn.acceptatie.indicia-interactiv.nl\/app\/uploads\/sites\/14\/2023\/08\/Lifting-Sustainability-Riwal-390x102.png 390w, https:\/\/riwal-wpn.acceptatie.indicia-interactiv.nl\/app\/uploads\/sites\/14\/2023\/08\/Lifting-Sustainability-Riwal-250x65.png 250w, https:\/\/riwal-wpn.acceptatie.indicia-interactiv.nl\/app\/uploads\/sites\/14\/2023\/08\/Lifting-Sustainability-Riwal.png 1838w\" sizes=\"auto, (max-width: 1024px) 100vw, 1024px\" \/><\/figure><\/div>\n<\/div>\n\t\t\t\t\t\t\t<\/div> \n\n<div class=\"rental-wp-default-block rental-theme-block-default-margin\">\n\t\t\t\t\t\t\t\t<div class=\"container\"><div class=\"wp-block-rental-theme-expertises wp-block-rental-theme-expertises--white rental-theme-block-default-margin\">\n\t\t<div class=\"wp-block-rental-theme-expertises__container\">\n\t\t\t<h2 class='wp-block-rental-theme-expertises__title'>Fokusomr\u00e5de 1: CO2 udledning fra vores aktiviteter<\/h2>\t\t\t\n\n<div class=\"wp-block-columns is-layout-flex wp-container-core-columns-is-layout-28f84493 wp-block-columns-is-layout-flex\">\n<div class=\"wp-block-column is-layout-flow wp-block-column-is-layout-flow\"><div class=\"wp-block-rental-theme-expertise-item\">\n\t<div class=\"wp-block-rental-theme-expertise-item__container\">\n\t\t<div class=\"wp-block-rental-theme-expertise-item__content\">\n\t\t\t\t\t\t\t\t\t\t\t\t<div class=\"wp-block-rental-theme-expertise-item--no-link\">\n\t\t\t\t\t\t<h2 class='wp-block-rental-theme-expertise-item__title'>Elektrifricering<\/h2>\t\t\t\t\t<\/div>\n\t\t\t\t\t\t\t\t<div class=\"wp-block-rental-theme-expertise-item__text\">\n\n<p>Inden 2030 sigter vi mod at reducere emissionsniveauet fra vores maskiner med 30% sammenlignet med 2020. P\u00e5 den m\u00e5de hj\u00e6lper vi vores kunder med at overholde stadig strengere love og reguleringer samt opfylde deres egne b\u00e6redygtighedsm\u00e5l. Elektrificering af vores fl\u00e5de er derfor en topprioritet. Ved udgangen af 2022 var 65% af vores fl\u00e5de i Europa allerede elektrisk drevet, og vi sigter mod 90% inden 2030. Ikke kun udvider vi vores udlejningsfl\u00e5de med fuldt elektriske arbejdsplatforme, men diesel-drevne arbejdsplatforme konverteres ogs\u00e5 af vores egne tekniske specialister.<\/p>\n\n<\/div>\n\t\t\t\t\t<\/div>\n\t<\/div>\n<\/div>\n<\/div>\n\n\n\n<div class=\"wp-block-column is-layout-flow wp-block-column-is-layout-flow\"><div class=\"wp-block-rental-theme-expertise-item\">\n\t<div class=\"wp-block-rental-theme-expertise-item__container\">\n\t\t<div class=\"wp-block-rental-theme-expertise-item__content\">\n\t\t\t\t\t\t\t\t\t\t\t\t<div class=\"wp-block-rental-theme-expertise-item--no-link\">\n\t\t\t\t\t\t<h2 class='wp-block-rental-theme-expertise-item__title'>Smartere transport<\/h2>\t\t\t\t\t<\/div>\n\t\t\t\t\t\t\t\t<div class=\"wp-block-rental-theme-expertise-item__text\">\n\n<p>CO2-reduktion opn\u00e5s ikke kun gennem smarte \u00e6ndringer i vores udlejningsfl\u00e5de. Der er ogs\u00e5 milj\u00f8m\u00e6ssige gevinster at hente inden for transportomr\u00e5det. Jo mere effektivt vi organiserer vores transport, desto f\u00e6rre kilometer skal vores lastbiler k\u00f8re. Og fordi nye modeller udleder f\u00e6rre og f\u00e6rre skadelige stoffer, moderniserer vi kontinuerligt vores fl\u00e5de af lastbiler og servicevogne. Ansatte med funktioner i &#8211; og omkring transportafdelingen gennemg\u00e5r s\u00e6rlige kurser til at k\u00f8re s\u00e5 klimavenligt som muligt.<\/p>\n\n<\/div>\n\t\t\t\t\t<\/div>\n\t<\/div>\n<\/div>\n<\/div>\n<\/div>\n\n\t\t<\/div>\n<\/div>\n\n<\/div>\n\t\t\t\t\t\t\t<\/div> \n\n<div class=\"container\">\n<p><\/p>\n<\/div>\n\n<div class=\"wp-block-rental-theme-featured rental-theme-block-default-padding\">\n\t<div class=\"container\">\n\t\t<div class=\"wp-block-rental-theme-featured-container\">\n\t\t\t<div class=\"wp-block-rental-theme-featured__image\">\n\t\t\t\t<div class=\"wp-block-rental-theme-featured-image-container\">\n\t\t\t\t\t\t\t\t\t\t\t<div class=\"main-image\">\n\t\t\t\t\t\t\t<img loading=\"lazy\" decoding=\"async\" width=\"620\" height=\"413\" src=\"https:\/\/riwal-wpn.acceptatie.indicia-interactiv.nl\/app\/uploads\/sites\/14\/2023\/08\/image-7.png\" class=\"attachment-featured_block_image size-featured_block_image\" alt=\"\" srcset=\"https:\/\/riwal-wpn.acceptatie.indicia-interactiv.nl\/app\/uploads\/sites\/14\/2023\/08\/image-7.png 800w, https:\/\/riwal-wpn.acceptatie.indicia-interactiv.nl\/app\/uploads\/sites\/14\/2023\/08\/image-7-300x200.png 300w, https:\/\/riwal-wpn.acceptatie.indicia-interactiv.nl\/app\/uploads\/sites\/14\/2023\/08\/image-7-768x512.png 768w, https:\/\/riwal-wpn.acceptatie.indicia-interactiv.nl\/app\/uploads\/sites\/14\/2023\/08\/image-7-178x119.png 178w, https:\/\/riwal-wpn.acceptatie.indicia-interactiv.nl\/app\/uploads\/sites\/14\/2023\/08\/image-7-390x260.png 390w, https:\/\/riwal-wpn.acceptatie.indicia-interactiv.nl\/app\/uploads\/sites\/14\/2023\/08\/image-7-250x167.png 250w\" sizes=\"auto, (max-width: 620px) 100vw, 620px\" \/>\t\t\t\t\t\t<\/div>\n\t\t\t\t\t\t\t\t\t\t<div class=\"wp-block-rental-theme-featured-image-container__subtext\">\n\t\t\t\t\t\t\t\t\t\t\t<\/div>\n\t\t\t\t<\/div>\n\t\t\t<\/div>\n\t\t\t<div class=\"wp-block-rental-theme-featured-content\">\n\t\t\t\t<div>\n\t\t\t\t\t<h2 class=\"wp-block-rental-theme-featured-title\">Fokusomr\u00e5de 2: At leje i stedet for at eje<\/h2>\n\t\t\t\t\t<div class=\"wp-block-rental-theme-featured-text\">\n\n<p>Udlejning af maskiner er en b\u00e6redygtig og effektiv m\u00e5de at anvende udstyr p\u00e5. Forskning har vist, at den samlede CO2-udledning kan halveres ved at leje i stedet for at k\u00f8be maskiner. Men selvom udlejning i de fleste tilf\u00e6lde er det mest b\u00e6redygtige valg, er det ikke altid den bedste l\u00f8sning. Det er altid vigtigt at veje fordele og ulemper og fastl\u00e6gge den specifikke klimap\u00e5virkning for b\u00e5de k\u00f8b og udlejning af maskiner. Vi hj\u00e6lper gerne vores kunder med at tr\u00e6ffe det rigtige valg.<\/p>\n\n<\/div>\n\t\t\t\t<\/div>\n\t\t\t<\/div>\n\t\t<\/div>\n\t<\/div>\n<\/div>\n\n\n<div class=\"rental-wp-default-block rental-theme-block-default-margin\">\n\t\t\t\t\t\t\t\t<div class=\"container\">\n<div class=\"wp-block-media-text has-media-on-the-right is-stacked-on-mobile\" style=\"grid-template-columns:auto 15%\"><div class=\"wp-block-media-text__content\">\n<h2 class=\"wp-block-heading\" id=\"h-fokusomrade-3-cirkulaer-anvendelse-af-materialer\">Fokusomr\u00e5de 3: Cirkul\u00e6r anvendelse af materialer<\/h2>\n\n\n\n<p>Ved at arbejde efter cirkul\u00e6re principper reducerer vi vores behov for prim\u00e6re r\u00e5materialer og tillader, at r\u00e5materialer cirkulerer i kredsl\u00f8b. Der er udviklet flere initiativer inden for Riwal for genanvendelse af r\u00e5materialer. For eksempel er der i flere lande, hvor vi opererer, blevet investeret i et intelligent spildevandssystem til vores vaskehaller, hvilket reducerer vandforbruget med op til 67%<\/p>\n\n\n\n<p>I 2022 blev 73% af vores affald genanvendt, og vores m\u00e5l er at f\u00e5 90% af affaldet genanvendt inden 2030. Ved gradvist at \u00f8ge andelen af \u200b\u200bfornyelige og genanvendte r\u00e5materialer og reducere andelen af prim\u00e6re r\u00e5materialer sigter Riwal mod at reducere den milj\u00f8m\u00e6ssige p\u00e5virkning, der skabes af brugen af r\u00e5materialer og materialer.<\/p>\n<\/div><figure class=\"wp-block-media-text__media\"><img loading=\"lazy\" decoding=\"async\" width=\"642\" height=\"642\" src=\"https:\/\/riwal-wpn.acceptatie.indicia-interactiv.nl\/app\/uploads\/sites\/14\/2023\/08\/RWL-Sustainability-InternalActivities.png\" alt=\"\" class=\"wp-image-3602 size-full\" srcset=\"https:\/\/riwal-wpn.acceptatie.indicia-interactiv.nl\/app\/uploads\/sites\/14\/2023\/08\/RWL-Sustainability-InternalActivities.png 642w, https:\/\/riwal-wpn.acceptatie.indicia-interactiv.nl\/app\/uploads\/sites\/14\/2023\/08\/RWL-Sustainability-InternalActivities-628x628.png 628w, https:\/\/riwal-wpn.acceptatie.indicia-interactiv.nl\/app\/uploads\/sites\/14\/2023\/08\/RWL-Sustainability-InternalActivities-150x150.png 150w, https:\/\/riwal-wpn.acceptatie.indicia-interactiv.nl\/app\/uploads\/sites\/14\/2023\/08\/RWL-Sustainability-InternalActivities-300x300.png 300w, https:\/\/riwal-wpn.acceptatie.indicia-interactiv.nl\/app\/uploads\/sites\/14\/2023\/08\/RWL-Sustainability-InternalActivities-178x178.png 178w, https:\/\/riwal-wpn.acceptatie.indicia-interactiv.nl\/app\/uploads\/sites\/14\/2023\/08\/RWL-Sustainability-InternalActivities-390x390.png 390w, https:\/\/riwal-wpn.acceptatie.indicia-interactiv.nl\/app\/uploads\/sites\/14\/2023\/08\/RWL-Sustainability-InternalActivities-200x200.png 200w\" sizes=\"auto, (max-width: 642px) 100vw, 642px\" \/><\/figure><\/div>\n<\/div>\n\t\t\t\t\t\t\t<\/div> \n\n<div class=\"rental-wp-default-block rental-theme-block-default-margin\">\n\t\t\t\t\t\t\t\t<div class=\"container\">\n<div class=\"wp-block-rental-theme-title-text rental-theme-block-default-margin\">\n\t<div class=\"wp-block-rental-theme-title-text__container\">\n\t\t<div class=\"wp-block-rental-theme-title-text__wrapper\">\n\t\t\t<h2 class='wp-block-rental-theme-title-text__title'>Fokusomr\u00e5de 4: <br>Et b\u00e6redygtigt arbejdsmilj\u00f8<\/h2>\t\t<\/div>\n\t\t<div class='wp-block-rental-theme-title-text__text'>\n\n<p>Hos Riwal vil vi gerne operere s\u00e5 energieffektivt som muligt. Som et led i for at opn\u00e5 dette, har vi indf\u00f8rt f\u00f8lgende tiltag:<\/p>\n\n\n\n<ul class=\"wp-block-list\">\n<li>Vi genbruger vandet i vores vaskehaller&nbsp;til maskiner.&nbsp;&nbsp;<\/li>\n\n\n\n<li>Vi har indg\u00e5et et&nbsp;gr\u00f8nt partnerskab med <a href=\"https:\/\/www.kansasworkwear.com\/da-dk\/\" target=\"_blank\" rel=\"noreferrer noopener\">Fristads Kansas<\/a>, hvilket betyder, at alle vores mekanikere og chauff\u00f8rer arbejder i b\u00e6redygtigt arbejdst\u00f8j fra Kansas&#8217; kollektion&nbsp;<a href=\"https:\/\/www.kansasworkwear.com\/da-dk\/arbejdstoej\/produktserier\/green\" target=\"_blank\" rel=\"noreferrer noopener\">Fristads Green<\/a>, som er verdens f\u00f8rste milj\u00f8deklarerede arbejdst\u00f8jskollektion. Ydermere, har vi opsat kurve hvori man kan aflevere sit slidte arbejdst\u00f8j, hvor dette vil blive sendt retur til Kansas&#8217; s\u00e5 materialerne kan genanvendes. <\/li>\n\n\n\n<li>Energibesparende belysning &#8211; Riwal skifter til LED-lys som en del af vores b\u00e6redygtighedsplan.&nbsp;<\/li>\n\n\n\n<li>Hele koncernen arbejder med h\u00e5ndtering af affald og hensigtsm\u00e6ssige deponering af kemikalier.<\/li>\n<\/ul>\n\n<\/div>\n\t<\/div>\n<\/div><\/div>\n\t\t\t\t\t\t\t<\/div> \n\n<div class=\"container\">\n<h2 class=\"wp-block-heading\" id=\"h-vores-malsaetninger-for-2030\"><br>Vores m\u00e5ls\u00e6tninger for 2030<\/h2>\n<\/div>\n\n<div class=\"rental-wp-default-block rental-theme-block-default-margin\">\n\t\t\t\t\t\t\t\t<div class=\"container\">\n<div class='wp-block-rental-theme-statistics rental-theme-block-default-margin'>\n\t\t<div class=\"wp-block-rental-theme-statistics__columns\">\n\t\t\t<div class='wp-block-rental-theme-statistics__columns_column'>\n\t\t\t\t<p class='wp-block-rental-theme-statistics__columns_column-title'>CO2 udledning<\/p>\n\t\t\t\t<p class='wp-block-rental-theme-statistics__columns_column-number'>-30%<\/p>\n\t\t\t<\/div>\n\t\t\t<div class='wp-block-rental-theme-statistics__columns_column'>\n\t\t\t\t<p class='wp-block-rental-theme-statistics__columns_column-title'>Genanvendt affald<\/p>\n\t\t\t\t<p class='wp-block-rental-theme-statistics__columns_column-number'>90%<\/p>\n\t\t\t<\/div>\n\t\t\t<div class='wp-block-rental-theme-statistics__columns_column'>\n\t\t\t\t<p class='wp-block-rental-theme-statistics__columns_column-title'>Elektriske maskiner i fl\u00e5den<\/p>\n\t\t\t\t<p class='wp-block-rental-theme-statistics__columns_column-number'>90%<\/p>\n\t\t\t<\/div>\n\t\t<\/div>\n<\/div><\/div>\n\t\t\t\t\t\t\t<\/div> \n\n<div class=\"wp-block-rental-theme-featured rental-theme-block-default-padding\">\n\t<div class=\"container\">\n\t\t<div class=\"wp-block-rental-theme-featured-container\">\n\t\t\t<div class=\"wp-block-rental-theme-featured__image\">\n\t\t\t\t<div class=\"wp-block-rental-theme-featured-image-container\">\n\t\t\t\t\t\t\t\t\t\t\t<div class=\"main-image\">\n\t\t\t\t\t\t\t<img loading=\"lazy\" decoding=\"async\" width=\"620\" height=\"413\" src=\"https:\/\/riwal-wpn.acceptatie.indicia-interactiv.nl\/app\/uploads\/sites\/14\/2024\/01\/Riwal-lift-i-Odense-Zoo-620x413.jpg\" class=\"attachment-featured_block_image size-featured_block_image\" alt=\"Riwal er sponsor i Odense Zoo. P\u00e5 billedet ses en elektrisk Riwal lift foran girafferne i Zoo.\" srcset=\"https:\/\/riwal-wpn.acceptatie.indicia-interactiv.nl\/app\/uploads\/sites\/14\/2024\/01\/Riwal-lift-i-Odense-Zoo-620x413.jpg 620w, https:\/\/riwal-wpn.acceptatie.indicia-interactiv.nl\/app\/uploads\/sites\/14\/2024\/01\/Riwal-lift-i-Odense-Zoo-300x200.jpg 300w, https:\/\/riwal-wpn.acceptatie.indicia-interactiv.nl\/app\/uploads\/sites\/14\/2024\/01\/Riwal-lift-i-Odense-Zoo-1024x683.jpg 1024w, https:\/\/riwal-wpn.acceptatie.indicia-interactiv.nl\/app\/uploads\/sites\/14\/2024\/01\/Riwal-lift-i-Odense-Zoo-768x512.jpg 768w, https:\/\/riwal-wpn.acceptatie.indicia-interactiv.nl\/app\/uploads\/sites\/14\/2024\/01\/Riwal-lift-i-Odense-Zoo-178x119.jpg 178w, https:\/\/riwal-wpn.acceptatie.indicia-interactiv.nl\/app\/uploads\/sites\/14\/2024\/01\/Riwal-lift-i-Odense-Zoo-390x260.jpg 390w, https:\/\/riwal-wpn.acceptatie.indicia-interactiv.nl\/app\/uploads\/sites\/14\/2024\/01\/Riwal-lift-i-Odense-Zoo-830x553.jpg 830w, https:\/\/riwal-wpn.acceptatie.indicia-interactiv.nl\/app\/uploads\/sites\/14\/2024\/01\/Riwal-lift-i-Odense-Zoo-250x167.jpg 250w, https:\/\/riwal-wpn.acceptatie.indicia-interactiv.nl\/app\/uploads\/sites\/14\/2024\/01\/Riwal-lift-i-Odense-Zoo-237x158.jpg 237w, https:\/\/riwal-wpn.acceptatie.indicia-interactiv.nl\/app\/uploads\/sites\/14\/2024\/01\/Riwal-lift-i-Odense-Zoo-474x316.jpg 474w, https:\/\/riwal-wpn.acceptatie.indicia-interactiv.nl\/app\/uploads\/sites\/14\/2024\/01\/Riwal-lift-i-Odense-Zoo.jpg 1200w\" sizes=\"auto, (max-width: 620px) 100vw, 620px\" \/>\t\t\t\t\t\t<\/div>\n\t\t\t\t\t\t\t\t\t\t<div class=\"wp-block-rental-theme-featured-image-container__subtext\">\n\t\t\t\t\t\t\t\t\t\t\t<\/div>\n\t\t\t\t<\/div>\n\t\t\t<\/div>\n\t\t\t<div class=\"wp-block-rental-theme-featured-content\">\n\t\t\t\t<div>\n\t\t\t\t\t<h2 class=\"wp-block-rental-theme-featured-title\">Fokusomr\u00e5de 5: Engagement i lokalsamfundet<\/h2>\n\t\t\t\t\t<div class=\"wp-block-rental-theme-featured-text\">\n\n<p>B\u00e6redygtige relationer med medarbejdere, kunder og leverand\u00f8rer betyder meget for os, ligesom det at bidrage positivt til samfundet. Derfor har vi indg\u00e5et forskellige partnerskaber inden for sundhedspleje, sport og kultur og st\u00f8tter velg\u00f8rende organisationer.<\/p>\n\n<\/div>\n\t\t\t\t<\/div>\n\t\t\t<\/div>\n\t\t<\/div>\n\t<\/div>\n<\/div>\n\n\n<div class=\"rental-wp-default-block rental-theme-block-default-margin\">\n\t\t\t\t\t\t\t\t<div class=\"container\"><div class=\"wp-block-rental-theme-services\">\n\t<div class=\"wp-block-rental-theme-services__header\">\n\t\t\t\t\t<h2 class='wp-block-rental-theme-services__header--title'>L\u00e6s mere om vores gr\u00f8nne omstilling<\/h2>\t\t\t\t\t\t\t<div class=\"wp-block-rental-theme-services__header--link\">\n\t\t\t\tL\u00e6s mere her\t\t\t<\/div>\n\t\t\t<\/div>\n\t<div class=\"wp-block-rental-theme-services__items\">\n\t\t\t\t\t<a href=\"https:\/\/riwal-wpn.acceptatie.indicia-interactiv.nl\/da\/leje-af-el-lifte\/\"  class=\"wp-block-rental-theme-services__item wp-block-rental-theme-services__item--not-mobile wp-block-rental-theme-services__item--3\">\n\t\t\t\t<div class=\"wp-block-rental-theme-services__item-content\">\n\t\t\t\t\t<img decoding=\"async\" width=\"1024\" height=\"683\" src=\"https:\/\/riwal-wpn.acceptatie.indicia-interactiv.nl\/app\/uploads\/sites\/14\/2023\/08\/100-elektrisk-saxlift-Riwal-1024x683.jpg\" class=\"wp-block-rental-theme-services__item-content__image\" alt=\"Elektrisk logo p\u00e5 Riwal saxlift\" loading=\"lazy\" srcset=\"https:\/\/riwal-wpn.acceptatie.indicia-interactiv.nl\/app\/uploads\/sites\/14\/2023\/08\/100-elektrisk-saxlift-Riwal-1024x683.jpg 1024w, https:\/\/riwal-wpn.acceptatie.indicia-interactiv.nl\/app\/uploads\/sites\/14\/2023\/08\/100-elektrisk-saxlift-Riwal-2048x1365.jpg 2048w, https:\/\/riwal-wpn.acceptatie.indicia-interactiv.nl\/app\/uploads\/sites\/14\/2023\/08\/100-elektrisk-saxlift-Riwal-1388x925.jpg 1388w, https:\/\/riwal-wpn.acceptatie.indicia-interactiv.nl\/app\/uploads\/sites\/14\/2023\/08\/100-elektrisk-saxlift-Riwal-830x553.jpg 830w, https:\/\/riwal-wpn.acceptatie.indicia-interactiv.nl\/app\/uploads\/sites\/14\/2023\/08\/100-elektrisk-saxlift-Riwal-300x200.jpg 300w, https:\/\/riwal-wpn.acceptatie.indicia-interactiv.nl\/app\/uploads\/sites\/14\/2023\/08\/100-elektrisk-saxlift-Riwal-768x512.jpg 768w, https:\/\/riwal-wpn.acceptatie.indicia-interactiv.nl\/app\/uploads\/sites\/14\/2023\/08\/100-elektrisk-saxlift-Riwal-1536x1024.jpg 1536w, https:\/\/riwal-wpn.acceptatie.indicia-interactiv.nl\/app\/uploads\/sites\/14\/2023\/08\/100-elektrisk-saxlift-Riwal-178x119.jpg 178w, https:\/\/riwal-wpn.acceptatie.indicia-interactiv.nl\/app\/uploads\/sites\/14\/2023\/08\/100-elektrisk-saxlift-Riwal-390x260.jpg 390w, https:\/\/riwal-wpn.acceptatie.indicia-interactiv.nl\/app\/uploads\/sites\/14\/2023\/08\/100-elektrisk-saxlift-Riwal-250x167.jpg 250w\" sizes=\"auto, (max-width: 1024px) 100vw, 1024px\" \/>\t\t\t\t\t<div class=\"wp-block-rental-theme-services__item-content-title\">\n\t\t\t\t\t\tElektriske maskiner\t\t\t\t\t<\/div>\n\t\t\t\t<\/div>\n\t\t\t<\/a>\n\t\t\t<a href=\"https:\/\/riwal-wpn.acceptatie.indicia-interactiv.nl\/da\/leje-af-el-lifte\/\"  class=\"wp-block-rental-theme-services__item wp-block-rental-theme-services__item--mobile\">\n\t\t\t\t<div class=\"wp-block-rental-theme-services__item-content\">\n\t\t\t\t\t<div class=\"wp-block-rental-theme-services__item-content__button\">\n\t\t\t\t\t\t<div class=\"wp-block-rental-theme-services__item-content-title \">\n\t\t\t\t\t\t\tElektriske maskiner\t\t\t\t\t\t<\/div>\n\t\t\t\t\t\t<div class=\"wp-block-rental-theme-services__item-content__button-icon\">\n\t\t\t\t\t\t\t<svg width=\"9\" height=\"9\" viewBox=\"0 0 9 9\" fill=\"#021A35\" xmlns=\"http:\/\/www.w3.org\/2000\/svg\"><path fill-rule=\"evenodd\" clip-rule=\"evenodd\" d=\"M.594.972H8.29V8.67H6.5V2.762H.594V.972Z\"\/><\/svg>\t\t\t\t\t\t<\/div>\n\t\t\t\t\t<\/div>\n\t\t\t\t<\/div>\n\t\t\t<\/a>\n\t\t\t\t\t<a href=\"https:\/\/riwal-wpn.acceptatie.indicia-interactiv.nl\/da\/vores-baeredygtige-initiativer\/\"  class=\"wp-block-rental-theme-services__item wp-block-rental-theme-services__item--not-mobile wp-block-rental-theme-services__item--3\">\n\t\t\t\t<div class=\"wp-block-rental-theme-services__item-content\">\n\t\t\t\t\t<img decoding=\"async\" width=\"1024\" height=\"576\" src=\"https:\/\/riwal-wpn.acceptatie.indicia-interactiv.nl\/app\/uploads\/sites\/14\/2024\/01\/Vandrensningsanlaeg-paa-depot-i-Riwal-Odense-1024x576.jpg\" class=\"wp-block-rental-theme-services__item-content__image\" alt=\"Vask af lift - Riwal\" loading=\"lazy\" srcset=\"https:\/\/riwal-wpn.acceptatie.indicia-interactiv.nl\/app\/uploads\/sites\/14\/2024\/01\/Vandrensningsanlaeg-paa-depot-i-Riwal-Odense-1024x576.jpg 1024w, https:\/\/riwal-wpn.acceptatie.indicia-interactiv.nl\/app\/uploads\/sites\/14\/2024\/01\/Vandrensningsanlaeg-paa-depot-i-Riwal-Odense-300x169.jpg 300w, https:\/\/riwal-wpn.acceptatie.indicia-interactiv.nl\/app\/uploads\/sites\/14\/2024\/01\/Vandrensningsanlaeg-paa-depot-i-Riwal-Odense-768x432.jpg 768w, https:\/\/riwal-wpn.acceptatie.indicia-interactiv.nl\/app\/uploads\/sites\/14\/2024\/01\/Vandrensningsanlaeg-paa-depot-i-Riwal-Odense-178x100.jpg 178w, https:\/\/riwal-wpn.acceptatie.indicia-interactiv.nl\/app\/uploads\/sites\/14\/2024\/01\/Vandrensningsanlaeg-paa-depot-i-Riwal-Odense-390x219.jpg 390w, https:\/\/riwal-wpn.acceptatie.indicia-interactiv.nl\/app\/uploads\/sites\/14\/2024\/01\/Vandrensningsanlaeg-paa-depot-i-Riwal-Odense-830x467.jpg 830w, https:\/\/riwal-wpn.acceptatie.indicia-interactiv.nl\/app\/uploads\/sites\/14\/2024\/01\/Vandrensningsanlaeg-paa-depot-i-Riwal-Odense-250x141.jpg 250w, https:\/\/riwal-wpn.acceptatie.indicia-interactiv.nl\/app\/uploads\/sites\/14\/2024\/01\/Vandrensningsanlaeg-paa-depot-i-Riwal-Odense-620x349.jpg 620w, https:\/\/riwal-wpn.acceptatie.indicia-interactiv.nl\/app\/uploads\/sites\/14\/2024\/01\/Vandrensningsanlaeg-paa-depot-i-Riwal-Odense-237x133.jpg 237w, https:\/\/riwal-wpn.acceptatie.indicia-interactiv.nl\/app\/uploads\/sites\/14\/2024\/01\/Vandrensningsanlaeg-paa-depot-i-Riwal-Odense-474x267.jpg 474w, https:\/\/riwal-wpn.acceptatie.indicia-interactiv.nl\/app\/uploads\/sites\/14\/2024\/01\/Vandrensningsanlaeg-paa-depot-i-Riwal-Odense.jpg 1200w\" sizes=\"auto, (max-width: 1024px) 100vw, 1024px\" \/>\t\t\t\t\t<div class=\"wp-block-rental-theme-services__item-content-title\">\n\t\t\t\t\t\tB\u00e6redygtige initiativer\t\t\t\t\t<\/div>\n\t\t\t\t<\/div>\n\t\t\t<\/a>\n\t\t\t<a href=\"https:\/\/riwal-wpn.acceptatie.indicia-interactiv.nl\/da\/vores-baeredygtige-initiativer\/\"  class=\"wp-block-rental-theme-services__item wp-block-rental-theme-services__item--mobile\">\n\t\t\t\t<div class=\"wp-block-rental-theme-services__item-content\">\n\t\t\t\t\t<div class=\"wp-block-rental-theme-services__item-content__button\">\n\t\t\t\t\t\t<div class=\"wp-block-rental-theme-services__item-content-title \">\n\t\t\t\t\t\t\tB\u00e6redygtige initiativer\t\t\t\t\t\t<\/div>\n\t\t\t\t\t\t<div class=\"wp-block-rental-theme-services__item-content__button-icon\">\n\t\t\t\t\t\t\t<svg width=\"9\" height=\"9\" viewBox=\"0 0 9 9\" fill=\"#021A35\" xmlns=\"http:\/\/www.w3.org\/2000\/svg\"><path fill-rule=\"evenodd\" clip-rule=\"evenodd\" d=\"M.594.972H8.29V8.67H6.5V2.762H.594V.972Z\"\/><\/svg>\t\t\t\t\t\t<\/div>\n\t\t\t\t\t<\/div>\n\t\t\t\t<\/div>\n\t\t\t<\/a>\n\t\t\t\t\t<a href=\"https:\/\/riwal-wpn.acceptatie.indicia-interactiv.nl\/da\/baeredygtighedsrapport\/\"  class=\"wp-block-rental-theme-services__item wp-block-rental-theme-services__item--not-mobile wp-block-rental-theme-services__item--3\">\n\t\t\t\t<div class=\"wp-block-rental-theme-services__item-content\">\n\t\t\t\t\t<img decoding=\"async\" width=\"724\" height=\"1024\" src=\"https:\/\/riwal-wpn.acceptatie.indicia-interactiv.nl\/app\/uploads\/sites\/14\/2024\/01\/Riwal-Sustainablity-Report-2022.jpg\" class=\"wp-block-rental-theme-services__item-content__image\" alt=\"Riwal b\u00e6redygtighedsrapport 2022\" loading=\"lazy\" srcset=\"https:\/\/riwal-wpn.acceptatie.indicia-interactiv.nl\/app\/uploads\/sites\/14\/2024\/01\/Riwal-Sustainablity-Report-2022.jpg 724w, https:\/\/riwal-wpn.acceptatie.indicia-interactiv.nl\/app\/uploads\/sites\/14\/2024\/01\/Riwal-Sustainablity-Report-2022-212x300.jpg 212w, https:\/\/riwal-wpn.acceptatie.indicia-interactiv.nl\/app\/uploads\/sites\/14\/2024\/01\/Riwal-Sustainablity-Report-2022-178x252.jpg 178w, https:\/\/riwal-wpn.acceptatie.indicia-interactiv.nl\/app\/uploads\/sites\/14\/2024\/01\/Riwal-Sustainablity-Report-2022-654x925.jpg 654w, https:\/\/riwal-wpn.acceptatie.indicia-interactiv.nl\/app\/uploads\/sites\/14\/2024\/01\/Riwal-Sustainablity-Report-2022-444x628.jpg 444w, https:\/\/riwal-wpn.acceptatie.indicia-interactiv.nl\/app\/uploads\/sites\/14\/2024\/01\/Riwal-Sustainablity-Report-2022-141x200.jpg 141w, https:\/\/riwal-wpn.acceptatie.indicia-interactiv.nl\/app\/uploads\/sites\/14\/2024\/01\/Riwal-Sustainablity-Report-2022-346x490.jpg 346w, https:\/\/riwal-wpn.acceptatie.indicia-interactiv.nl\/app\/uploads\/sites\/14\/2024\/01\/Riwal-Sustainablity-Report-2022-237x335.jpg 237w, https:\/\/riwal-wpn.acceptatie.indicia-interactiv.nl\/app\/uploads\/sites\/14\/2024\/01\/Riwal-Sustainablity-Report-2022-474x670.jpg 474w\" sizes=\"auto, (max-width: 724px) 100vw, 724px\" \/>\t\t\t\t\t<div class=\"wp-block-rental-theme-services__item-content-title\">\n\t\t\t\t\t\tB\u00e6redygtighedsrapport\t\t\t\t\t<\/div>\n\t\t\t\t<\/div>\n\t\t\t<\/a>\n\t\t\t<a href=\"https:\/\/riwal-wpn.acceptatie.indicia-interactiv.nl\/da\/baeredygtighedsrapport\/\"  class=\"wp-block-rental-theme-services__item wp-block-rental-theme-services__item--mobile\">\n\t\t\t\t<div class=\"wp-block-rental-theme-services__item-content\">\n\t\t\t\t\t<div class=\"wp-block-rental-theme-services__item-content__button\">\n\t\t\t\t\t\t<div class=\"wp-block-rental-theme-services__item-content-title \">\n\t\t\t\t\t\t\tB\u00e6redygtighedsrapport\t\t\t\t\t\t<\/div>\n\t\t\t\t\t\t<div class=\"wp-block-rental-theme-services__item-content__button-icon\">\n\t\t\t\t\t\t\t<svg width=\"9\" height=\"9\" viewBox=\"0 0 9 9\" fill=\"#021A35\" xmlns=\"http:\/\/www.w3.org\/2000\/svg\"><path fill-rule=\"evenodd\" clip-rule=\"evenodd\" d=\"M.594.972H8.29V8.67H6.5V2.762H.594V.972Z\"\/><\/svg>\t\t\t\t\t\t<\/div>\n\t\t\t\t\t<\/div>\n\t\t\t\t<\/div>\n\t\t\t<\/a>\n\t\t\t<\/div>\n<\/div>\n<\/div>\n\t\t\t\t\t\t\t<\/div> ","protected":false},"excerpt":{"rendered":"<p>Ecovadis Gold Rating EcoVadis vurderer virksomheder baseret p\u00e5 deres b\u00e6redygtighedspr\u00e6stationer ved at se p\u00e5 deres bestr\u00e6belser inden for emnerne: milj\u00f8, arbejde, forretningsmoral og b\u00e6redygtig indk\u00f8b. P\u00e5 nuv\u00e6rende tidspunkt har vi en EcoVadis Gold-medalje (2022), hvilket placerer os i top 5% af de vurderede virksomheder. Vi vil bevise vores engagement i vores b\u00e6redygtighedsm\u00e5l og str\u00e6ber efter &hellip; <a href=\"https:\/\/riwal-wpn.acceptatie.indicia-interactiv.nl\/da\/groen-omstilling\/\">Fortsat<\/a><\/p>\n","protected":false},"author":18,"featured_media":0,"parent":0,"menu_order":0,"comment_status":"closed","ping_status":"closed","template":"","meta":{"_acf_changed":false,"editor_notices":[],"footnotes":""},"class_list":["post-3624","page","type-page","status-publish","hentry"],"acf":[],"yoast_head":"<!-- This site is optimized with the Yoast SEO Premium plugin v27.1 (Yoast SEO v27.1.1) - https:\/\/yoast.com\/product\/yoast-seo-premium-wordpress\/ -->\n<title>Gr\u00f8n Omstilling | Riwal<\/title>\n<meta name=\"description\" content=\"L\u00e6s hvordan vi hos Riwal arbejder med gr\u00f8n omstilling: Fra CO2-reduktion til cirkul\u00e6r \u00f8konomi. L\u00e6s om vores fem fokusomr\u00e5der her.\" \/>\n<meta name=\"robots\" content=\"noindex, follow, max-snippet:-1, max-image-preview:large, max-video-preview:-1\" \/>\n<meta property=\"og:locale\" content=\"da_DK\" \/>\n<meta property=\"og:type\" content=\"article\" \/>\n<meta property=\"og:title\" content=\"Gr\u00f8n Omstilling\" \/>\n<meta property=\"og:description\" content=\"L\u00e6s hvordan vi hos Riwal arbejder med gr\u00f8n omstilling: Fra CO2-reduktion til cirkul\u00e6r \u00f8konomi. L\u00e6s om vores fem fokusomr\u00e5der her.\" \/>\n<meta property=\"og:url\" content=\"https:\/\/riwal-wpn.acceptatie.indicia-interactiv.nl\/da\/groen-omstilling\/\" \/>\n<meta property=\"og:site_name\" content=\"Riwal Danmark\" \/>\n<meta property=\"article:modified_time\" content=\"2024-01-23T10:23:29+00:00\" \/>\n<meta property=\"og:image\" content=\"https:\/\/riwal-wpn.acceptatie.indicia-interactiv.nl\/app\/uploads\/sites\/14\/2023\/08\/Lifting-Sustainability-Riwal-1024x267.png\" \/>\n<meta name=\"twitter:card\" content=\"summary_large_image\" \/>\n<meta name=\"twitter:label1\" content=\"Est. reading time\" \/>\n\t<meta name=\"twitter:data1\" content=\"5 minutter\" \/>\n<script type=\"application\/ld+json\" class=\"yoast-schema-graph\">{\"@context\":\"https:\/\/schema.org\",\"@graph\":[{\"@type\":\"WebPage\",\"@id\":\"https:\/\/riwal-wpn.acceptatie.indicia-interactiv.nl\/da\/groen-omstilling\/\",\"url\":\"https:\/\/riwal-wpn.acceptatie.indicia-interactiv.nl\/da\/groen-omstilling\/\",\"name\":\"Gr\u00f8n Omstilling | Riwal\",\"isPartOf\":{\"@id\":\"https:\/\/riwal-wpn.acceptatie.indicia-interactiv.nl\/da\/#website\"},\"primaryImageOfPage\":{\"@id\":\"https:\/\/riwal-wpn.acceptatie.indicia-interactiv.nl\/da\/groen-omstilling\/#primaryimage\"},\"image\":{\"@id\":\"https:\/\/riwal-wpn.acceptatie.indicia-interactiv.nl\/da\/groen-omstilling\/#primaryimage\"},\"thumbnailUrl\":\"https:\/\/riwal-wpn.acceptatie.indicia-interactiv.nl\/app\/uploads\/sites\/14\/2023\/08\/Lifting-Sustainability-Riwal-1024x267.png\",\"datePublished\":\"2023-08-24T07:12:56+00:00\",\"dateModified\":\"2024-01-23T10:23:29+00:00\",\"description\":\"L\u00e6s hvordan vi hos Riwal arbejder med gr\u00f8n omstilling: Fra CO2-reduktion til cirkul\u00e6r \u00f8konomi. L\u00e6s om vores fem fokusomr\u00e5der her.\",\"breadcrumb\":{\"@id\":\"https:\/\/riwal-wpn.acceptatie.indicia-interactiv.nl\/da\/groen-omstilling\/#breadcrumb\"},\"inLanguage\":\"da-DK\",\"potentialAction\":[{\"@type\":\"ReadAction\",\"target\":[\"https:\/\/riwal-wpn.acceptatie.indicia-interactiv.nl\/da\/groen-omstilling\/\"]}]},{\"@type\":\"ImageObject\",\"inLanguage\":\"da-DK\",\"@id\":\"https:\/\/riwal-wpn.acceptatie.indicia-interactiv.nl\/da\/groen-omstilling\/#primaryimage\",\"url\":\"https:\/\/riwal-wpn.acceptatie.indicia-interactiv.nl\/app\/uploads\/sites\/14\/2023\/08\/Lifting-Sustainability-Riwal-1024x267.png\",\"contentUrl\":\"https:\/\/riwal-wpn.acceptatie.indicia-interactiv.nl\/app\/uploads\/sites\/14\/2023\/08\/Lifting-Sustainability-Riwal-1024x267.png\"},{\"@type\":\"BreadcrumbList\",\"@id\":\"https:\/\/riwal-wpn.acceptatie.indicia-interactiv.nl\/da\/groen-omstilling\/#breadcrumb\",\"itemListElement\":[{\"@type\":\"ListItem\",\"position\":1,\"name\":\"Forside\",\"item\":\"https:\/\/riwal-wpn.acceptatie.indicia-interactiv.nl\/da\/\"},{\"@type\":\"ListItem\",\"position\":2,\"name\":\"Gr\u00f8n Omstilling\"}]},{\"@type\":\"WebSite\",\"@id\":\"https:\/\/riwal-wpn.acceptatie.indicia-interactiv.nl\/da\/#website\",\"url\":\"https:\/\/riwal-wpn.acceptatie.indicia-interactiv.nl\/da\/\",\"name\":\"Riwal\",\"description\":\"Arial work platform &amp; Telehandler Rental\/Sales\",\"publisher\":{\"@id\":\"https:\/\/riwal-wpn.acceptatie.indicia-interactiv.nl\/da\/#organization\"},\"potentialAction\":[{\"@type\":\"SearchAction\",\"target\":{\"@type\":\"EntryPoint\",\"urlTemplate\":\"https:\/\/riwal-wpn.acceptatie.indicia-interactiv.nl\/da\/?s={search_term_string}\"},\"query-input\":{\"@type\":\"PropertyValueSpecification\",\"valueRequired\":true,\"valueName\":\"search_term_string\"}}],\"inLanguage\":\"da-DK\"},{\"@type\":\"Organization\",\"@id\":\"https:\/\/riwal-wpn.acceptatie.indicia-interactiv.nl\/da\/#organization\",\"name\":\"Riwal\",\"url\":\"https:\/\/riwal-wpn.acceptatie.indicia-interactiv.nl\/da\/\",\"logo\":{\"@type\":\"ImageObject\",\"inLanguage\":\"da-DK\",\"@id\":\"https:\/\/riwal-wpn.acceptatie.indicia-interactiv.nl\/da\/#\/schema\/logo\/image\/\",\"url\":\"\",\"contentUrl\":\"\",\"caption\":\"Riwal\"},\"image\":{\"@id\":\"https:\/\/riwal-wpn.acceptatie.indicia-interactiv.nl\/da\/#\/schema\/logo\/image\/\"}}]}<\/script>\n<!-- \/ Yoast SEO Premium plugin. -->","yoast_head_json":{"title":"Gr\u00f8n Omstilling | Riwal","description":"L\u00e6s hvordan vi hos Riwal arbejder med gr\u00f8n omstilling: Fra CO2-reduktion til cirkul\u00e6r \u00f8konomi. L\u00e6s om vores fem fokusomr\u00e5der her.","robots":{"index":"noindex","follow":"follow","max-snippet":"max-snippet:-1","max-image-preview":"max-image-preview:large","max-video-preview":"max-video-preview:-1"},"og_locale":"da_DK","og_type":"article","og_title":"Gr\u00f8n Omstilling","og_description":"L\u00e6s hvordan vi hos Riwal arbejder med gr\u00f8n omstilling: Fra CO2-reduktion til cirkul\u00e6r \u00f8konomi. L\u00e6s om vores fem fokusomr\u00e5der her.","og_url":"https:\/\/riwal-wpn.acceptatie.indicia-interactiv.nl\/da\/groen-omstilling\/","og_site_name":"Riwal Danmark","article_modified_time":"2024-01-23T10:23:29+00:00","og_image":[{"url":"https:\/\/riwal-wpn.acceptatie.indicia-interactiv.nl\/app\/uploads\/sites\/14\/2023\/08\/Lifting-Sustainability-Riwal-1024x267.png","type":"","width":"","height":""}],"twitter_card":"summary_large_image","twitter_misc":{"Est. reading time":"5 minutter"},"schema":{"@context":"https:\/\/schema.org","@graph":[{"@type":"WebPage","@id":"https:\/\/riwal-wpn.acceptatie.indicia-interactiv.nl\/da\/groen-omstilling\/","url":"https:\/\/riwal-wpn.acceptatie.indicia-interactiv.nl\/da\/groen-omstilling\/","name":"Gr\u00f8n Omstilling | Riwal","isPartOf":{"@id":"https:\/\/riwal-wpn.acceptatie.indicia-interactiv.nl\/da\/#website"},"primaryImageOfPage":{"@id":"https:\/\/riwal-wpn.acceptatie.indicia-interactiv.nl\/da\/groen-omstilling\/#primaryimage"},"image":{"@id":"https:\/\/riwal-wpn.acceptatie.indicia-interactiv.nl\/da\/groen-omstilling\/#primaryimage"},"thumbnailUrl":"https:\/\/riwal-wpn.acceptatie.indicia-interactiv.nl\/app\/uploads\/sites\/14\/2023\/08\/Lifting-Sustainability-Riwal-1024x267.png","datePublished":"2023-08-24T07:12:56+00:00","dateModified":"2024-01-23T10:23:29+00:00","description":"L\u00e6s hvordan vi hos Riwal arbejder med gr\u00f8n omstilling: Fra CO2-reduktion til cirkul\u00e6r \u00f8konomi. L\u00e6s om vores fem fokusomr\u00e5der her.","breadcrumb":{"@id":"https:\/\/riwal-wpn.acceptatie.indicia-interactiv.nl\/da\/groen-omstilling\/#breadcrumb"},"inLanguage":"da-DK","potentialAction":[{"@type":"ReadAction","target":["https:\/\/riwal-wpn.acceptatie.indicia-interactiv.nl\/da\/groen-omstilling\/"]}]},{"@type":"ImageObject","inLanguage":"da-DK","@id":"https:\/\/riwal-wpn.acceptatie.indicia-interactiv.nl\/da\/groen-omstilling\/#primaryimage","url":"https:\/\/riwal-wpn.acceptatie.indicia-interactiv.nl\/app\/uploads\/sites\/14\/2023\/08\/Lifting-Sustainability-Riwal-1024x267.png","contentUrl":"https:\/\/riwal-wpn.acceptatie.indicia-interactiv.nl\/app\/uploads\/sites\/14\/2023\/08\/Lifting-Sustainability-Riwal-1024x267.png"},{"@type":"BreadcrumbList","@id":"https:\/\/riwal-wpn.acceptatie.indicia-interactiv.nl\/da\/groen-omstilling\/#breadcrumb","itemListElement":[{"@type":"ListItem","position":1,"name":"Forside","item":"https:\/\/riwal-wpn.acceptatie.indicia-interactiv.nl\/da\/"},{"@type":"ListItem","position":2,"name":"Gr\u00f8n Omstilling"}]},{"@type":"WebSite","@id":"https:\/\/riwal-wpn.acceptatie.indicia-interactiv.nl\/da\/#website","url":"https:\/\/riwal-wpn.acceptatie.indicia-interactiv.nl\/da\/","name":"Riwal","description":"Arial work platform &amp; Telehandler Rental\/Sales","publisher":{"@id":"https:\/\/riwal-wpn.acceptatie.indicia-interactiv.nl\/da\/#organization"},"potentialAction":[{"@type":"SearchAction","target":{"@type":"EntryPoint","urlTemplate":"https:\/\/riwal-wpn.acceptatie.indicia-interactiv.nl\/da\/?s={search_term_string}"},"query-input":{"@type":"PropertyValueSpecification","valueRequired":true,"valueName":"search_term_string"}}],"inLanguage":"da-DK"},{"@type":"Organization","@id":"https:\/\/riwal-wpn.acceptatie.indicia-interactiv.nl\/da\/#organization","name":"Riwal","url":"https:\/\/riwal-wpn.acceptatie.indicia-interactiv.nl\/da\/","logo":{"@type":"ImageObject","inLanguage":"da-DK","@id":"https:\/\/riwal-wpn.acceptatie.indicia-interactiv.nl\/da\/#\/schema\/logo\/image\/","url":"","contentUrl":"","caption":"Riwal"},"image":{"@id":"https:\/\/riwal-wpn.acceptatie.indicia-interactiv.nl\/da\/#\/schema\/logo\/image\/"}}]}},"_links":{"self":[{"href":"https:\/\/riwal-wpn.acceptatie.indicia-interactiv.nl\/da\/wp-json\/wp\/v2\/pages\/3624","targetHints":{"allow":["GET"]}}],"collection":[{"href":"https:\/\/riwal-wpn.acceptatie.indicia-interactiv.nl\/da\/wp-json\/wp\/v2\/pages"}],"about":[{"href":"https:\/\/riwal-wpn.acceptatie.indicia-interactiv.nl\/da\/wp-json\/wp\/v2\/types\/page"}],"author":[{"embeddable":true,"href":"https:\/\/riwal-wpn.acceptatie.indicia-interactiv.nl\/da\/wp-json\/wp\/v2\/users\/18"}],"replies":[{"embeddable":true,"href":"https:\/\/riwal-wpn.acceptatie.indicia-interactiv.nl\/da\/wp-json\/wp\/v2\/comments?post=3624"}],"version-history":[{"count":39,"href":"https:\/\/riwal-wpn.acceptatie.indicia-interactiv.nl\/da\/wp-json\/wp\/v2\/pages\/3624\/revisions"}],"predecessor-version":[{"id":7131,"href":"https:\/\/riwal-wpn.acceptatie.indicia-interactiv.nl\/da\/wp-json\/wp\/v2\/pages\/3624\/revisions\/7131"}],"wp:attachment":[{"href":"https:\/\/riwal-wpn.acceptatie.indicia-interactiv.nl\/da\/wp-json\/wp\/v2\/media?parent=3624"}],"curies":[{"name":"wp","href":"https:\/\/api.w.org\/{rel}","templated":true}]}}