{"id":3037,"date":"2024-02-01T13:17:00","date_gmt":"2024-02-01T13:17:00","guid":{"rendered":"https:\/\/riwal-wpn.acceptatie.indicia-interactiv.nl\/de\/?post_type=knowledge&#038;p=3037"},"modified":"2024-02-02T14:34:39","modified_gmt":"2024-02-02T14:34:39","slug":"bis-zu-welcher-windstaerke-darf-ich-eigentlich-auf-eine-hubarbeitsbuehne","status":"publish","type":"knowledge","link":"https:\/\/riwal-wpn.acceptatie.indicia-interactiv.nl\/de\/newsroom\/blog\/bis-zu-welcher-windstaerke-darf-ich-eigentlich-auf-eine-hubarbeitsbuehne\/","title":{"rendered":"Bis zu welcher Windst\u00e4rke darf ich eigentlich auf eine Hubarbeitsb\u00fchne?"},"content":{"rendered":"<div class=\"container\">\n<p><div class=\"wrapper\"><main class=\"tan\"><div class=\"container blog\"><section class=\"row\"><div class=\"col-xs-12 col-md-9 left-column\"><div><p style=\"margin: 0cm 0cm 6pt\"><span>Was den Wind betrifft,so sind Hubarbeitsb\u00fchnen <span dir=\"ltr\">f\u00fcr Windgeschwindigkeiten von 12,5 m\/s (45 km\/h) ausgelegt. Das entspricht in etwa der Windst\u00e4rke sechs. Die Berufsgenossenschaft der Bauwirtschaft (BG Bau) gibt aber in ihrer <a href=\"https:\/\/www.bgbau.de\/fileadmin\/Medien-Objekte\/Medien\/DGUV-Informationen\/208_019\/208_019.pdf\" target=\"_blank\" rel=\"noopener\">DGUV-Information<\/a> vor, dass <span dir=\"ltr\">\u201edie maximale Windgeschwindigkeit f\u00fcr eine Maschine unbedingt in der Betriebsanleitung des Herstellers nachgelesen werden muss. Bei vielen \u00e4lteren Maschinen kann die maximal zul\u00e4ssige Windgeschwindigkeit erheblich unter diesen 12,5 m\/s liegen.\u201c <\/span><\/span>Ist die maximal zul\u00e4ssige Windst\u00e4rke erreicht, muss der Betrieb der Arbeitsb\u00fchne eingestellt bzw. unterbrochen werden.<\/span><strong><span>Wo wird die relevante Windst\u00e4rke gemessen? <\/span><\/strong><span>\u201eAusschlaggebend ist nicht die  Windst\u00e4rke am Boden, sondern immer nur in der Arbeitsh\u00f6he. Wenn sich  nicht eindeutig absch\u00e4tzen l\u00e4sst, ob die aktuelle Windgeschwindigkeit in  Arbeitsh\u00f6he das Arbeiten erlaubt, muss dies eben in dieser H\u00f6he  gemessen werden\u201c wei\u00df Ingo Kalettka, zertifizierter IPAF-Trainer bei der Riwal-Akademie. Daf\u00fcr sei der Gebrauch eines zuverl\u00e4ssigen Windmessers unbedingt zu  empfehlen. Nur ein solches Ger\u00e4t liefert verl\u00e4ssliche Angaben, auf die  man wirklich z\u00e4hlen kann. \u201eIst die Windgeschwindigkeit grenzwertig oder  treten kurzzeitig heftigere B\u00f6en auf, sollte im Zweifel immer f\u00fcr die  Sicherheit und gegen ein Risiko entschieden werden\u201c, r\u00e4t Kalettka.<\/span><\/p><\/div><\/div><\/section><\/div><\/main><\/div> <\/p>\n<\/div>","protected":false},"excerpt":{"rendered":"<p>Kennen Sie das? Sie oder Ihre Mitarbeiter wollen mit einer Hubarbeitsb\u00fchne in die H\u00f6he fahren. Leider bl\u00e4st aber ein frischer Wind. Wie sieht es eigentlich rechtlich aus? Bis zu welcher Windst\u00e4rke ist die Arbeit auf einer Hubarbeitsb\u00fchne erlaubt? Und wie und wo misst man den Wind eigentlich?<\/p>\n","protected":false},"featured_media":2671,"template":"","meta":{"_acf_changed":false,"editor_notices":[],"footnotes":""},"knowledge-category":[29],"knowledge-tag":[142],"class_list":["post-3037","knowledge","type-knowledge","status-publish","has-post-thumbnail","hentry","knowledge-category-blog"],"acf":[],"yoast_head":"<!-- This site is optimized with the Yoast SEO Premium plugin v27.1 (Yoast SEO v27.1.1) - https:\/\/yoast.com\/product\/yoast-seo-premium-wordpress\/ -->\n<title>Bis zu welcher Windst\u00e4rke darf ich auf eine Hubarbeitsb\u00fchne?<\/title>\n<meta name=\"description\" content=\"Sie wollen mit einer Hubarbeitsb\u00fchne in die H\u00f6he fahren. Leider bl\u00e4st aber ein frischer Wind. Wie sieht es eigentlich rechtlich aus?\" \/>\n<meta name=\"robots\" content=\"noindex, follow, max-snippet:-1, max-image-preview:large, max-video-preview:-1\" \/>\n<meta property=\"og:locale\" content=\"de_DE\" \/>\n<meta property=\"og:type\" content=\"article\" \/>\n<meta property=\"og:title\" content=\"Bis zu welcher Windst\u00e4rke darf ich eigentlich auf eine Hubarbeitsb\u00fchne?\" \/>\n<meta property=\"og:description\" content=\"Sie wollen mit einer Hubarbeitsb\u00fchne in die H\u00f6he fahren. Leider bl\u00e4st aber ein frischer Wind. Wie sieht es eigentlich rechtlich aus?\" \/>\n<meta property=\"og:url\" content=\"https:\/\/riwal-wpn.acceptatie.indicia-interactiv.nl\/de\/knowledge\/blog\/bis-zu-welcher-windstaerke-darf-ich-eigentlich-auf-eine-hubarbeitsbuehne\/\" \/>\n<meta property=\"og:site_name\" content=\"Riwal - Deutschland\" \/>\n<meta property=\"article:modified_time\" content=\"2024-02-02T14:34:39+00:00\" \/>\n<meta property=\"og:image\" content=\"https:\/\/riwal-wpn.acceptatie.indicia-interactiv.nl\/app\/uploads\/sites\/8\/2023\/08\/JLG-E800AJ-scaled.jpg\" \/>\n\t<meta property=\"og:image:width\" content=\"2560\" \/>\n\t<meta property=\"og:image:height\" content=\"1920\" \/>\n\t<meta property=\"og:image:type\" content=\"image\/jpeg\" \/>\n<meta name=\"twitter:card\" content=\"summary_large_image\" \/>\n<meta name=\"twitter:label1\" content=\"Gesch\u00e4tzte Lesezeit\" \/>\n\t<meta name=\"twitter:data1\" content=\"1\u00a0Minute\" \/>\n<script type=\"application\/ld+json\" class=\"yoast-schema-graph\">{\"@context\":\"https:\/\/schema.org\",\"@graph\":[{\"@type\":\"WebPage\",\"@id\":\"https:\/\/riwal-wpn.acceptatie.indicia-interactiv.nl\/de\/knowledge\/blog\/bis-zu-welcher-windstaerke-darf-ich-eigentlich-auf-eine-hubarbeitsbuehne\/\",\"url\":\"https:\/\/riwal-wpn.acceptatie.indicia-interactiv.nl\/de\/knowledge\/blog\/bis-zu-welcher-windstaerke-darf-ich-eigentlich-auf-eine-hubarbeitsbuehne\/\",\"name\":\"Bis zu welcher Windst\u00e4rke darf ich auf eine Hubarbeitsb\u00fchne?\",\"isPartOf\":{\"@id\":\"https:\/\/riwal-wpn.acceptatie.indicia-interactiv.nl\/de\/#website\"},\"primaryImageOfPage\":{\"@id\":\"https:\/\/riwal-wpn.acceptatie.indicia-interactiv.nl\/de\/knowledge\/blog\/bis-zu-welcher-windstaerke-darf-ich-eigentlich-auf-eine-hubarbeitsbuehne\/#primaryimage\"},\"image\":{\"@id\":\"https:\/\/riwal-wpn.acceptatie.indicia-interactiv.nl\/de\/knowledge\/blog\/bis-zu-welcher-windstaerke-darf-ich-eigentlich-auf-eine-hubarbeitsbuehne\/#primaryimage\"},\"thumbnailUrl\":\"https:\/\/riwal-wpn.acceptatie.indicia-interactiv.nl\/app\/uploads\/sites\/8\/2023\/08\/JLG-E800AJ-scaled.jpg\",\"datePublished\":\"2024-02-01T13:17:00+00:00\",\"dateModified\":\"2024-02-02T14:34:39+00:00\",\"description\":\"Sie wollen mit einer Hubarbeitsb\u00fchne in die H\u00f6he fahren. Leider bl\u00e4st aber ein frischer Wind. Wie sieht es eigentlich rechtlich aus?\",\"breadcrumb\":{\"@id\":\"https:\/\/riwal-wpn.acceptatie.indicia-interactiv.nl\/de\/knowledge\/blog\/bis-zu-welcher-windstaerke-darf-ich-eigentlich-auf-eine-hubarbeitsbuehne\/#breadcrumb\"},\"inLanguage\":\"de\",\"potentialAction\":[{\"@type\":\"ReadAction\",\"target\":[\"https:\/\/riwal-wpn.acceptatie.indicia-interactiv.nl\/de\/knowledge\/blog\/bis-zu-welcher-windstaerke-darf-ich-eigentlich-auf-eine-hubarbeitsbuehne\/\"]}]},{\"@type\":\"ImageObject\",\"inLanguage\":\"de\",\"@id\":\"https:\/\/riwal-wpn.acceptatie.indicia-interactiv.nl\/de\/knowledge\/blog\/bis-zu-welcher-windstaerke-darf-ich-eigentlich-auf-eine-hubarbeitsbuehne\/#primaryimage\",\"url\":\"https:\/\/riwal-wpn.acceptatie.indicia-interactiv.nl\/app\/uploads\/sites\/8\/2023\/08\/JLG-E800AJ-scaled.jpg\",\"contentUrl\":\"https:\/\/riwal-wpn.acceptatie.indicia-interactiv.nl\/app\/uploads\/sites\/8\/2023\/08\/JLG-E800AJ-scaled.jpg\",\"width\":2560,\"height\":1920},{\"@type\":\"BreadcrumbList\",\"@id\":\"https:\/\/riwal-wpn.acceptatie.indicia-interactiv.nl\/de\/knowledge\/blog\/bis-zu-welcher-windstaerke-darf-ich-eigentlich-auf-eine-hubarbeitsbuehne\/#breadcrumb\",\"itemListElement\":[{\"@type\":\"ListItem\",\"position\":1,\"name\":\"Home\",\"item\":\"https:\/\/riwal-wpn.acceptatie.indicia-interactiv.nl\/de\/\"},{\"@type\":\"ListItem\",\"position\":2,\"name\":\"Newsroom\",\"item\":\"https:\/\/riwal-wpn.acceptatie.indicia-interactiv.nl\/de\/knowledge\/\"},{\"@type\":\"ListItem\",\"position\":3,\"name\":\"Bis zu welcher Windst\u00e4rke darf ich eigentlich auf eine Hubarbeitsb\u00fchne?\"}]},{\"@type\":\"WebSite\",\"@id\":\"https:\/\/riwal-wpn.acceptatie.indicia-interactiv.nl\/de\/#website\",\"url\":\"https:\/\/riwal-wpn.acceptatie.indicia-interactiv.nl\/de\/\",\"name\":\"Riwal\",\"description\":\"Arial work platform &amp; Telehandler Rental\/Sales\",\"publisher\":{\"@id\":\"https:\/\/riwal-wpn.acceptatie.indicia-interactiv.nl\/de\/#organization\"},\"potentialAction\":[{\"@type\":\"SearchAction\",\"target\":{\"@type\":\"EntryPoint\",\"urlTemplate\":\"https:\/\/riwal-wpn.acceptatie.indicia-interactiv.nl\/de\/?s={search_term_string}\"},\"query-input\":{\"@type\":\"PropertyValueSpecification\",\"valueRequired\":true,\"valueName\":\"search_term_string\"}}],\"inLanguage\":\"de\"},{\"@type\":\"Organization\",\"@id\":\"https:\/\/riwal-wpn.acceptatie.indicia-interactiv.nl\/de\/#organization\",\"name\":\"Riwal\",\"url\":\"https:\/\/riwal-wpn.acceptatie.indicia-interactiv.nl\/de\/\",\"logo\":{\"@type\":\"ImageObject\",\"inLanguage\":\"de\",\"@id\":\"https:\/\/riwal-wpn.acceptatie.indicia-interactiv.nl\/de\/#\/schema\/logo\/image\/\",\"url\":\"\",\"contentUrl\":\"\",\"caption\":\"Riwal\"},\"image\":{\"@id\":\"https:\/\/riwal-wpn.acceptatie.indicia-interactiv.nl\/de\/#\/schema\/logo\/image\/\"}}]}<\/script>\n<!-- \/ Yoast SEO Premium plugin. -->","yoast_head_json":{"title":"Bis zu welcher Windst\u00e4rke darf ich auf eine Hubarbeitsb\u00fchne?","description":"Sie wollen mit einer Hubarbeitsb\u00fchne in die H\u00f6he fahren. Leider bl\u00e4st aber ein frischer Wind. Wie sieht es eigentlich rechtlich aus?","robots":{"index":"noindex","follow":"follow","max-snippet":"max-snippet:-1","max-image-preview":"max-image-preview:large","max-video-preview":"max-video-preview:-1"},"og_locale":"de_DE","og_type":"article","og_title":"Bis zu welcher Windst\u00e4rke darf ich eigentlich auf eine Hubarbeitsb\u00fchne?","og_description":"Sie wollen mit einer Hubarbeitsb\u00fchne in die H\u00f6he fahren. Leider bl\u00e4st aber ein frischer Wind. Wie sieht es eigentlich rechtlich aus?","og_url":"https:\/\/riwal-wpn.acceptatie.indicia-interactiv.nl\/de\/knowledge\/blog\/bis-zu-welcher-windstaerke-darf-ich-eigentlich-auf-eine-hubarbeitsbuehne\/","og_site_name":"Riwal - Deutschland","article_modified_time":"2024-02-02T14:34:39+00:00","og_image":[{"width":2560,"height":1920,"url":"https:\/\/riwal-wpn.acceptatie.indicia-interactiv.nl\/app\/uploads\/sites\/8\/2023\/08\/JLG-E800AJ-scaled.jpg","type":"image\/jpeg"}],"twitter_card":"summary_large_image","twitter_misc":{"Gesch\u00e4tzte Lesezeit":"1\u00a0Minute"},"schema":{"@context":"https:\/\/schema.org","@graph":[{"@type":"WebPage","@id":"https:\/\/riwal-wpn.acceptatie.indicia-interactiv.nl\/de\/knowledge\/blog\/bis-zu-welcher-windstaerke-darf-ich-eigentlich-auf-eine-hubarbeitsbuehne\/","url":"https:\/\/riwal-wpn.acceptatie.indicia-interactiv.nl\/de\/knowledge\/blog\/bis-zu-welcher-windstaerke-darf-ich-eigentlich-auf-eine-hubarbeitsbuehne\/","name":"Bis zu welcher Windst\u00e4rke darf ich auf eine Hubarbeitsb\u00fchne?","isPartOf":{"@id":"https:\/\/riwal-wpn.acceptatie.indicia-interactiv.nl\/de\/#website"},"primaryImageOfPage":{"@id":"https:\/\/riwal-wpn.acceptatie.indicia-interactiv.nl\/de\/knowledge\/blog\/bis-zu-welcher-windstaerke-darf-ich-eigentlich-auf-eine-hubarbeitsbuehne\/#primaryimage"},"image":{"@id":"https:\/\/riwal-wpn.acceptatie.indicia-interactiv.nl\/de\/knowledge\/blog\/bis-zu-welcher-windstaerke-darf-ich-eigentlich-auf-eine-hubarbeitsbuehne\/#primaryimage"},"thumbnailUrl":"https:\/\/riwal-wpn.acceptatie.indicia-interactiv.nl\/app\/uploads\/sites\/8\/2023\/08\/JLG-E800AJ-scaled.jpg","datePublished":"2024-02-01T13:17:00+00:00","dateModified":"2024-02-02T14:34:39+00:00","description":"Sie wollen mit einer Hubarbeitsb\u00fchne in die H\u00f6he fahren. Leider bl\u00e4st aber ein frischer Wind. Wie sieht es eigentlich rechtlich aus?","breadcrumb":{"@id":"https:\/\/riwal-wpn.acceptatie.indicia-interactiv.nl\/de\/knowledge\/blog\/bis-zu-welcher-windstaerke-darf-ich-eigentlich-auf-eine-hubarbeitsbuehne\/#breadcrumb"},"inLanguage":"de","potentialAction":[{"@type":"ReadAction","target":["https:\/\/riwal-wpn.acceptatie.indicia-interactiv.nl\/de\/knowledge\/blog\/bis-zu-welcher-windstaerke-darf-ich-eigentlich-auf-eine-hubarbeitsbuehne\/"]}]},{"@type":"ImageObject","inLanguage":"de","@id":"https:\/\/riwal-wpn.acceptatie.indicia-interactiv.nl\/de\/knowledge\/blog\/bis-zu-welcher-windstaerke-darf-ich-eigentlich-auf-eine-hubarbeitsbuehne\/#primaryimage","url":"https:\/\/riwal-wpn.acceptatie.indicia-interactiv.nl\/app\/uploads\/sites\/8\/2023\/08\/JLG-E800AJ-scaled.jpg","contentUrl":"https:\/\/riwal-wpn.acceptatie.indicia-interactiv.nl\/app\/uploads\/sites\/8\/2023\/08\/JLG-E800AJ-scaled.jpg","width":2560,"height":1920},{"@type":"BreadcrumbList","@id":"https:\/\/riwal-wpn.acceptatie.indicia-interactiv.nl\/de\/knowledge\/blog\/bis-zu-welcher-windstaerke-darf-ich-eigentlich-auf-eine-hubarbeitsbuehne\/#breadcrumb","itemListElement":[{"@type":"ListItem","position":1,"name":"Home","item":"https:\/\/riwal-wpn.acceptatie.indicia-interactiv.nl\/de\/"},{"@type":"ListItem","position":2,"name":"Newsroom","item":"https:\/\/riwal-wpn.acceptatie.indicia-interactiv.nl\/de\/knowledge\/"},{"@type":"ListItem","position":3,"name":"Bis zu welcher Windst\u00e4rke darf ich eigentlich auf eine Hubarbeitsb\u00fchne?"}]},{"@type":"WebSite","@id":"https:\/\/riwal-wpn.acceptatie.indicia-interactiv.nl\/de\/#website","url":"https:\/\/riwal-wpn.acceptatie.indicia-interactiv.nl\/de\/","name":"Riwal","description":"Arial work platform &amp; Telehandler Rental\/Sales","publisher":{"@id":"https:\/\/riwal-wpn.acceptatie.indicia-interactiv.nl\/de\/#organization"},"potentialAction":[{"@type":"SearchAction","target":{"@type":"EntryPoint","urlTemplate":"https:\/\/riwal-wpn.acceptatie.indicia-interactiv.nl\/de\/?s={search_term_string}"},"query-input":{"@type":"PropertyValueSpecification","valueRequired":true,"valueName":"search_term_string"}}],"inLanguage":"de"},{"@type":"Organization","@id":"https:\/\/riwal-wpn.acceptatie.indicia-interactiv.nl\/de\/#organization","name":"Riwal","url":"https:\/\/riwal-wpn.acceptatie.indicia-interactiv.nl\/de\/","logo":{"@type":"ImageObject","inLanguage":"de","@id":"https:\/\/riwal-wpn.acceptatie.indicia-interactiv.nl\/de\/#\/schema\/logo\/image\/","url":"","contentUrl":"","caption":"Riwal"},"image":{"@id":"https:\/\/riwal-wpn.acceptatie.indicia-interactiv.nl\/de\/#\/schema\/logo\/image\/"}}]}},"_links":{"self":[{"href":"https:\/\/riwal-wpn.acceptatie.indicia-interactiv.nl\/de\/wp-json\/wp\/v2\/knowledge\/3037","targetHints":{"allow":["GET"]}}],"collection":[{"href":"https:\/\/riwal-wpn.acceptatie.indicia-interactiv.nl\/de\/wp-json\/wp\/v2\/knowledge"}],"about":[{"href":"https:\/\/riwal-wpn.acceptatie.indicia-interactiv.nl\/de\/wp-json\/wp\/v2\/types\/knowledge"}],"version-history":[{"count":1,"href":"https:\/\/riwal-wpn.acceptatie.indicia-interactiv.nl\/de\/wp-json\/wp\/v2\/knowledge\/3037\/revisions"}],"predecessor-version":[{"id":3038,"href":"https:\/\/riwal-wpn.acceptatie.indicia-interactiv.nl\/de\/wp-json\/wp\/v2\/knowledge\/3037\/revisions\/3038"}],"wp:featuredmedia":[{"embeddable":true,"href":"https:\/\/riwal-wpn.acceptatie.indicia-interactiv.nl\/de\/wp-json\/wp\/v2\/media\/2671"}],"wp:attachment":[{"href":"https:\/\/riwal-wpn.acceptatie.indicia-interactiv.nl\/de\/wp-json\/wp\/v2\/media?parent=3037"}],"wp:term":[{"taxonomy":"knowledge-category","embeddable":true,"href":"https:\/\/riwal-wpn.acceptatie.indicia-interactiv.nl\/de\/wp-json\/wp\/v2\/knowledge-category?post=3037"},{"taxonomy":"knowledge-tag","embeddable":true,"href":"https:\/\/riwal-wpn.acceptatie.indicia-interactiv.nl\/de\/wp-json\/wp\/v2\/knowledge-tag?post=3037"}],"curies":[{"name":"wp","href":"https:\/\/api.w.org\/{rel}","templated":true}]}}