{"id":9946,"date":"2026-03-04T01:32:29","date_gmt":"2026-03-04T01:32:29","guid":{"rendered":"https:\/\/riwal-wpn.acceptatie.indicia-interactiv.nl\/de\/miete\/category\/subcategory\/senkrechtlift-5-7m-elektrisch-jlg-1230es\/"},"modified":"2026-03-04T01:32:29","modified_gmt":"2026-03-04T01:32:29","slug":"senkrechtlift-5-7m-elektrisch-jlg-1230es","status":"publish","type":"machines-rental","link":"https:\/\/riwal-wpn.acceptatie.indicia-interactiv.nl\/de\/miete\/hubarbeitsbuehne\/senkrechtlift\/senkrechtlift-5-7m-elektrisch-jlg-1230es\/","title":{"rendered":"Senkrechtlift &#8211; 5.7m Elektrisch"},"content":{"rendered":"<p>Die kompakten Abmessungen der Scherenarbeitsb\u00fchne JLG 1230ES erm\u00f6glichen effizientes Arbeiten in engen und schwer zug\u00e4nglichen R\u00e4umen. Sie ist sehr wendig, da sie sich fast um die eigene Achse dreht. Ihr leiser, emissionsfreier Betrieb ist ideal f\u00fcr Arbeiten zum Beispiel in Einkaufszentren oder Lagerhallen.<\/p>\n","protected":false},"featured_media":9942,"template":"","meta":{"_acf_changed":false,"editor_notices":[]},"machines-rental-category":[205,215],"machines-propulsion":[208],"machines-location":[],"machines-lift-propulsion":[262],"machines-stability":[407],"machines-terrain":[259],"machines-tires-type":[267],"machines-platform-size":[266],"class_list":["post-9946","machines-rental","type-machines-rental","status-publish","has-post-thumbnail","hentry","machines-rental-category-hubarbeitsbuehne","machines-rental-category-senkrechtlift"],"acf":[],"yoast_head":"<!-- This site is optimized with the Yoast SEO Premium plugin v27.1 (Yoast SEO v27.1.1) - https:\/\/yoast.com\/product\/yoast-seo-premium-wordpress\/ -->\n<title>Rent a vertical lift | 5,7 m | JLG 1230ES | Electric<\/title>\n<meta name=\"description\" content=\"Die kompakten Abmessungen der Scherenarbeitsb\u00fchne JLG 1230ES erm\u00f6glichen effizientes Arbeiten in engen und schwer zug\u00e4nglichen R\u00e4umen. Sie ist sehr wendig, da\" \/>\n<meta name=\"robots\" content=\"noindex, follow, max-snippet:-1, max-image-preview:large, max-video-preview:-1\" \/>\n<meta property=\"og:locale\" content=\"de_DE\" \/>\n<meta property=\"og:type\" content=\"article\" \/>\n<meta property=\"og:title\" content=\"Senkrechtlift - 5.7m Elektrisch\" \/>\n<meta property=\"og:description\" content=\"Die kompakten Abmessungen der Scherenarbeitsb\u00fchne JLG 1230ES erm\u00f6glichen effizientes Arbeiten in engen und schwer zug\u00e4nglichen R\u00e4umen. Sie ist sehr wendig, da\" \/>\n<meta property=\"og:url\" content=\"https:\/\/riwal-wpn.acceptatie.indicia-interactiv.nl\/de\/miete\/hubarbeitsbuehne\/senkrechtlift\/senkrechtlift-5-7m-elektrisch-jlg-1230es\/\" \/>\n<meta property=\"og:site_name\" content=\"Riwal - Deutschland\" \/>\n<meta property=\"og:image\" content=\"https:\/\/riwal-wpn.acceptatie.indicia-interactiv.nl\/app\/uploads\/sites\/8\/2024\/02\/JLG-1230ES-3.jpg\" \/>\n\t<meta property=\"og:image:width\" content=\"800\" \/>\n\t<meta property=\"og:image:height\" content=\"600\" \/>\n\t<meta property=\"og:image:type\" content=\"image\/jpeg\" \/>\n<meta name=\"twitter:card\" content=\"summary_large_image\" \/>\n<script type=\"application\/ld+json\" class=\"yoast-schema-graph\">{\"@context\":\"https:\/\/schema.org\",\"@graph\":[{\"@type\":\"WebPage\",\"@id\":\"https:\/\/riwal-wpn.acceptatie.indicia-interactiv.nl\/de\/miete\/hubarbeitsbuehne\/senkrechtlift\/senkrechtlift-5-7m-elektrisch-jlg-1230es\/\",\"url\":\"https:\/\/riwal-wpn.acceptatie.indicia-interactiv.nl\/de\/miete\/hubarbeitsbuehne\/senkrechtlift\/senkrechtlift-5-7m-elektrisch-jlg-1230es\/\",\"name\":\"Rent a vertical lift | 5,7 m | JLG 1230ES | Electric\",\"isPartOf\":{\"@id\":\"https:\/\/riwal-wpn.acceptatie.indicia-interactiv.nl\/de\/#website\"},\"primaryImageOfPage\":{\"@id\":\"https:\/\/riwal-wpn.acceptatie.indicia-interactiv.nl\/de\/miete\/hubarbeitsbuehne\/senkrechtlift\/senkrechtlift-5-7m-elektrisch-jlg-1230es\/#primaryimage\"},\"image\":{\"@id\":\"https:\/\/riwal-wpn.acceptatie.indicia-interactiv.nl\/de\/miete\/hubarbeitsbuehne\/senkrechtlift\/senkrechtlift-5-7m-elektrisch-jlg-1230es\/#primaryimage\"},\"thumbnailUrl\":\"https:\/\/riwal-wpn.acceptatie.indicia-interactiv.nl\/app\/uploads\/sites\/8\/2024\/02\/JLG-1230ES-3.jpg\",\"datePublished\":\"2026-03-04T01:32:29+00:00\",\"description\":\"Die kompakten Abmessungen der Scherenarbeitsb\u00fchne JLG 1230ES erm\u00f6glichen effizientes Arbeiten in engen und schwer zug\u00e4nglichen R\u00e4umen. Sie ist sehr wendig, da\",\"breadcrumb\":{\"@id\":\"https:\/\/riwal-wpn.acceptatie.indicia-interactiv.nl\/de\/miete\/hubarbeitsbuehne\/senkrechtlift\/senkrechtlift-5-7m-elektrisch-jlg-1230es\/#breadcrumb\"},\"inLanguage\":\"de\",\"potentialAction\":[{\"@type\":\"ReadAction\",\"target\":[\"https:\/\/riwal-wpn.acceptatie.indicia-interactiv.nl\/de\/miete\/hubarbeitsbuehne\/senkrechtlift\/senkrechtlift-5-7m-elektrisch-jlg-1230es\/\"]}]},{\"@type\":\"ImageObject\",\"inLanguage\":\"de\",\"@id\":\"https:\/\/riwal-wpn.acceptatie.indicia-interactiv.nl\/de\/miete\/hubarbeitsbuehne\/senkrechtlift\/senkrechtlift-5-7m-elektrisch-jlg-1230es\/#primaryimage\",\"url\":\"https:\/\/riwal-wpn.acceptatie.indicia-interactiv.nl\/app\/uploads\/sites\/8\/2024\/02\/JLG-1230ES-3.jpg\",\"contentUrl\":\"https:\/\/riwal-wpn.acceptatie.indicia-interactiv.nl\/app\/uploads\/sites\/8\/2024\/02\/JLG-1230ES-3.jpg\",\"width\":800,\"height\":600},{\"@type\":\"BreadcrumbList\",\"@id\":\"https:\/\/riwal-wpn.acceptatie.indicia-interactiv.nl\/de\/miete\/hubarbeitsbuehne\/senkrechtlift\/senkrechtlift-5-7m-elektrisch-jlg-1230es\/#breadcrumb\",\"itemListElement\":[{\"@type\":\"ListItem\",\"position\":1,\"name\":\"Home\",\"item\":\"https:\/\/riwal-wpn.acceptatie.indicia-interactiv.nl\/de\/\"},{\"@type\":\"ListItem\",\"position\":2,\"name\":\"Miete\",\"item\":\"https:\/\/riwal-wpn.acceptatie.indicia-interactiv.nl\/de\/miete\/\"},{\"@type\":\"ListItem\",\"position\":3,\"name\":\"Senkrechtlift &#8211; 5.7m Elektrisch\"}]},{\"@type\":\"WebSite\",\"@id\":\"https:\/\/riwal-wpn.acceptatie.indicia-interactiv.nl\/de\/#website\",\"url\":\"https:\/\/riwal-wpn.acceptatie.indicia-interactiv.nl\/de\/\",\"name\":\"Riwal\",\"description\":\"Arial work platform &amp; Telehandler Rental\/Sales\",\"publisher\":{\"@id\":\"https:\/\/riwal-wpn.acceptatie.indicia-interactiv.nl\/de\/#organization\"},\"potentialAction\":[{\"@type\":\"SearchAction\",\"target\":{\"@type\":\"EntryPoint\",\"urlTemplate\":\"https:\/\/riwal-wpn.acceptatie.indicia-interactiv.nl\/de\/?s={search_term_string}\"},\"query-input\":{\"@type\":\"PropertyValueSpecification\",\"valueRequired\":true,\"valueName\":\"search_term_string\"}}],\"inLanguage\":\"de\"},{\"@type\":\"Organization\",\"@id\":\"https:\/\/riwal-wpn.acceptatie.indicia-interactiv.nl\/de\/#organization\",\"name\":\"Riwal\",\"url\":\"https:\/\/riwal-wpn.acceptatie.indicia-interactiv.nl\/de\/\",\"logo\":{\"@type\":\"ImageObject\",\"inLanguage\":\"de\",\"@id\":\"https:\/\/riwal-wpn.acceptatie.indicia-interactiv.nl\/de\/#\/schema\/logo\/image\/\",\"url\":\"\",\"contentUrl\":\"\",\"caption\":\"Riwal\"},\"image\":{\"@id\":\"https:\/\/riwal-wpn.acceptatie.indicia-interactiv.nl\/de\/#\/schema\/logo\/image\/\"}}]}<\/script>\n<!-- \/ Yoast SEO Premium plugin. -->","yoast_head_json":{"title":"Rent a vertical lift | 5,7 m | JLG 1230ES | Electric","description":"Die kompakten Abmessungen der Scherenarbeitsb\u00fchne JLG 1230ES erm\u00f6glichen effizientes Arbeiten in engen und schwer zug\u00e4nglichen R\u00e4umen. Sie ist sehr wendig, da","robots":{"index":"noindex","follow":"follow","max-snippet":"max-snippet:-1","max-image-preview":"max-image-preview:large","max-video-preview":"max-video-preview:-1"},"og_locale":"de_DE","og_type":"article","og_title":"Senkrechtlift - 5.7m Elektrisch","og_description":"Die kompakten Abmessungen der Scherenarbeitsb\u00fchne JLG 1230ES erm\u00f6glichen effizientes Arbeiten in engen und schwer zug\u00e4nglichen R\u00e4umen. Sie ist sehr wendig, da","og_url":"https:\/\/riwal-wpn.acceptatie.indicia-interactiv.nl\/de\/miete\/hubarbeitsbuehne\/senkrechtlift\/senkrechtlift-5-7m-elektrisch-jlg-1230es\/","og_site_name":"Riwal - Deutschland","og_image":[{"width":800,"height":600,"url":"https:\/\/riwal-wpn.acceptatie.indicia-interactiv.nl\/app\/uploads\/sites\/8\/2024\/02\/JLG-1230ES-3.jpg","type":"image\/jpeg"}],"twitter_card":"summary_large_image","schema":{"@context":"https:\/\/schema.org","@graph":[{"@type":"WebPage","@id":"https:\/\/riwal-wpn.acceptatie.indicia-interactiv.nl\/de\/miete\/hubarbeitsbuehne\/senkrechtlift\/senkrechtlift-5-7m-elektrisch-jlg-1230es\/","url":"https:\/\/riwal-wpn.acceptatie.indicia-interactiv.nl\/de\/miete\/hubarbeitsbuehne\/senkrechtlift\/senkrechtlift-5-7m-elektrisch-jlg-1230es\/","name":"Rent a vertical lift | 5,7 m | JLG 1230ES | Electric","isPartOf":{"@id":"https:\/\/riwal-wpn.acceptatie.indicia-interactiv.nl\/de\/#website"},"primaryImageOfPage":{"@id":"https:\/\/riwal-wpn.acceptatie.indicia-interactiv.nl\/de\/miete\/hubarbeitsbuehne\/senkrechtlift\/senkrechtlift-5-7m-elektrisch-jlg-1230es\/#primaryimage"},"image":{"@id":"https:\/\/riwal-wpn.acceptatie.indicia-interactiv.nl\/de\/miete\/hubarbeitsbuehne\/senkrechtlift\/senkrechtlift-5-7m-elektrisch-jlg-1230es\/#primaryimage"},"thumbnailUrl":"https:\/\/riwal-wpn.acceptatie.indicia-interactiv.nl\/app\/uploads\/sites\/8\/2024\/02\/JLG-1230ES-3.jpg","datePublished":"2026-03-04T01:32:29+00:00","description":"Die kompakten Abmessungen der Scherenarbeitsb\u00fchne JLG 1230ES erm\u00f6glichen effizientes Arbeiten in engen und schwer zug\u00e4nglichen R\u00e4umen. Sie ist sehr wendig, da","breadcrumb":{"@id":"https:\/\/riwal-wpn.acceptatie.indicia-interactiv.nl\/de\/miete\/hubarbeitsbuehne\/senkrechtlift\/senkrechtlift-5-7m-elektrisch-jlg-1230es\/#breadcrumb"},"inLanguage":"de","potentialAction":[{"@type":"ReadAction","target":["https:\/\/riwal-wpn.acceptatie.indicia-interactiv.nl\/de\/miete\/hubarbeitsbuehne\/senkrechtlift\/senkrechtlift-5-7m-elektrisch-jlg-1230es\/"]}]},{"@type":"ImageObject","inLanguage":"de","@id":"https:\/\/riwal-wpn.acceptatie.indicia-interactiv.nl\/de\/miete\/hubarbeitsbuehne\/senkrechtlift\/senkrechtlift-5-7m-elektrisch-jlg-1230es\/#primaryimage","url":"https:\/\/riwal-wpn.acceptatie.indicia-interactiv.nl\/app\/uploads\/sites\/8\/2024\/02\/JLG-1230ES-3.jpg","contentUrl":"https:\/\/riwal-wpn.acceptatie.indicia-interactiv.nl\/app\/uploads\/sites\/8\/2024\/02\/JLG-1230ES-3.jpg","width":800,"height":600},{"@type":"BreadcrumbList","@id":"https:\/\/riwal-wpn.acceptatie.indicia-interactiv.nl\/de\/miete\/hubarbeitsbuehne\/senkrechtlift\/senkrechtlift-5-7m-elektrisch-jlg-1230es\/#breadcrumb","itemListElement":[{"@type":"ListItem","position":1,"name":"Home","item":"https:\/\/riwal-wpn.acceptatie.indicia-interactiv.nl\/de\/"},{"@type":"ListItem","position":2,"name":"Miete","item":"https:\/\/riwal-wpn.acceptatie.indicia-interactiv.nl\/de\/miete\/"},{"@type":"ListItem","position":3,"name":"Senkrechtlift &#8211; 5.7m Elektrisch"}]},{"@type":"WebSite","@id":"https:\/\/riwal-wpn.acceptatie.indicia-interactiv.nl\/de\/#website","url":"https:\/\/riwal-wpn.acceptatie.indicia-interactiv.nl\/de\/","name":"Riwal","description":"Arial work platform &amp; Telehandler Rental\/Sales","publisher":{"@id":"https:\/\/riwal-wpn.acceptatie.indicia-interactiv.nl\/de\/#organization"},"potentialAction":[{"@type":"SearchAction","target":{"@type":"EntryPoint","urlTemplate":"https:\/\/riwal-wpn.acceptatie.indicia-interactiv.nl\/de\/?s={search_term_string}"},"query-input":{"@type":"PropertyValueSpecification","valueRequired":true,"valueName":"search_term_string"}}],"inLanguage":"de"},{"@type":"Organization","@id":"https:\/\/riwal-wpn.acceptatie.indicia-interactiv.nl\/de\/#organization","name":"Riwal","url":"https:\/\/riwal-wpn.acceptatie.indicia-interactiv.nl\/de\/","logo":{"@type":"ImageObject","inLanguage":"de","@id":"https:\/\/riwal-wpn.acceptatie.indicia-interactiv.nl\/de\/#\/schema\/logo\/image\/","url":"","contentUrl":"","caption":"Riwal"},"image":{"@id":"https:\/\/riwal-wpn.acceptatie.indicia-interactiv.nl\/de\/#\/schema\/logo\/image\/"}}]}},"_links":{"self":[{"href":"https:\/\/riwal-wpn.acceptatie.indicia-interactiv.nl\/de\/wp-json\/wp\/v2\/machines-rental\/9946","targetHints":{"allow":["GET"]}}],"collection":[{"href":"https:\/\/riwal-wpn.acceptatie.indicia-interactiv.nl\/de\/wp-json\/wp\/v2\/machines-rental"}],"about":[{"href":"https:\/\/riwal-wpn.acceptatie.indicia-interactiv.nl\/de\/wp-json\/wp\/v2\/types\/machines-rental"}],"wp:featuredmedia":[{"embeddable":true,"href":"https:\/\/riwal-wpn.acceptatie.indicia-interactiv.nl\/de\/wp-json\/wp\/v2\/media\/9942"}],"wp:attachment":[{"href":"https:\/\/riwal-wpn.acceptatie.indicia-interactiv.nl\/de\/wp-json\/wp\/v2\/media?parent=9946"}],"wp:term":[{"taxonomy":"machines-rental-category","embeddable":true,"href":"https:\/\/riwal-wpn.acceptatie.indicia-interactiv.nl\/de\/wp-json\/wp\/v2\/machines-rental-category?post=9946"},{"taxonomy":"machines-propulsion","embeddable":true,"href":"https:\/\/riwal-wpn.acceptatie.indicia-interactiv.nl\/de\/wp-json\/wp\/v2\/machines-propulsion?post=9946"},{"taxonomy":"machines-location","embeddable":true,"href":"https:\/\/riwal-wpn.acceptatie.indicia-interactiv.nl\/de\/wp-json\/wp\/v2\/machines-location?post=9946"},{"taxonomy":"machines-lift-propulsion","embeddable":true,"href":"https:\/\/riwal-wpn.acceptatie.indicia-interactiv.nl\/de\/wp-json\/wp\/v2\/machines-lift-propulsion?post=9946"},{"taxonomy":"machines-stability","embeddable":true,"href":"https:\/\/riwal-wpn.acceptatie.indicia-interactiv.nl\/de\/wp-json\/wp\/v2\/machines-stability?post=9946"},{"taxonomy":"machines-terrain","embeddable":true,"href":"https:\/\/riwal-wpn.acceptatie.indicia-interactiv.nl\/de\/wp-json\/wp\/v2\/machines-terrain?post=9946"},{"taxonomy":"machines-tires-type","embeddable":true,"href":"https:\/\/riwal-wpn.acceptatie.indicia-interactiv.nl\/de\/wp-json\/wp\/v2\/machines-tires-type?post=9946"},{"taxonomy":"machines-platform-size","embeddable":true,"href":"https:\/\/riwal-wpn.acceptatie.indicia-interactiv.nl\/de\/wp-json\/wp\/v2\/machines-platform-size?post=9946"}],"curies":[{"name":"wp","href":"https:\/\/api.w.org\/{rel}","templated":true}]}}