{"id":4008,"date":"2026-03-04T03:27:36","date_gmt":"2026-03-04T03:27:36","guid":{"rendered":"https:\/\/riwal-wpn.acceptatie.indicia-interactiv.nl\/es\/alquiler\/category\/subcategory\/plataforma-articulada-26-5m-electrica-jlg-e800aj\/"},"modified":"2026-03-04T03:27:36","modified_gmt":"2026-03-04T03:27:36","slug":"plataforma-articulada-26-5m-electrica-jlg-e800aj","status":"publish","type":"machines-rental","link":"https:\/\/riwal-wpn.acceptatie.indicia-interactiv.nl\/es\/alquiler\/plataforma-aerea-de-trabajo\/plataforma-articulada\/plataforma-articulada-26-5m-electrica-jlg-e800aj\/","title":{"rendered":"Plataforma articulada &#8211; 26.5m El\u00e9ctrica"},"content":{"rendered":"<p>La plataforma JLG E800AJ el\u00e9ctrica alcanza 26.5m, con giro de 360\u00b0. Ideal para trabajos en altura con precisi\u00f3n. \u00a1Consulta precio!<\/p>\n","protected":false},"featured_media":4003,"template":"","meta":{"_acf_changed":false,"editor_notices":[]},"machines-rental-category":[147,148],"machines-propulsion":[150],"machines-location":[],"machines-lift-propulsion":[171],"machines-stability":[315],"machines-terrain":[165,168],"machines-tires-type":[316],"machines-platform-size":[309],"class_list":["post-4008","machines-rental","type-machines-rental","status-publish","has-post-thumbnail","hentry","machines-rental-category-plataforma-aerea-de-trabajo","machines-rental-category-plataforma-articulada"],"acf":[],"yoast_head":"<!-- This site is optimized with the Yoast SEO Premium plugin v27.1 (Yoast SEO v27.1.1) - https:\/\/yoast.com\/product\/yoast-seo-premium-wordpress\/ -->\n<title>Alquiler de Plataforma articulada | 26,5 m | JLG E800AJ | El\u00e9ctrico | Riwal<\/title>\n<meta name=\"description\" content=\"El brazo articulado el\u00e9ctrico JLG-E800AJ tiene una altura de trabajo de 26,38 m y 15,8 m de alcance, rotaci\u00f3n continua de 360 \u200b\u200bgrados, neum\u00e1ticos no marcantes\" \/>\n<meta name=\"robots\" content=\"noindex, follow, max-snippet:-1, max-image-preview:large, max-video-preview:-1\" \/>\n<meta property=\"og:locale\" content=\"es_ES\" \/>\n<meta property=\"og:type\" content=\"article\" \/>\n<meta property=\"og:title\" content=\"Plataforma articulada - 26.5m El\u00e9ctrica\" \/>\n<meta property=\"og:description\" content=\"El brazo articulado el\u00e9ctrico JLG-E800AJ tiene una altura de trabajo de 26,38 m y 15,8 m de alcance, rotaci\u00f3n continua de 360 \u200b\u200bgrados, neum\u00e1ticos no marcantes\" \/>\n<meta property=\"og:url\" content=\"https:\/\/riwal-wpn.acceptatie.indicia-interactiv.nl\/es\/alquiler\/plataforma-aerea-de-trabajo\/plataforma-articulada\/plataforma-articulada-26-5m-electrica-jlg-e800aj\/\" \/>\n<meta property=\"og:site_name\" content=\"Riwal Espa\u00f1a\" \/>\n<meta property=\"og:image\" content=\"https:\/\/riwal-wpn.acceptatie.indicia-interactiv.nl\/app\/uploads\/sites\/17\/2024\/02\/JLG-E800AJ-1.jpg\" \/>\n\t<meta property=\"og:image:width\" content=\"900\" \/>\n\t<meta property=\"og:image:height\" content=\"600\" \/>\n\t<meta property=\"og:image:type\" content=\"image\/jpeg\" \/>\n<meta name=\"twitter:card\" content=\"summary_large_image\" \/>\n<script type=\"application\/ld+json\" class=\"yoast-schema-graph\">{\"@context\":\"https:\/\/schema.org\",\"@graph\":[{\"@type\":\"WebPage\",\"@id\":\"https:\/\/riwal-wpn.acceptatie.indicia-interactiv.nl\/es\/alquiler\/plataforma-aerea-de-trabajo\/plataforma-articulada\/plataforma-articulada-26-5m-electrica-jlg-e800aj\/\",\"url\":\"https:\/\/riwal-wpn.acceptatie.indicia-interactiv.nl\/es\/alquiler\/plataforma-aerea-de-trabajo\/plataforma-articulada\/plataforma-articulada-26-5m-electrica-jlg-e800aj\/\",\"name\":\"Alquiler de Plataforma articulada | 26,5 m | JLG E800AJ | El\u00e9ctrico | Riwal\",\"isPartOf\":{\"@id\":\"https:\/\/riwal-wpn.acceptatie.indicia-interactiv.nl\/es\/#website\"},\"primaryImageOfPage\":{\"@id\":\"https:\/\/riwal-wpn.acceptatie.indicia-interactiv.nl\/es\/alquiler\/plataforma-aerea-de-trabajo\/plataforma-articulada\/plataforma-articulada-26-5m-electrica-jlg-e800aj\/#primaryimage\"},\"image\":{\"@id\":\"https:\/\/riwal-wpn.acceptatie.indicia-interactiv.nl\/es\/alquiler\/plataforma-aerea-de-trabajo\/plataforma-articulada\/plataforma-articulada-26-5m-electrica-jlg-e800aj\/#primaryimage\"},\"thumbnailUrl\":\"https:\/\/riwal-wpn.acceptatie.indicia-interactiv.nl\/app\/uploads\/sites\/17\/2024\/02\/JLG-E800AJ-1.jpg\",\"datePublished\":\"2026-03-04T03:27:36+00:00\",\"description\":\"El brazo articulado el\u00e9ctrico JLG-E800AJ tiene una altura de trabajo de 26,38 m y 15,8 m de alcance, rotaci\u00f3n continua de 360 \u200b\u200bgrados, neum\u00e1ticos no marcantes\",\"breadcrumb\":{\"@id\":\"https:\/\/riwal-wpn.acceptatie.indicia-interactiv.nl\/es\/alquiler\/plataforma-aerea-de-trabajo\/plataforma-articulada\/plataforma-articulada-26-5m-electrica-jlg-e800aj\/#breadcrumb\"},\"inLanguage\":\"es\",\"potentialAction\":[{\"@type\":\"ReadAction\",\"target\":[\"https:\/\/riwal-wpn.acceptatie.indicia-interactiv.nl\/es\/alquiler\/plataforma-aerea-de-trabajo\/plataforma-articulada\/plataforma-articulada-26-5m-electrica-jlg-e800aj\/\"]}]},{\"@type\":\"ImageObject\",\"inLanguage\":\"es\",\"@id\":\"https:\/\/riwal-wpn.acceptatie.indicia-interactiv.nl\/es\/alquiler\/plataforma-aerea-de-trabajo\/plataforma-articulada\/plataforma-articulada-26-5m-electrica-jlg-e800aj\/#primaryimage\",\"url\":\"https:\/\/riwal-wpn.acceptatie.indicia-interactiv.nl\/app\/uploads\/sites\/17\/2024\/02\/JLG-E800AJ-1.jpg\",\"contentUrl\":\"https:\/\/riwal-wpn.acceptatie.indicia-interactiv.nl\/app\/uploads\/sites\/17\/2024\/02\/JLG-E800AJ-1.jpg\",\"width\":900,\"height\":600},{\"@type\":\"BreadcrumbList\",\"@id\":\"https:\/\/riwal-wpn.acceptatie.indicia-interactiv.nl\/es\/alquiler\/plataforma-aerea-de-trabajo\/plataforma-articulada\/plataforma-articulada-26-5m-electrica-jlg-e800aj\/#breadcrumb\",\"itemListElement\":[{\"@type\":\"ListItem\",\"position\":1,\"name\":\"Inicio\",\"item\":\"https:\/\/riwal-wpn.acceptatie.indicia-interactiv.nl\/es\/\"},{\"@type\":\"ListItem\",\"position\":2,\"name\":\"Alquiler\",\"item\":\"https:\/\/riwal-wpn.acceptatie.indicia-interactiv.nl\/es\/rental\/\"},{\"@type\":\"ListItem\",\"position\":3,\"name\":\"Plataforma articulada &#8211; 26.5m El\u00e9ctrica\"}]},{\"@type\":\"WebSite\",\"@id\":\"https:\/\/riwal-wpn.acceptatie.indicia-interactiv.nl\/es\/#website\",\"url\":\"https:\/\/riwal-wpn.acceptatie.indicia-interactiv.nl\/es\/\",\"name\":\"Riwal\",\"description\":\"Arial work platform &amp; Telehandler Rental\/Sales\",\"publisher\":{\"@id\":\"https:\/\/riwal-wpn.acceptatie.indicia-interactiv.nl\/es\/#organization\"},\"potentialAction\":[{\"@type\":\"SearchAction\",\"target\":{\"@type\":\"EntryPoint\",\"urlTemplate\":\"https:\/\/riwal-wpn.acceptatie.indicia-interactiv.nl\/es\/?s={search_term_string}\"},\"query-input\":{\"@type\":\"PropertyValueSpecification\",\"valueRequired\":true,\"valueName\":\"search_term_string\"}}],\"inLanguage\":\"es\"},{\"@type\":\"Organization\",\"@id\":\"https:\/\/riwal-wpn.acceptatie.indicia-interactiv.nl\/es\/#organization\",\"name\":\"Riwal\",\"url\":\"https:\/\/riwal-wpn.acceptatie.indicia-interactiv.nl\/es\/\",\"logo\":{\"@type\":\"ImageObject\",\"inLanguage\":\"es\",\"@id\":\"https:\/\/riwal-wpn.acceptatie.indicia-interactiv.nl\/es\/#\/schema\/logo\/image\/\",\"url\":\"\",\"contentUrl\":\"\",\"caption\":\"Riwal\"},\"image\":{\"@id\":\"https:\/\/riwal-wpn.acceptatie.indicia-interactiv.nl\/es\/#\/schema\/logo\/image\/\"}}]}<\/script>\n<!-- \/ Yoast SEO Premium plugin. -->","yoast_head_json":{"title":"Alquiler de Plataforma articulada | 26,5 m | JLG E800AJ | El\u00e9ctrico | Riwal","description":"El brazo articulado el\u00e9ctrico JLG-E800AJ tiene una altura de trabajo de 26,38 m y 15,8 m de alcance, rotaci\u00f3n continua de 360 \u200b\u200bgrados, neum\u00e1ticos no marcantes","robots":{"index":"noindex","follow":"follow","max-snippet":"max-snippet:-1","max-image-preview":"max-image-preview:large","max-video-preview":"max-video-preview:-1"},"og_locale":"es_ES","og_type":"article","og_title":"Plataforma articulada - 26.5m El\u00e9ctrica","og_description":"El brazo articulado el\u00e9ctrico JLG-E800AJ tiene una altura de trabajo de 26,38 m y 15,8 m de alcance, rotaci\u00f3n continua de 360 \u200b\u200bgrados, neum\u00e1ticos no marcantes","og_url":"https:\/\/riwal-wpn.acceptatie.indicia-interactiv.nl\/es\/alquiler\/plataforma-aerea-de-trabajo\/plataforma-articulada\/plataforma-articulada-26-5m-electrica-jlg-e800aj\/","og_site_name":"Riwal Espa\u00f1a","og_image":[{"width":900,"height":600,"url":"https:\/\/riwal-wpn.acceptatie.indicia-interactiv.nl\/app\/uploads\/sites\/17\/2024\/02\/JLG-E800AJ-1.jpg","type":"image\/jpeg"}],"twitter_card":"summary_large_image","schema":{"@context":"https:\/\/schema.org","@graph":[{"@type":"WebPage","@id":"https:\/\/riwal-wpn.acceptatie.indicia-interactiv.nl\/es\/alquiler\/plataforma-aerea-de-trabajo\/plataforma-articulada\/plataforma-articulada-26-5m-electrica-jlg-e800aj\/","url":"https:\/\/riwal-wpn.acceptatie.indicia-interactiv.nl\/es\/alquiler\/plataforma-aerea-de-trabajo\/plataforma-articulada\/plataforma-articulada-26-5m-electrica-jlg-e800aj\/","name":"Alquiler de Plataforma articulada | 26,5 m | JLG E800AJ | El\u00e9ctrico | Riwal","isPartOf":{"@id":"https:\/\/riwal-wpn.acceptatie.indicia-interactiv.nl\/es\/#website"},"primaryImageOfPage":{"@id":"https:\/\/riwal-wpn.acceptatie.indicia-interactiv.nl\/es\/alquiler\/plataforma-aerea-de-trabajo\/plataforma-articulada\/plataforma-articulada-26-5m-electrica-jlg-e800aj\/#primaryimage"},"image":{"@id":"https:\/\/riwal-wpn.acceptatie.indicia-interactiv.nl\/es\/alquiler\/plataforma-aerea-de-trabajo\/plataforma-articulada\/plataforma-articulada-26-5m-electrica-jlg-e800aj\/#primaryimage"},"thumbnailUrl":"https:\/\/riwal-wpn.acceptatie.indicia-interactiv.nl\/app\/uploads\/sites\/17\/2024\/02\/JLG-E800AJ-1.jpg","datePublished":"2026-03-04T03:27:36+00:00","description":"El brazo articulado el\u00e9ctrico JLG-E800AJ tiene una altura de trabajo de 26,38 m y 15,8 m de alcance, rotaci\u00f3n continua de 360 \u200b\u200bgrados, neum\u00e1ticos no marcantes","breadcrumb":{"@id":"https:\/\/riwal-wpn.acceptatie.indicia-interactiv.nl\/es\/alquiler\/plataforma-aerea-de-trabajo\/plataforma-articulada\/plataforma-articulada-26-5m-electrica-jlg-e800aj\/#breadcrumb"},"inLanguage":"es","potentialAction":[{"@type":"ReadAction","target":["https:\/\/riwal-wpn.acceptatie.indicia-interactiv.nl\/es\/alquiler\/plataforma-aerea-de-trabajo\/plataforma-articulada\/plataforma-articulada-26-5m-electrica-jlg-e800aj\/"]}]},{"@type":"ImageObject","inLanguage":"es","@id":"https:\/\/riwal-wpn.acceptatie.indicia-interactiv.nl\/es\/alquiler\/plataforma-aerea-de-trabajo\/plataforma-articulada\/plataforma-articulada-26-5m-electrica-jlg-e800aj\/#primaryimage","url":"https:\/\/riwal-wpn.acceptatie.indicia-interactiv.nl\/app\/uploads\/sites\/17\/2024\/02\/JLG-E800AJ-1.jpg","contentUrl":"https:\/\/riwal-wpn.acceptatie.indicia-interactiv.nl\/app\/uploads\/sites\/17\/2024\/02\/JLG-E800AJ-1.jpg","width":900,"height":600},{"@type":"BreadcrumbList","@id":"https:\/\/riwal-wpn.acceptatie.indicia-interactiv.nl\/es\/alquiler\/plataforma-aerea-de-trabajo\/plataforma-articulada\/plataforma-articulada-26-5m-electrica-jlg-e800aj\/#breadcrumb","itemListElement":[{"@type":"ListItem","position":1,"name":"Inicio","item":"https:\/\/riwal-wpn.acceptatie.indicia-interactiv.nl\/es\/"},{"@type":"ListItem","position":2,"name":"Alquiler","item":"https:\/\/riwal-wpn.acceptatie.indicia-interactiv.nl\/es\/rental\/"},{"@type":"ListItem","position":3,"name":"Plataforma articulada &#8211; 26.5m El\u00e9ctrica"}]},{"@type":"WebSite","@id":"https:\/\/riwal-wpn.acceptatie.indicia-interactiv.nl\/es\/#website","url":"https:\/\/riwal-wpn.acceptatie.indicia-interactiv.nl\/es\/","name":"Riwal","description":"Arial work platform &amp; Telehandler Rental\/Sales","publisher":{"@id":"https:\/\/riwal-wpn.acceptatie.indicia-interactiv.nl\/es\/#organization"},"potentialAction":[{"@type":"SearchAction","target":{"@type":"EntryPoint","urlTemplate":"https:\/\/riwal-wpn.acceptatie.indicia-interactiv.nl\/es\/?s={search_term_string}"},"query-input":{"@type":"PropertyValueSpecification","valueRequired":true,"valueName":"search_term_string"}}],"inLanguage":"es"},{"@type":"Organization","@id":"https:\/\/riwal-wpn.acceptatie.indicia-interactiv.nl\/es\/#organization","name":"Riwal","url":"https:\/\/riwal-wpn.acceptatie.indicia-interactiv.nl\/es\/","logo":{"@type":"ImageObject","inLanguage":"es","@id":"https:\/\/riwal-wpn.acceptatie.indicia-interactiv.nl\/es\/#\/schema\/logo\/image\/","url":"","contentUrl":"","caption":"Riwal"},"image":{"@id":"https:\/\/riwal-wpn.acceptatie.indicia-interactiv.nl\/es\/#\/schema\/logo\/image\/"}}]}},"_links":{"self":[{"href":"https:\/\/riwal-wpn.acceptatie.indicia-interactiv.nl\/es\/wp-json\/wp\/v2\/machines-rental\/4008","targetHints":{"allow":["GET"]}}],"collection":[{"href":"https:\/\/riwal-wpn.acceptatie.indicia-interactiv.nl\/es\/wp-json\/wp\/v2\/machines-rental"}],"about":[{"href":"https:\/\/riwal-wpn.acceptatie.indicia-interactiv.nl\/es\/wp-json\/wp\/v2\/types\/machines-rental"}],"wp:featuredmedia":[{"embeddable":true,"href":"https:\/\/riwal-wpn.acceptatie.indicia-interactiv.nl\/es\/wp-json\/wp\/v2\/media\/4003"}],"wp:attachment":[{"href":"https:\/\/riwal-wpn.acceptatie.indicia-interactiv.nl\/es\/wp-json\/wp\/v2\/media?parent=4008"}],"wp:term":[{"taxonomy":"machines-rental-category","embeddable":true,"href":"https:\/\/riwal-wpn.acceptatie.indicia-interactiv.nl\/es\/wp-json\/wp\/v2\/machines-rental-category?post=4008"},{"taxonomy":"machines-propulsion","embeddable":true,"href":"https:\/\/riwal-wpn.acceptatie.indicia-interactiv.nl\/es\/wp-json\/wp\/v2\/machines-propulsion?post=4008"},{"taxonomy":"machines-location","embeddable":true,"href":"https:\/\/riwal-wpn.acceptatie.indicia-interactiv.nl\/es\/wp-json\/wp\/v2\/machines-location?post=4008"},{"taxonomy":"machines-lift-propulsion","embeddable":true,"href":"https:\/\/riwal-wpn.acceptatie.indicia-interactiv.nl\/es\/wp-json\/wp\/v2\/machines-lift-propulsion?post=4008"},{"taxonomy":"machines-stability","embeddable":true,"href":"https:\/\/riwal-wpn.acceptatie.indicia-interactiv.nl\/es\/wp-json\/wp\/v2\/machines-stability?post=4008"},{"taxonomy":"machines-terrain","embeddable":true,"href":"https:\/\/riwal-wpn.acceptatie.indicia-interactiv.nl\/es\/wp-json\/wp\/v2\/machines-terrain?post=4008"},{"taxonomy":"machines-tires-type","embeddable":true,"href":"https:\/\/riwal-wpn.acceptatie.indicia-interactiv.nl\/es\/wp-json\/wp\/v2\/machines-tires-type?post=4008"},{"taxonomy":"machines-platform-size","embeddable":true,"href":"https:\/\/riwal-wpn.acceptatie.indicia-interactiv.nl\/es\/wp-json\/wp\/v2\/machines-platform-size?post=4008"}],"curies":[{"name":"wp","href":"https:\/\/api.w.org\/{rel}","templated":true}]}}