{"id":3086,"date":"2023-09-14T09:01:48","date_gmt":"2023-09-14T09:01:48","guid":{"rendered":"https:\/\/riwal-wpn.acceptatie.indicia-interactiv.nl\/fr-fr\/?post_type=knowledge&#038;p=3086"},"modified":"2024-02-01T10:52:46","modified_gmt":"2024-02-01T10:52:46","slug":"formation-a-i-p-r","status":"publish","type":"knowledge","link":"https:\/\/riwal-wpn.acceptatie.indicia-interactiv.nl\/fr\/blog\/box-formation\/formation-a-i-p-r\/","title":{"rendered":"Formation A.I.P.R. &#8211; Formez vous avec Riwal"},"content":{"rendered":"<div class=\"rental-wp-default-block rental-theme-block-default-margin\">\n\t\t\t\t\t\t\t\t<div class=\"container\">\n<div class=\"wp-block-group is-layout-flow wp-block-group-is-layout-flow\">\n<div class=\"wp-block-columns is-layout-flex wp-container-core-columns-is-layout-398b3aa3 wp-block-columns-is-layout-flex\">\n<div class=\"wp-block-column has-primary-color has-text-color is-layout-flow wp-block-column-is-layout-flow\">\n<div class=\"wp-block-rental-theme-title-text rental-theme-block-default-margin\">\n\t<div class=\"wp-block-rental-theme-title-text__container\">\n\t\t<div class=\"wp-block-rental-theme-title-text__wrapper\">\n\t\t\t<h2 class='wp-block-rental-theme-title-text__title'>Un renfort de la r\u00e8glementation\u00a0<\/h2>\t\t<\/div>\n\t\t<div class='wp-block-rental-theme-title-text__text'>\n\n<p>La formation A.I.P.R. est obligatoire depuis le&nbsp;<strong>1<sup>er<\/sup>&nbsp;janvier 2018<\/strong>&nbsp;pour les personnes qui interviennent en amont des travaux ou pendant l&rsquo;ex\u00e9cution des travaux \u00e0 proximit\u00e9 des r\u00e9seaux souterrains (gaz, \u00e9lectricit\u00e9,&#8230;) et a\u00e9riens (ligne \u00e0 haute tensions,&#8230;) dans le cadre de la r\u00e9forme \u00ab\u00a0anti-endommagement\u00a0\u00bb.<\/p>\n\n\n\n<p>L&rsquo;A.I.P.R. est&nbsp;<strong>d\u00e9livr\u00e9e par l&#8217;employeur<\/strong>, qui doit s&rsquo;assurer des comp\u00e9tences de ses salari\u00e9s en se basant sur l&rsquo;un des modes suivants :<\/p>\n\n\n\n<ul class=\"wp-block-list\">\n<li>\u00c0 partir du 1<sup>er<\/sup>&nbsp;janvier 2019, les salari\u00e9s dont les CACES<sup>\u00ae<\/sup>&nbsp;sont en cours de validit\u00e9 et qui travaillent \u00e0 proximit\u00e9 des r\u00e9seaux&nbsp;<strong>devront passer l&rsquo;examen par QCM<\/strong>&nbsp;ou avoir pass\u00e9 une formation qui permettra d&rsquo;actualiser leurs titres, dipl\u00f4mes, ou certifications.<\/li>\n\n\n\n<li>Pour les CACES<sup>\u00ae<\/sup>&nbsp;qui seront obtenus apr\u00e8s le 1<sup>er<\/sup>&nbsp;janvier 2019,&nbsp;<strong>seuls ceux qui prendront en compte la r\u00e9glementation anti-endommagement<\/strong>&nbsp;permettront de d\u00e9livrer l&rsquo;A.I.P.R.&nbsp;<\/li>\n<\/ul>\n\n\n\n<p>Ces CACES<sup>\u00ae<\/sup>&nbsp;r\u00e9nov\u00e9s ne seront disponibles qu&rsquo;\u00e0 compter du 1<sup>er<\/sup>&nbsp;janvier 2020. Durant cette phase transitoire,&nbsp;<strong>il sera donc imp\u00e9ratif de faire une formation et\/ou passer un examen QCM en plus du CACES<sup>\u00ae<\/sup><\/strong>.<\/p>\n\n<\/div>\n\t<\/div>\n<\/div>\n\n\n<div class=\"wp-block-columns is-layout-flex wp-container-core-columns-is-layout-28f84493 wp-block-columns-is-layout-flex\">\n<div class=\"wp-block-column is-layout-flow wp-block-column-is-layout-flow\">\n<h2 class=\"wp-block-heading\" id=\"h-formation-a-i-p-r\">Formation A.I.P.R.<\/h2>\n\n\n\n<p>Les objectifs de la formation A.I.P.R. :<\/p>\n\n\n\n<ul class=\"wp-block-list\">\n<li>Approfondir ses connaissances sur la r\u00e9glementation li\u00e9e aux travaux \u00e0 proximit\u00e9 des r\u00e9seaux<\/li>\n\n\n\n<li>Approfondir ses connaissances du guide technique&nbsp;<\/li>\n\n\n\n<li>Identifier les risques m\u00e9tiers pour adapter ses m\u00e9thodes de travail<\/li>\n\n\n\n<li>Pr\u00e9parer au mieux la r\u00e9ussite de cet examen sous forme de QCM<\/li>\n<\/ul>\n\n\n\n<p>3 cat\u00e9gories de personnes doivent disposer d&rsquo;une A.I.P.R. : <\/p>\n\n\n\n<ul class=\"wp-block-list\">\n<li><strong>Concepteur<\/strong>&nbsp;: personne intervenant en pr\u00e9paration ou suivi des projets de travaux: charg\u00e9 d&rsquo;\u00e9tudes, salari\u00e9 du ma\u00eetre d&rsquo;ouvrage ou du ma\u00eetre d&rsquo;oeuvre<\/li>\n\n\n\n<li><strong>Encadrant<\/strong>&nbsp;: personne assurant l&rsquo;encadrement des travaux \u00e0 proximit\u00e9 de r\u00e9seaux enterr\u00e9s ou a\u00e9riens: chef d&rsquo;\u00e9quipe, chef de chantier, conducteur de travaux<\/li>\n\n\n\n<li><strong>Op\u00e9rateur<\/strong>&nbsp;: personne intervenant directement \u00e0 proximit\u00e9 des r\u00e9seaux enterr\u00e9s ou a\u00e9riens.<\/li>\n<\/ul>\n\n\n\n<p>Dur\u00e9e de validit\u00e9 de l&rsquo;A.I.P.R. : <\/p>\n\n\n\n<ul class=\"wp-block-list\">\n<li>Dans le cas de la r\u00e9f\u00e9rence \u00e0 un CACES<sup>\u00ae<\/sup>, la limite de validit\u00e9 de l&rsquo;A.I.P.R ne peut d\u00e9passer 5 ans apr\u00e8s la limite de validit\u00e9 du CACES<sup>\u00ae<\/sup><\/li>\n\n\n\n<li>Dans le cas de la r\u00e9f\u00e9rence \u00e0 un autre titre, dipl\u00f4me ou certificat de qualification professionnelle, la limite de validit\u00e9 de l&rsquo;A.I.P.R ne peut d\u00e9passer 5 ans apr\u00e8s la d\u00e9livrance de ce titre, dipl\u00f4me, ou certificat de qualification professionnelle<\/li>\n<\/ul>\n<\/div>\n<\/div>\n\n\n\n<p><\/p>\n<\/div>\n<\/div>\n<\/div>\n<\/div>\n\t\t\t\t\t\t\t<\/div> \n\n<div class=\"wp-block-rental-theme-featured rental-theme-block-default-padding\">\n\t<div class=\"container\">\n\t\t<div class=\"wp-block-rental-theme-featured-container\">\n\t\t\t<div class=\"wp-block-rental-theme-featured__image\">\n\t\t\t\t<div class=\"wp-block-rental-theme-featured-image-container\">\n\t\t\t\t\t\t\t\t\t\t\t<div class=\"main-image\">\n\t\t\t\t\t\t\t<img loading=\"lazy\" decoding=\"async\" width=\"620\" height=\"409\" src=\"https:\/\/riwal-wpn.acceptatie.indicia-interactiv.nl\/app\/uploads\/sites\/15\/2023\/08\/Contact-person-e1706783570145-620x409.png\" class=\"attachment-featured_block_image size-featured_block_image\" alt=\"Contact Riwal\" srcset=\"https:\/\/riwal-wpn.acceptatie.indicia-interactiv.nl\/app\/uploads\/sites\/15\/2023\/08\/Contact-person-e1706783570145-620x409.png 620w, https:\/\/riwal-wpn.acceptatie.indicia-interactiv.nl\/app\/uploads\/sites\/15\/2023\/08\/Contact-person-e1706783570145-300x198.png 300w, https:\/\/riwal-wpn.acceptatie.indicia-interactiv.nl\/app\/uploads\/sites\/15\/2023\/08\/Contact-person-e1706783570145-768x507.png 768w, https:\/\/riwal-wpn.acceptatie.indicia-interactiv.nl\/app\/uploads\/sites\/15\/2023\/08\/Contact-person-e1706783570145-178x117.png 178w, https:\/\/riwal-wpn.acceptatie.indicia-interactiv.nl\/app\/uploads\/sites\/15\/2023\/08\/Contact-person-e1706783570145-390x257.png 390w, https:\/\/riwal-wpn.acceptatie.indicia-interactiv.nl\/app\/uploads\/sites\/15\/2023\/08\/Contact-person-e1706783570145-250x165.png 250w, https:\/\/riwal-wpn.acceptatie.indicia-interactiv.nl\/app\/uploads\/sites\/15\/2023\/08\/Contact-person-e1706783570145-237x156.png 237w, https:\/\/riwal-wpn.acceptatie.indicia-interactiv.nl\/app\/uploads\/sites\/15\/2023\/08\/Contact-person-e1706783570145-474x313.png 474w, https:\/\/riwal-wpn.acceptatie.indicia-interactiv.nl\/app\/uploads\/sites\/15\/2023\/08\/Contact-person-e1706783570145.png 800w\" sizes=\"auto, (max-width: 620px) 100vw, 620px\" \/>\t\t\t\t\t\t<\/div>\n\t\t\t\t\t\t\t\t\t\t<div class=\"wp-block-rental-theme-featured-image-container__subtext\">\n\t\t\t\t\t\tRiwal Formation\t\t\t\t\t<\/div>\n\t\t\t\t<\/div>\n\t\t\t<\/div>\n\t\t\t<div class=\"wp-block-rental-theme-featured-content\">\n\t\t\t\t<div>\n\t\t\t\t\t<h2 class=\"wp-block-rental-theme-featured-title\">Des questions ?<\/h2>\n\t\t\t\t\t<div class=\"wp-block-rental-theme-featured-text\">\n\n<p>S&rsquo;il vous reste des questions concernant l&rsquo;A.I.P.R. ou bien d&rsquo;autres formations, contactez directement Riwal Formation par email \u00e0 formation@riwal.com ou par t\u00e9l\u00e9phone au 02 37 26 35 15.<\/p>\n\n<\/div>\n\t\t\t\t<\/div>\n\t\t\t<\/div>\n\t\t<\/div>\n\t<\/div>\n<\/div>\n\n\n<div class=\"container\">\n<p><\/p>\n<\/div>\n\n<div class=\"rental-wp-default-block rental-theme-block-default-margin\">\n\t\t\t\t\t\t\t\t<div class=\"container\"><div class=\"wp-block-rental-theme-latest-news\">\n\t<div class=\"wp-block-rental-theme-latest-news-container\">\n\t\t\t\t<div class=\"wp-block-rental-theme-latest-news__content\">\n\t\t\t\t\t\t\t\t<div class=\"wp-block-rental-theme-latest-news__article\">\n\t\t\t\t\t\t<div class=\"wp-block-rental-theme-latest-news__article--date\">\n\t\t\t\t\t\t\t16 &#8211; 01 &#8211; 2024\t\t\t\t\t\t<\/div>\n\t\t\t\t\t\t<a class=\"wp-block-rental-theme-latest-news__article--link\" href=\"https:\/\/riwal-wpn.acceptatie.indicia-interactiv.nl\/fr\/blog\/blog\/le-recyclage-des-huiles-usagees\/\">\n\t\t\t\t\t\t\t<div class=\"wp-block-rental-theme-latest-news__article--title\">\n\t\t\t\t\t\t\t\tLe recyclage des huiles usag\u00e9es\t\t\t\t\t\t\t<\/div>\n\t\t\t\t\t\t<\/a>\n\t\t\t\t\t\t<div class=\"wp-block-rental-theme-latest-news__article--content\">\n\t\t\t\t\t\t\tSi , d&rsquo;un point de vue environnemental, l&rsquo;\u00e9lectrique est pr\u00e9f\u00e9rable au diesel, de nombreuses machines d&rsquo;\u00e9l\u00e9vation poss\u00e8dent encore des moteurs thermiques. Pour le moment, la moiti\u00e9 de la flotte de Riwal fonctionne au diesel. Une question se pose alors : qu&rsquo;en est-il du recyclage des huiles usag\u00e9es des moteurs thermiques ?\t\t\t\t\t\t<\/div>\n\t\t\t\t\t\t<div class=\"wp-block-rental-theme-latest-news__article--more\">\n\t\t\t\t\t\t\t<a class=\"wp-block-rental-theme-latest-news__article--link\" href=\"https:\/\/riwal-wpn.acceptatie.indicia-interactiv.nl\/fr\/blog\/blog\/le-recyclage-des-huiles-usagees\/\">En savoir plus\u2026<\/a>\n\t\t\t\t\t\t<\/div>\n\t\t\t\t\t<\/div>\n\t\t\t\t\t\t\t\t\t<div class=\"wp-block-rental-theme-latest-news__article\">\n\t\t\t\t\t\t<div class=\"wp-block-rental-theme-latest-news__article--date\">\n\t\t\t\t\t\t\t16 &#8211; 01 &#8211; 2024\t\t\t\t\t\t<\/div>\n\t\t\t\t\t\t<a class=\"wp-block-rental-theme-latest-news__article--link\" href=\"https:\/\/riwal-wpn.acceptatie.indicia-interactiv.nl\/fr\/blog\/blog\/le-digital-au-service-du-developpement-durable\/\">\n\t\t\t\t\t\t\t<div class=\"wp-block-rental-theme-latest-news__article--title\">\n\t\t\t\t\t\t\t\tLe digital au service du d\u00e9veloppement durable\t\t\t\t\t\t\t<\/div>\n\t\t\t\t\t\t<\/a>\n\t\t\t\t\t\t<div class=\"wp-block-rental-theme-latest-news__article--content\">\n\t\t\t\t\t\t\tRiwal continue de travailler dans le but d&rsquo;offrir \u00e0 ses clients des solutions toujours plus innovants, tout en suivant une d\u00e9marche de d\u00e9veloppement durable. C&rsquo;est dans cette volont\u00e9 que nos outils digitaux sont cr\u00e9\u00e9s. D\u00e9mat\u00e9rialisation, diminution des risques de dysfonctionnement et de leurs co\u00fbts \u00e9conomiques et environnementaux, optimisation de l&rsquo;utilisation des mat\u00e9riels&#8230;. D\u00e9couvrez en quoi le digital est aussi au service du d\u00e9veloppement durable. \t\t\t\t\t\t<\/div>\n\t\t\t\t\t\t<div class=\"wp-block-rental-theme-latest-news__article--more\">\n\t\t\t\t\t\t\t<a class=\"wp-block-rental-theme-latest-news__article--link\" href=\"https:\/\/riwal-wpn.acceptatie.indicia-interactiv.nl\/fr\/blog\/blog\/le-digital-au-service-du-developpement-durable\/\">En savoir plus\u2026<\/a>\n\t\t\t\t\t\t<\/div>\n\t\t\t\t\t<\/div>\n\t\t\t\t\t\t\t\t\t<div class=\"wp-block-rental-theme-latest-news__article\">\n\t\t\t\t\t\t<div class=\"wp-block-rental-theme-latest-news__article--date\">\n\t\t\t\t\t\t\t15 &#8211; 01 &#8211; 2024\t\t\t\t\t\t<\/div>\n\t\t\t\t\t\t<a class=\"wp-block-rental-theme-latest-news__article--link\" href=\"https:\/\/riwal-wpn.acceptatie.indicia-interactiv.nl\/fr\/blog\/blog\/le-choix-de-lelectricite\/\">\n\t\t\t\t\t\t\t<div class=\"wp-block-rental-theme-latest-news__article--title\">\n\t\t\t\t\t\t\t\tLe choix de l\u2019\u00e9lectricit\u00e9 &#8211; d\u00e9veloppement durable\t\t\t\t\t\t\t<\/div>\n\t\t\t\t\t\t<\/a>\n\t\t\t\t\t\t<div class=\"wp-block-rental-theme-latest-news__article--content\">\n\t\t\t\t\t\t\tAfin de poursuivre sa lanc\u00e9e vers un avenir plus durable et respectueux de la plan\u00e8te et des Hommes, riwal souhaite renforcer son parc \u00e9lectrique dans les 3 \u00e0 5 ans. Aujourd&rsquo;hui, 50% de nos machines disponibles \u00e0 la location sont \u00e9lectriques. Si la location est en soi une option durable, il est l\u00e9gitime de se demander pourquoi le choix de l&rsquo;\u00e9nergie \u00e9lectrique plut\u00f4t que l&rsquo;\u00e9nergie thermique. Autrement dit, pourquoi l&rsquo;\u00e9lectrique est-il pr\u00e9f\u00e9rable au diesel, lorsque l&rsquo;on s&rsquo;inscrit dans une d\u00e9marche de d\u00e9veloppement durable ? Quand est-il du recyclage des batteries ? Nous r\u00e9pondons \u00e0 vos questions ci-dessous. \t\t\t\t\t\t<\/div>\n\t\t\t\t\t\t<div class=\"wp-block-rental-theme-latest-news__article--more\">\n\t\t\t\t\t\t\t<a class=\"wp-block-rental-theme-latest-news__article--link\" href=\"https:\/\/riwal-wpn.acceptatie.indicia-interactiv.nl\/fr\/blog\/blog\/le-choix-de-lelectricite\/\">En savoir plus\u2026<\/a>\n\t\t\t\t\t\t<\/div>\n\t\t\t\t\t<\/div>\n\t\t\t\t\t\t<\/div>\n\t<\/div>\n<\/div>\n<\/div>\n\t\t\t\t\t\t\t<\/div> ","protected":false},"excerpt":{"rendered":"<p>L&rsquo;Autorisation d&rsquo;Intervention \u00e0 Proximit\u00e9 des R\u00e9seaux permet \u00e0 toute personne devant travailler pr\u00e8s d&rsquo;un r\u00e9seau a\u00e9rien ou enterr\u00e9 d&rsquo;exercer ses fonctions en \u00e9tant form\u00e9e et en poss\u00e9dant les comp\u00e9tences adapt\u00e9es. <\/p>\n","protected":false},"featured_media":3087,"template":"","meta":{"_acf_changed":false,"editor_notices":[],"footnotes":""},"knowledge-category":[114],"knowledge-tag":[116,117,118],"class_list":["post-3086","knowledge","type-knowledge","status-publish","has-post-thumbnail","hentry","knowledge-category-box-formation"],"acf":[],"yoast_head":"<!-- This site is optimized with the Yoast SEO Premium plugin v27.1 (Yoast SEO v27.1.1) - https:\/\/yoast.com\/product\/yoast-seo-premium-wordpress\/ -->\n<title>Formation A.I.P.R. - Formez vous avec Riwal - Riwal - France<\/title>\n<meta name=\"description\" content=\"Depuis janvier 2019, tous les salari\u00e9s travaillant \u00e0 proximit\u00e9 des r\u00e9seaux a\u00e9riens et\/ou souterrains doivent passer un examen QCM.\" \/>\n<meta name=\"robots\" content=\"noindex, follow, max-snippet:-1, max-image-preview:large, max-video-preview:-1\" \/>\n<meta property=\"og:locale\" content=\"fr_FR\" \/>\n<meta property=\"og:type\" content=\"article\" \/>\n<meta property=\"og:title\" content=\"Formation A.I.P.R. - Formez vous avec Riwal\" \/>\n<meta property=\"og:description\" content=\"Depuis janvier 2019, tous les salari\u00e9s travaillant \u00e0 proximit\u00e9 des r\u00e9seaux a\u00e9riens et\/ou souterrains doivent passer un examen QCM.\" \/>\n<meta property=\"og:url\" content=\"https:\/\/riwal-wpn.acceptatie.indicia-interactiv.nl\/fr\/knowledge\/box-formation\/formation-a-i-p-r\/\" \/>\n<meta property=\"og:site_name\" content=\"Riwal - France\" \/>\n<meta property=\"article:modified_time\" content=\"2024-02-01T10:52:46+00:00\" \/>\n<meta property=\"og:image\" content=\"https:\/\/riwal-wpn.acceptatie.indicia-interactiv.nl\/app\/uploads\/sites\/15\/2023\/08\/Formation-AIPR.png\" \/>\n\t<meta property=\"og:image:width\" content=\"800\" \/>\n\t<meta property=\"og:image:height\" content=\"800\" \/>\n\t<meta property=\"og:image:type\" content=\"image\/png\" \/>\n<meta name=\"twitter:card\" content=\"summary_large_image\" \/>\n<meta name=\"twitter:label1\" content=\"Est. reading time\" \/>\n\t<meta name=\"twitter:data1\" content=\"2 minutes\" \/>\n<script type=\"application\/ld+json\" class=\"yoast-schema-graph\">{\"@context\":\"https:\/\/schema.org\",\"@graph\":[{\"@type\":\"WebPage\",\"@id\":\"https:\/\/riwal-wpn.acceptatie.indicia-interactiv.nl\/fr\/knowledge\/box-formation\/formation-a-i-p-r\/\",\"url\":\"https:\/\/riwal-wpn.acceptatie.indicia-interactiv.nl\/fr\/knowledge\/box-formation\/formation-a-i-p-r\/\",\"name\":\"Formation A.I.P.R. - Formez vous avec Riwal - Riwal - France\",\"isPartOf\":{\"@id\":\"https:\/\/riwal-wpn.acceptatie.indicia-interactiv.nl\/fr\/#website\"},\"primaryImageOfPage\":{\"@id\":\"https:\/\/riwal-wpn.acceptatie.indicia-interactiv.nl\/fr\/knowledge\/box-formation\/formation-a-i-p-r\/#primaryimage\"},\"image\":{\"@id\":\"https:\/\/riwal-wpn.acceptatie.indicia-interactiv.nl\/fr\/knowledge\/box-formation\/formation-a-i-p-r\/#primaryimage\"},\"thumbnailUrl\":\"https:\/\/riwal-wpn.acceptatie.indicia-interactiv.nl\/app\/uploads\/sites\/15\/2023\/08\/Formation-AIPR.png\",\"datePublished\":\"2023-09-14T09:01:48+00:00\",\"dateModified\":\"2024-02-01T10:52:46+00:00\",\"description\":\"Depuis janvier 2019, tous les salari\u00e9s travaillant \u00e0 proximit\u00e9 des r\u00e9seaux a\u00e9riens et\/ou souterrains doivent passer un examen QCM.\",\"breadcrumb\":{\"@id\":\"https:\/\/riwal-wpn.acceptatie.indicia-interactiv.nl\/fr\/knowledge\/box-formation\/formation-a-i-p-r\/#breadcrumb\"},\"inLanguage\":\"fr-FR\",\"potentialAction\":[{\"@type\":\"ReadAction\",\"target\":[\"https:\/\/riwal-wpn.acceptatie.indicia-interactiv.nl\/fr\/knowledge\/box-formation\/formation-a-i-p-r\/\"]}]},{\"@type\":\"ImageObject\",\"inLanguage\":\"fr-FR\",\"@id\":\"https:\/\/riwal-wpn.acceptatie.indicia-interactiv.nl\/fr\/knowledge\/box-formation\/formation-a-i-p-r\/#primaryimage\",\"url\":\"https:\/\/riwal-wpn.acceptatie.indicia-interactiv.nl\/app\/uploads\/sites\/15\/2023\/08\/Formation-AIPR.png\",\"contentUrl\":\"https:\/\/riwal-wpn.acceptatie.indicia-interactiv.nl\/app\/uploads\/sites\/15\/2023\/08\/Formation-AIPR.png\",\"width\":800,\"height\":800,\"caption\":\"Formation AIPR\"},{\"@type\":\"BreadcrumbList\",\"@id\":\"https:\/\/riwal-wpn.acceptatie.indicia-interactiv.nl\/fr\/knowledge\/box-formation\/formation-a-i-p-r\/#breadcrumb\",\"itemListElement\":[{\"@type\":\"ListItem\",\"position\":1,\"name\":\"Accueil\",\"item\":\"https:\/\/riwal-wpn.acceptatie.indicia-interactiv.nl\/fr\/\"},{\"@type\":\"ListItem\",\"position\":2,\"name\":\"Actualit\u00e9s et blog\",\"item\":\"https:\/\/riwal-wpn.acceptatie.indicia-interactiv.nl\/fr\/blog\/\"},{\"@type\":\"ListItem\",\"position\":3,\"name\":\"Formation A.I.P.R. &#8211; Formez vous avec Riwal\"}]},{\"@type\":\"WebSite\",\"@id\":\"https:\/\/riwal-wpn.acceptatie.indicia-interactiv.nl\/fr\/#website\",\"url\":\"https:\/\/riwal-wpn.acceptatie.indicia-interactiv.nl\/fr\/\",\"name\":\"Riwal\",\"description\":\"Location nacelle \u00e9l\u00e9vatrice, formation CACES, vente nacelles - Riwal France\",\"publisher\":{\"@id\":\"https:\/\/riwal-wpn.acceptatie.indicia-interactiv.nl\/fr\/#organization\"},\"potentialAction\":[{\"@type\":\"SearchAction\",\"target\":{\"@type\":\"EntryPoint\",\"urlTemplate\":\"https:\/\/riwal-wpn.acceptatie.indicia-interactiv.nl\/fr\/?s={search_term_string}\"},\"query-input\":{\"@type\":\"PropertyValueSpecification\",\"valueRequired\":true,\"valueName\":\"search_term_string\"}}],\"inLanguage\":\"fr-FR\"},{\"@type\":\"Organization\",\"@id\":\"https:\/\/riwal-wpn.acceptatie.indicia-interactiv.nl\/fr\/#organization\",\"name\":\"Riwal\",\"url\":\"https:\/\/riwal-wpn.acceptatie.indicia-interactiv.nl\/fr\/\",\"logo\":{\"@type\":\"ImageObject\",\"inLanguage\":\"fr-FR\",\"@id\":\"https:\/\/riwal-wpn.acceptatie.indicia-interactiv.nl\/fr\/#\/schema\/logo\/image\/\",\"url\":\"\",\"contentUrl\":\"\",\"caption\":\"Riwal\"},\"image\":{\"@id\":\"https:\/\/riwal-wpn.acceptatie.indicia-interactiv.nl\/fr\/#\/schema\/logo\/image\/\"}}]}<\/script>\n<!-- \/ Yoast SEO Premium plugin. -->","yoast_head_json":{"title":"Formation A.I.P.R. - Formez vous avec Riwal - Riwal - France","description":"Depuis janvier 2019, tous les salari\u00e9s travaillant \u00e0 proximit\u00e9 des r\u00e9seaux a\u00e9riens et\/ou souterrains doivent passer un examen QCM.","robots":{"index":"noindex","follow":"follow","max-snippet":"max-snippet:-1","max-image-preview":"max-image-preview:large","max-video-preview":"max-video-preview:-1"},"og_locale":"fr_FR","og_type":"article","og_title":"Formation A.I.P.R. - Formez vous avec Riwal","og_description":"Depuis janvier 2019, tous les salari\u00e9s travaillant \u00e0 proximit\u00e9 des r\u00e9seaux a\u00e9riens et\/ou souterrains doivent passer un examen QCM.","og_url":"https:\/\/riwal-wpn.acceptatie.indicia-interactiv.nl\/fr\/knowledge\/box-formation\/formation-a-i-p-r\/","og_site_name":"Riwal - France","article_modified_time":"2024-02-01T10:52:46+00:00","og_image":[{"width":800,"height":800,"url":"https:\/\/riwal-wpn.acceptatie.indicia-interactiv.nl\/app\/uploads\/sites\/15\/2023\/08\/Formation-AIPR.png","type":"image\/png"}],"twitter_card":"summary_large_image","twitter_misc":{"Est. reading time":"2 minutes"},"schema":{"@context":"https:\/\/schema.org","@graph":[{"@type":"WebPage","@id":"https:\/\/riwal-wpn.acceptatie.indicia-interactiv.nl\/fr\/knowledge\/box-formation\/formation-a-i-p-r\/","url":"https:\/\/riwal-wpn.acceptatie.indicia-interactiv.nl\/fr\/knowledge\/box-formation\/formation-a-i-p-r\/","name":"Formation A.I.P.R. - Formez vous avec Riwal - Riwal - France","isPartOf":{"@id":"https:\/\/riwal-wpn.acceptatie.indicia-interactiv.nl\/fr\/#website"},"primaryImageOfPage":{"@id":"https:\/\/riwal-wpn.acceptatie.indicia-interactiv.nl\/fr\/knowledge\/box-formation\/formation-a-i-p-r\/#primaryimage"},"image":{"@id":"https:\/\/riwal-wpn.acceptatie.indicia-interactiv.nl\/fr\/knowledge\/box-formation\/formation-a-i-p-r\/#primaryimage"},"thumbnailUrl":"https:\/\/riwal-wpn.acceptatie.indicia-interactiv.nl\/app\/uploads\/sites\/15\/2023\/08\/Formation-AIPR.png","datePublished":"2023-09-14T09:01:48+00:00","dateModified":"2024-02-01T10:52:46+00:00","description":"Depuis janvier 2019, tous les salari\u00e9s travaillant \u00e0 proximit\u00e9 des r\u00e9seaux a\u00e9riens et\/ou souterrains doivent passer un examen QCM.","breadcrumb":{"@id":"https:\/\/riwal-wpn.acceptatie.indicia-interactiv.nl\/fr\/knowledge\/box-formation\/formation-a-i-p-r\/#breadcrumb"},"inLanguage":"fr-FR","potentialAction":[{"@type":"ReadAction","target":["https:\/\/riwal-wpn.acceptatie.indicia-interactiv.nl\/fr\/knowledge\/box-formation\/formation-a-i-p-r\/"]}]},{"@type":"ImageObject","inLanguage":"fr-FR","@id":"https:\/\/riwal-wpn.acceptatie.indicia-interactiv.nl\/fr\/knowledge\/box-formation\/formation-a-i-p-r\/#primaryimage","url":"https:\/\/riwal-wpn.acceptatie.indicia-interactiv.nl\/app\/uploads\/sites\/15\/2023\/08\/Formation-AIPR.png","contentUrl":"https:\/\/riwal-wpn.acceptatie.indicia-interactiv.nl\/app\/uploads\/sites\/15\/2023\/08\/Formation-AIPR.png","width":800,"height":800,"caption":"Formation AIPR"},{"@type":"BreadcrumbList","@id":"https:\/\/riwal-wpn.acceptatie.indicia-interactiv.nl\/fr\/knowledge\/box-formation\/formation-a-i-p-r\/#breadcrumb","itemListElement":[{"@type":"ListItem","position":1,"name":"Accueil","item":"https:\/\/riwal-wpn.acceptatie.indicia-interactiv.nl\/fr\/"},{"@type":"ListItem","position":2,"name":"Actualit\u00e9s et blog","item":"https:\/\/riwal-wpn.acceptatie.indicia-interactiv.nl\/fr\/blog\/"},{"@type":"ListItem","position":3,"name":"Formation A.I.P.R. &#8211; Formez vous avec Riwal"}]},{"@type":"WebSite","@id":"https:\/\/riwal-wpn.acceptatie.indicia-interactiv.nl\/fr\/#website","url":"https:\/\/riwal-wpn.acceptatie.indicia-interactiv.nl\/fr\/","name":"Riwal","description":"Location nacelle \u00e9l\u00e9vatrice, formation CACES, vente nacelles - Riwal France","publisher":{"@id":"https:\/\/riwal-wpn.acceptatie.indicia-interactiv.nl\/fr\/#organization"},"potentialAction":[{"@type":"SearchAction","target":{"@type":"EntryPoint","urlTemplate":"https:\/\/riwal-wpn.acceptatie.indicia-interactiv.nl\/fr\/?s={search_term_string}"},"query-input":{"@type":"PropertyValueSpecification","valueRequired":true,"valueName":"search_term_string"}}],"inLanguage":"fr-FR"},{"@type":"Organization","@id":"https:\/\/riwal-wpn.acceptatie.indicia-interactiv.nl\/fr\/#organization","name":"Riwal","url":"https:\/\/riwal-wpn.acceptatie.indicia-interactiv.nl\/fr\/","logo":{"@type":"ImageObject","inLanguage":"fr-FR","@id":"https:\/\/riwal-wpn.acceptatie.indicia-interactiv.nl\/fr\/#\/schema\/logo\/image\/","url":"","contentUrl":"","caption":"Riwal"},"image":{"@id":"https:\/\/riwal-wpn.acceptatie.indicia-interactiv.nl\/fr\/#\/schema\/logo\/image\/"}}]}},"_links":{"self":[{"href":"https:\/\/riwal-wpn.acceptatie.indicia-interactiv.nl\/fr\/wp-json\/wp\/v2\/knowledge\/3086","targetHints":{"allow":["GET"]}}],"collection":[{"href":"https:\/\/riwal-wpn.acceptatie.indicia-interactiv.nl\/fr\/wp-json\/wp\/v2\/knowledge"}],"about":[{"href":"https:\/\/riwal-wpn.acceptatie.indicia-interactiv.nl\/fr\/wp-json\/wp\/v2\/types\/knowledge"}],"version-history":[{"count":8,"href":"https:\/\/riwal-wpn.acceptatie.indicia-interactiv.nl\/fr\/wp-json\/wp\/v2\/knowledge\/3086\/revisions"}],"predecessor-version":[{"id":7025,"href":"https:\/\/riwal-wpn.acceptatie.indicia-interactiv.nl\/fr\/wp-json\/wp\/v2\/knowledge\/3086\/revisions\/7025"}],"wp:featuredmedia":[{"embeddable":true,"href":"https:\/\/riwal-wpn.acceptatie.indicia-interactiv.nl\/fr\/wp-json\/wp\/v2\/media\/3087"}],"wp:attachment":[{"href":"https:\/\/riwal-wpn.acceptatie.indicia-interactiv.nl\/fr\/wp-json\/wp\/v2\/media?parent=3086"}],"wp:term":[{"taxonomy":"knowledge-category","embeddable":true,"href":"https:\/\/riwal-wpn.acceptatie.indicia-interactiv.nl\/fr\/wp-json\/wp\/v2\/knowledge-category?post=3086"},{"taxonomy":"knowledge-tag","embeddable":true,"href":"https:\/\/riwal-wpn.acceptatie.indicia-interactiv.nl\/fr\/wp-json\/wp\/v2\/knowledge-tag?post=3086"}],"curies":[{"name":"wp","href":"https:\/\/api.w.org\/{rel}","templated":true}]}}