{"id":3210,"date":"2023-08-22T15:02:23","date_gmt":"2023-08-22T15:02:23","guid":{"rendered":"https:\/\/riwal-wpn.acceptatie.indicia-interactiv.nl\/fr\/?page_id=3210"},"modified":"2024-02-06T10:32:57","modified_gmt":"2024-02-06T10:32:57","slug":"paysagisme","status":"publish","type":"page","link":"https:\/\/riwal-wpn.acceptatie.indicia-interactiv.nl\/fr\/secteurs-dactivite\/paysagisme\/","title":{"rendered":"Paysagisme"},"content":{"rendered":"<div class=\"rental-wp-default-block rental-theme-block-default-margin\">\n\t\t\t\t\t\t\t\t<div class=\"container\">\n<div class=\"wp-block-columns is-layout-flex wp-container-core-columns-is-layout-28f84493 wp-block-columns-is-layout-flex\">\n<div class=\"wp-block-column is-layout-flow wp-block-column-is-layout-flow\"><\/div>\n<\/div>\n<\/div>\n\t\t\t\t\t\t\t<\/div> \n\n<div class=\"rental-wp-default-block rental-theme-block-default-margin\">\n\t\t\t\t\t\t\t\t<div class=\"container\">\n<div class=\"wp-block-rental-theme-title-text rental-theme-block-default-margin\">\n\t<div class=\"wp-block-rental-theme-title-text__container\">\n\t\t<div class=\"wp-block-rental-theme-title-text__wrapper\">\n\t\t\t<h1 class='wp-block-rental-theme-title-text__title'>Riwal au service des espaces verts<\/h1>\t\t<\/div>\n\t\t<div class='wp-block-rental-theme-title-text__text'>\n\n<p>Lorsque vous \u00e9laguez des arbres, la s\u00e9curit\u00e9, l&rsquo;acc\u00e8s, la polyvalence et l&rsquo;efficacit\u00e9 repr\u00e9sentent certainement vos principales priorit\u00e9s. Avec Riwal, vous disposez d&rsquo;un partenaire qui comprend la nature de votre travail et vous propose tout un \u00e9ventail de solutions d&rsquo;acc\u00e8s motoris\u00e9es pour effectuer votre travail en toute s\u00e9curit\u00e9 et efficacement. <\/p>\n\n\n\n<h2 class=\"wp-block-heading\" id=\"h-une-gamme-d-equipements-et-accessoires-adaptes-a-vos-besoins\" style=\"font-size:20px\"><strong>Une gamme d&rsquo;\u00e9quipements et accessoires adapt\u00e9s \u00e0 vos besoins.<\/strong><\/h2>\n\n\n\n<p>Notre parc comporte pr\u00e8s de 110 mod\u00e8les, notamment des <a href=\"https:\/\/riwal-wpn.acceptatie.indicia-interactiv.nl\/fr\/location\/nacelle-elevatrice\/\">nacelles \u00e9l\u00e9vatrices <\/a>et des <a href=\"https:\/\/riwal-wpn.acceptatie.indicia-interactiv.nl\/fr\/location\/levage-et-manutention\/chariot-telescopique\/\">chariots t\u00e9lescopiques<\/a>, adapt\u00e9s aux travaux d&rsquo;\u00e9lagage \u00e0 des hauteurs allant jusqu&rsquo;\u00e0 43m. Nous pouvons envisager des adaptations aux besoins sp\u00e9cifiques d&rsquo;entretien des arbres en hauteur. <\/p>\n\n<\/div>\n\t<\/div>\n<\/div><\/div>\n\t\t\t\t\t\t\t<\/div> \n\n<div class=\"container\">\n<h2 class=\"wp-block-heading\" id=\"h-decouvrez-notre-gamme-de-materiel\" style=\"font-size:33px\"><strong>D\u00e9couvrez notre gamme de mat\u00e9riel<\/strong><\/h2>\n<\/div>\n\n<div class=\"rental-wp-default-block rental-theme-block-default-margin\">\n\t\t\t\t\t\t\t\t<div class=\"container\">\n<div class=\"wp-block-columns is-layout-flex wp-container-core-columns-is-layout-28f84493 wp-block-columns-is-layout-flex\">\n<div class=\"wp-block-column is-layout-flow wp-block-column-is-layout-flow\">\n<h3 class=\"wp-block-heading has-medium-font-size\" id=\"h-nacelle-articulee-diesel\"><strong>Nacelle articul\u00e9e diesel<\/strong><\/h3>\n\n\n\n<p>La nacelle articul\u00e9e diesel est id\u00e9ale pour le travail en hauteur entre 12m et 43m.<\/p>\n\n\n\n<figure class=\"wp-block-image aligncenter size-full\"><img loading=\"lazy\" decoding=\"async\" width=\"800\" height=\"600\" src=\"https:\/\/riwal-wpn.acceptatie.indicia-interactiv.nl\/app\/uploads\/sites\/15\/2023\/12\/Articulee.jpg\" alt=\"Nacelle articul\u00e9e diesel pour le paysagisme\" class=\"wp-image-5783\" srcset=\"https:\/\/riwal-wpn.acceptatie.indicia-interactiv.nl\/app\/uploads\/sites\/15\/2023\/12\/Articulee.jpg 800w, https:\/\/riwal-wpn.acceptatie.indicia-interactiv.nl\/app\/uploads\/sites\/15\/2023\/12\/Articulee-300x225.jpg 300w, https:\/\/riwal-wpn.acceptatie.indicia-interactiv.nl\/app\/uploads\/sites\/15\/2023\/12\/Articulee-768x576.jpg 768w, https:\/\/riwal-wpn.acceptatie.indicia-interactiv.nl\/app\/uploads\/sites\/15\/2023\/12\/Articulee-178x134.jpg 178w, https:\/\/riwal-wpn.acceptatie.indicia-interactiv.nl\/app\/uploads\/sites\/15\/2023\/12\/Articulee-390x293.jpg 390w, https:\/\/riwal-wpn.acceptatie.indicia-interactiv.nl\/app\/uploads\/sites\/15\/2023\/12\/Articulee-250x188.jpg 250w, https:\/\/riwal-wpn.acceptatie.indicia-interactiv.nl\/app\/uploads\/sites\/15\/2023\/12\/Articulee-620x465.jpg 620w, https:\/\/riwal-wpn.acceptatie.indicia-interactiv.nl\/app\/uploads\/sites\/15\/2023\/12\/Articulee-237x178.jpg 237w, https:\/\/riwal-wpn.acceptatie.indicia-interactiv.nl\/app\/uploads\/sites\/15\/2023\/12\/Articulee-474x356.jpg 474w\" sizes=\"auto, (max-width: 800px) 100vw, 800px\" \/><\/figure>\n<\/div>\n\n\n\n<div class=\"wp-block-column is-layout-flow wp-block-column-is-layout-flow\">\n<h3 class=\"wp-block-heading has-medium-font-size\" id=\"h-nacelle-a-fleche-telescopique-diesel\"><strong>Nacelle \u00e0 fl\u00e8che t\u00e9lescopique diesel<\/strong><\/h3>\n\n\n\n<p>La nacelle \u00e0 fl\u00e8che t\u00e9lescopique diesel est id\u00e9ale pour le travail en hauteur entre 16m et 43m<\/p>\n\n\n\n<figure class=\"wp-block-image aligncenter size-full is-resized\"><img loading=\"lazy\" decoding=\"async\" width=\"1024\" height=\"683\" src=\"https:\/\/riwal-wpn.acceptatie.indicia-interactiv.nl\/app\/uploads\/sites\/15\/2023\/12\/image.jpeg\" alt=\"Nacelle \u00e0 fl\u00e8che t\u00e9lescopique diesel pour le paysagisme\" class=\"wp-image-5804\" style=\"aspect-ratio:1.3333333333333333;object-fit:cover;width:416px;height:auto\" srcset=\"https:\/\/riwal-wpn.acceptatie.indicia-interactiv.nl\/app\/uploads\/sites\/15\/2023\/12\/image.jpeg 1024w, https:\/\/riwal-wpn.acceptatie.indicia-interactiv.nl\/app\/uploads\/sites\/15\/2023\/12\/image-300x200.jpeg 300w, https:\/\/riwal-wpn.acceptatie.indicia-interactiv.nl\/app\/uploads\/sites\/15\/2023\/12\/image-768x512.jpeg 768w, https:\/\/riwal-wpn.acceptatie.indicia-interactiv.nl\/app\/uploads\/sites\/15\/2023\/12\/image-178x119.jpeg 178w, https:\/\/riwal-wpn.acceptatie.indicia-interactiv.nl\/app\/uploads\/sites\/15\/2023\/12\/image-390x260.jpeg 390w, https:\/\/riwal-wpn.acceptatie.indicia-interactiv.nl\/app\/uploads\/sites\/15\/2023\/12\/image-830x554.jpeg 830w, https:\/\/riwal-wpn.acceptatie.indicia-interactiv.nl\/app\/uploads\/sites\/15\/2023\/12\/image-250x167.jpeg 250w, https:\/\/riwal-wpn.acceptatie.indicia-interactiv.nl\/app\/uploads\/sites\/15\/2023\/12\/image-620x414.jpeg 620w, https:\/\/riwal-wpn.acceptatie.indicia-interactiv.nl\/app\/uploads\/sites\/15\/2023\/12\/image-237x158.jpeg 237w, https:\/\/riwal-wpn.acceptatie.indicia-interactiv.nl\/app\/uploads\/sites\/15\/2023\/12\/image-474x316.jpeg 474w\" sizes=\"auto, (max-width: 1024px) 100vw, 1024px\" \/><\/figure>\n<\/div>\n\n\n\n<div class=\"wp-block-column is-layout-flow wp-block-column-is-layout-flow\">\n<h3 class=\"wp-block-heading has-medium-font-size\" id=\"h-camion-nacelle-vl\"><strong>Camion nacelle VL<\/strong><\/h3>\n\n\n\n<p>Le camion nacelle vl est id\u00e9al pour le travail en hauteur entre 16m et 20m. <\/p>\n\n\n\n<figure class=\"wp-block-image aligncenter size-full is-resized\"><img loading=\"lazy\" decoding=\"async\" width=\"790\" height=\"461\" src=\"https:\/\/riwal-wpn.acceptatie.indicia-interactiv.nl\/app\/uploads\/sites\/15\/2023\/12\/MUL-MX200-camion-nacelle.jpg\" alt=\"Camion nacelle VL pour le paysagisme\" class=\"wp-image-5794\" style=\"aspect-ratio:1.5;object-fit:cover;width:461px;height:auto\" srcset=\"https:\/\/riwal-wpn.acceptatie.indicia-interactiv.nl\/app\/uploads\/sites\/15\/2023\/12\/MUL-MX200-camion-nacelle.jpg 790w, https:\/\/riwal-wpn.acceptatie.indicia-interactiv.nl\/app\/uploads\/sites\/15\/2023\/12\/MUL-MX200-camion-nacelle-300x175.jpg 300w, https:\/\/riwal-wpn.acceptatie.indicia-interactiv.nl\/app\/uploads\/sites\/15\/2023\/12\/MUL-MX200-camion-nacelle-768x448.jpg 768w, https:\/\/riwal-wpn.acceptatie.indicia-interactiv.nl\/app\/uploads\/sites\/15\/2023\/12\/MUL-MX200-camion-nacelle-178x104.jpg 178w, https:\/\/riwal-wpn.acceptatie.indicia-interactiv.nl\/app\/uploads\/sites\/15\/2023\/12\/MUL-MX200-camion-nacelle-390x228.jpg 390w, https:\/\/riwal-wpn.acceptatie.indicia-interactiv.nl\/app\/uploads\/sites\/15\/2023\/12\/MUL-MX200-camion-nacelle-250x146.jpg 250w, https:\/\/riwal-wpn.acceptatie.indicia-interactiv.nl\/app\/uploads\/sites\/15\/2023\/12\/MUL-MX200-camion-nacelle-620x362.jpg 620w, https:\/\/riwal-wpn.acceptatie.indicia-interactiv.nl\/app\/uploads\/sites\/15\/2023\/12\/MUL-MX200-camion-nacelle-237x138.jpg 237w, https:\/\/riwal-wpn.acceptatie.indicia-interactiv.nl\/app\/uploads\/sites\/15\/2023\/12\/MUL-MX200-camion-nacelle-474x277.jpg 474w\" sizes=\"auto, (max-width: 790px) 100vw, 790px\" \/><\/figure>\n<\/div>\n<\/div>\n<\/div>\n\t\t\t\t\t\t\t<\/div> \n\n<div class=\"rental-wp-default-block rental-theme-block-default-margin\">\n\t\t\t\t\t\t\t\t<div class=\"container\">\n<div class=\"wp-block-columns is-layout-flex wp-container-core-columns-is-layout-28f84493 wp-block-columns-is-layout-flex\">\n<div class=\"wp-block-column is-layout-flow wp-block-column-is-layout-flow\">\n<div class=\"wp-block-buttons is-layout-flex wp-block-buttons-is-layout-flex\">\n<div class=\"wp-block-button\"><a class=\"wp-block-button__link wp-element-button\" href=\"https:\/\/riwal-wpn.acceptatie.indicia-interactiv.nl\/fr\/location\/nacelle-elevatrice\/nacelle-articulee\/\">Voir nos nacelles articul\u00e9es<\/a><\/div>\n<\/div>\n<\/div>\n\n\n\n<div class=\"wp-block-column is-layout-flow wp-block-column-is-layout-flow\">\n<div class=\"wp-block-buttons is-layout-flex wp-block-buttons-is-layout-flex\">\n<div class=\"wp-block-button\"><a class=\"wp-block-button__link wp-element-button\" href=\"https:\/\/riwal-wpn.acceptatie.indicia-interactiv.nl\/fr\/location\/nacelle-elevatrice\/nacelle-telescopique\/\">Voir nos nacelles t\u00e9lescopiques<\/a><\/div>\n<\/div>\n<\/div>\n\n\n\n<div class=\"wp-block-column is-layout-flow wp-block-column-is-layout-flow\">\n<div class=\"wp-block-buttons is-layout-flex wp-block-buttons-is-layout-flex\">\n<div class=\"wp-block-button\"><a class=\"wp-block-button__link wp-element-button\" href=\"https:\/\/riwal-wpn.acceptatie.indicia-interactiv.nl\/fr\/location\/nacelle-elevatrice\/camion-nacelle\/\">Voir nos camions nacelle VL<\/a><\/div>\n<\/div>\n<\/div>\n<\/div>\n<\/div>\n\t\t\t\t\t\t\t<\/div> \n\n<div class=\"wp-block-rental-theme-featured rental-theme-block-default-padding\">\n\t<div class=\"container\">\n\t\t<div class=\"wp-block-rental-theme-featured-container\">\n\t\t\t<div class=\"wp-block-rental-theme-featured__image\">\n\t\t\t\t<div class=\"wp-block-rental-theme-featured-image-container\">\n\t\t\t\t\t\t\t\t\t\t\t<div class=\"main-image\">\n\t\t\t\t\t\t\t<img loading=\"lazy\" decoding=\"async\" width=\"620\" height=\"413\" src=\"https:\/\/riwal-wpn.acceptatie.indicia-interactiv.nl\/app\/uploads\/sites\/15\/2023\/12\/Product-Website-Riwal-training-on-location-620x413.jpg\" class=\"attachment-featured_block_image size-featured_block_image\" alt=\"La s\u00e9curit\u00e9 chez Riwal\" srcset=\"https:\/\/riwal-wpn.acceptatie.indicia-interactiv.nl\/app\/uploads\/sites\/15\/2023\/12\/Product-Website-Riwal-training-on-location-620x413.jpg 620w, https:\/\/riwal-wpn.acceptatie.indicia-interactiv.nl\/app\/uploads\/sites\/15\/2023\/12\/Product-Website-Riwal-training-on-location-300x200.jpg 300w, https:\/\/riwal-wpn.acceptatie.indicia-interactiv.nl\/app\/uploads\/sites\/15\/2023\/12\/Product-Website-Riwal-training-on-location-768x512.jpg 768w, https:\/\/riwal-wpn.acceptatie.indicia-interactiv.nl\/app\/uploads\/sites\/15\/2023\/12\/Product-Website-Riwal-training-on-location-178x119.jpg 178w, https:\/\/riwal-wpn.acceptatie.indicia-interactiv.nl\/app\/uploads\/sites\/15\/2023\/12\/Product-Website-Riwal-training-on-location-390x260.jpg 390w, https:\/\/riwal-wpn.acceptatie.indicia-interactiv.nl\/app\/uploads\/sites\/15\/2023\/12\/Product-Website-Riwal-training-on-location-830x553.jpg 830w, https:\/\/riwal-wpn.acceptatie.indicia-interactiv.nl\/app\/uploads\/sites\/15\/2023\/12\/Product-Website-Riwal-training-on-location-250x167.jpg 250w, https:\/\/riwal-wpn.acceptatie.indicia-interactiv.nl\/app\/uploads\/sites\/15\/2023\/12\/Product-Website-Riwal-training-on-location-237x158.jpg 237w, https:\/\/riwal-wpn.acceptatie.indicia-interactiv.nl\/app\/uploads\/sites\/15\/2023\/12\/Product-Website-Riwal-training-on-location-474x316.jpg 474w, https:\/\/riwal-wpn.acceptatie.indicia-interactiv.nl\/app\/uploads\/sites\/15\/2023\/12\/Product-Website-Riwal-training-on-location.jpg 900w\" sizes=\"auto, (max-width: 620px) 100vw, 620px\" \/>\t\t\t\t\t\t<\/div>\n\t\t\t\t\t\t\t\t\t\t<div class=\"wp-block-rental-theme-featured-image-container__subtext\">\n\t\t\t\t\t\t\t\t\t\t\t<\/div>\n\t\t\t\t<\/div>\n\t\t\t<\/div>\n\t\t\t<div class=\"wp-block-rental-theme-featured-content\">\n\t\t\t\t<div>\n\t\t\t\t\t<h2 class=\"wp-block-rental-theme-featured-title\">La s\u00e9curit\u00e9, notre priorit\u00e9<\/h2>\n\t\t\t\t\t<div class=\"wp-block-rental-theme-featured-text\">\n\n<p>Notre d\u00e9marche repose sur une exigence forte en mati\u00e8re de qualit\u00e9 de service et de mat\u00e9riel.<\/p>\n\n\n\n<ul class=\"wp-block-list\">\n<li>Fiabilit\u00e9 et performance du mat\u00e9riel, s\u00e9lectionn\u00e9 parmi les plus grands constructeurs tels que JLG, Holland Lift et Manitou<\/li>\n\n\n\n<li>Triple certification, ISO 9001, ISO 14001, OHSAS 18001<\/li>\n\n\n\n<li>Riwal vous accompagne \u00e0 travers une offre vari\u00e9e de <a href=\"https:\/\/riwal-wpn.acceptatie.indicia-interactiv.nl\/fr\/formation-caces-et-securite\/\">formations CACES\u00ae &amp; S\u00e9curit\u00e9<\/a><\/li>\n\n\n\n<li>Contr\u00f4le du mat\u00e9riel avant et apr\u00e8s chaque location, et tous les 6 mois par des organismes de contr\u00f4le agr\u00e9\u00e9s.<\/li>\n<\/ul>\n\n<\/div>\n\t\t\t\t<\/div>\n\t\t\t<\/div>\n\t\t<\/div>\n\t<\/div>\n<\/div>\n\n\n<div class=\"rental-wp-default-block rental-theme-block-default-margin\">\n\t\t\t\t\t\t\t\t<div class=\"container\">\n<div class=\"wp-block-rental-theme-title-text rental-theme-block-default-margin\">\n\t<div class=\"wp-block-rental-theme-title-text__container\">\n\t\t<div class=\"wp-block-rental-theme-title-text__wrapper\">\n\t\t\t\t\t<\/div>\n\t\t<div class='wp-block-rental-theme-title-text__text'>\n\n<h3 class=\"wp-block-heading\" id=\"h-votre-securite-notre-priorite\"><strong>Votre s\u00e9curit\u00e9, notre priorit\u00e9<\/strong><\/h3>\n\n\n\n<p>Pour r\u00e9pondre \u00e0 vos exigences, vous avez besoin d&rsquo;un \u00e9quipement de qualit\u00e9 avec un taux de pannes machines minimal. Riwal met \u00e0 votre service toute son expertise technique afin de garantir l&rsquo;efficacit\u00e9 et la s\u00e9curit\u00e9 de notre parc machines. Nous vous fournissons un mat\u00e9riel en parfait \u00e9tat gr\u00e2ce \u00e0 une maintenance pr\u00e9ventive et r\u00e9guli\u00e8re, et aux v\u00e9rifications syst\u00e9matiques des machines avant chaque location. Par ailleurs, notre r\u00e9activit\u00e9 technique nous permet d&rsquo;intervenir en cas de panne sur vos sites en moins de 2h. <\/p>\n\n\n\n<h3 class=\"wp-block-heading has-medium-font-size\" id=\"h-riwal-un-partenaire-experimente\"><strong>Riwal, un partenaire exp\u00e9riment\u00e9<\/strong><\/h3>\n\n\n\n<p>Que vous achetiez ou que vous louiez, nous travaillons en \u00e9troite collaboration afin de s\u00e9lectionner l&rsquo;\u00e9quipement appropri\u00e9, et nous serons heureux de personnaliser votre demande selon vos besoins particuliers. Nous vous proposons \u00e9galement une offre qui inclut l&rsquo;entretien avec des pi\u00e8ces de rechange d&rsquo;origine, ainsi que des formations aux op\u00e9rations et \u00e0 la s\u00e9curit\u00e9. Lorsque vous choisissez Riwal comme partenaire, vous optez pour le savoir-faire, l&rsquo;exp\u00e9rience et la qualit\u00e9. <\/p>\n\n<\/div>\n\t<\/div>\n<\/div><\/div>\n\t\t\t\t\t\t\t<\/div> \n\n<div class=\"rental-wp-default-block rental-theme-block-default-margin\">\n\t\t\t\t\t\t\t\t<div class=\"container\">\n<div class=\"wp-block-columns is-layout-flex wp-container-core-columns-is-layout-28f84493 wp-block-columns-is-layout-flex\">\n<div class=\"wp-block-column is-layout-flow wp-block-column-is-layout-flow\"><\/div>\n<\/div>\n<\/div>\n\t\t\t\t\t\t\t<\/div> ","protected":false},"excerpt":{"rendered":"<p>D\u00e9couvrez notre gamme de mat\u00e9riel Nacelle articul\u00e9e diesel La nacelle articul\u00e9e diesel est id\u00e9ale pour le travail en hauteur entre 12m et 43m. Nacelle \u00e0 fl\u00e8che t\u00e9lescopique diesel La nacelle \u00e0 fl\u00e8che t\u00e9lescopique diesel est id\u00e9ale pour le travail en hauteur entre 16m et 43m Camion nacelle VL Le camion nacelle vl est id\u00e9al pour &hellip; <a href=\"https:\/\/riwal-wpn.acceptatie.indicia-interactiv.nl\/fr\/secteurs-dactivite\/paysagisme\/\">Voir plus<\/a><\/p>\n","protected":false},"author":17,"featured_media":0,"parent":3212,"menu_order":0,"comment_status":"closed","ping_status":"closed","template":"","meta":{"_acf_changed":false,"editor_notices":[],"footnotes":""},"class_list":["post-3210","page","type-page","status-publish","hentry"],"acf":[],"yoast_head":"<!-- This site is optimized with the Yoast SEO Premium plugin v27.1 (Yoast SEO v27.1.1) - https:\/\/yoast.com\/product\/yoast-seo-premium-wordpress\/ -->\n<title>Paysagisme - Riwal - France<\/title>\n<meta name=\"robots\" content=\"noindex, follow, max-snippet:-1, max-image-preview:large, max-video-preview:-1\" \/>\n<meta property=\"og:locale\" content=\"fr_FR\" \/>\n<meta property=\"og:type\" content=\"article\" \/>\n<meta property=\"og:title\" content=\"Paysagisme\" \/>\n<meta property=\"og:description\" content=\"D\u00e9couvrez notre gamme de mat\u00e9riel Nacelle articul\u00e9e diesel La nacelle articul\u00e9e diesel est id\u00e9ale pour le travail en hauteur entre 12m et 43m. Nacelle \u00e0 fl\u00e8che t\u00e9lescopique diesel La nacelle \u00e0 fl\u00e8che t\u00e9lescopique diesel est id\u00e9ale pour le travail en hauteur entre 16m et 43m Camion nacelle VL Le camion nacelle vl est id\u00e9al pour &hellip; Voir plus\" \/>\n<meta property=\"og:url\" content=\"https:\/\/riwal-wpn.acceptatie.indicia-interactiv.nl\/fr\/secteurs-dactivite\/paysagisme\/\" \/>\n<meta property=\"og:site_name\" content=\"Riwal - France\" \/>\n<meta property=\"article:modified_time\" content=\"2024-02-06T10:32:57+00:00\" \/>\n<meta property=\"og:image\" content=\"https:\/\/riwal-wpn.acceptatie.indicia-interactiv.nl\/app\/uploads\/sites\/15\/2023\/12\/Articulee.jpg\" \/>\n<meta name=\"twitter:card\" content=\"summary_large_image\" \/>\n<meta name=\"twitter:label1\" content=\"Est. reading time\" \/>\n\t<meta name=\"twitter:data1\" content=\"2 minutes\" \/>\n<script type=\"application\/ld+json\" class=\"yoast-schema-graph\">{\"@context\":\"https:\/\/schema.org\",\"@graph\":[{\"@type\":\"WebPage\",\"@id\":\"https:\/\/riwal-wpn.acceptatie.indicia-interactiv.nl\/fr\/secteurs-dactivite\/paysagisme\/\",\"url\":\"https:\/\/riwal-wpn.acceptatie.indicia-interactiv.nl\/fr\/secteurs-dactivite\/paysagisme\/\",\"name\":\"Paysagisme - Riwal - France\",\"isPartOf\":{\"@id\":\"https:\/\/riwal-wpn.acceptatie.indicia-interactiv.nl\/fr\/#website\"},\"primaryImageOfPage\":{\"@id\":\"https:\/\/riwal-wpn.acceptatie.indicia-interactiv.nl\/fr\/secteurs-dactivite\/paysagisme\/#primaryimage\"},\"image\":{\"@id\":\"https:\/\/riwal-wpn.acceptatie.indicia-interactiv.nl\/fr\/secteurs-dactivite\/paysagisme\/#primaryimage\"},\"thumbnailUrl\":\"https:\/\/riwal-wpn.acceptatie.indicia-interactiv.nl\/app\/uploads\/sites\/15\/2023\/12\/Articulee.jpg\",\"datePublished\":\"2023-08-22T15:02:23+00:00\",\"dateModified\":\"2024-02-06T10:32:57+00:00\",\"breadcrumb\":{\"@id\":\"https:\/\/riwal-wpn.acceptatie.indicia-interactiv.nl\/fr\/secteurs-dactivite\/paysagisme\/#breadcrumb\"},\"inLanguage\":\"fr-FR\",\"potentialAction\":[{\"@type\":\"ReadAction\",\"target\":[\"https:\/\/riwal-wpn.acceptatie.indicia-interactiv.nl\/fr\/secteurs-dactivite\/paysagisme\/\"]}]},{\"@type\":\"ImageObject\",\"inLanguage\":\"fr-FR\",\"@id\":\"https:\/\/riwal-wpn.acceptatie.indicia-interactiv.nl\/fr\/secteurs-dactivite\/paysagisme\/#primaryimage\",\"url\":\"https:\/\/riwal-wpn.acceptatie.indicia-interactiv.nl\/app\/uploads\/sites\/15\/2023\/12\/Articulee.jpg\",\"contentUrl\":\"https:\/\/riwal-wpn.acceptatie.indicia-interactiv.nl\/app\/uploads\/sites\/15\/2023\/12\/Articulee.jpg\"},{\"@type\":\"BreadcrumbList\",\"@id\":\"https:\/\/riwal-wpn.acceptatie.indicia-interactiv.nl\/fr\/secteurs-dactivite\/paysagisme\/#breadcrumb\",\"itemListElement\":[{\"@type\":\"ListItem\",\"position\":1,\"name\":\"Accueil\",\"item\":\"https:\/\/riwal-wpn.acceptatie.indicia-interactiv.nl\/fr\/\"},{\"@type\":\"ListItem\",\"position\":2,\"name\":\"Secteurs d&#8217;activit\u00e9\",\"item\":\"https:\/\/riwal-wpn.acceptatie.indicia-interactiv.nl\/fr\/secteurs-dactivite\/\"},{\"@type\":\"ListItem\",\"position\":3,\"name\":\"Paysagisme\"}]},{\"@type\":\"WebSite\",\"@id\":\"https:\/\/riwal-wpn.acceptatie.indicia-interactiv.nl\/fr\/#website\",\"url\":\"https:\/\/riwal-wpn.acceptatie.indicia-interactiv.nl\/fr\/\",\"name\":\"Riwal\",\"description\":\"Location nacelle \u00e9l\u00e9vatrice, formation CACES, vente nacelles - Riwal France\",\"publisher\":{\"@id\":\"https:\/\/riwal-wpn.acceptatie.indicia-interactiv.nl\/fr\/#organization\"},\"potentialAction\":[{\"@type\":\"SearchAction\",\"target\":{\"@type\":\"EntryPoint\",\"urlTemplate\":\"https:\/\/riwal-wpn.acceptatie.indicia-interactiv.nl\/fr\/?s={search_term_string}\"},\"query-input\":{\"@type\":\"PropertyValueSpecification\",\"valueRequired\":true,\"valueName\":\"search_term_string\"}}],\"inLanguage\":\"fr-FR\"},{\"@type\":\"Organization\",\"@id\":\"https:\/\/riwal-wpn.acceptatie.indicia-interactiv.nl\/fr\/#organization\",\"name\":\"Riwal\",\"url\":\"https:\/\/riwal-wpn.acceptatie.indicia-interactiv.nl\/fr\/\",\"logo\":{\"@type\":\"ImageObject\",\"inLanguage\":\"fr-FR\",\"@id\":\"https:\/\/riwal-wpn.acceptatie.indicia-interactiv.nl\/fr\/#\/schema\/logo\/image\/\",\"url\":\"\",\"contentUrl\":\"\",\"caption\":\"Riwal\"},\"image\":{\"@id\":\"https:\/\/riwal-wpn.acceptatie.indicia-interactiv.nl\/fr\/#\/schema\/logo\/image\/\"}}]}<\/script>\n<!-- \/ Yoast SEO Premium plugin. -->","yoast_head_json":{"title":"Paysagisme - Riwal - France","robots":{"index":"noindex","follow":"follow","max-snippet":"max-snippet:-1","max-image-preview":"max-image-preview:large","max-video-preview":"max-video-preview:-1"},"og_locale":"fr_FR","og_type":"article","og_title":"Paysagisme","og_description":"D\u00e9couvrez notre gamme de mat\u00e9riel Nacelle articul\u00e9e diesel La nacelle articul\u00e9e diesel est id\u00e9ale pour le travail en hauteur entre 12m et 43m. Nacelle \u00e0 fl\u00e8che t\u00e9lescopique diesel La nacelle \u00e0 fl\u00e8che t\u00e9lescopique diesel est id\u00e9ale pour le travail en hauteur entre 16m et 43m Camion nacelle VL Le camion nacelle vl est id\u00e9al pour &hellip; Voir plus","og_url":"https:\/\/riwal-wpn.acceptatie.indicia-interactiv.nl\/fr\/secteurs-dactivite\/paysagisme\/","og_site_name":"Riwal - France","article_modified_time":"2024-02-06T10:32:57+00:00","og_image":[{"url":"https:\/\/riwal-wpn.acceptatie.indicia-interactiv.nl\/app\/uploads\/sites\/15\/2023\/12\/Articulee.jpg","type":"","width":"","height":""}],"twitter_card":"summary_large_image","twitter_misc":{"Est. reading time":"2 minutes"},"schema":{"@context":"https:\/\/schema.org","@graph":[{"@type":"WebPage","@id":"https:\/\/riwal-wpn.acceptatie.indicia-interactiv.nl\/fr\/secteurs-dactivite\/paysagisme\/","url":"https:\/\/riwal-wpn.acceptatie.indicia-interactiv.nl\/fr\/secteurs-dactivite\/paysagisme\/","name":"Paysagisme - Riwal - France","isPartOf":{"@id":"https:\/\/riwal-wpn.acceptatie.indicia-interactiv.nl\/fr\/#website"},"primaryImageOfPage":{"@id":"https:\/\/riwal-wpn.acceptatie.indicia-interactiv.nl\/fr\/secteurs-dactivite\/paysagisme\/#primaryimage"},"image":{"@id":"https:\/\/riwal-wpn.acceptatie.indicia-interactiv.nl\/fr\/secteurs-dactivite\/paysagisme\/#primaryimage"},"thumbnailUrl":"https:\/\/riwal-wpn.acceptatie.indicia-interactiv.nl\/app\/uploads\/sites\/15\/2023\/12\/Articulee.jpg","datePublished":"2023-08-22T15:02:23+00:00","dateModified":"2024-02-06T10:32:57+00:00","breadcrumb":{"@id":"https:\/\/riwal-wpn.acceptatie.indicia-interactiv.nl\/fr\/secteurs-dactivite\/paysagisme\/#breadcrumb"},"inLanguage":"fr-FR","potentialAction":[{"@type":"ReadAction","target":["https:\/\/riwal-wpn.acceptatie.indicia-interactiv.nl\/fr\/secteurs-dactivite\/paysagisme\/"]}]},{"@type":"ImageObject","inLanguage":"fr-FR","@id":"https:\/\/riwal-wpn.acceptatie.indicia-interactiv.nl\/fr\/secteurs-dactivite\/paysagisme\/#primaryimage","url":"https:\/\/riwal-wpn.acceptatie.indicia-interactiv.nl\/app\/uploads\/sites\/15\/2023\/12\/Articulee.jpg","contentUrl":"https:\/\/riwal-wpn.acceptatie.indicia-interactiv.nl\/app\/uploads\/sites\/15\/2023\/12\/Articulee.jpg"},{"@type":"BreadcrumbList","@id":"https:\/\/riwal-wpn.acceptatie.indicia-interactiv.nl\/fr\/secteurs-dactivite\/paysagisme\/#breadcrumb","itemListElement":[{"@type":"ListItem","position":1,"name":"Accueil","item":"https:\/\/riwal-wpn.acceptatie.indicia-interactiv.nl\/fr\/"},{"@type":"ListItem","position":2,"name":"Secteurs d&#8217;activit\u00e9","item":"https:\/\/riwal-wpn.acceptatie.indicia-interactiv.nl\/fr\/secteurs-dactivite\/"},{"@type":"ListItem","position":3,"name":"Paysagisme"}]},{"@type":"WebSite","@id":"https:\/\/riwal-wpn.acceptatie.indicia-interactiv.nl\/fr\/#website","url":"https:\/\/riwal-wpn.acceptatie.indicia-interactiv.nl\/fr\/","name":"Riwal","description":"Location nacelle \u00e9l\u00e9vatrice, formation CACES, vente nacelles - Riwal France","publisher":{"@id":"https:\/\/riwal-wpn.acceptatie.indicia-interactiv.nl\/fr\/#organization"},"potentialAction":[{"@type":"SearchAction","target":{"@type":"EntryPoint","urlTemplate":"https:\/\/riwal-wpn.acceptatie.indicia-interactiv.nl\/fr\/?s={search_term_string}"},"query-input":{"@type":"PropertyValueSpecification","valueRequired":true,"valueName":"search_term_string"}}],"inLanguage":"fr-FR"},{"@type":"Organization","@id":"https:\/\/riwal-wpn.acceptatie.indicia-interactiv.nl\/fr\/#organization","name":"Riwal","url":"https:\/\/riwal-wpn.acceptatie.indicia-interactiv.nl\/fr\/","logo":{"@type":"ImageObject","inLanguage":"fr-FR","@id":"https:\/\/riwal-wpn.acceptatie.indicia-interactiv.nl\/fr\/#\/schema\/logo\/image\/","url":"","contentUrl":"","caption":"Riwal"},"image":{"@id":"https:\/\/riwal-wpn.acceptatie.indicia-interactiv.nl\/fr\/#\/schema\/logo\/image\/"}}]}},"_links":{"self":[{"href":"https:\/\/riwal-wpn.acceptatie.indicia-interactiv.nl\/fr\/wp-json\/wp\/v2\/pages\/3210","targetHints":{"allow":["GET"]}}],"collection":[{"href":"https:\/\/riwal-wpn.acceptatie.indicia-interactiv.nl\/fr\/wp-json\/wp\/v2\/pages"}],"about":[{"href":"https:\/\/riwal-wpn.acceptatie.indicia-interactiv.nl\/fr\/wp-json\/wp\/v2\/types\/page"}],"author":[{"embeddable":true,"href":"https:\/\/riwal-wpn.acceptatie.indicia-interactiv.nl\/fr\/wp-json\/wp\/v2\/users\/17"}],"replies":[{"embeddable":true,"href":"https:\/\/riwal-wpn.acceptatie.indicia-interactiv.nl\/fr\/wp-json\/wp\/v2\/comments?post=3210"}],"version-history":[{"count":46,"href":"https:\/\/riwal-wpn.acceptatie.indicia-interactiv.nl\/fr\/wp-json\/wp\/v2\/pages\/3210\/revisions"}],"predecessor-version":[{"id":8087,"href":"https:\/\/riwal-wpn.acceptatie.indicia-interactiv.nl\/fr\/wp-json\/wp\/v2\/pages\/3210\/revisions\/8087"}],"up":[{"embeddable":true,"href":"https:\/\/riwal-wpn.acceptatie.indicia-interactiv.nl\/fr\/wp-json\/wp\/v2\/pages\/3212"}],"wp:attachment":[{"href":"https:\/\/riwal-wpn.acceptatie.indicia-interactiv.nl\/fr\/wp-json\/wp\/v2\/media?parent=3210"}],"curies":[{"name":"wp","href":"https:\/\/api.w.org\/{rel}","templated":true}]}}