{"id":5896,"date":"2024-02-12T08:40:06","date_gmt":"2024-02-12T08:40:06","guid":{"rendered":"https:\/\/riwal-wpn.acceptatie.indicia-interactiv.nl\/no\/?page_id=5896"},"modified":"2024-02-13T13:10:54","modified_gmt":"2024-02-13T13:10:54","slug":"gronn-omstilling","status":"publish","type":"page","link":"https:\/\/riwal-wpn.acceptatie.indicia-interactiv.nl\/no\/om-riwal\/gronn-omstilling\/","title":{"rendered":"Gr\u00f8nn omstilling"},"content":{"rendered":"<div class=\"rental-wp-default-block rental-theme-block-default-margin\">\n\t\t\t\t\t\t\t\t<div class=\"container\">\n<div class=\"wp-block-rental-theme-title-text rental-theme-block-default-margin\">\n\t<div class=\"wp-block-rental-theme-title-text__container\">\n\t\t<div class=\"wp-block-rental-theme-title-text__wrapper\">\n\t\t\t<h1 class='wp-block-rental-theme-title-text__title'>Slik jobber Riwal med gr\u00f8nn omstilling.<\/h1>\t\t<\/div>\n\t\t<div class='wp-block-rental-theme-title-text__text'>\n\n<p>Gr\u00f8nn omstilling er en av v\u00e5re hovedprioriteter hos Riwal, og vi anser det som essensielt \u00e5 operere mer b\u00e6rekraftig som virksomhet, og ikke minst \u00e5 tilby b\u00e6rekraftige maskiner til v\u00e5re kunder.<\/p>\n\n\n\n<p>V\u00e5re maskiner brukes i mange sektorer, inkludert bygg, installasjon, vedlikehold, industri og logistikk. Byggebransjen st\u00e5r overfor en stor omstilling for \u00e5 redusere CO2-utslippene &#8211; og vi \u00f8nsker \u00e5 bidra i denne prosessen.<\/p>\n\n\n\n<p>Derfor ser vi en viktig rolle for Riwal i overgangen til et kliman\u00f8ytralt og sunt milj\u00f8. Vi er engasjert i menneskers helse og forbedringen av det naturlige milj\u00f8et.<\/p>\n\n<\/div>\n\t<\/div>\n<\/div><\/div>\n\t\t\t\t\t\t\t<\/div> \n\n<div class=\"rental-wp-default-block rental-theme-block-default-margin\">\n\t\t\t\t\t\t\t\t<div class=\"container\">\n<div class=\"wp-block-columns is-layout-flex wp-container-core-columns-is-layout-28f84493 wp-block-columns-is-layout-flex\">\n<div class=\"wp-block-column is-layout-flow wp-block-column-is-layout-flow\" style=\"flex-basis:66.66%\">\n<p><\/p>\n\n\n\n<h2 class=\"wp-block-heading\" id=\"h-ecovadis-gold-rating\">Ecovadis Gold Rating<\/h2>\n\n\n\n<p><br>EcoVadis vurderer bedrifter basert p\u00e5 deres b\u00e6rekraftsprestasjoner ved \u00e5 se p\u00e5 deres innsats innenfor temaer som milj\u00f8, arbeid, forretningsetikk og b\u00e6rekraftig innkj\u00f8p. P\u00e5 n\u00e5v\u00e6rende tidspunkt har vi en EcoVadis Gold-medalje (2022), noe som plasserer oss blant de \u00f8verste 5% av vurderte bedrifter. Vi \u00f8nsker \u00e5 bevise v\u00e5rt engasjement for v\u00e5re b\u00e6rekraftsm\u00e5l og streber etter \u00e5 oppn\u00e5 en EcoVadis Platinum-niv\u00e5 innen 2025.<\/p>\n<\/div>\n\n\n\n<div class=\"wp-block-column is-layout-flow wp-block-column-is-layout-flow\" style=\"flex-basis:33.33%\">\n<figure class=\"wp-block-image size-full is-resized\"><img decoding=\"async\" src=\"https:\/\/riwal-wpn.acceptatie.indicia-interactiv.nl\/app\/uploads\/sites\/14\/2023\/08\/Ecovadis-825-\u00d7-825px-Gold-2023.png\" alt=\"Riwal har opn\u00e5et en Ecovadis Gold Medal rating baseret p\u00e5 vores indsats i at blive mere b\u00e6redygtige.\" class=\"wp-image-4032\" style=\"width:235px;height:auto\" \/><\/figure>\n<\/div>\n<\/div>\n<\/div>\n\t\t\t\t\t\t\t<\/div> \n\n<div class=\"wp-block-rental-theme-featured rental-theme-block-default-padding\">\n\t<div class=\"container\">\n\t\t<div class=\"wp-block-rental-theme-featured-container\">\n\t\t\t<div class=\"wp-block-rental-theme-featured__image\">\n\t\t\t\t<div class=\"wp-block-rental-theme-featured-image-container\">\n\t\t\t\t\t\t\t\t\t\t\t<div class=\"main-image\">\n\t\t\t\t\t\t\t<img loading=\"lazy\" decoding=\"async\" width=\"620\" height=\"414\" src=\"https:\/\/riwal-wpn.acceptatie.indicia-interactiv.nl\/app\/uploads\/sites\/12\/2024\/02\/El-bomlift-JLG-660SJ-E-Riwal-1-1-620x414.jpg\" class=\"attachment-featured_block_image size-featured_block_image\" alt=\"\" srcset=\"https:\/\/riwal-wpn.acceptatie.indicia-interactiv.nl\/app\/uploads\/sites\/12\/2024\/02\/El-bomlift-JLG-660SJ-E-Riwal-1-1-620x414.jpg 620w, https:\/\/riwal-wpn.acceptatie.indicia-interactiv.nl\/app\/uploads\/sites\/12\/2024\/02\/El-bomlift-JLG-660SJ-E-Riwal-1-1-300x200.jpg 300w, https:\/\/riwal-wpn.acceptatie.indicia-interactiv.nl\/app\/uploads\/sites\/12\/2024\/02\/El-bomlift-JLG-660SJ-E-Riwal-1-1-768x512.jpg 768w, https:\/\/riwal-wpn.acceptatie.indicia-interactiv.nl\/app\/uploads\/sites\/12\/2024\/02\/El-bomlift-JLG-660SJ-E-Riwal-1-1-178x119.jpg 178w, https:\/\/riwal-wpn.acceptatie.indicia-interactiv.nl\/app\/uploads\/sites\/12\/2024\/02\/El-bomlift-JLG-660SJ-E-Riwal-1-1-390x260.jpg 390w, https:\/\/riwal-wpn.acceptatie.indicia-interactiv.nl\/app\/uploads\/sites\/12\/2024\/02\/El-bomlift-JLG-660SJ-E-Riwal-1-1-830x554.jpg 830w, https:\/\/riwal-wpn.acceptatie.indicia-interactiv.nl\/app\/uploads\/sites\/12\/2024\/02\/El-bomlift-JLG-660SJ-E-Riwal-1-1-250x167.jpg 250w, https:\/\/riwal-wpn.acceptatie.indicia-interactiv.nl\/app\/uploads\/sites\/12\/2024\/02\/El-bomlift-JLG-660SJ-E-Riwal-1-1-237x158.jpg 237w, https:\/\/riwal-wpn.acceptatie.indicia-interactiv.nl\/app\/uploads\/sites\/12\/2024\/02\/El-bomlift-JLG-660SJ-E-Riwal-1-1-474x316.jpg 474w, https:\/\/riwal-wpn.acceptatie.indicia-interactiv.nl\/app\/uploads\/sites\/12\/2024\/02\/El-bomlift-JLG-660SJ-E-Riwal-1-1.jpg 1000w\" sizes=\"auto, (max-width: 620px) 100vw, 620px\" \/>\t\t\t\t\t\t<\/div>\n\t\t\t\t\t\t\t\t\t\t<div class=\"wp-block-rental-theme-featured-image-container__subtext\">\n\t\t\t\t\t\t\t\t\t\t\t<\/div>\n\t\t\t\t<\/div>\n\t\t\t<\/div>\n\t\t\t<div class=\"wp-block-rental-theme-featured-content\">\n\t\t\t\t<div>\n\t\t\t\t\t<h2 class=\"wp-block-rental-theme-featured-title\"><br>Riwals fem fokusomr\u00e5der innen gr\u00f8nn omstilling<\/h2>\n\t\t\t\t\t<div class=\"wp-block-rental-theme-featured-text\">\n\n<p>Riwal har formulert fem fokusomr\u00e5der med tilh\u00f8rende m\u00e5l for 2030. Disse temaene er inkludert i v\u00e5r &laquo;Lifting Sustainability&raquo; strategi.<\/p>\n\n\n\n<p>V\u00e5re m\u00e5l for b\u00e6rekraftig utvikling er basert p\u00e5 FNs b\u00e6rekraftsm\u00e5l (SDG&#8217;ene) og OECDs retningslinjer for bedriftsstyring.<\/p>\n\n\n\n<p>Noen av disse m\u00e5lene fokuserer p\u00e5 b\u00e6rekraftig drift innenfor v\u00e5r egen organisasjon. Vi kaller det \u00e5 &laquo;ha v\u00e5rt eget hus i orden&raquo;. De andre m\u00e5lene omhandler utviklinger som gj\u00f8r b\u00e6rekraftighet til en stadig viktigere del av v\u00e5r bransje. Vi mener det er viktig \u00e5 spille en pionerrolle i dette.<\/p>\n\n\n\n<p>Ved \u00e5 fokusere p\u00e5 disse fem kjerneomr\u00e5dene kan vi bidra betydelig til \u00e5 gj\u00f8re tilgangen med motoriserte l\u00f8sninger mer b\u00e6rekraftig og skille oss ut p\u00e5 markedet som en b\u00e6rekraftig kunnskapspartner.<\/p>\n\n<\/div>\n\t\t\t\t<\/div>\n\t\t\t<\/div>\n\t\t<\/div>\n\t<\/div>\n<\/div>\n\n\n<div class=\"rental-wp-default-block rental-theme-block-default-margin\">\n\t\t\t\t\t\t\t\t<div class=\"container\">\n<div class=\"wp-block-media-text has-media-on-the-right is-stacked-on-mobile\"><div class=\"wp-block-media-text__content\">\n<h3 class=\"wp-block-heading\" id=\"h-de-fem-fokusomradene-er\">De fem fokusomr\u00e5dene er:<\/h3>\n\n\n\n<ul class=\"wp-block-list\">\n<li>CO2-utslipp fra v\u00e5re aktiviteter<\/li>\n\n\n\n<li>\u00c5 leie i stedet for \u00e5 eie<\/li>\n\n\n\n<li>Sirkul\u00e6r bruk av materialer<\/li>\n\n\n\n<li>Et b\u00e6rekraftig arbeidsmilj\u00f8<\/li>\n\n\n\n<li>Engasjement i lokalsamfunnet<\/li>\n<\/ul>\n<\/div><figure class=\"wp-block-media-text__media\"><img decoding=\"async\" src=\"https:\/\/riwal-wpn.acceptatie.indicia-interactiv.nl\/app\/uploads\/sites\/14\/2023\/08\/Lifting-Sustainability-Riwal-1024x267.png\" alt=\"Riwal &quot;Lifting Sustainability&quot; kampagne for en mere b\u00e6redygtig byggebranche.\" class=\"wp-image-3628 size-full\" \/><\/figure><\/div>\n<\/div>\n\t\t\t\t\t\t\t<\/div> \n\n<div class=\"rental-wp-default-block rental-theme-block-default-margin\">\n\t\t\t\t\t\t\t\t<div class=\"container\"><div class=\"wp-block-rental-theme-expertises wp-block-rental-theme-expertises--white rental-theme-block-default-margin\">\n\t\t<div class=\"wp-block-rental-theme-expertises__container\">\n\t\t\t<h2 class='wp-block-rental-theme-expertises__title'><br><br>Fokusomr\u00e5de 1: CO2-utslipp fra v\u00e5re aktiviteter<\/h2>\t\t\t\n\n<div class=\"wp-block-columns is-layout-flex wp-container-core-columns-is-layout-28f84493 wp-block-columns-is-layout-flex\">\n<div class=\"wp-block-column is-layout-flow wp-block-column-is-layout-flow\"><div class=\"wp-block-rental-theme-expertise-item\">\n\t<div class=\"wp-block-rental-theme-expertise-item__container\">\n\t\t<div class=\"wp-block-rental-theme-expertise-item__content\">\n\t\t\t\t\t\t\t\t\t\t\t\t<div class=\"wp-block-rental-theme-expertise-item--no-link\">\n\t\t\t\t\t\t<h2 class='wp-block-rental-theme-expertise-item__title'>Elektrifisering<\/h2>\t\t\t\t\t<\/div>\n\t\t\t\t\t\t\t\t<div class=\"wp-block-rental-theme-expertise-item__text\">\n\n<p>Innen 2030 sikter vi mot \u00e5 redusere utslippsniv\u00e5et fra maskinene v\u00e5re med 30% sammenlignet med 2020. P\u00e5 denne m\u00e5ten hjelper vi v\u00e5re kunder med \u00e5 overholde stadig strengere lover og reguleringer, samt \u00e5 oppfylle deres egne b\u00e6rekraftsm\u00e5l. Elektrifisering av v\u00e5r fl\u00e5te er derfor en topprioritet. Ved utgangen av 2022 var 65% av v\u00e5r fl\u00e5te i Europa allerede elektrisk drevet, og vi sikter mot 90% innen 2030. Vi utvider ikke bare v\u00e5r utleiefl\u00e5te med fullt elektriske arbeidsplattformer, men diesel-drevne arbeidsplattformer blir ogs\u00e5 konvertert av v\u00e5re egne tekniske spesialister.<\/p>\n\n<\/div>\n\t\t\t\t\t<\/div>\n\t<\/div>\n<\/div>\n<\/div>\n\n\n\n<div class=\"wp-block-column is-layout-flow wp-block-column-is-layout-flow\"><div class=\"wp-block-rental-theme-expertise-item\">\n\t<div class=\"wp-block-rental-theme-expertise-item__container\">\n\t\t<div class=\"wp-block-rental-theme-expertise-item__content\">\n\t\t\t\t\t\t\t\t\t\t\t\t<div class=\"wp-block-rental-theme-expertise-item--no-link\">\n\t\t\t\t\t\t<h2 class='wp-block-rental-theme-expertise-item__title'>Smartere transport<\/h2>\t\t\t\t\t<\/div>\n\t\t\t\t\t\t\t\t<div class=\"wp-block-rental-theme-expertise-item__text\">\n\n<p>CO2-reduksjon oppn\u00e5s ikke bare gjennom smarte endringer i v\u00e5r utleiefl\u00e5te. Det er ogs\u00e5 milj\u00f8gevinster \u00e5 hente innen transportsektoren. Jo mer effektivt vi organiserer v\u00e5r transport, desto f\u00e6rre kilometer m\u00e5 lastebilene v\u00e5re kj\u00f8re. Og fordi nye modeller slipper ut f\u00e6rre skadelige stoffer, moderniserer vi kontinuerlig fl\u00e5ten v\u00e5r av lastebiler og servicebiler. Ansatte med roller i &#8211; og rundt &#8211; transportavdelingen gjennomg\u00e5r spesielle kurs for \u00e5 kj\u00f8re s\u00e5 klimavennlig som mulig.<\/p>\n\n<\/div>\n\t\t\t\t\t<\/div>\n\t<\/div>\n<\/div>\n<\/div>\n<\/div>\n\n\t\t<\/div>\n<\/div>\n\n<\/div>\n\t\t\t\t\t\t\t<\/div> \n\n<div class=\"container\">\n<p><\/p>\n<\/div>\n\n<div class=\"wp-block-rental-theme-featured rental-theme-block-default-padding\">\n\t<div class=\"container\">\n\t\t<div class=\"wp-block-rental-theme-featured-container\">\n\t\t\t<div class=\"wp-block-rental-theme-featured__image\">\n\t\t\t\t<div class=\"wp-block-rental-theme-featured-image-container\">\n\t\t\t\t\t\t\t\t\t\t\t<div class=\"main-image\">\n\t\t\t\t\t\t\t<img loading=\"lazy\" decoding=\"async\" width=\"620\" height=\"413\" src=\"https:\/\/riwal-wpn.acceptatie.indicia-interactiv.nl\/app\/uploads\/sites\/12\/2024\/02\/image-7-620x413.png\" class=\"attachment-featured_block_image size-featured_block_image\" alt=\"\" srcset=\"https:\/\/riwal-wpn.acceptatie.indicia-interactiv.nl\/app\/uploads\/sites\/12\/2024\/02\/image-7-620x413.png 620w, https:\/\/riwal-wpn.acceptatie.indicia-interactiv.nl\/app\/uploads\/sites\/12\/2024\/02\/image-7-300x200.png 300w, https:\/\/riwal-wpn.acceptatie.indicia-interactiv.nl\/app\/uploads\/sites\/12\/2024\/02\/image-7-768x512.png 768w, https:\/\/riwal-wpn.acceptatie.indicia-interactiv.nl\/app\/uploads\/sites\/12\/2024\/02\/image-7-178x119.png 178w, https:\/\/riwal-wpn.acceptatie.indicia-interactiv.nl\/app\/uploads\/sites\/12\/2024\/02\/image-7-390x260.png 390w, https:\/\/riwal-wpn.acceptatie.indicia-interactiv.nl\/app\/uploads\/sites\/12\/2024\/02\/image-7-250x167.png 250w, https:\/\/riwal-wpn.acceptatie.indicia-interactiv.nl\/app\/uploads\/sites\/12\/2024\/02\/image-7-237x158.png 237w, https:\/\/riwal-wpn.acceptatie.indicia-interactiv.nl\/app\/uploads\/sites\/12\/2024\/02\/image-7-474x316.png 474w, https:\/\/riwal-wpn.acceptatie.indicia-interactiv.nl\/app\/uploads\/sites\/12\/2024\/02\/image-7.png 800w\" sizes=\"auto, (max-width: 620px) 100vw, 620px\" \/>\t\t\t\t\t\t<\/div>\n\t\t\t\t\t\t\t\t\t\t<div class=\"wp-block-rental-theme-featured-image-container__subtext\">\n\t\t\t\t\t\t\t\t\t\t\t<\/div>\n\t\t\t\t<\/div>\n\t\t\t<\/div>\n\t\t\t<div class=\"wp-block-rental-theme-featured-content\">\n\t\t\t\t<div>\n\t\t\t\t\t<h2 class=\"wp-block-rental-theme-featured-title\"><br>Fokusomr\u00e5de 2: \u00c5 leie i stedet for \u00e5 eie<\/h2>\n\t\t\t\t\t<div class=\"wp-block-rental-theme-featured-text\">\n\n<p><br>Utleie av maskiner er en b\u00e6rekraftig og effektiv m\u00e5te \u00e5 bruke utstyr p\u00e5. Forskning har vist at den totale CO2-utslipp kan halveres ved \u00e5 leie i stedet for \u00e5 kj\u00f8pe maskiner. Men selv om utleie i de fleste tilfeller er det mest b\u00e6rekraftige valget, er det ikke alltid den beste l\u00f8sningen. Det er alltid viktig \u00e5 veie fordeler og ulemper, og fastsette den spesifikke klimap\u00e5virkningen for b\u00e5de kj\u00f8p og utleie av maskiner. Vi hjelper gjerne v\u00e5re kunder med \u00e5 ta det riktige valget.<\/p>\n\n<\/div>\n\t\t\t\t<\/div>\n\t\t\t<\/div>\n\t\t<\/div>\n\t<\/div>\n<\/div>\n\n\n<div class=\"rental-wp-default-block rental-theme-block-default-margin\">\n\t\t\t\t\t\t\t\t<div class=\"container\">\n<div class=\"wp-block-media-text has-media-on-the-right is-stacked-on-mobile\" style=\"grid-template-columns:auto 15%\"><div class=\"wp-block-media-text__content\">\n<h2 class=\"wp-block-heading\" id=\"h-fokusomrade-3-sirkulaer-bruk-av-materialer\">Fokusomr\u00e5de 3: Sirkul\u00e6r bruk av materialer<\/h2>\n\n\n\n<p>Ved \u00e5 jobbe etter sirkul\u00e6re prinsipper reduserer vi v\u00e5rt behov for prim\u00e6re r\u00e5materialer og tillater at materialer sirkulerer i kretsl\u00f8p. Det er blitt utviklet flere initiativer innenfor Riwal for gjenvinning av r\u00e5materialer. For eksempel er det i flere land hvor vi opererer, blitt investert i et intelligent avl\u00f8pssystem for v\u00e5re vaskehaller, noe som reduserer vannforbruket med opptil 67%.<\/p>\n\n\n\n<p>I 2022 ble 73% av v\u00e5rt avfall gjenvunnet, og v\u00e5rt m\u00e5l er \u00e5 f\u00e5 90% av avfallet gjenvunnet innen 2030. Ved gradvis \u00e5 \u00f8ke andelen fornybare og gjenvunnede r\u00e5materialer, og redusere andelen prim\u00e6re r\u00e5materialer, sikter Riwal mot \u00e5 redusere den milj\u00f8messige p\u00e5virkningen skapt av bruken av r\u00e5materialer og materialer.<\/p>\n<\/div><figure class=\"wp-block-media-text__media\"><img decoding=\"async\" src=\"https:\/\/riwal-wpn.acceptatie.indicia-interactiv.nl\/app\/uploads\/sites\/14\/2023\/08\/RWL-Sustainability-InternalActivities.png\" alt=\"\" class=\"wp-image-3602 size-full\" \/><\/figure><\/div>\n<\/div>\n\t\t\t\t\t\t\t<\/div> \n\n<div class=\"rental-wp-default-block rental-theme-block-default-margin\">\n\t\t\t\t\t\t\t\t<div class=\"container\">\n<div class=\"wp-block-rental-theme-title-text rental-theme-block-default-margin\">\n\t<div class=\"wp-block-rental-theme-title-text__container\">\n\t\t<div class=\"wp-block-rental-theme-title-text__wrapper\">\n\t\t\t<h2 class='wp-block-rental-theme-title-text__title'>Fokusomr\u00e5de 4: Et b\u00e6rekraftig arbeidsmilj\u00f8<\/h2>\t\t<\/div>\n\t\t<div class='wp-block-rental-theme-title-text__text'>\n\n<p>Hos Riwal \u00f8nsker vi \u00e5 operere s\u00e5 energieffektivt som mulig. Som en del av dette har vi innf\u00f8rt f\u00f8lgende tiltak:<\/p>\n\n\n\n<ul class=\"wp-block-list\">\n<li>Vi gjenbruker vannet i vaskehallene v\u00e5re til maskinene.<\/li>\n\n\n\n<li>Vi har inng\u00e5tt et gr\u00f8nt partnerskap med Fristads Kansas, som betyr at alle v\u00e5re mekanikere og sj\u00e5f\u00f8rer jobber i b\u00e6rekraftige arbeidskl\u00e6r fra Kansas&raquo; kolleksjon Fristads Green, som er verdens f\u00f8rste milj\u00f8deklarerte arbeidskl\u00e6rkolleksjon. Videre har vi satt opp kurver der man kan levere inn sitt slitte arbeidst\u00f8y, som vil bli returnert til Kansas slik at materialene kan gjenvinnes.<\/li>\n\n\n\n<li>Energisparende belysning &#8211; Riwal bytter til LED-lys som en del av v\u00e5r b\u00e6rekraftighetsplan.<\/li>\n\n\n\n<li>Hele konsernet jobber med h\u00e5ndtering av avfall og riktig deponering av kjemikalier.<\/li>\n<\/ul>\n\n<\/div>\n\t<\/div>\n<\/div><\/div>\n\t\t\t\t\t\t\t<\/div> \n\n<div class=\"container\">\n<h2 class=\"wp-block-heading\" id=\"h-vare-mal-for-2030\"><br>V\u00e5re m\u00e5l for 2030<\/h2>\n<\/div>\n\n<div class=\"rental-wp-default-block rental-theme-block-default-margin\">\n\t\t\t\t\t\t\t\t<div class=\"container\">\n<div class='wp-block-rental-theme-statistics rental-theme-block-default-margin'>\n\t\t<div class=\"wp-block-rental-theme-statistics__columns\">\n\t\t\t<div class='wp-block-rental-theme-statistics__columns_column'>\n\t\t\t\t<p class='wp-block-rental-theme-statistics__columns_column-title'>CO2-utslipp<\/p>\n\t\t\t\t<p class='wp-block-rental-theme-statistics__columns_column-number'>-30%<\/p>\n\t\t\t<\/div>\n\t\t\t<div class='wp-block-rental-theme-statistics__columns_column'>\n\t\t\t\t<p class='wp-block-rental-theme-statistics__columns_column-title'>Genanvendt avfall<\/p>\n\t\t\t\t<p class='wp-block-rental-theme-statistics__columns_column-number'>90%<\/p>\n\t\t\t<\/div>\n\t\t\t<div class='wp-block-rental-theme-statistics__columns_column'>\n\t\t\t\t<p class='wp-block-rental-theme-statistics__columns_column-title'>Elektriske maskiner i fl\u00e5ten<\/p>\n\t\t\t\t<p class='wp-block-rental-theme-statistics__columns_column-number'>90%<\/p>\n\t\t\t<\/div>\n\t\t<\/div>\n<\/div><\/div>\n\t\t\t\t\t\t\t<\/div> \n\n<div class=\"wp-block-rental-theme-featured rental-theme-block-default-padding\">\n\t<div class=\"container\">\n\t\t<div class=\"wp-block-rental-theme-featured-container\">\n\t\t\t<div class=\"wp-block-rental-theme-featured__image\">\n\t\t\t\t<div class=\"wp-block-rental-theme-featured-image-container\">\n\t\t\t\t\t\t\t\t\t\t\t<div class=\"main-image\">\n\t\t\t\t\t\t\t<img loading=\"lazy\" decoding=\"async\" width=\"620\" height=\"413\" src=\"https:\/\/riwal-wpn.acceptatie.indicia-interactiv.nl\/app\/uploads\/sites\/12\/2024\/02\/Riwal-lift-i-Odense-Zoo-620x413.jpg\" class=\"attachment-featured_block_image size-featured_block_image\" alt=\"\" srcset=\"https:\/\/riwal-wpn.acceptatie.indicia-interactiv.nl\/app\/uploads\/sites\/12\/2024\/02\/Riwal-lift-i-Odense-Zoo-620x413.jpg 620w, https:\/\/riwal-wpn.acceptatie.indicia-interactiv.nl\/app\/uploads\/sites\/12\/2024\/02\/Riwal-lift-i-Odense-Zoo-300x200.jpg 300w, https:\/\/riwal-wpn.acceptatie.indicia-interactiv.nl\/app\/uploads\/sites\/12\/2024\/02\/Riwal-lift-i-Odense-Zoo-1024x683.jpg 1024w, https:\/\/riwal-wpn.acceptatie.indicia-interactiv.nl\/app\/uploads\/sites\/12\/2024\/02\/Riwal-lift-i-Odense-Zoo-768x512.jpg 768w, https:\/\/riwal-wpn.acceptatie.indicia-interactiv.nl\/app\/uploads\/sites\/12\/2024\/02\/Riwal-lift-i-Odense-Zoo-178x119.jpg 178w, https:\/\/riwal-wpn.acceptatie.indicia-interactiv.nl\/app\/uploads\/sites\/12\/2024\/02\/Riwal-lift-i-Odense-Zoo-390x260.jpg 390w, https:\/\/riwal-wpn.acceptatie.indicia-interactiv.nl\/app\/uploads\/sites\/12\/2024\/02\/Riwal-lift-i-Odense-Zoo-830x553.jpg 830w, https:\/\/riwal-wpn.acceptatie.indicia-interactiv.nl\/app\/uploads\/sites\/12\/2024\/02\/Riwal-lift-i-Odense-Zoo-250x167.jpg 250w, https:\/\/riwal-wpn.acceptatie.indicia-interactiv.nl\/app\/uploads\/sites\/12\/2024\/02\/Riwal-lift-i-Odense-Zoo-237x158.jpg 237w, https:\/\/riwal-wpn.acceptatie.indicia-interactiv.nl\/app\/uploads\/sites\/12\/2024\/02\/Riwal-lift-i-Odense-Zoo-474x316.jpg 474w, https:\/\/riwal-wpn.acceptatie.indicia-interactiv.nl\/app\/uploads\/sites\/12\/2024\/02\/Riwal-lift-i-Odense-Zoo.jpg 1200w\" sizes=\"auto, (max-width: 620px) 100vw, 620px\" \/>\t\t\t\t\t\t<\/div>\n\t\t\t\t\t\t\t\t\t\t<div class=\"wp-block-rental-theme-featured-image-container__subtext\">\n\t\t\t\t\t\t\t\t\t\t\t<\/div>\n\t\t\t\t<\/div>\n\t\t\t<\/div>\n\t\t\t<div class=\"wp-block-rental-theme-featured-content\">\n\t\t\t\t<div>\n\t\t\t\t\t<h2 class=\"wp-block-rental-theme-featured-title\">Fokusomr\u00e5de 5: Engasjement i lokalsamfunnet<\/h2>\n\t\t\t\t\t<div class=\"wp-block-rental-theme-featured-text\">\n\n<p><br>B\u00e6rekraftige relasjoner med ansatte, kunder og leverand\u00f8rer betyr mye for oss, akkurat som \u00e5 bidra positivt til samfunnet. Derfor har vi inng\u00e5tt ulike partnerskap innen helsepleie, sport og kultur, og st\u00f8tter veldedige organisasjoner<\/p>\n\n<\/div>\n\t\t\t\t<\/div>\n\t\t\t<\/div>\n\t\t<\/div>\n\t<\/div>\n<\/div>\n\n\n<div class=\"rental-wp-default-block rental-theme-block-default-margin\">\n\t\t\t\t\t\t\t\t<div class=\"container\"><div class=\"wp-block-rental-theme-services\">\n\t<div class=\"wp-block-rental-theme-services__header\">\n\t\t\t\t\t<h2 class='wp-block-rental-theme-services__header--title'>Les mer om v\u00e5r gr\u00f8nne omstilling<\/h2>\t\t\t\t\t\t\t<div class=\"wp-block-rental-theme-services__header--link\">\n\t\t\t\tLes mer her\t\t\t<\/div>\n\t\t\t<\/div>\n\t<div class=\"wp-block-rental-theme-services__items\">\n\t\t\t\t\t<a href=\"https:\/\/riwal-wpn.acceptatie.indicia-interactiv.nl\/no\/om-riwal\/gronn-omstilling\/elektrisk-lifter-riwal-norge\/\"  class=\"wp-block-rental-theme-services__item wp-block-rental-theme-services__item--not-mobile wp-block-rental-theme-services__item--3\">\n\t\t\t\t<div class=\"wp-block-rental-theme-services__item-content\">\n\t\t\t\t\t<img decoding=\"async\" width=\"899\" height=\"900\" src=\"https:\/\/riwal-wpn.acceptatie.indicia-interactiv.nl\/app\/uploads\/sites\/12\/2024\/02\/Product-Website-Drukwerk.jpg\" class=\"wp-block-rental-theme-services__item-content__image\" alt=\"\" loading=\"lazy\" srcset=\"https:\/\/riwal-wpn.acceptatie.indicia-interactiv.nl\/app\/uploads\/sites\/12\/2024\/02\/Product-Website-Drukwerk.jpg 899w, https:\/\/riwal-wpn.acceptatie.indicia-interactiv.nl\/app\/uploads\/sites\/12\/2024\/02\/Product-Website-Drukwerk-300x300.jpg 300w, https:\/\/riwal-wpn.acceptatie.indicia-interactiv.nl\/app\/uploads\/sites\/12\/2024\/02\/Product-Website-Drukwerk-150x150.jpg 150w, https:\/\/riwal-wpn.acceptatie.indicia-interactiv.nl\/app\/uploads\/sites\/12\/2024\/02\/Product-Website-Drukwerk-768x769.jpg 768w, https:\/\/riwal-wpn.acceptatie.indicia-interactiv.nl\/app\/uploads\/sites\/12\/2024\/02\/Product-Website-Drukwerk-178x178.jpg 178w, https:\/\/riwal-wpn.acceptatie.indicia-interactiv.nl\/app\/uploads\/sites\/12\/2024\/02\/Product-Website-Drukwerk-390x390.jpg 390w, https:\/\/riwal-wpn.acceptatie.indicia-interactiv.nl\/app\/uploads\/sites\/12\/2024\/02\/Product-Website-Drukwerk-627x628.jpg 627w, https:\/\/riwal-wpn.acceptatie.indicia-interactiv.nl\/app\/uploads\/sites\/12\/2024\/02\/Product-Website-Drukwerk-726x726.jpg 726w, https:\/\/riwal-wpn.acceptatie.indicia-interactiv.nl\/app\/uploads\/sites\/12\/2024\/02\/Product-Website-Drukwerk-200x200.jpg 200w, https:\/\/riwal-wpn.acceptatie.indicia-interactiv.nl\/app\/uploads\/sites\/12\/2024\/02\/Product-Website-Drukwerk-489x490.jpg 489w, https:\/\/riwal-wpn.acceptatie.indicia-interactiv.nl\/app\/uploads\/sites\/12\/2024\/02\/Product-Website-Drukwerk-237x237.jpg 237w, https:\/\/riwal-wpn.acceptatie.indicia-interactiv.nl\/app\/uploads\/sites\/12\/2024\/02\/Product-Website-Drukwerk-474x475.jpg 474w\" sizes=\"auto, (max-width: 899px) 100vw, 899px\" \/>\t\t\t\t\t<div class=\"wp-block-rental-theme-services__item-content-title\">\n\t\t\t\t\t\tElektriske maskiner\t\t\t\t\t<\/div>\n\t\t\t\t<\/div>\n\t\t\t<\/a>\n\t\t\t<a href=\"https:\/\/riwal-wpn.acceptatie.indicia-interactiv.nl\/no\/om-riwal\/gronn-omstilling\/elektrisk-lifter-riwal-norge\/\"  class=\"wp-block-rental-theme-services__item wp-block-rental-theme-services__item--mobile\">\n\t\t\t\t<div class=\"wp-block-rental-theme-services__item-content\">\n\t\t\t\t\t<div class=\"wp-block-rental-theme-services__item-content__button\">\n\t\t\t\t\t\t<div class=\"wp-block-rental-theme-services__item-content-title \">\n\t\t\t\t\t\t\tElektriske maskiner\t\t\t\t\t\t<\/div>\n\t\t\t\t\t\t<div class=\"wp-block-rental-theme-services__item-content__button-icon\">\n\t\t\t\t\t\t\t<svg width=\"9\" height=\"9\" viewBox=\"0 0 9 9\" fill=\"#021A35\" xmlns=\"http:\/\/www.w3.org\/2000\/svg\"><path fill-rule=\"evenodd\" clip-rule=\"evenodd\" d=\"M.594.972H8.29V8.67H6.5V2.762H.594V.972Z\"\/><\/svg>\t\t\t\t\t\t<\/div>\n\t\t\t\t\t<\/div>\n\t\t\t\t<\/div>\n\t\t\t<\/a>\n\t\t\t\t\t<a href=\"https:\/\/riwal-wpn.acceptatie.indicia-interactiv.nl\/no\/om-riwal\/gronn-omstilling\/vare-baerekraftige-initiativer\/\"  class=\"wp-block-rental-theme-services__item wp-block-rental-theme-services__item--not-mobile wp-block-rental-theme-services__item--3\">\n\t\t\t\t<div class=\"wp-block-rental-theme-services__item-content\">\n\t\t\t\t\t<img decoding=\"async\" width=\"1024\" height=\"576\" src=\"https:\/\/riwal-wpn.acceptatie.indicia-interactiv.nl\/app\/uploads\/sites\/12\/2024\/02\/Vandrensningsanlaeg-paa-depot-i-Riwal-Odense-1024x576.jpg\" class=\"wp-block-rental-theme-services__item-content__image\" alt=\"\" loading=\"lazy\" srcset=\"https:\/\/riwal-wpn.acceptatie.indicia-interactiv.nl\/app\/uploads\/sites\/12\/2024\/02\/Vandrensningsanlaeg-paa-depot-i-Riwal-Odense-1024x576.jpg 1024w, https:\/\/riwal-wpn.acceptatie.indicia-interactiv.nl\/app\/uploads\/sites\/12\/2024\/02\/Vandrensningsanlaeg-paa-depot-i-Riwal-Odense-300x169.jpg 300w, https:\/\/riwal-wpn.acceptatie.indicia-interactiv.nl\/app\/uploads\/sites\/12\/2024\/02\/Vandrensningsanlaeg-paa-depot-i-Riwal-Odense-768x432.jpg 768w, https:\/\/riwal-wpn.acceptatie.indicia-interactiv.nl\/app\/uploads\/sites\/12\/2024\/02\/Vandrensningsanlaeg-paa-depot-i-Riwal-Odense-178x100.jpg 178w, https:\/\/riwal-wpn.acceptatie.indicia-interactiv.nl\/app\/uploads\/sites\/12\/2024\/02\/Vandrensningsanlaeg-paa-depot-i-Riwal-Odense-390x219.jpg 390w, https:\/\/riwal-wpn.acceptatie.indicia-interactiv.nl\/app\/uploads\/sites\/12\/2024\/02\/Vandrensningsanlaeg-paa-depot-i-Riwal-Odense-830x467.jpg 830w, https:\/\/riwal-wpn.acceptatie.indicia-interactiv.nl\/app\/uploads\/sites\/12\/2024\/02\/Vandrensningsanlaeg-paa-depot-i-Riwal-Odense-250x141.jpg 250w, https:\/\/riwal-wpn.acceptatie.indicia-interactiv.nl\/app\/uploads\/sites\/12\/2024\/02\/Vandrensningsanlaeg-paa-depot-i-Riwal-Odense-620x349.jpg 620w, https:\/\/riwal-wpn.acceptatie.indicia-interactiv.nl\/app\/uploads\/sites\/12\/2024\/02\/Vandrensningsanlaeg-paa-depot-i-Riwal-Odense-237x133.jpg 237w, https:\/\/riwal-wpn.acceptatie.indicia-interactiv.nl\/app\/uploads\/sites\/12\/2024\/02\/Vandrensningsanlaeg-paa-depot-i-Riwal-Odense-474x267.jpg 474w, https:\/\/riwal-wpn.acceptatie.indicia-interactiv.nl\/app\/uploads\/sites\/12\/2024\/02\/Vandrensningsanlaeg-paa-depot-i-Riwal-Odense.jpg 1200w\" sizes=\"auto, (max-width: 1024px) 100vw, 1024px\" \/>\t\t\t\t\t<div class=\"wp-block-rental-theme-services__item-content-title\">\n\t\t\t\t\t\tB\u00e6rekraftige initiativer\t\t\t\t\t<\/div>\n\t\t\t\t<\/div>\n\t\t\t<\/a>\n\t\t\t<a href=\"https:\/\/riwal-wpn.acceptatie.indicia-interactiv.nl\/no\/om-riwal\/gronn-omstilling\/vare-baerekraftige-initiativer\/\"  class=\"wp-block-rental-theme-services__item wp-block-rental-theme-services__item--mobile\">\n\t\t\t\t<div class=\"wp-block-rental-theme-services__item-content\">\n\t\t\t\t\t<div class=\"wp-block-rental-theme-services__item-content__button\">\n\t\t\t\t\t\t<div class=\"wp-block-rental-theme-services__item-content-title \">\n\t\t\t\t\t\t\tB\u00e6rekraftige initiativer\t\t\t\t\t\t<\/div>\n\t\t\t\t\t\t<div class=\"wp-block-rental-theme-services__item-content__button-icon\">\n\t\t\t\t\t\t\t<svg width=\"9\" height=\"9\" viewBox=\"0 0 9 9\" fill=\"#021A35\" xmlns=\"http:\/\/www.w3.org\/2000\/svg\"><path fill-rule=\"evenodd\" clip-rule=\"evenodd\" d=\"M.594.972H8.29V8.67H6.5V2.762H.594V.972Z\"\/><\/svg>\t\t\t\t\t\t<\/div>\n\t\t\t\t\t<\/div>\n\t\t\t\t<\/div>\n\t\t\t<\/a>\n\t\t\t\t\t<a href=\"https:\/\/riwal-wpn.acceptatie.indicia-interactiv.nl\/no\/om-riwal\/gronn-omstilling\/baerekraftrapport\/\"  class=\"wp-block-rental-theme-services__item wp-block-rental-theme-services__item--not-mobile wp-block-rental-theme-services__item--3\">\n\t\t\t\t<div class=\"wp-block-rental-theme-services__item-content\">\n\t\t\t\t\t<img decoding=\"async\" width=\"724\" height=\"1024\" src=\"https:\/\/riwal-wpn.acceptatie.indicia-interactiv.nl\/app\/uploads\/sites\/12\/2024\/02\/Riwal-Sustainablity-Report-2022.jpg\" class=\"wp-block-rental-theme-services__item-content__image\" alt=\"\" loading=\"lazy\" srcset=\"https:\/\/riwal-wpn.acceptatie.indicia-interactiv.nl\/app\/uploads\/sites\/12\/2024\/02\/Riwal-Sustainablity-Report-2022.jpg 724w, https:\/\/riwal-wpn.acceptatie.indicia-interactiv.nl\/app\/uploads\/sites\/12\/2024\/02\/Riwal-Sustainablity-Report-2022-212x300.jpg 212w, https:\/\/riwal-wpn.acceptatie.indicia-interactiv.nl\/app\/uploads\/sites\/12\/2024\/02\/Riwal-Sustainablity-Report-2022-178x252.jpg 178w, https:\/\/riwal-wpn.acceptatie.indicia-interactiv.nl\/app\/uploads\/sites\/12\/2024\/02\/Riwal-Sustainablity-Report-2022-654x925.jpg 654w, https:\/\/riwal-wpn.acceptatie.indicia-interactiv.nl\/app\/uploads\/sites\/12\/2024\/02\/Riwal-Sustainablity-Report-2022-444x628.jpg 444w, https:\/\/riwal-wpn.acceptatie.indicia-interactiv.nl\/app\/uploads\/sites\/12\/2024\/02\/Riwal-Sustainablity-Report-2022-141x200.jpg 141w, https:\/\/riwal-wpn.acceptatie.indicia-interactiv.nl\/app\/uploads\/sites\/12\/2024\/02\/Riwal-Sustainablity-Report-2022-346x490.jpg 346w, https:\/\/riwal-wpn.acceptatie.indicia-interactiv.nl\/app\/uploads\/sites\/12\/2024\/02\/Riwal-Sustainablity-Report-2022-237x335.jpg 237w, https:\/\/riwal-wpn.acceptatie.indicia-interactiv.nl\/app\/uploads\/sites\/12\/2024\/02\/Riwal-Sustainablity-Report-2022-474x670.jpg 474w\" sizes=\"auto, (max-width: 724px) 100vw, 724px\" \/>\t\t\t\t\t<div class=\"wp-block-rental-theme-services__item-content-title\">\n\t\t\t\t\t\tRiwal b\u00e6rekraftsrapport\t\t\t\t\t<\/div>\n\t\t\t\t<\/div>\n\t\t\t<\/a>\n\t\t\t<a href=\"https:\/\/riwal-wpn.acceptatie.indicia-interactiv.nl\/no\/om-riwal\/gronn-omstilling\/baerekraftrapport\/\"  class=\"wp-block-rental-theme-services__item wp-block-rental-theme-services__item--mobile\">\n\t\t\t\t<div class=\"wp-block-rental-theme-services__item-content\">\n\t\t\t\t\t<div class=\"wp-block-rental-theme-services__item-content__button\">\n\t\t\t\t\t\t<div class=\"wp-block-rental-theme-services__item-content-title \">\n\t\t\t\t\t\t\tRiwal b\u00e6rekraftsrapport\t\t\t\t\t\t<\/div>\n\t\t\t\t\t\t<div class=\"wp-block-rental-theme-services__item-content__button-icon\">\n\t\t\t\t\t\t\t<svg width=\"9\" height=\"9\" viewBox=\"0 0 9 9\" fill=\"#021A35\" xmlns=\"http:\/\/www.w3.org\/2000\/svg\"><path fill-rule=\"evenodd\" clip-rule=\"evenodd\" d=\"M.594.972H8.29V8.67H6.5V2.762H.594V.972Z\"\/><\/svg>\t\t\t\t\t\t<\/div>\n\t\t\t\t\t<\/div>\n\t\t\t\t<\/div>\n\t\t\t<\/a>\n\t\t\t<\/div>\n<\/div>\n<\/div>\n\t\t\t\t\t\t\t<\/div> ","protected":false},"excerpt":{"rendered":"<p>Ecovadis Gold Rating EcoVadis vurderer bedrifter basert p\u00e5 deres b\u00e6rekraftsprestasjoner ved \u00e5 se p\u00e5 deres innsats innenfor temaer som milj\u00f8, arbeid, forretningsetikk og b\u00e6rekraftig innkj\u00f8p. P\u00e5 n\u00e5v\u00e6rende tidspunkt har vi en EcoVadis Gold-medalje (2022), noe som plasserer oss blant de \u00f8verste 5% av vurderte bedrifter. Vi \u00f8nsker \u00e5 bevise v\u00e5rt engasjement for v\u00e5re b\u00e6rekraftsm\u00e5l og &hellip; <a href=\"https:\/\/riwal-wpn.acceptatie.indicia-interactiv.nl\/no\/om-riwal\/gronn-omstilling\/\">Fortsettelse<\/a><\/p>\n","protected":false},"author":18,"featured_media":0,"parent":5657,"menu_order":0,"comment_status":"closed","ping_status":"closed","template":"","meta":{"_acf_changed":false,"editor_notices":[],"footnotes":""},"class_list":["post-5896","page","type-page","status-publish","hentry"],"acf":[],"yoast_head":"<!-- This site is optimized with the Yoast SEO Premium plugin v27.1 (Yoast SEO v27.1.1) - https:\/\/yoast.com\/product\/yoast-seo-premium-wordpress\/ -->\n<title>Gr\u00f8nn omstilling - Riwal Norge<\/title>\n<meta name=\"robots\" content=\"noindex, follow, max-snippet:-1, max-image-preview:large, max-video-preview:-1\" \/>\n<meta property=\"og:locale\" content=\"nn_NO\" \/>\n<meta property=\"og:type\" content=\"article\" \/>\n<meta property=\"og:title\" content=\"Gr\u00f8nn omstilling\" \/>\n<meta property=\"og:description\" content=\"Ecovadis Gold Rating EcoVadis vurderer bedrifter basert p\u00e5 deres b\u00e6rekraftsprestasjoner ved \u00e5 se p\u00e5 deres innsats innenfor temaer som milj\u00f8, arbeid, forretningsetikk og b\u00e6rekraftig innkj\u00f8p. P\u00e5 n\u00e5v\u00e6rende tidspunkt har vi en EcoVadis Gold-medalje (2022), noe som plasserer oss blant de \u00f8verste 5% av vurderte bedrifter. Vi \u00f8nsker \u00e5 bevise v\u00e5rt engasjement for v\u00e5re b\u00e6rekraftsm\u00e5l og &hellip; Fortsettelse\" \/>\n<meta property=\"og:url\" content=\"https:\/\/riwal-wpn.acceptatie.indicia-interactiv.nl\/no\/om-riwal\/gronn-omstilling\/\" \/>\n<meta property=\"og:site_name\" content=\"Riwal Norge\" \/>\n<meta property=\"article:modified_time\" content=\"2024-02-13T13:10:54+00:00\" \/>\n<meta property=\"og:image\" content=\"https:\/\/riwal-wpn.acceptatie.indicia-interactiv.nl\/app\/uploads\/sites\/14\/2023\/08\/Lifting-Sustainability-Riwal-1024x267.png\" \/>\n<meta name=\"twitter:card\" content=\"summary_large_image\" \/>\n<script type=\"application\/ld+json\" class=\"yoast-schema-graph\">{\"@context\":\"https:\/\/schema.org\",\"@graph\":[{\"@type\":\"WebPage\",\"@id\":\"https:\/\/riwal-wpn.acceptatie.indicia-interactiv.nl\/no\/om-riwal\/gronn-omstilling\/\",\"url\":\"https:\/\/riwal-wpn.acceptatie.indicia-interactiv.nl\/no\/om-riwal\/gronn-omstilling\/\",\"name\":\"Gr\u00f8nn omstilling - Riwal Norge\",\"isPartOf\":{\"@id\":\"https:\/\/riwal-wpn.acceptatie.indicia-interactiv.nl\/no\/#website\"},\"primaryImageOfPage\":{\"@id\":\"https:\/\/riwal-wpn.acceptatie.indicia-interactiv.nl\/no\/om-riwal\/gronn-omstilling\/#primaryimage\"},\"image\":{\"@id\":\"https:\/\/riwal-wpn.acceptatie.indicia-interactiv.nl\/no\/om-riwal\/gronn-omstilling\/#primaryimage\"},\"thumbnailUrl\":\"https:\/\/riwal-wpn.acceptatie.indicia-interactiv.nl\/app\/uploads\/sites\/14\/2023\/08\/Lifting-Sustainability-Riwal-1024x267.png\",\"datePublished\":\"2024-02-12T08:40:06+00:00\",\"dateModified\":\"2024-02-13T13:10:54+00:00\",\"breadcrumb\":{\"@id\":\"https:\/\/riwal-wpn.acceptatie.indicia-interactiv.nl\/no\/om-riwal\/gronn-omstilling\/#breadcrumb\"},\"inLanguage\":\"nn-NO\",\"potentialAction\":[{\"@type\":\"ReadAction\",\"target\":[\"https:\/\/riwal-wpn.acceptatie.indicia-interactiv.nl\/no\/om-riwal\/gronn-omstilling\/\"]}]},{\"@type\":\"ImageObject\",\"inLanguage\":\"nn-NO\",\"@id\":\"https:\/\/riwal-wpn.acceptatie.indicia-interactiv.nl\/no\/om-riwal\/gronn-omstilling\/#primaryimage\",\"url\":\"https:\/\/riwal-wpn.acceptatie.indicia-interactiv.nl\/app\/uploads\/sites\/14\/2023\/08\/Lifting-Sustainability-Riwal-1024x267.png\",\"contentUrl\":\"https:\/\/riwal-wpn.acceptatie.indicia-interactiv.nl\/app\/uploads\/sites\/14\/2023\/08\/Lifting-Sustainability-Riwal-1024x267.png\"},{\"@type\":\"BreadcrumbList\",\"@id\":\"https:\/\/riwal-wpn.acceptatie.indicia-interactiv.nl\/no\/om-riwal\/gronn-omstilling\/#breadcrumb\",\"itemListElement\":[{\"@type\":\"ListItem\",\"position\":1,\"name\":\"Hjem\",\"item\":\"https:\/\/riwal-wpn.acceptatie.indicia-interactiv.nl\/no\/\"},{\"@type\":\"ListItem\",\"position\":2,\"name\":\"Om Riwal\",\"item\":\"https:\/\/riwal-wpn.acceptatie.indicia-interactiv.nl\/no\/om-riwal\/\"},{\"@type\":\"ListItem\",\"position\":3,\"name\":\"Gr\u00f8nn omstilling\"}]},{\"@type\":\"WebSite\",\"@id\":\"https:\/\/riwal-wpn.acceptatie.indicia-interactiv.nl\/no\/#website\",\"url\":\"https:\/\/riwal-wpn.acceptatie.indicia-interactiv.nl\/no\/\",\"name\":\"Riwal\",\"description\":\"JLG lifter til salgs\",\"publisher\":{\"@id\":\"https:\/\/riwal-wpn.acceptatie.indicia-interactiv.nl\/no\/#organization\"},\"potentialAction\":[{\"@type\":\"SearchAction\",\"target\":{\"@type\":\"EntryPoint\",\"urlTemplate\":\"https:\/\/riwal-wpn.acceptatie.indicia-interactiv.nl\/no\/?s={search_term_string}\"},\"query-input\":{\"@type\":\"PropertyValueSpecification\",\"valueRequired\":true,\"valueName\":\"search_term_string\"}}],\"inLanguage\":\"nn-NO\"},{\"@type\":\"Organization\",\"@id\":\"https:\/\/riwal-wpn.acceptatie.indicia-interactiv.nl\/no\/#organization\",\"name\":\"Riwal\",\"url\":\"https:\/\/riwal-wpn.acceptatie.indicia-interactiv.nl\/no\/\",\"logo\":{\"@type\":\"ImageObject\",\"inLanguage\":\"nn-NO\",\"@id\":\"https:\/\/riwal-wpn.acceptatie.indicia-interactiv.nl\/no\/#\/schema\/logo\/image\/\",\"url\":\"\",\"contentUrl\":\"\",\"caption\":\"Riwal\"},\"image\":{\"@id\":\"https:\/\/riwal-wpn.acceptatie.indicia-interactiv.nl\/no\/#\/schema\/logo\/image\/\"}}]}<\/script>\n<!-- \/ Yoast SEO Premium plugin. -->","yoast_head_json":{"title":"Gr\u00f8nn omstilling - Riwal Norge","robots":{"index":"noindex","follow":"follow","max-snippet":"max-snippet:-1","max-image-preview":"max-image-preview:large","max-video-preview":"max-video-preview:-1"},"og_locale":"nn_NO","og_type":"article","og_title":"Gr\u00f8nn omstilling","og_description":"Ecovadis Gold Rating EcoVadis vurderer bedrifter basert p\u00e5 deres b\u00e6rekraftsprestasjoner ved \u00e5 se p\u00e5 deres innsats innenfor temaer som milj\u00f8, arbeid, forretningsetikk og b\u00e6rekraftig innkj\u00f8p. P\u00e5 n\u00e5v\u00e6rende tidspunkt har vi en EcoVadis Gold-medalje (2022), noe som plasserer oss blant de \u00f8verste 5% av vurderte bedrifter. Vi \u00f8nsker \u00e5 bevise v\u00e5rt engasjement for v\u00e5re b\u00e6rekraftsm\u00e5l og &hellip; Fortsettelse","og_url":"https:\/\/riwal-wpn.acceptatie.indicia-interactiv.nl\/no\/om-riwal\/gronn-omstilling\/","og_site_name":"Riwal Norge","article_modified_time":"2024-02-13T13:10:54+00:00","og_image":[{"url":"https:\/\/riwal-wpn.acceptatie.indicia-interactiv.nl\/app\/uploads\/sites\/14\/2023\/08\/Lifting-Sustainability-Riwal-1024x267.png","type":"","width":"","height":""}],"twitter_card":"summary_large_image","schema":{"@context":"https:\/\/schema.org","@graph":[{"@type":"WebPage","@id":"https:\/\/riwal-wpn.acceptatie.indicia-interactiv.nl\/no\/om-riwal\/gronn-omstilling\/","url":"https:\/\/riwal-wpn.acceptatie.indicia-interactiv.nl\/no\/om-riwal\/gronn-omstilling\/","name":"Gr\u00f8nn omstilling - Riwal Norge","isPartOf":{"@id":"https:\/\/riwal-wpn.acceptatie.indicia-interactiv.nl\/no\/#website"},"primaryImageOfPage":{"@id":"https:\/\/riwal-wpn.acceptatie.indicia-interactiv.nl\/no\/om-riwal\/gronn-omstilling\/#primaryimage"},"image":{"@id":"https:\/\/riwal-wpn.acceptatie.indicia-interactiv.nl\/no\/om-riwal\/gronn-omstilling\/#primaryimage"},"thumbnailUrl":"https:\/\/riwal-wpn.acceptatie.indicia-interactiv.nl\/app\/uploads\/sites\/14\/2023\/08\/Lifting-Sustainability-Riwal-1024x267.png","datePublished":"2024-02-12T08:40:06+00:00","dateModified":"2024-02-13T13:10:54+00:00","breadcrumb":{"@id":"https:\/\/riwal-wpn.acceptatie.indicia-interactiv.nl\/no\/om-riwal\/gronn-omstilling\/#breadcrumb"},"inLanguage":"nn-NO","potentialAction":[{"@type":"ReadAction","target":["https:\/\/riwal-wpn.acceptatie.indicia-interactiv.nl\/no\/om-riwal\/gronn-omstilling\/"]}]},{"@type":"ImageObject","inLanguage":"nn-NO","@id":"https:\/\/riwal-wpn.acceptatie.indicia-interactiv.nl\/no\/om-riwal\/gronn-omstilling\/#primaryimage","url":"https:\/\/riwal-wpn.acceptatie.indicia-interactiv.nl\/app\/uploads\/sites\/14\/2023\/08\/Lifting-Sustainability-Riwal-1024x267.png","contentUrl":"https:\/\/riwal-wpn.acceptatie.indicia-interactiv.nl\/app\/uploads\/sites\/14\/2023\/08\/Lifting-Sustainability-Riwal-1024x267.png"},{"@type":"BreadcrumbList","@id":"https:\/\/riwal-wpn.acceptatie.indicia-interactiv.nl\/no\/om-riwal\/gronn-omstilling\/#breadcrumb","itemListElement":[{"@type":"ListItem","position":1,"name":"Hjem","item":"https:\/\/riwal-wpn.acceptatie.indicia-interactiv.nl\/no\/"},{"@type":"ListItem","position":2,"name":"Om Riwal","item":"https:\/\/riwal-wpn.acceptatie.indicia-interactiv.nl\/no\/om-riwal\/"},{"@type":"ListItem","position":3,"name":"Gr\u00f8nn omstilling"}]},{"@type":"WebSite","@id":"https:\/\/riwal-wpn.acceptatie.indicia-interactiv.nl\/no\/#website","url":"https:\/\/riwal-wpn.acceptatie.indicia-interactiv.nl\/no\/","name":"Riwal","description":"JLG lifter til salgs","publisher":{"@id":"https:\/\/riwal-wpn.acceptatie.indicia-interactiv.nl\/no\/#organization"},"potentialAction":[{"@type":"SearchAction","target":{"@type":"EntryPoint","urlTemplate":"https:\/\/riwal-wpn.acceptatie.indicia-interactiv.nl\/no\/?s={search_term_string}"},"query-input":{"@type":"PropertyValueSpecification","valueRequired":true,"valueName":"search_term_string"}}],"inLanguage":"nn-NO"},{"@type":"Organization","@id":"https:\/\/riwal-wpn.acceptatie.indicia-interactiv.nl\/no\/#organization","name":"Riwal","url":"https:\/\/riwal-wpn.acceptatie.indicia-interactiv.nl\/no\/","logo":{"@type":"ImageObject","inLanguage":"nn-NO","@id":"https:\/\/riwal-wpn.acceptatie.indicia-interactiv.nl\/no\/#\/schema\/logo\/image\/","url":"","contentUrl":"","caption":"Riwal"},"image":{"@id":"https:\/\/riwal-wpn.acceptatie.indicia-interactiv.nl\/no\/#\/schema\/logo\/image\/"}}]}},"_links":{"self":[{"href":"https:\/\/riwal-wpn.acceptatie.indicia-interactiv.nl\/no\/wp-json\/wp\/v2\/pages\/5896","targetHints":{"allow":["GET"]}}],"collection":[{"href":"https:\/\/riwal-wpn.acceptatie.indicia-interactiv.nl\/no\/wp-json\/wp\/v2\/pages"}],"about":[{"href":"https:\/\/riwal-wpn.acceptatie.indicia-interactiv.nl\/no\/wp-json\/wp\/v2\/types\/page"}],"author":[{"embeddable":true,"href":"https:\/\/riwal-wpn.acceptatie.indicia-interactiv.nl\/no\/wp-json\/wp\/v2\/users\/18"}],"replies":[{"embeddable":true,"href":"https:\/\/riwal-wpn.acceptatie.indicia-interactiv.nl\/no\/wp-json\/wp\/v2\/comments?post=5896"}],"version-history":[{"count":10,"href":"https:\/\/riwal-wpn.acceptatie.indicia-interactiv.nl\/no\/wp-json\/wp\/v2\/pages\/5896\/revisions"}],"predecessor-version":[{"id":5999,"href":"https:\/\/riwal-wpn.acceptatie.indicia-interactiv.nl\/no\/wp-json\/wp\/v2\/pages\/5896\/revisions\/5999"}],"up":[{"embeddable":true,"href":"https:\/\/riwal-wpn.acceptatie.indicia-interactiv.nl\/no\/wp-json\/wp\/v2\/pages\/5657"}],"wp:attachment":[{"href":"https:\/\/riwal-wpn.acceptatie.indicia-interactiv.nl\/no\/wp-json\/wp\/v2\/media?parent=5896"}],"curies":[{"name":"wp","href":"https:\/\/api.w.org\/{rel}","templated":true}]}}