{"id":4023,"date":"2023-01-25T11:12:00","date_gmt":"2023-01-25T11:12:00","guid":{"rendered":"https:\/\/riwal-wpn.acceptatie.indicia-interactiv.nl\/pl\/?post_type=knowledge&#038;p=4023"},"modified":"2023-10-09T11:15:23","modified_gmt":"2023-10-09T11:15:23","slug":"do-xxxi-finalu-wielkiej-orkiestry-swiatecznej-pomocy-pozostalo-niespelna-kilka-dni","status":"publish","type":"knowledge","link":"https:\/\/riwal-wpn.acceptatie.indicia-interactiv.nl\/pl\/wiedza\/aktualnosci\/do-xxxi-finalu-wielkiej-orkiestry-swiatecznej-pomocy-pozostalo-niespelna-kilka-dni\/","title":{"rendered":"Do XXXI Fina\u0142u Wielkiej Orkiestry \u015awi\u0105tecznej Pomocy pozosta\u0142o niespe\u0142na kilka dni!"},"content":{"rendered":"<div class=\"rental-wp-default-block rental-theme-block-default-margin\">\n\t\t\t\t\t\t\t\t<div class=\"container\">\n<div class=\"wp-block-columns is-layout-flex wp-container-core-columns-is-layout-28f84493 wp-block-columns-is-layout-flex\">\n<div class=\"wp-block-column is-layout-flow wp-block-column-is-layout-flow\" style=\"flex-basis:80%\">\n<div class=\"wp-block-group is-content-justification-left is-layout-constrained wp-container-core-group-is-layout-7b29db16 wp-block-group-is-layout-constrained\">\n<h2 class=\"wp-block-heading\" id=\"h-tegoroczne-haslo-fundacji-wosp-2023-brzmi-chcemy-wygrac-z-sepsa-gramy-dla-wszystkich-malych-i-duzych\">Tegoroczne has\u0142o Fundacji WO\u015aP 2023 brzmi: \u201eChcemy wygra\u0107 z seps\u0105! Gramy dla wszystkich &#8211; ma\u0142ych i du\u017cych!\u201d<\/h2>\n\n\n\n<p>Wielka Orkiestra \u015awi\u0105tecznej Pomocy bez ustanku, pr\u0119\u017cnie dzia\u0142a od 1993 roku. Za spraw\u0105 dotychczasowych zbi\u00f3rek publicznych organizowanych przez Fundacj\u0119, pomoc w walce z r\u00f3\u017cnego rodzaju chorobami otrzyma\u0142a ogromna liczba potrzebuj\u0105cych dzieci.<br>W tym roku doch\u00f3d z &nbsp;przeprowadzanych zbi\u00f3rek przeznaczony b\u0119dzie na zakup sprz\u0119tu do szybkiej identyfikacji bakterii mog\u0105cej doprowadzi\u0107 do sepsy.<br>Co wa\u017cne &#8211; po raz pierwszy w historii dzia\u0142alno\u015bci WO\u015aP, zakupiony sprz\u0119t za zebrane pieni\u0105dze w zbi\u00f3rkach przeznaczony b\u0119dzie dla ka\u017cdego, kto b\u0119dzie go potrzebowa\u0142.<br><br><\/p>\n\n\n\n<h2 class=\"wp-block-heading\" id=\"h-riwal-gra-razem-z-wosp\">Riwal gra razem z WO\u015aP<\/h2>\n\n\n\n<p>Jak dobrze wiecie Riwal Poland ju\u017c od kilku lat aktywnie wspiera Fundacj\u0119 Wielkiej Orkiestry \u015awi\u0105tecznej Pomocy. Podczas XXX Fina\u0142u firmie Riwal uda\u0142o si\u0119 zebra\u0107 3846,55 z\u0142. By\u0142 to wspania\u0142y wynik!<br>Mamy nadziej\u0119, \u017ce w tym roku uda si\u0119 zebra\u0107 jeszcze wi\u0119cej.<br><br>W fina\u0142ow\u0105 niedziel\u0119 29-01-2023 roku w zamian za datek do fundacyjnej puszki, za spraw\u0105 maszyn Riwal plac \u0141\u00f3dzkiej Manufaktury mo\u017cna b\u0119dzie podziwia\u0107 z g\u00f3ry.<br><br>Podczas Wielkiego Fina\u0142u WO\u015aP mo\u017cna b\u0119dzie r\u00f3wnie\u017c skorzysta\u0107 z VR &#8211; symulatora jazdy na podno\u015bniku ruchomym, kt\u00f3ry odwzorowuje warunki i wszystkie uczucia zwi\u0105zane z prac\u0105 na wysoko\u015bci.<br><br>Do Wielgiego Fina\u0142u pozosta\u0142o jeszcze kilka dni, ale ju\u017c teraz mo\u017cesz wesprze\u0107 fundacj\u0119 za po\u015brednictwem internetowej zbi\u00f3rki \u2013 <a href=\"https:\/\/eskarbonka.wosp.org.pl\/bprxtm\">eSkarbonki Riwal Poland<\/a>!<br><br>Zach\u0119camy wszystkich naszych klient\u00f3w, partner\u00f3w i pracownik\u00f3w do zaanga\u017cowania si\u0119 w zbi\u00f3rk\u0119 i dokonania wp\u0142aty, klikaj\u0105c w poni\u017cszy link:<br><br><a href=\"https:\/\/eskarbonka.wosp.org.pl\/bprxtm\">https:\/\/eskarbonka.wosp.org.pl\/bprxtm<\/a><br><\/p>\n\n\n\n<figure class=\"wp-block-image size-full\"><img loading=\"lazy\" decoding=\"async\" width=\"940\" height=\"788\" src=\"https:\/\/riwal-wpn.acceptatie.indicia-interactiv.nl\/app\/uploads\/sites\/9\/2023\/10\/XXXI-fina-WOP-w-tym-roku-Riwal-rwnie-uruchomi-jedn-z-wielu-eSkarbonek-napdzanych-przez.png\" alt=\"\" class=\"wp-image-4025\" srcset=\"https:\/\/riwal-wpn.acceptatie.indicia-interactiv.nl\/app\/uploads\/sites\/9\/2023\/10\/XXXI-fina-WOP-w-tym-roku-Riwal-rwnie-uruchomi-jedn-z-wielu-eSkarbonek-napdzanych-przez.png 940w, https:\/\/riwal-wpn.acceptatie.indicia-interactiv.nl\/app\/uploads\/sites\/9\/2023\/10\/XXXI-fina-WOP-w-tym-roku-Riwal-rwnie-uruchomi-jedn-z-wielu-eSkarbonek-napdzanych-przez-749x628.png 749w, https:\/\/riwal-wpn.acceptatie.indicia-interactiv.nl\/app\/uploads\/sites\/9\/2023\/10\/XXXI-fina-WOP-w-tym-roku-Riwal-rwnie-uruchomi-jedn-z-wielu-eSkarbonek-napdzanych-przez-300x251.png 300w, https:\/\/riwal-wpn.acceptatie.indicia-interactiv.nl\/app\/uploads\/sites\/9\/2023\/10\/XXXI-fina-WOP-w-tym-roku-Riwal-rwnie-uruchomi-jedn-z-wielu-eSkarbonek-napdzanych-przez-768x644.png 768w, https:\/\/riwal-wpn.acceptatie.indicia-interactiv.nl\/app\/uploads\/sites\/9\/2023\/10\/XXXI-fina-WOP-w-tym-roku-Riwal-rwnie-uruchomi-jedn-z-wielu-eSkarbonek-napdzanych-przez-178x149.png 178w, https:\/\/riwal-wpn.acceptatie.indicia-interactiv.nl\/app\/uploads\/sites\/9\/2023\/10\/XXXI-fina-WOP-w-tym-roku-Riwal-rwnie-uruchomi-jedn-z-wielu-eSkarbonek-napdzanych-przez-390x327.png 390w, https:\/\/riwal-wpn.acceptatie.indicia-interactiv.nl\/app\/uploads\/sites\/9\/2023\/10\/XXXI-fina-WOP-w-tym-roku-Riwal-rwnie-uruchomi-jedn-z-wielu-eSkarbonek-napdzanych-przez-239x200.png 239w\" sizes=\"auto, (max-width: 940px) 100vw, 940px\" \/><\/figure>\n\n\n\n<p>Za wszystkie datki serdecznie dzi\u0119kujemy! \u2764<\/p>\n<\/div>\n<\/div>\n\n\n\n<div class=\"wp-block-column is-layout-flow wp-block-column-is-layout-flow\" style=\"flex-basis:33.33%\"><\/div>\n<\/div>\n<\/div>\n\t\t\t\t\t\t\t<\/div> \n\n<div class=\"rental-wp-default-block rental-theme-block-default-margin\">\n\t\t\t\t\t\t\t\t<div class=\"container\">\n<div class=\"wp-block-group is-layout-constrained wp-block-group-is-layout-constrained\">\n<div class=\"wp-block-rental-theme-latest-news\">\n\t<div class=\"wp-block-rental-theme-latest-news-container\">\n\t\t\t\t<div class=\"wp-block-rental-theme-latest-news__content\">\n\t\t\t\t\t\t\t\t<div class=\"wp-block-rental-theme-latest-news__article\">\n\t\t\t\t\t\t<div class=\"wp-block-rental-theme-latest-news__article--date\">\n\t\t\t\t\t\t\t30 &#8211; 09 &#8211; 2023\t\t\t\t\t\t<\/div>\n\t\t\t\t\t\t<a class=\"wp-block-rental-theme-latest-news__article--link\" href=\"https:\/\/riwal-wpn.acceptatie.indicia-interactiv.nl\/pl\/wiedza\/blog\/bezpieczna-praca-na-wysokosci-w-jesiennych-warunkach\/\">\n\t\t\t\t\t\t\t<div class=\"wp-block-rental-theme-latest-news__article--title\">\n\t\t\t\t\t\t\t\tBezpieczna praca na wysoko\u015bci w jesiennych warunkach\t\t\t\t\t\t\t<\/div>\n\t\t\t\t\t\t<\/a>\n\t\t\t\t\t\t<div class=\"wp-block-rental-theme-latest-news__article--content\">\n\t\t\t\t\t\t\tJesienne pogody w\u0142a\u015bnie si\u0119 zacz\u0119\u0142y. Mog\u0105 stanowi\u0107 wyzwanie nawet dla profesjonalist\u00f3w wykonuj\u0105cych prac\u0119 na wysoko\u015bci.\t\t\t\t\t\t<\/div>\n\t\t\t\t\t\t<div class=\"wp-block-rental-theme-latest-news__article--more\">\n\t\t\t\t\t\t\t<a class=\"wp-block-rental-theme-latest-news__article--link\" href=\"https:\/\/riwal-wpn.acceptatie.indicia-interactiv.nl\/pl\/wiedza\/blog\/bezpieczna-praca-na-wysokosci-w-jesiennych-warunkach\/\">Przeczytaj wi\u0119cej&#8230;<\/a>\n\t\t\t\t\t\t<\/div>\n\t\t\t\t\t<\/div>\n\t\t\t\t\t\t\t\t\t<div class=\"wp-block-rental-theme-latest-news__article\">\n\t\t\t\t\t\t<div class=\"wp-block-rental-theme-latest-news__article--date\">\n\t\t\t\t\t\t\t26 &#8211; 09 &#8211; 2023\t\t\t\t\t\t<\/div>\n\t\t\t\t\t\t<a class=\"wp-block-rental-theme-latest-news__article--link\" href=\"https:\/\/riwal-wpn.acceptatie.indicia-interactiv.nl\/pl\/wiedza\/blog\/kompaktowe-podnosniki-do-pracy-na-ograniczonej-przestrzeni\/\">\n\t\t\t\t\t\t\t<div class=\"wp-block-rental-theme-latest-news__article--title\">\n\t\t\t\t\t\t\t\tKompaktowe podno\u015bniki do pracy na ograniczonej przestrzeni\t\t\t\t\t\t\t<\/div>\n\t\t\t\t\t\t<\/a>\n\t\t\t\t\t\t<div class=\"wp-block-rental-theme-latest-news__article--content\">\n\t\t\t\t\t\t\tKompaktowe podno\u015bniki do pracy na ograniczonej przestrzeni zosta\u0142y skonstruowane tak, aby zmie\u015bci\u0107 si\u0119 w trudno dost\u0119pnych miejscach. Podesty* tego typu przeznaczone s\u0105 do prac wewn\u0105trz, najcz\u0119\u015bciej w magazynach, galeriach handlowych, podczas konserwacji i innych prac na wysoko\u015bci.\t\t\t\t\t\t<\/div>\n\t\t\t\t\t\t<div class=\"wp-block-rental-theme-latest-news__article--more\">\n\t\t\t\t\t\t\t<a class=\"wp-block-rental-theme-latest-news__article--link\" href=\"https:\/\/riwal-wpn.acceptatie.indicia-interactiv.nl\/pl\/wiedza\/blog\/kompaktowe-podnosniki-do-pracy-na-ograniczonej-przestrzeni\/\">Przeczytaj wi\u0119cej&#8230;<\/a>\n\t\t\t\t\t\t<\/div>\n\t\t\t\t\t<\/div>\n\t\t\t\t\t\t\t\t\t<div class=\"wp-block-rental-theme-latest-news__article\">\n\t\t\t\t\t\t<div class=\"wp-block-rental-theme-latest-news__article--date\">\n\t\t\t\t\t\t\t21 &#8211; 09 &#8211; 2023\t\t\t\t\t\t<\/div>\n\t\t\t\t\t\t<a class=\"wp-block-rental-theme-latest-news__article--link\" href=\"https:\/\/riwal-wpn.acceptatie.indicia-interactiv.nl\/pl\/wiedza\/blog\/jaki-sprzet-wybrac-do-pracy-na-wysokosci\/\">\n\t\t\t\t\t\t\t<div class=\"wp-block-rental-theme-latest-news__article--title\">\n\t\t\t\t\t\t\t\tJaki sprz\u0119t wybra\u0107 do pracy na wysoko\u015bci?\t\t\t\t\t\t\t<\/div>\n\t\t\t\t\t\t<\/a>\n\t\t\t\t\t\t<div class=\"wp-block-rental-theme-latest-news__article--content\">\n\t\t\t\t\t\t\tPraca na wysoko\u015bci uznawana jest za jedn\u0105 z najbardziej niebezpiecznych prac. \t\t\t\t\t\t<\/div>\n\t\t\t\t\t\t<div class=\"wp-block-rental-theme-latest-news__article--more\">\n\t\t\t\t\t\t\t<a class=\"wp-block-rental-theme-latest-news__article--link\" href=\"https:\/\/riwal-wpn.acceptatie.indicia-interactiv.nl\/pl\/wiedza\/blog\/jaki-sprzet-wybrac-do-pracy-na-wysokosci\/\">Przeczytaj wi\u0119cej&#8230;<\/a>\n\t\t\t\t\t\t<\/div>\n\t\t\t\t\t<\/div>\n\t\t\t\t\t\t<\/div>\n\t<\/div>\n<\/div>\n\n<\/div>\n<\/div>\n\t\t\t\t\t\t\t<\/div> ","protected":false},"excerpt":{"rendered":"<p> W najbli\u017csz\u0105 niedziel\u0119 29-01-2023 roku odb\u0119dzie si\u0119 XXXI Fina\u0142 Wielkiej Orkiestry \u015awi\u0105tecznej Pomocy. W tym roku wraz z \u0142\u00f3dzkim sztabem WO\u015aP pod opiek\u0105 Krzysztofa Lepiarz, Riwal r\u00f3wnie\u017c ma przyjemno\u015b\u0107 wpiera\u0107 charytatywn\u0105 akcj\u0119. Tradycyjnie wraz z maszynami nasza ekipa pojawi si\u0119 na placu Manufaktury w \u0141odzi. <\/p>\n","protected":false},"featured_media":4024,"template":"","meta":{"_acf_changed":false,"editor_notices":[],"footnotes":""},"knowledge-category":[24],"knowledge-tag":[],"class_list":["post-4023","knowledge","type-knowledge","status-publish","has-post-thumbnail","hentry","knowledge-category-aktualnosci"],"acf":[],"yoast_head":"<!-- This site is optimized with the Yoast SEO Premium plugin v27.1 (Yoast SEO v27.1.1) - https:\/\/yoast.com\/product\/yoast-seo-premium-wordpress\/ -->\n<title>Do XXXI Fina\u0142u Wielkiej Orkiestry \u015awi\u0105tecznej Pomocy pozosta\u0142o niespe\u0142na kilka dni! - Riwal - Polska<\/title>\n<meta name=\"robots\" content=\"noindex, follow, max-snippet:-1, max-image-preview:large, max-video-preview:-1\" \/>\n<meta property=\"og:locale\" content=\"pl_PL\" \/>\n<meta property=\"og:type\" content=\"article\" \/>\n<meta property=\"og:title\" content=\"Do XXXI Fina\u0142u Wielkiej Orkiestry \u015awi\u0105tecznej Pomocy pozosta\u0142o niespe\u0142na kilka dni!\" \/>\n<meta property=\"og:description\" content=\"W najbli\u017csz\u0105 niedziel\u0119 29-01-2023 roku odb\u0119dzie si\u0119 XXXI Fina\u0142 Wielkiej Orkiestry \u015awi\u0105tecznej Pomocy. W tym roku wraz z \u0142\u00f3dzkim sztabem WO\u015aP pod opiek\u0105 Krzysztofa Lepiarz, Riwal r\u00f3wnie\u017c ma przyjemno\u015b\u0107 wpiera\u0107 charytatywn\u0105 akcj\u0119. Tradycyjnie wraz z maszynami nasza ekipa pojawi si\u0119 na placu Manufaktury w \u0141odzi.\" \/>\n<meta property=\"og:url\" content=\"https:\/\/riwal-wpn.acceptatie.indicia-interactiv.nl\/pl\/knowledge\/aktualnosci\/do-xxxi-finalu-wielkiej-orkiestry-swiatecznej-pomocy-pozostalo-niespelna-kilka-dni\/\" \/>\n<meta property=\"og:site_name\" content=\"Riwal - Polska\" \/>\n<meta property=\"article:modified_time\" content=\"2023-10-09T11:15:23+00:00\" \/>\n<meta property=\"og:image\" content=\"https:\/\/riwal-wpn.acceptatie.indicia-interactiv.nl\/app\/uploads\/sites\/9\/2023\/10\/29012023-Tradycyjnie-widzimy-si-na-placu-Manufaktury-w-odzi.png\" \/>\n\t<meta property=\"og:image:width\" content=\"325\" \/>\n\t<meta property=\"og:image:height\" content=\"325\" \/>\n\t<meta property=\"og:image:type\" content=\"image\/png\" \/>\n<meta name=\"twitter:card\" content=\"summary_large_image\" \/>\n<meta name=\"twitter:label1\" content=\"Est. reading time\" \/>\n\t<meta name=\"twitter:data1\" content=\"2 minuty\" \/>\n<script type=\"application\/ld+json\" class=\"yoast-schema-graph\">{\"@context\":\"https:\/\/schema.org\",\"@graph\":[{\"@type\":\"WebPage\",\"@id\":\"https:\/\/riwal-wpn.acceptatie.indicia-interactiv.nl\/pl\/knowledge\/aktualnosci\/do-xxxi-finalu-wielkiej-orkiestry-swiatecznej-pomocy-pozostalo-niespelna-kilka-dni\/\",\"url\":\"https:\/\/riwal-wpn.acceptatie.indicia-interactiv.nl\/pl\/knowledge\/aktualnosci\/do-xxxi-finalu-wielkiej-orkiestry-swiatecznej-pomocy-pozostalo-niespelna-kilka-dni\/\",\"name\":\"Do XXXI Fina\u0142u Wielkiej Orkiestry \u015awi\u0105tecznej Pomocy pozosta\u0142o niespe\u0142na kilka dni! - Riwal - Polska\",\"isPartOf\":{\"@id\":\"https:\/\/riwal-wpn.acceptatie.indicia-interactiv.nl\/pl\/#website\"},\"primaryImageOfPage\":{\"@id\":\"https:\/\/riwal-wpn.acceptatie.indicia-interactiv.nl\/pl\/knowledge\/aktualnosci\/do-xxxi-finalu-wielkiej-orkiestry-swiatecznej-pomocy-pozostalo-niespelna-kilka-dni\/#primaryimage\"},\"image\":{\"@id\":\"https:\/\/riwal-wpn.acceptatie.indicia-interactiv.nl\/pl\/knowledge\/aktualnosci\/do-xxxi-finalu-wielkiej-orkiestry-swiatecznej-pomocy-pozostalo-niespelna-kilka-dni\/#primaryimage\"},\"thumbnailUrl\":\"https:\/\/riwal-wpn.acceptatie.indicia-interactiv.nl\/app\/uploads\/sites\/9\/2023\/10\/29012023-Tradycyjnie-widzimy-si-na-placu-Manufaktury-w-odzi.png\",\"datePublished\":\"2023-01-25T11:12:00+00:00\",\"dateModified\":\"2023-10-09T11:15:23+00:00\",\"breadcrumb\":{\"@id\":\"https:\/\/riwal-wpn.acceptatie.indicia-interactiv.nl\/pl\/knowledge\/aktualnosci\/do-xxxi-finalu-wielkiej-orkiestry-swiatecznej-pomocy-pozostalo-niespelna-kilka-dni\/#breadcrumb\"},\"inLanguage\":\"pl-PL\",\"potentialAction\":[{\"@type\":\"ReadAction\",\"target\":[\"https:\/\/riwal-wpn.acceptatie.indicia-interactiv.nl\/pl\/knowledge\/aktualnosci\/do-xxxi-finalu-wielkiej-orkiestry-swiatecznej-pomocy-pozostalo-niespelna-kilka-dni\/\"]}]},{\"@type\":\"ImageObject\",\"inLanguage\":\"pl-PL\",\"@id\":\"https:\/\/riwal-wpn.acceptatie.indicia-interactiv.nl\/pl\/knowledge\/aktualnosci\/do-xxxi-finalu-wielkiej-orkiestry-swiatecznej-pomocy-pozostalo-niespelna-kilka-dni\/#primaryimage\",\"url\":\"https:\/\/riwal-wpn.acceptatie.indicia-interactiv.nl\/app\/uploads\/sites\/9\/2023\/10\/29012023-Tradycyjnie-widzimy-si-na-placu-Manufaktury-w-odzi.png\",\"contentUrl\":\"https:\/\/riwal-wpn.acceptatie.indicia-interactiv.nl\/app\/uploads\/sites\/9\/2023\/10\/29012023-Tradycyjnie-widzimy-si-na-placu-Manufaktury-w-odzi.png\",\"width\":325,\"height\":325},{\"@type\":\"BreadcrumbList\",\"@id\":\"https:\/\/riwal-wpn.acceptatie.indicia-interactiv.nl\/pl\/knowledge\/aktualnosci\/do-xxxi-finalu-wielkiej-orkiestry-swiatecznej-pomocy-pozostalo-niespelna-kilka-dni\/#breadcrumb\",\"itemListElement\":[{\"@type\":\"ListItem\",\"position\":1,\"name\":\"Strona g\u0142\u00f3wna\",\"item\":\"https:\/\/riwal-wpn.acceptatie.indicia-interactiv.nl\/pl\/\"},{\"@type\":\"ListItem\",\"position\":2,\"name\":\"Wiedza i do\u015bwiadczenie\",\"item\":\"https:\/\/riwal-wpn.acceptatie.indicia-interactiv.nl\/pl\/wiedza\/\"},{\"@type\":\"ListItem\",\"position\":3,\"name\":\"Do XXXI Fina\u0142u Wielkiej Orkiestry \u015awi\u0105tecznej Pomocy pozosta\u0142o niespe\u0142na kilka dni!\"}]},{\"@type\":\"WebSite\",\"@id\":\"https:\/\/riwal-wpn.acceptatie.indicia-interactiv.nl\/pl\/#website\",\"url\":\"https:\/\/riwal-wpn.acceptatie.indicia-interactiv.nl\/pl\/\",\"name\":\"Riwal\",\"description\":\"Arial work platform &amp; Telehandler Rental\/Sales\",\"publisher\":{\"@id\":\"https:\/\/riwal-wpn.acceptatie.indicia-interactiv.nl\/pl\/#organization\"},\"potentialAction\":[{\"@type\":\"SearchAction\",\"target\":{\"@type\":\"EntryPoint\",\"urlTemplate\":\"https:\/\/riwal-wpn.acceptatie.indicia-interactiv.nl\/pl\/?s={search_term_string}\"},\"query-input\":{\"@type\":\"PropertyValueSpecification\",\"valueRequired\":true,\"valueName\":\"search_term_string\"}}],\"inLanguage\":\"pl-PL\"},{\"@type\":\"Organization\",\"@id\":\"https:\/\/riwal-wpn.acceptatie.indicia-interactiv.nl\/pl\/#organization\",\"name\":\"Riwal\",\"url\":\"https:\/\/riwal-wpn.acceptatie.indicia-interactiv.nl\/pl\/\",\"logo\":{\"@type\":\"ImageObject\",\"inLanguage\":\"pl-PL\",\"@id\":\"https:\/\/riwal-wpn.acceptatie.indicia-interactiv.nl\/pl\/#\/schema\/logo\/image\/\",\"url\":\"\",\"contentUrl\":\"\",\"caption\":\"Riwal\"},\"image\":{\"@id\":\"https:\/\/riwal-wpn.acceptatie.indicia-interactiv.nl\/pl\/#\/schema\/logo\/image\/\"}}]}<\/script>\n<!-- \/ Yoast SEO Premium plugin. -->","yoast_head_json":{"title":"Do XXXI Fina\u0142u Wielkiej Orkiestry \u015awi\u0105tecznej Pomocy pozosta\u0142o niespe\u0142na kilka dni! - Riwal - Polska","robots":{"index":"noindex","follow":"follow","max-snippet":"max-snippet:-1","max-image-preview":"max-image-preview:large","max-video-preview":"max-video-preview:-1"},"og_locale":"pl_PL","og_type":"article","og_title":"Do XXXI Fina\u0142u Wielkiej Orkiestry \u015awi\u0105tecznej Pomocy pozosta\u0142o niespe\u0142na kilka dni!","og_description":"W najbli\u017csz\u0105 niedziel\u0119 29-01-2023 roku odb\u0119dzie si\u0119 XXXI Fina\u0142 Wielkiej Orkiestry \u015awi\u0105tecznej Pomocy. W tym roku wraz z \u0142\u00f3dzkim sztabem WO\u015aP pod opiek\u0105 Krzysztofa Lepiarz, Riwal r\u00f3wnie\u017c ma przyjemno\u015b\u0107 wpiera\u0107 charytatywn\u0105 akcj\u0119. Tradycyjnie wraz z maszynami nasza ekipa pojawi si\u0119 na placu Manufaktury w \u0141odzi.","og_url":"https:\/\/riwal-wpn.acceptatie.indicia-interactiv.nl\/pl\/knowledge\/aktualnosci\/do-xxxi-finalu-wielkiej-orkiestry-swiatecznej-pomocy-pozostalo-niespelna-kilka-dni\/","og_site_name":"Riwal - Polska","article_modified_time":"2023-10-09T11:15:23+00:00","og_image":[{"width":325,"height":325,"url":"https:\/\/riwal-wpn.acceptatie.indicia-interactiv.nl\/app\/uploads\/sites\/9\/2023\/10\/29012023-Tradycyjnie-widzimy-si-na-placu-Manufaktury-w-odzi.png","type":"image\/png"}],"twitter_card":"summary_large_image","twitter_misc":{"Est. reading time":"2 minuty"},"schema":{"@context":"https:\/\/schema.org","@graph":[{"@type":"WebPage","@id":"https:\/\/riwal-wpn.acceptatie.indicia-interactiv.nl\/pl\/knowledge\/aktualnosci\/do-xxxi-finalu-wielkiej-orkiestry-swiatecznej-pomocy-pozostalo-niespelna-kilka-dni\/","url":"https:\/\/riwal-wpn.acceptatie.indicia-interactiv.nl\/pl\/knowledge\/aktualnosci\/do-xxxi-finalu-wielkiej-orkiestry-swiatecznej-pomocy-pozostalo-niespelna-kilka-dni\/","name":"Do XXXI Fina\u0142u Wielkiej Orkiestry \u015awi\u0105tecznej Pomocy pozosta\u0142o niespe\u0142na kilka dni! - Riwal - Polska","isPartOf":{"@id":"https:\/\/riwal-wpn.acceptatie.indicia-interactiv.nl\/pl\/#website"},"primaryImageOfPage":{"@id":"https:\/\/riwal-wpn.acceptatie.indicia-interactiv.nl\/pl\/knowledge\/aktualnosci\/do-xxxi-finalu-wielkiej-orkiestry-swiatecznej-pomocy-pozostalo-niespelna-kilka-dni\/#primaryimage"},"image":{"@id":"https:\/\/riwal-wpn.acceptatie.indicia-interactiv.nl\/pl\/knowledge\/aktualnosci\/do-xxxi-finalu-wielkiej-orkiestry-swiatecznej-pomocy-pozostalo-niespelna-kilka-dni\/#primaryimage"},"thumbnailUrl":"https:\/\/riwal-wpn.acceptatie.indicia-interactiv.nl\/app\/uploads\/sites\/9\/2023\/10\/29012023-Tradycyjnie-widzimy-si-na-placu-Manufaktury-w-odzi.png","datePublished":"2023-01-25T11:12:00+00:00","dateModified":"2023-10-09T11:15:23+00:00","breadcrumb":{"@id":"https:\/\/riwal-wpn.acceptatie.indicia-interactiv.nl\/pl\/knowledge\/aktualnosci\/do-xxxi-finalu-wielkiej-orkiestry-swiatecznej-pomocy-pozostalo-niespelna-kilka-dni\/#breadcrumb"},"inLanguage":"pl-PL","potentialAction":[{"@type":"ReadAction","target":["https:\/\/riwal-wpn.acceptatie.indicia-interactiv.nl\/pl\/knowledge\/aktualnosci\/do-xxxi-finalu-wielkiej-orkiestry-swiatecznej-pomocy-pozostalo-niespelna-kilka-dni\/"]}]},{"@type":"ImageObject","inLanguage":"pl-PL","@id":"https:\/\/riwal-wpn.acceptatie.indicia-interactiv.nl\/pl\/knowledge\/aktualnosci\/do-xxxi-finalu-wielkiej-orkiestry-swiatecznej-pomocy-pozostalo-niespelna-kilka-dni\/#primaryimage","url":"https:\/\/riwal-wpn.acceptatie.indicia-interactiv.nl\/app\/uploads\/sites\/9\/2023\/10\/29012023-Tradycyjnie-widzimy-si-na-placu-Manufaktury-w-odzi.png","contentUrl":"https:\/\/riwal-wpn.acceptatie.indicia-interactiv.nl\/app\/uploads\/sites\/9\/2023\/10\/29012023-Tradycyjnie-widzimy-si-na-placu-Manufaktury-w-odzi.png","width":325,"height":325},{"@type":"BreadcrumbList","@id":"https:\/\/riwal-wpn.acceptatie.indicia-interactiv.nl\/pl\/knowledge\/aktualnosci\/do-xxxi-finalu-wielkiej-orkiestry-swiatecznej-pomocy-pozostalo-niespelna-kilka-dni\/#breadcrumb","itemListElement":[{"@type":"ListItem","position":1,"name":"Strona g\u0142\u00f3wna","item":"https:\/\/riwal-wpn.acceptatie.indicia-interactiv.nl\/pl\/"},{"@type":"ListItem","position":2,"name":"Wiedza i do\u015bwiadczenie","item":"https:\/\/riwal-wpn.acceptatie.indicia-interactiv.nl\/pl\/wiedza\/"},{"@type":"ListItem","position":3,"name":"Do XXXI Fina\u0142u Wielkiej Orkiestry \u015awi\u0105tecznej Pomocy pozosta\u0142o niespe\u0142na kilka dni!"}]},{"@type":"WebSite","@id":"https:\/\/riwal-wpn.acceptatie.indicia-interactiv.nl\/pl\/#website","url":"https:\/\/riwal-wpn.acceptatie.indicia-interactiv.nl\/pl\/","name":"Riwal","description":"Arial work platform &amp; Telehandler Rental\/Sales","publisher":{"@id":"https:\/\/riwal-wpn.acceptatie.indicia-interactiv.nl\/pl\/#organization"},"potentialAction":[{"@type":"SearchAction","target":{"@type":"EntryPoint","urlTemplate":"https:\/\/riwal-wpn.acceptatie.indicia-interactiv.nl\/pl\/?s={search_term_string}"},"query-input":{"@type":"PropertyValueSpecification","valueRequired":true,"valueName":"search_term_string"}}],"inLanguage":"pl-PL"},{"@type":"Organization","@id":"https:\/\/riwal-wpn.acceptatie.indicia-interactiv.nl\/pl\/#organization","name":"Riwal","url":"https:\/\/riwal-wpn.acceptatie.indicia-interactiv.nl\/pl\/","logo":{"@type":"ImageObject","inLanguage":"pl-PL","@id":"https:\/\/riwal-wpn.acceptatie.indicia-interactiv.nl\/pl\/#\/schema\/logo\/image\/","url":"","contentUrl":"","caption":"Riwal"},"image":{"@id":"https:\/\/riwal-wpn.acceptatie.indicia-interactiv.nl\/pl\/#\/schema\/logo\/image\/"}}]}},"_links":{"self":[{"href":"https:\/\/riwal-wpn.acceptatie.indicia-interactiv.nl\/pl\/wp-json\/wp\/v2\/knowledge\/4023","targetHints":{"allow":["GET"]}}],"collection":[{"href":"https:\/\/riwal-wpn.acceptatie.indicia-interactiv.nl\/pl\/wp-json\/wp\/v2\/knowledge"}],"about":[{"href":"https:\/\/riwal-wpn.acceptatie.indicia-interactiv.nl\/pl\/wp-json\/wp\/v2\/types\/knowledge"}],"version-history":[{"count":1,"href":"https:\/\/riwal-wpn.acceptatie.indicia-interactiv.nl\/pl\/wp-json\/wp\/v2\/knowledge\/4023\/revisions"}],"predecessor-version":[{"id":4026,"href":"https:\/\/riwal-wpn.acceptatie.indicia-interactiv.nl\/pl\/wp-json\/wp\/v2\/knowledge\/4023\/revisions\/4026"}],"wp:featuredmedia":[{"embeddable":true,"href":"https:\/\/riwal-wpn.acceptatie.indicia-interactiv.nl\/pl\/wp-json\/wp\/v2\/media\/4024"}],"wp:attachment":[{"href":"https:\/\/riwal-wpn.acceptatie.indicia-interactiv.nl\/pl\/wp-json\/wp\/v2\/media?parent=4023"}],"wp:term":[{"taxonomy":"knowledge-category","embeddable":true,"href":"https:\/\/riwal-wpn.acceptatie.indicia-interactiv.nl\/pl\/wp-json\/wp\/v2\/knowledge-category?post=4023"},{"taxonomy":"knowledge-tag","embeddable":true,"href":"https:\/\/riwal-wpn.acceptatie.indicia-interactiv.nl\/pl\/wp-json\/wp\/v2\/knowledge-tag?post=4023"}],"curies":[{"name":"wp","href":"https:\/\/api.w.org\/{rel}","templated":true}]}}