{"id":765,"date":"2023-05-11T10:02:14","date_gmt":"2023-05-11T10:02:14","guid":{"rendered":"https:\/\/riwal-wpn.acceptatie.indicia-interactiv.nl\/en\/?post_type=vacancy&#038;p=765"},"modified":"2024-02-05T11:22:29","modified_gmt":"2024-02-05T11:22:29","slug":"kierownik-wynajmu-regionu-centrum-polska","status":"publish","type":"vacancy","link":"https:\/\/riwal-wpn.acceptatie.indicia-interactiv.nl\/pl\/kariera\/kierownik-wynajmu-regionu-centrum-polska\/","title":{"rendered":"Kierownik wynajmu regionu Centrum"},"content":{"rendered":"<div class=\"container\">\n<h2 class=\"wp-block-heading\" id=\"h-na-czym-polega-praca\">Na czym polega praca:<\/h2>\n<\/div>\n\n<div class=\"container\">\n<ul class=\"wp-block-list\">\n<li><strong>zarz\u0105dzanie sprzeda\u017c\u0105<\/strong><\/li>\n\n\n\n<li><strong>zarz\u0105dzanie zespo\u0142em przedstawicieli handlowych terenowych i stacjonarnych, w tym wsparcie w trakcie wizyt handlowych u Klient\u00f3w<\/strong><\/li>\n\n\n\n<li><strong>\u00b7odpowiedzialno\u015b\u0107 za realizacj\u0119 planu sprzeda\u017cy na terenie woj. mazowieckiego i \u0142\u00f3dzkiego<\/strong><\/li>\n\n\n\n<li><strong>budowanie relacji z kluczowymi klientami, doradztwo techniczne dla klient\u00f3w<\/strong><\/li>\n\n\n\n<li><strong>planowanie i realizacja we wsp\u00f3\u0142pracy z dzia\u0142em marketingu,dzia\u0142a\u0144 wspieraj\u0105cych sprzeda\u017c w podleg\u0142ym regionie<\/strong><\/li>\n\n\n\n<li><strong>\u00b7negocjowanie kontrakt\u00f3w i warunk\u00f3w handlowych z kluczowymi klientami<\/strong><\/li>\n\n\n\n<li><strong>analiza dzia\u0142a\u0144 konkurencji, trend\u00f3w rynkowych oraz potrzeb produktowych<\/strong><\/li>\n\n\n\n<li><strong>zarz\u0105dzanie bud\u017cetem regionu<\/strong><\/li>\n\n\n\n<li><strong>prowadzenie wdro\u017ce\u0144 nowych pracownik\u00f3w<\/strong><\/li>\n\n\n\n<li><strong>promowanie firmy i jej produkt\u00f3w w podleg\u0142ym regionie handlowym<\/strong><\/li>\n\n\n\n<li><strong>raportowanie wynik\u00f3w sprzeda\u017cy oraz sytuacji rynkowej<\/strong><\/li>\n<\/ul>\n<\/div>\n\n<div class=\"container\">\n<h2 class=\"wp-block-heading\" id=\"h-oczekujemy-od-ciebie\">Oczekujemy od Ciebie:<\/h2>\n<\/div>\n\n<div class=\"container\">\n<ul class=\"wp-block-list\">\n<li><strong>min. 2 lata do\u015bwiadczenia w zarz\u0105dzaniu zespo\u0142em sprzeda\u017cy w podleg\u0142ym terenie w bran\u017cy technicznej \u2013 warunek konieczny<\/strong><\/li>\n\n\n\n<li><strong>min. 5 lat do\u015bwiadczenia w sprzeda\u017cy B2B produkt\u00f3w dedykowanych bran\u017cy budowlanej<\/strong><\/li>\n\n\n\n<li><strong>wykszta\u0142cenie min. \u015brednie o profilu technicznym (mile widziane wy\u017csze)<\/strong><\/li>\n\n\n\n<li><strong>umiej\u0119tno\u015b\u0107 nawi\u0105zywania i utrzymywania d\u0142ugofalowych relacji biznesowych<\/strong><\/li>\n\n\n\n<li><strong>wysokie kompetencje sprzeda\u017cowe i negocjacyjne<\/strong><\/li>\n\n\n\n<li><strong>bardzo dobra organizacja pracy w\u0142asnej i zespo\u0142u<\/strong><\/li>\n\n\n\n<li><strong>poziom znajomo\u015bci j\u0119zyka angielskiego umo\u017cliwiaj\u0105cy swobodn\u0105 komunikacj\u0119 ( min. B1)<\/strong><\/li>\n\n\n\n<li><strong>umiej\u0119tno\u015b\u0107 obs\u0142ugi pakietu MS Office<\/strong><\/li>\n\n\n\n<li><strong>prawo jazdy kat. B<\/strong><\/li>\n<\/ul>\n<\/div>\n\n<div class=\"container\">\n<h2 class=\"wp-block-heading\" id=\"h-w-zamian-oferujemy\">W zamian oferujemy:<\/h2>\n<\/div>\n\n<div class=\"container\">\n<ul class=\"wp-block-list\">\n<li><strong>umow\u0119 o prac\u0119 w pe\u0142nym wymiarze godzin<\/strong><\/li>\n\n\n\n<li><strong>wynagrodzenie sta\u0142e + system prowizyjny uzale\u017cniony od wynik\u00f3w makroregionu<\/strong><\/li>\n\n\n\n<li><strong>kompleksowy program wdro\u017cenia<\/strong><\/li>\n<\/ul>\n<\/div>\n\n<div class=\"container\">\n<ul class=\"wp-block-list\">\n<li><strong>szeroki pakiet benefit\u00f3w (prywatna opieka medyczna, dofinansowanie karty Multisport, ubezpieczenie grupowe, program polece\u0144 pracowniczych, auto s\u0142u\u017cbowe do u\u017cytku prywatnego)<\/strong><\/li>\n\n\n\n<li><strong>prac\u0119 mobiln\u0105 w powierzonym regionie<\/strong><\/li>\n\n\n\n<li><strong>mo\u017cliwo\u015b\u0107 rozwoju i podnoszenia kompetencji<\/strong><\/li>\n\n\n\n<li><strong>\u00b7narz\u0119dzia pracy: samoch\u00f3d s\u0142u\u017cbowy, telefon, laptop, tablet<\/strong><\/li>\n<\/ul>\n<\/div>","protected":false},"excerpt":{"rendered":"<p>RIWAL specjalizuje si\u0119 w zapewnieniu bezpiecznej i wydajnej pracy na wysoko\u015bci. Jeste\u015bmy liderem rynku podest\u00f3w ruchomych i \u0142adowarek teleskopowych w wielu europejskich krajach. Zatrudniamy osoby zaanga\u017cowane, pozytywnie nastawione i konsekwentnie d\u0105\u017c\u0105ce do osi\u0105gania sukcesu. RIWAL\u00a0 jest rzetelnym pracodawc\u0105, kt\u00f3remu zale\u017cy, aby pracownicy lubili swoj\u0105 prac\u0119 i byli dumni z osi\u0105ganych wynik\u00f3w.<\/p>\n","protected":false},"featured_media":326,"template":"","meta":{"_acf_changed":false,"editor_notices":[],"footnotes":""},"vacancy-hours":[],"vacancy-contract":[65],"vacancy-type":[22],"vacancy-department":[66,77],"vacancy-location":[224],"vacancy-hr-advisor":[],"class_list":["post-765","vacancy","type-vacancy","status-publish","has-post-thumbnail","hentry"],"acf":[],"yoast_head":"<!-- This site is optimized with the Yoast SEO Premium plugin v27.1 (Yoast SEO v27.1.1) - https:\/\/yoast.com\/product\/yoast-seo-premium-wordpress\/ -->\n<title>Kierownik wynajmu regionu Centrum - Riwal - Polska<\/title>\n<meta name=\"robots\" content=\"noindex, follow, max-snippet:-1, max-image-preview:large, max-video-preview:-1\" \/>\n<meta property=\"og:locale\" content=\"pl_PL\" \/>\n<meta property=\"og:type\" content=\"article\" \/>\n<meta property=\"og:title\" content=\"Kierownik wynajmu regionu Centrum\" \/>\n<meta property=\"og:description\" content=\"RIWAL specjalizuje si\u0119 w zapewnieniu bezpiecznej i wydajnej pracy na wysoko\u015bci. Jeste\u015bmy liderem rynku podest\u00f3w ruchomych i \u0142adowarek teleskopowych w wielu europejskich krajach. Zatrudniamy osoby zaanga\u017cowane, pozytywnie nastawione i konsekwentnie d\u0105\u017c\u0105ce do osi\u0105gania sukcesu. RIWAL\u00a0 jest rzetelnym pracodawc\u0105, kt\u00f3remu zale\u017cy, aby pracownicy lubili swoj\u0105 prac\u0119 i byli dumni z osi\u0105ganych wynik\u00f3w.\" \/>\n<meta property=\"og:url\" content=\"https:\/\/riwal-wpn.acceptatie.indicia-interactiv.nl\/pl\/vacancies\/kierownik-wynajmu-regionu-centrum-polska\/\" \/>\n<meta property=\"og:site_name\" content=\"Riwal - Polska\" \/>\n<meta property=\"article:modified_time\" content=\"2024-02-05T11:22:29+00:00\" \/>\n<meta property=\"og:image\" content=\"https:\/\/riwal-wpn.acceptatie.indicia-interactiv.nl\/app\/uploads\/sites\/9\/2023\/04\/riwal-rental-expertise-on-site-min-1-scaled.jpg\" \/>\n\t<meta property=\"og:image:width\" content=\"2560\" \/>\n\t<meta property=\"og:image:height\" content=\"1707\" \/>\n\t<meta property=\"og:image:type\" content=\"image\/jpeg\" \/>\n<meta name=\"twitter:card\" content=\"summary_large_image\" \/>\n<meta name=\"twitter:label1\" content=\"Est. reading time\" \/>\n\t<meta name=\"twitter:data1\" content=\"2 minuty\" \/>\n<script type=\"application\/ld+json\" class=\"yoast-schema-graph\">{\"@context\":\"https:\/\/schema.org\",\"@graph\":[{\"@type\":\"WebPage\",\"@id\":\"https:\/\/riwal-wpn.acceptatie.indicia-interactiv.nl\/pl\/vacancies\/kierownik-wynajmu-regionu-centrum-polska\/\",\"url\":\"https:\/\/riwal-wpn.acceptatie.indicia-interactiv.nl\/pl\/vacancies\/kierownik-wynajmu-regionu-centrum-polska\/\",\"name\":\"Kierownik wynajmu regionu Centrum - Riwal - Polska\",\"isPartOf\":{\"@id\":\"https:\/\/riwal-wpn.acceptatie.indicia-interactiv.nl\/pl\/#website\"},\"primaryImageOfPage\":{\"@id\":\"https:\/\/riwal-wpn.acceptatie.indicia-interactiv.nl\/pl\/vacancies\/kierownik-wynajmu-regionu-centrum-polska\/#primaryimage\"},\"image\":{\"@id\":\"https:\/\/riwal-wpn.acceptatie.indicia-interactiv.nl\/pl\/vacancies\/kierownik-wynajmu-regionu-centrum-polska\/#primaryimage\"},\"thumbnailUrl\":\"https:\/\/riwal-wpn.acceptatie.indicia-interactiv.nl\/app\/uploads\/sites\/9\/2023\/04\/riwal-rental-expertise-on-site-min-1-scaled.jpg\",\"datePublished\":\"2023-05-11T10:02:14+00:00\",\"dateModified\":\"2024-02-05T11:22:29+00:00\",\"breadcrumb\":{\"@id\":\"https:\/\/riwal-wpn.acceptatie.indicia-interactiv.nl\/pl\/vacancies\/kierownik-wynajmu-regionu-centrum-polska\/#breadcrumb\"},\"inLanguage\":\"pl-PL\",\"potentialAction\":[{\"@type\":\"ReadAction\",\"target\":[\"https:\/\/riwal-wpn.acceptatie.indicia-interactiv.nl\/pl\/vacancies\/kierownik-wynajmu-regionu-centrum-polska\/\"]}]},{\"@type\":\"ImageObject\",\"inLanguage\":\"pl-PL\",\"@id\":\"https:\/\/riwal-wpn.acceptatie.indicia-interactiv.nl\/pl\/vacancies\/kierownik-wynajmu-regionu-centrum-polska\/#primaryimage\",\"url\":\"https:\/\/riwal-wpn.acceptatie.indicia-interactiv.nl\/app\/uploads\/sites\/9\/2023\/04\/riwal-rental-expertise-on-site-min-1-scaled.jpg\",\"contentUrl\":\"https:\/\/riwal-wpn.acceptatie.indicia-interactiv.nl\/app\/uploads\/sites\/9\/2023\/04\/riwal-rental-expertise-on-site-min-1-scaled.jpg\",\"width\":2560,\"height\":1707},{\"@type\":\"BreadcrumbList\",\"@id\":\"https:\/\/riwal-wpn.acceptatie.indicia-interactiv.nl\/pl\/vacancies\/kierownik-wynajmu-regionu-centrum-polska\/#breadcrumb\",\"itemListElement\":[{\"@type\":\"ListItem\",\"position\":1,\"name\":\"Strona g\u0142\u00f3wna\",\"item\":\"https:\/\/riwal-wpn.acceptatie.indicia-interactiv.nl\/pl\/\"},{\"@type\":\"ListItem\",\"position\":2,\"name\":\"Kariera\",\"item\":\"https:\/\/riwal-wpn.acceptatie.indicia-interactiv.nl\/pl\/kariera\/\"},{\"@type\":\"ListItem\",\"position\":3,\"name\":\"Kierownik wynajmu regionu Centrum\"}]},{\"@type\":\"WebSite\",\"@id\":\"https:\/\/riwal-wpn.acceptatie.indicia-interactiv.nl\/pl\/#website\",\"url\":\"https:\/\/riwal-wpn.acceptatie.indicia-interactiv.nl\/pl\/\",\"name\":\"Riwal\",\"description\":\"Arial work platform &amp; Telehandler Rental\/Sales\",\"publisher\":{\"@id\":\"https:\/\/riwal-wpn.acceptatie.indicia-interactiv.nl\/pl\/#organization\"},\"potentialAction\":[{\"@type\":\"SearchAction\",\"target\":{\"@type\":\"EntryPoint\",\"urlTemplate\":\"https:\/\/riwal-wpn.acceptatie.indicia-interactiv.nl\/pl\/?s={search_term_string}\"},\"query-input\":{\"@type\":\"PropertyValueSpecification\",\"valueRequired\":true,\"valueName\":\"search_term_string\"}}],\"inLanguage\":\"pl-PL\"},{\"@type\":\"Organization\",\"@id\":\"https:\/\/riwal-wpn.acceptatie.indicia-interactiv.nl\/pl\/#organization\",\"name\":\"Riwal\",\"url\":\"https:\/\/riwal-wpn.acceptatie.indicia-interactiv.nl\/pl\/\",\"logo\":{\"@type\":\"ImageObject\",\"inLanguage\":\"pl-PL\",\"@id\":\"https:\/\/riwal-wpn.acceptatie.indicia-interactiv.nl\/pl\/#\/schema\/logo\/image\/\",\"url\":\"\",\"contentUrl\":\"\",\"caption\":\"Riwal\"},\"image\":{\"@id\":\"https:\/\/riwal-wpn.acceptatie.indicia-interactiv.nl\/pl\/#\/schema\/logo\/image\/\"}}]}<\/script>\n<!-- \/ Yoast SEO Premium plugin. -->","yoast_head_json":{"title":"Kierownik wynajmu regionu Centrum - Riwal - Polska","robots":{"index":"noindex","follow":"follow","max-snippet":"max-snippet:-1","max-image-preview":"max-image-preview:large","max-video-preview":"max-video-preview:-1"},"og_locale":"pl_PL","og_type":"article","og_title":"Kierownik wynajmu regionu Centrum","og_description":"RIWAL specjalizuje si\u0119 w zapewnieniu bezpiecznej i wydajnej pracy na wysoko\u015bci. Jeste\u015bmy liderem rynku podest\u00f3w ruchomych i \u0142adowarek teleskopowych w wielu europejskich krajach. Zatrudniamy osoby zaanga\u017cowane, pozytywnie nastawione i konsekwentnie d\u0105\u017c\u0105ce do osi\u0105gania sukcesu. RIWAL\u00a0 jest rzetelnym pracodawc\u0105, kt\u00f3remu zale\u017cy, aby pracownicy lubili swoj\u0105 prac\u0119 i byli dumni z osi\u0105ganych wynik\u00f3w.","og_url":"https:\/\/riwal-wpn.acceptatie.indicia-interactiv.nl\/pl\/vacancies\/kierownik-wynajmu-regionu-centrum-polska\/","og_site_name":"Riwal - Polska","article_modified_time":"2024-02-05T11:22:29+00:00","og_image":[{"width":2560,"height":1707,"url":"https:\/\/riwal-wpn.acceptatie.indicia-interactiv.nl\/app\/uploads\/sites\/9\/2023\/04\/riwal-rental-expertise-on-site-min-1-scaled.jpg","type":"image\/jpeg"}],"twitter_card":"summary_large_image","twitter_misc":{"Est. reading time":"2 minuty"},"schema":{"@context":"https:\/\/schema.org","@graph":[{"@type":"WebPage","@id":"https:\/\/riwal-wpn.acceptatie.indicia-interactiv.nl\/pl\/vacancies\/kierownik-wynajmu-regionu-centrum-polska\/","url":"https:\/\/riwal-wpn.acceptatie.indicia-interactiv.nl\/pl\/vacancies\/kierownik-wynajmu-regionu-centrum-polska\/","name":"Kierownik wynajmu regionu Centrum - Riwal - Polska","isPartOf":{"@id":"https:\/\/riwal-wpn.acceptatie.indicia-interactiv.nl\/pl\/#website"},"primaryImageOfPage":{"@id":"https:\/\/riwal-wpn.acceptatie.indicia-interactiv.nl\/pl\/vacancies\/kierownik-wynajmu-regionu-centrum-polska\/#primaryimage"},"image":{"@id":"https:\/\/riwal-wpn.acceptatie.indicia-interactiv.nl\/pl\/vacancies\/kierownik-wynajmu-regionu-centrum-polska\/#primaryimage"},"thumbnailUrl":"https:\/\/riwal-wpn.acceptatie.indicia-interactiv.nl\/app\/uploads\/sites\/9\/2023\/04\/riwal-rental-expertise-on-site-min-1-scaled.jpg","datePublished":"2023-05-11T10:02:14+00:00","dateModified":"2024-02-05T11:22:29+00:00","breadcrumb":{"@id":"https:\/\/riwal-wpn.acceptatie.indicia-interactiv.nl\/pl\/vacancies\/kierownik-wynajmu-regionu-centrum-polska\/#breadcrumb"},"inLanguage":"pl-PL","potentialAction":[{"@type":"ReadAction","target":["https:\/\/riwal-wpn.acceptatie.indicia-interactiv.nl\/pl\/vacancies\/kierownik-wynajmu-regionu-centrum-polska\/"]}]},{"@type":"ImageObject","inLanguage":"pl-PL","@id":"https:\/\/riwal-wpn.acceptatie.indicia-interactiv.nl\/pl\/vacancies\/kierownik-wynajmu-regionu-centrum-polska\/#primaryimage","url":"https:\/\/riwal-wpn.acceptatie.indicia-interactiv.nl\/app\/uploads\/sites\/9\/2023\/04\/riwal-rental-expertise-on-site-min-1-scaled.jpg","contentUrl":"https:\/\/riwal-wpn.acceptatie.indicia-interactiv.nl\/app\/uploads\/sites\/9\/2023\/04\/riwal-rental-expertise-on-site-min-1-scaled.jpg","width":2560,"height":1707},{"@type":"BreadcrumbList","@id":"https:\/\/riwal-wpn.acceptatie.indicia-interactiv.nl\/pl\/vacancies\/kierownik-wynajmu-regionu-centrum-polska\/#breadcrumb","itemListElement":[{"@type":"ListItem","position":1,"name":"Strona g\u0142\u00f3wna","item":"https:\/\/riwal-wpn.acceptatie.indicia-interactiv.nl\/pl\/"},{"@type":"ListItem","position":2,"name":"Kariera","item":"https:\/\/riwal-wpn.acceptatie.indicia-interactiv.nl\/pl\/kariera\/"},{"@type":"ListItem","position":3,"name":"Kierownik wynajmu regionu Centrum"}]},{"@type":"WebSite","@id":"https:\/\/riwal-wpn.acceptatie.indicia-interactiv.nl\/pl\/#website","url":"https:\/\/riwal-wpn.acceptatie.indicia-interactiv.nl\/pl\/","name":"Riwal","description":"Arial work platform &amp; Telehandler Rental\/Sales","publisher":{"@id":"https:\/\/riwal-wpn.acceptatie.indicia-interactiv.nl\/pl\/#organization"},"potentialAction":[{"@type":"SearchAction","target":{"@type":"EntryPoint","urlTemplate":"https:\/\/riwal-wpn.acceptatie.indicia-interactiv.nl\/pl\/?s={search_term_string}"},"query-input":{"@type":"PropertyValueSpecification","valueRequired":true,"valueName":"search_term_string"}}],"inLanguage":"pl-PL"},{"@type":"Organization","@id":"https:\/\/riwal-wpn.acceptatie.indicia-interactiv.nl\/pl\/#organization","name":"Riwal","url":"https:\/\/riwal-wpn.acceptatie.indicia-interactiv.nl\/pl\/","logo":{"@type":"ImageObject","inLanguage":"pl-PL","@id":"https:\/\/riwal-wpn.acceptatie.indicia-interactiv.nl\/pl\/#\/schema\/logo\/image\/","url":"","contentUrl":"","caption":"Riwal"},"image":{"@id":"https:\/\/riwal-wpn.acceptatie.indicia-interactiv.nl\/pl\/#\/schema\/logo\/image\/"}}]}},"_links":{"self":[{"href":"https:\/\/riwal-wpn.acceptatie.indicia-interactiv.nl\/pl\/wp-json\/wp\/v2\/vacancy\/765","targetHints":{"allow":["GET"]}}],"collection":[{"href":"https:\/\/riwal-wpn.acceptatie.indicia-interactiv.nl\/pl\/wp-json\/wp\/v2\/vacancy"}],"about":[{"href":"https:\/\/riwal-wpn.acceptatie.indicia-interactiv.nl\/pl\/wp-json\/wp\/v2\/types\/vacancy"}],"version-history":[{"count":4,"href":"https:\/\/riwal-wpn.acceptatie.indicia-interactiv.nl\/pl\/wp-json\/wp\/v2\/vacancy\/765\/revisions"}],"predecessor-version":[{"id":7132,"href":"https:\/\/riwal-wpn.acceptatie.indicia-interactiv.nl\/pl\/wp-json\/wp\/v2\/vacancy\/765\/revisions\/7132"}],"wp:featuredmedia":[{"embeddable":true,"href":"https:\/\/riwal-wpn.acceptatie.indicia-interactiv.nl\/pl\/wp-json\/wp\/v2\/media\/326"}],"wp:attachment":[{"href":"https:\/\/riwal-wpn.acceptatie.indicia-interactiv.nl\/pl\/wp-json\/wp\/v2\/media?parent=765"}],"wp:term":[{"taxonomy":"vacancy-hours","embeddable":true,"href":"https:\/\/riwal-wpn.acceptatie.indicia-interactiv.nl\/pl\/wp-json\/wp\/v2\/vacancy-hours?post=765"},{"taxonomy":"vacancy-contract","embeddable":true,"href":"https:\/\/riwal-wpn.acceptatie.indicia-interactiv.nl\/pl\/wp-json\/wp\/v2\/vacancy-contract?post=765"},{"taxonomy":"vacancy-type","embeddable":true,"href":"https:\/\/riwal-wpn.acceptatie.indicia-interactiv.nl\/pl\/wp-json\/wp\/v2\/vacancy-type?post=765"},{"taxonomy":"vacancy-department","embeddable":true,"href":"https:\/\/riwal-wpn.acceptatie.indicia-interactiv.nl\/pl\/wp-json\/wp\/v2\/vacancy-department?post=765"},{"taxonomy":"vacancy-location","embeddable":true,"href":"https:\/\/riwal-wpn.acceptatie.indicia-interactiv.nl\/pl\/wp-json\/wp\/v2\/vacancy-location?post=765"},{"taxonomy":"vacancy-hr-advisor","embeddable":true,"href":"https:\/\/riwal-wpn.acceptatie.indicia-interactiv.nl\/pl\/wp-json\/wp\/v2\/vacancy-hr-advisor?post=765"}],"curies":[{"name":"wp","href":"https:\/\/api.w.org\/{rel}","templated":true}]}}