{"id":5699,"date":"2023-09-28T14:58:00","date_gmt":"2023-09-28T14:58:00","guid":{"rendered":"https:\/\/riwal-wpn.acceptatie.indicia-interactiv.nl\/sv\/?post_type=knowledge&#038;p=5699"},"modified":"2024-02-19T12:56:41","modified_gmt":"2024-02-19T12:56:41","slug":"sakert-arbete-i-blasigt-vader","status":"publish","type":"knowledge","link":"https:\/\/riwal-wpn.acceptatie.indicia-interactiv.nl\/sv\/nyheter\/blogg\/sakert-arbete-i-blasigt-vader\/","title":{"rendered":"Arbeta s\u00e4kert p\u00e5 h\u00f6jden i stark vind!"},"content":{"rendered":"<div class=\"rental-wp-default-block rental-theme-block-default-margin\">\n\t\t\t\t\t\t\t\t<div class=\"container\">\n<div class=\"wp-block-group is-layout-flow wp-block-group-is-layout-flow\">\n<div class=\"wp-block-columns is-layout-flex wp-container-core-columns-is-layout-398b3aa3 wp-block-columns-is-layout-flex\">\n<div class=\"wp-block-column has-primary-color has-text-color is-layout-flow wp-block-column-is-layout-flow\">\n<div class=\"wp-block-group is-layout-flow wp-block-group-is-layout-flow\">\n<div class=\"wp-block-columns is-layout-flex wp-container-core-columns-is-layout-398b3aa3 wp-block-columns-is-layout-flex\">\n<div class=\"wp-block-column has-primary-color has-text-color is-layout-flow wp-block-column-is-layout-flow\">\n<p><\/p>\n\n\n\n<div class=\"wp-block-rental-theme-title-text rental-theme-block-default-margin\">\n\t<div class=\"wp-block-rental-theme-title-text__container\">\n\t\t<div class=\"wp-block-rental-theme-title-text__wrapper\">\n\t\t\t<h1 class='wp-block-rental-theme-title-text__title'>S\u00e5h\u00e4r arbetar du s\u00e4kert i stark vind: <\/h1>\t\t<\/div>\n\t\t<div class='wp-block-rental-theme-title-text__text'>\n\n<ol class=\"wp-block-list\">\n<li class=\"has-normal-font-size\">Kontrollera den till\u00e5tna vindstyrkan p\u00e5 maskinen du ska anv\u00e4nda. Vanligtvis \u00e4r den h\u00f6gsta till\u00e5tna vindhastigheten 12,5 m\/s (45 km\/h). Information om h\u00f6gsta till\u00e5tna vindstyrka finns p\u00e5 alla liftar, antingen p\u00e5 maskinen eller i instruktionsboken som medf\u00f6ljer varje maskin.&nbsp;<\/li>\n\n\n\n<li class=\"has-normal-font-size\">M\u00e4t vindstyrkan med en p\u00e5litlig vindm\u00e4tare. B\u00f6rja m\u00e4ta p\u00e5 l\u00e5g h\u00f6jd och m\u00e4t sedan medan du f\u00f6rsiktigt \u00e5ker upp i liften.<\/li>\n\n\n\n<li class=\"has-normal-font-size\">Om vindstyrkan \u00e4r i n\u00e4rheten av 12,5 m\/s, eller om kraftfulla vindar pl\u00f6tsligt uppst\u00e5r, b\u00f6r du avbryta ditt arbete.&nbsp;<\/li>\n\n\n\n<li class=\"has-normal-font-size\">G\u00e5 din utbildning hos oss och l\u00e4r dig mer om hur du arbetar s\u00e4kert p\u00e5 h\u00f6jden!&nbsp;<\/li>\n<\/ol>\n\n\n\n<div class=\"wp-block-button\"><a class=\"wp-block-button__link wp-element-button\" href=\"https:\/\/riwal-wpn.acceptatie.indicia-interactiv.nl\/sv\/utbildning\/\">L\u00e4s mer om v\u00e5ra utbildning h\u00e4r!<\/a><\/div>\n\n\n\n<p><\/p>\n\n\n\n<p><\/p>\n\n<\/div>\n\t<\/div>\n<\/div><\/div>\n<\/div>\n\n\n\n<p class=\"has-medium-font-size\"><\/p>\n<\/div>\n\n\n<div class=\"wp-block-rental-theme-latest-news\">\n\t<div class=\"wp-block-rental-theme-latest-news-container\">\n\t\t\t\t<div class=\"wp-block-rental-theme-latest-news__content\">\n\t\t\t\t\t\t\t\t<div class=\"wp-block-rental-theme-latest-news__article\">\n\t\t\t\t\t\t<div class=\"wp-block-rental-theme-latest-news__article--date\">\n\t\t\t\t\t\t\t02 &#8211; 02 &#8211; 2024\t\t\t\t\t\t<\/div>\n\t\t\t\t\t\t<a class=\"wp-block-rental-theme-latest-news__article--link\" href=\"https:\/\/riwal-wpn.acceptatie.indicia-interactiv.nl\/sv\/nyheter\/blogg\/4-effektiva-digitala-losningar-i-my-riwal-2\/\">\n\t\t\t\t\t\t\t<div class=\"wp-block-rental-theme-latest-news__article--title\">\n\t\t\t\t\t\t\t\t4 effektiva digitala l\u00f6sningar i My Riwal\t\t\t\t\t\t\t<\/div>\n\t\t\t\t\t\t<\/a>\n\t\t\t\t\t\t<div class=\"wp-block-rental-theme-latest-news__article--content\">\n\t\t\t\t\t\t\tI v\u00e5rt digitala verktyg My Riwal, hittar du m\u00e4ngder med olika funktioner som hj\u00e4lper dig till ett mer effektivt arbete. I detta inl\u00e4gg har vi plockat ut 4 effektiva digitala l\u00f6sningar som du kommer \u00e5t via verktyget.\t\t\t\t\t\t<\/div>\n\t\t\t\t\t\t<div class=\"wp-block-rental-theme-latest-news__article--more\">\n\t\t\t\t\t\t\t<a class=\"wp-block-rental-theme-latest-news__article--link\" href=\"https:\/\/riwal-wpn.acceptatie.indicia-interactiv.nl\/sv\/nyheter\/blogg\/4-effektiva-digitala-losningar-i-my-riwal-2\/\">L\u00e4s mer&#8230;<\/a>\n\t\t\t\t\t\t<\/div>\n\t\t\t\t\t<\/div>\n\t\t\t\t\t\t\t\t\t<div class=\"wp-block-rental-theme-latest-news__article\">\n\t\t\t\t\t\t<div class=\"wp-block-rental-theme-latest-news__article--date\">\n\t\t\t\t\t\t\t31 &#8211; 01 &#8211; 2024\t\t\t\t\t\t<\/div>\n\t\t\t\t\t\t<a class=\"wp-block-rental-theme-latest-news__article--link\" href=\"https:\/\/riwal-wpn.acceptatie.indicia-interactiv.nl\/sv\/nyheter\/nyheter\/ny-hemsida\/\">\n\t\t\t\t\t\t\t<div class=\"wp-block-rental-theme-latest-news__article--title\">\n\t\t\t\t\t\t\t\tNy hemsida!\t\t\t\t\t\t\t<\/div>\n\t\t\t\t\t\t<\/a>\n\t\t\t\t\t\t<div class=\"wp-block-rental-theme-latest-news__article--content\">\n\t\t\t\t\t\t\tVi \u00e4r glada \u00f6ver att kunna presentera att vi forts\u00e4tter v\u00e5r digitala utvecklingsresa med att lansera en helt ny hemsida! I samma veva kommer vi \u00e4ven att uppdatera v\u00e5rt digitala verktyg, My Riwal. L\u00e4s mer h\u00e4r!\t\t\t\t\t\t<\/div>\n\t\t\t\t\t\t<div class=\"wp-block-rental-theme-latest-news__article--more\">\n\t\t\t\t\t\t\t<a class=\"wp-block-rental-theme-latest-news__article--link\" href=\"https:\/\/riwal-wpn.acceptatie.indicia-interactiv.nl\/sv\/nyheter\/nyheter\/ny-hemsida\/\">L\u00e4s mer&#8230;<\/a>\n\t\t\t\t\t\t<\/div>\n\t\t\t\t\t<\/div>\n\t\t\t\t\t\t\t\t\t<div class=\"wp-block-rental-theme-latest-news__article\">\n\t\t\t\t\t\t<div class=\"wp-block-rental-theme-latest-news__article--date\">\n\t\t\t\t\t\t\t12 &#8211; 01 &#8211; 2024\t\t\t\t\t\t<\/div>\n\t\t\t\t\t\t<a class=\"wp-block-rental-theme-latest-news__article--link\" href=\"https:\/\/riwal-wpn.acceptatie.indicia-interactiv.nl\/sv\/nyheter\/blogg\/maste-man-fornya-liftutbildning-detta-galler\/\">\n\t\t\t\t\t\t\t<div class=\"wp-block-rental-theme-latest-news__article--title\">\n\t\t\t\t\t\t\t\tM\u00e5ste man f\u00f6rnya liftutbildning? Detta g\u00e4ller!\u00a0\t\t\t\t\t\t\t<\/div>\n\t\t\t\t\t\t<\/a>\n\t\t\t\t\t\t<div class=\"wp-block-rental-theme-latest-news__article--content\">\n\t\t\t\t\t\t\tVad g\u00e4ller egentligen n\u00e4r det kommer till att beh\u00f6va repetera sin liftutbildning? \u00c4r det lag p\u00e5 att repetera utbildningen, eller vad \u00e4r det egentligen som g\u00e4ller? Det reder vi nu ut en g\u00e5ng f\u00f6r alla. \t\t\t\t\t\t<\/div>\n\t\t\t\t\t\t<div class=\"wp-block-rental-theme-latest-news__article--more\">\n\t\t\t\t\t\t\t<a class=\"wp-block-rental-theme-latest-news__article--link\" href=\"https:\/\/riwal-wpn.acceptatie.indicia-interactiv.nl\/sv\/nyheter\/blogg\/maste-man-fornya-liftutbildning-detta-galler\/\">L\u00e4s mer&#8230;<\/a>\n\t\t\t\t\t\t<\/div>\n\t\t\t\t\t<\/div>\n\t\t\t\t\t\t<\/div>\n\t<\/div>\n<\/div>\n\n\n\n<h2 class=\"wp-block-heading\" id=\"h-\"><\/h2>\n<\/div>\n<\/div>\n<\/div>\n<\/div>\n\t\t\t\t\t\t\t<\/div> ","protected":false},"excerpt":{"rendered":"<p>H\u00f6sten \u00e4r garanterat h\u00e4r. I samband med h\u00f6sten brukar vindstyrkorna \u00f6ka kraftigt, och i samband med \u00f6kad vindstyrka f\u00f6r\u00e4ndras v\u00e5ra arbetsf\u00f6rh\u00e5llanden f\u00f6r h\u00f6jdarbeten. F\u00f6r att kunna forts\u00e4tta utf\u00f6ra ett s\u00e4kert arbete p\u00e5 h\u00f6jden, finns det d\u00e4rmed vissa saker att t\u00e4nka lite extra p\u00e5. H\u00e4r kommer lite tips p\u00e5 hur du arbetar s\u00e4kert med liftar i bl\u00e5sigt v\u00e4der!\u00a0<\/p>\n","protected":false},"featured_media":5700,"template":"","meta":{"_acf_changed":false,"editor_notices":[],"footnotes":""},"knowledge-category":[29],"knowledge-tag":[213],"class_list":["post-5699","knowledge","type-knowledge","status-publish","has-post-thumbnail","hentry","knowledge-category-blogg"],"acf":[],"yoast_head":"<!-- This site is optimized with the Yoast SEO Premium plugin v27.1 (Yoast SEO v27.1.1) - https:\/\/yoast.com\/product\/yoast-seo-premium-wordpress\/ -->\n<title>Arbeta s\u00e4kert p\u00e5 h\u00f6jden i stark vind | Tips och tricks | Riwal Sverige<\/title>\n<meta name=\"description\" content=\"H\u00f6sten \u00e4r h\u00e4r, s\u00e5 \u00e4r \u00e4ven en starkare vind. L\u00e4s mer om hur du arbetar s\u00e4kert p\u00e5 h\u00f6jden i stark vind - boka din liftutbildning hos Riwal.\" \/>\n<meta name=\"robots\" content=\"noindex, follow, max-snippet:-1, max-image-preview:large, max-video-preview:-1\" \/>\n<meta property=\"og:locale\" content=\"sv_SE\" \/>\n<meta property=\"og:type\" content=\"article\" \/>\n<meta property=\"og:title\" content=\"Arbeta s\u00e4kert p\u00e5 h\u00f6jden i stark vind!\" \/>\n<meta property=\"og:description\" content=\"H\u00f6sten \u00e4r h\u00e4r, s\u00e5 \u00e4r \u00e4ven en starkare vind. L\u00e4s mer om hur du arbetar s\u00e4kert p\u00e5 h\u00f6jden i stark vind - boka din liftutbildning hos Riwal.\" \/>\n<meta property=\"og:url\" content=\"https:\/\/riwal-wpn.acceptatie.indicia-interactiv.nl\/sv\/knowledge\/blogg\/sakert-arbete-i-blasigt-vader\/\" \/>\n<meta property=\"og:site_name\" content=\"Riwal Sverige\" \/>\n<meta property=\"article:modified_time\" content=\"2024-02-19T12:56:41+00:00\" \/>\n<meta property=\"og:image\" content=\"https:\/\/riwal-wpn.acceptatie.indicia-interactiv.nl\/app\/uploads\/sites\/13\/2023\/10\/Hur-arbetar-man-sa\u0308kert-pa\u030a-ho\u0308jden-i-stark-vind-1024x1024.gif\" \/>\n\t<meta property=\"og:image:width\" content=\"1024\" \/>\n\t<meta property=\"og:image:height\" content=\"1024\" \/>\n\t<meta property=\"og:image:type\" content=\"image\/gif\" \/>\n<meta name=\"twitter:card\" content=\"summary_large_image\" \/>\n<meta name=\"twitter:label1\" content=\"Est. reading time\" \/>\n\t<meta name=\"twitter:data1\" content=\"1 minut\" \/>\n<script type=\"application\/ld+json\" class=\"yoast-schema-graph\">{\"@context\":\"https:\/\/schema.org\",\"@graph\":[{\"@type\":\"WebPage\",\"@id\":\"https:\/\/riwal-wpn.acceptatie.indicia-interactiv.nl\/sv\/knowledge\/blogg\/sakert-arbete-i-blasigt-vader\/\",\"url\":\"https:\/\/riwal-wpn.acceptatie.indicia-interactiv.nl\/sv\/knowledge\/blogg\/sakert-arbete-i-blasigt-vader\/\",\"name\":\"Arbeta s\u00e4kert p\u00e5 h\u00f6jden i stark vind | Tips och tricks | Riwal Sverige\",\"isPartOf\":{\"@id\":\"https:\/\/riwal-wpn.acceptatie.indicia-interactiv.nl\/sv\/#website\"},\"primaryImageOfPage\":{\"@id\":\"https:\/\/riwal-wpn.acceptatie.indicia-interactiv.nl\/sv\/knowledge\/blogg\/sakert-arbete-i-blasigt-vader\/#primaryimage\"},\"image\":{\"@id\":\"https:\/\/riwal-wpn.acceptatie.indicia-interactiv.nl\/sv\/knowledge\/blogg\/sakert-arbete-i-blasigt-vader\/#primaryimage\"},\"thumbnailUrl\":\"https:\/\/riwal-wpn.acceptatie.indicia-interactiv.nl\/app\/uploads\/sites\/13\/2023\/10\/Hur-arbetar-man-sa\u0308kert-pa\u030a-ho\u0308jden-i-stark-vind.gif\",\"datePublished\":\"2023-09-28T14:58:00+00:00\",\"dateModified\":\"2024-02-19T12:56:41+00:00\",\"description\":\"H\u00f6sten \u00e4r h\u00e4r, s\u00e5 \u00e4r \u00e4ven en starkare vind. L\u00e4s mer om hur du arbetar s\u00e4kert p\u00e5 h\u00f6jden i stark vind - boka din liftutbildning hos Riwal.\",\"breadcrumb\":{\"@id\":\"https:\/\/riwal-wpn.acceptatie.indicia-interactiv.nl\/sv\/knowledge\/blogg\/sakert-arbete-i-blasigt-vader\/#breadcrumb\"},\"inLanguage\":\"sv-SE\",\"potentialAction\":[{\"@type\":\"ReadAction\",\"target\":[\"https:\/\/riwal-wpn.acceptatie.indicia-interactiv.nl\/sv\/knowledge\/blogg\/sakert-arbete-i-blasigt-vader\/\"]}]},{\"@type\":\"ImageObject\",\"inLanguage\":\"sv-SE\",\"@id\":\"https:\/\/riwal-wpn.acceptatie.indicia-interactiv.nl\/sv\/knowledge\/blogg\/sakert-arbete-i-blasigt-vader\/#primaryimage\",\"url\":\"https:\/\/riwal-wpn.acceptatie.indicia-interactiv.nl\/app\/uploads\/sites\/13\/2023\/10\/Hur-arbetar-man-sa\u0308kert-pa\u030a-ho\u0308jden-i-stark-vind.gif\",\"contentUrl\":\"https:\/\/riwal-wpn.acceptatie.indicia-interactiv.nl\/app\/uploads\/sites\/13\/2023\/10\/Hur-arbetar-man-sa\u0308kert-pa\u030a-ho\u0308jden-i-stark-vind.gif\",\"width\":1080,\"height\":1080,\"caption\":\"arbeta s\u00e4kert i stark vind\"},{\"@type\":\"BreadcrumbList\",\"@id\":\"https:\/\/riwal-wpn.acceptatie.indicia-interactiv.nl\/sv\/knowledge\/blogg\/sakert-arbete-i-blasigt-vader\/#breadcrumb\",\"itemListElement\":[{\"@type\":\"ListItem\",\"position\":1,\"name\":\"Hem\",\"item\":\"https:\/\/riwal-wpn.acceptatie.indicia-interactiv.nl\/sv\/\"},{\"@type\":\"ListItem\",\"position\":2,\"name\":\"Nyheter\",\"item\":\"https:\/\/riwal-wpn.acceptatie.indicia-interactiv.nl\/sv\/knowledge\/\"},{\"@type\":\"ListItem\",\"position\":3,\"name\":\"Arbeta s\u00e4kert p\u00e5 h\u00f6jden i stark vind!\"}]},{\"@type\":\"WebSite\",\"@id\":\"https:\/\/riwal-wpn.acceptatie.indicia-interactiv.nl\/sv\/#website\",\"url\":\"https:\/\/riwal-wpn.acceptatie.indicia-interactiv.nl\/sv\/\",\"name\":\"Riwal Sverige\",\"description\":\"Arial work platform &amp; Telehandler Rental\/Sales\",\"publisher\":{\"@id\":\"https:\/\/riwal-wpn.acceptatie.indicia-interactiv.nl\/sv\/#organization\"},\"potentialAction\":[{\"@type\":\"SearchAction\",\"target\":{\"@type\":\"EntryPoint\",\"urlTemplate\":\"https:\/\/riwal-wpn.acceptatie.indicia-interactiv.nl\/sv\/?s={search_term_string}\"},\"query-input\":{\"@type\":\"PropertyValueSpecification\",\"valueRequired\":true,\"valueName\":\"search_term_string\"}}],\"inLanguage\":\"sv-SE\"},{\"@type\":\"Organization\",\"@id\":\"https:\/\/riwal-wpn.acceptatie.indicia-interactiv.nl\/sv\/#organization\",\"name\":\"Riwal\",\"url\":\"https:\/\/riwal-wpn.acceptatie.indicia-interactiv.nl\/sv\/\",\"logo\":{\"@type\":\"ImageObject\",\"inLanguage\":\"sv-SE\",\"@id\":\"https:\/\/riwal-wpn.acceptatie.indicia-interactiv.nl\/sv\/#\/schema\/logo\/image\/\",\"url\":\"\",\"contentUrl\":\"\",\"caption\":\"Riwal\"},\"image\":{\"@id\":\"https:\/\/riwal-wpn.acceptatie.indicia-interactiv.nl\/sv\/#\/schema\/logo\/image\/\"}}]}<\/script>\n<!-- \/ Yoast SEO Premium plugin. -->","yoast_head_json":{"title":"Arbeta s\u00e4kert p\u00e5 h\u00f6jden i stark vind | Tips och tricks | Riwal Sverige","description":"H\u00f6sten \u00e4r h\u00e4r, s\u00e5 \u00e4r \u00e4ven en starkare vind. L\u00e4s mer om hur du arbetar s\u00e4kert p\u00e5 h\u00f6jden i stark vind - boka din liftutbildning hos Riwal.","robots":{"index":"noindex","follow":"follow","max-snippet":"max-snippet:-1","max-image-preview":"max-image-preview:large","max-video-preview":"max-video-preview:-1"},"og_locale":"sv_SE","og_type":"article","og_title":"Arbeta s\u00e4kert p\u00e5 h\u00f6jden i stark vind!","og_description":"H\u00f6sten \u00e4r h\u00e4r, s\u00e5 \u00e4r \u00e4ven en starkare vind. L\u00e4s mer om hur du arbetar s\u00e4kert p\u00e5 h\u00f6jden i stark vind - boka din liftutbildning hos Riwal.","og_url":"https:\/\/riwal-wpn.acceptatie.indicia-interactiv.nl\/sv\/knowledge\/blogg\/sakert-arbete-i-blasigt-vader\/","og_site_name":"Riwal Sverige","article_modified_time":"2024-02-19T12:56:41+00:00","og_image":[{"width":1024,"height":1024,"url":"https:\/\/riwal-wpn.acceptatie.indicia-interactiv.nl\/app\/uploads\/sites\/13\/2023\/10\/Hur-arbetar-man-sa\u0308kert-pa\u030a-ho\u0308jden-i-stark-vind-1024x1024.gif","type":"image\/gif"}],"twitter_card":"summary_large_image","twitter_misc":{"Est. reading time":"1 minut"},"schema":{"@context":"https:\/\/schema.org","@graph":[{"@type":"WebPage","@id":"https:\/\/riwal-wpn.acceptatie.indicia-interactiv.nl\/sv\/knowledge\/blogg\/sakert-arbete-i-blasigt-vader\/","url":"https:\/\/riwal-wpn.acceptatie.indicia-interactiv.nl\/sv\/knowledge\/blogg\/sakert-arbete-i-blasigt-vader\/","name":"Arbeta s\u00e4kert p\u00e5 h\u00f6jden i stark vind | Tips och tricks | Riwal Sverige","isPartOf":{"@id":"https:\/\/riwal-wpn.acceptatie.indicia-interactiv.nl\/sv\/#website"},"primaryImageOfPage":{"@id":"https:\/\/riwal-wpn.acceptatie.indicia-interactiv.nl\/sv\/knowledge\/blogg\/sakert-arbete-i-blasigt-vader\/#primaryimage"},"image":{"@id":"https:\/\/riwal-wpn.acceptatie.indicia-interactiv.nl\/sv\/knowledge\/blogg\/sakert-arbete-i-blasigt-vader\/#primaryimage"},"thumbnailUrl":"https:\/\/riwal-wpn.acceptatie.indicia-interactiv.nl\/app\/uploads\/sites\/13\/2023\/10\/Hur-arbetar-man-sa\u0308kert-pa\u030a-ho\u0308jden-i-stark-vind.gif","datePublished":"2023-09-28T14:58:00+00:00","dateModified":"2024-02-19T12:56:41+00:00","description":"H\u00f6sten \u00e4r h\u00e4r, s\u00e5 \u00e4r \u00e4ven en starkare vind. L\u00e4s mer om hur du arbetar s\u00e4kert p\u00e5 h\u00f6jden i stark vind - boka din liftutbildning hos Riwal.","breadcrumb":{"@id":"https:\/\/riwal-wpn.acceptatie.indicia-interactiv.nl\/sv\/knowledge\/blogg\/sakert-arbete-i-blasigt-vader\/#breadcrumb"},"inLanguage":"sv-SE","potentialAction":[{"@type":"ReadAction","target":["https:\/\/riwal-wpn.acceptatie.indicia-interactiv.nl\/sv\/knowledge\/blogg\/sakert-arbete-i-blasigt-vader\/"]}]},{"@type":"ImageObject","inLanguage":"sv-SE","@id":"https:\/\/riwal-wpn.acceptatie.indicia-interactiv.nl\/sv\/knowledge\/blogg\/sakert-arbete-i-blasigt-vader\/#primaryimage","url":"https:\/\/riwal-wpn.acceptatie.indicia-interactiv.nl\/app\/uploads\/sites\/13\/2023\/10\/Hur-arbetar-man-sa\u0308kert-pa\u030a-ho\u0308jden-i-stark-vind.gif","contentUrl":"https:\/\/riwal-wpn.acceptatie.indicia-interactiv.nl\/app\/uploads\/sites\/13\/2023\/10\/Hur-arbetar-man-sa\u0308kert-pa\u030a-ho\u0308jden-i-stark-vind.gif","width":1080,"height":1080,"caption":"arbeta s\u00e4kert i stark vind"},{"@type":"BreadcrumbList","@id":"https:\/\/riwal-wpn.acceptatie.indicia-interactiv.nl\/sv\/knowledge\/blogg\/sakert-arbete-i-blasigt-vader\/#breadcrumb","itemListElement":[{"@type":"ListItem","position":1,"name":"Hem","item":"https:\/\/riwal-wpn.acceptatie.indicia-interactiv.nl\/sv\/"},{"@type":"ListItem","position":2,"name":"Nyheter","item":"https:\/\/riwal-wpn.acceptatie.indicia-interactiv.nl\/sv\/knowledge\/"},{"@type":"ListItem","position":3,"name":"Arbeta s\u00e4kert p\u00e5 h\u00f6jden i stark vind!"}]},{"@type":"WebSite","@id":"https:\/\/riwal-wpn.acceptatie.indicia-interactiv.nl\/sv\/#website","url":"https:\/\/riwal-wpn.acceptatie.indicia-interactiv.nl\/sv\/","name":"Riwal Sverige","description":"Arial work platform &amp; Telehandler Rental\/Sales","publisher":{"@id":"https:\/\/riwal-wpn.acceptatie.indicia-interactiv.nl\/sv\/#organization"},"potentialAction":[{"@type":"SearchAction","target":{"@type":"EntryPoint","urlTemplate":"https:\/\/riwal-wpn.acceptatie.indicia-interactiv.nl\/sv\/?s={search_term_string}"},"query-input":{"@type":"PropertyValueSpecification","valueRequired":true,"valueName":"search_term_string"}}],"inLanguage":"sv-SE"},{"@type":"Organization","@id":"https:\/\/riwal-wpn.acceptatie.indicia-interactiv.nl\/sv\/#organization","name":"Riwal","url":"https:\/\/riwal-wpn.acceptatie.indicia-interactiv.nl\/sv\/","logo":{"@type":"ImageObject","inLanguage":"sv-SE","@id":"https:\/\/riwal-wpn.acceptatie.indicia-interactiv.nl\/sv\/#\/schema\/logo\/image\/","url":"","contentUrl":"","caption":"Riwal"},"image":{"@id":"https:\/\/riwal-wpn.acceptatie.indicia-interactiv.nl\/sv\/#\/schema\/logo\/image\/"}}]}},"_links":{"self":[{"href":"https:\/\/riwal-wpn.acceptatie.indicia-interactiv.nl\/sv\/wp-json\/wp\/v2\/knowledge\/5699","targetHints":{"allow":["GET"]}}],"collection":[{"href":"https:\/\/riwal-wpn.acceptatie.indicia-interactiv.nl\/sv\/wp-json\/wp\/v2\/knowledge"}],"about":[{"href":"https:\/\/riwal-wpn.acceptatie.indicia-interactiv.nl\/sv\/wp-json\/wp\/v2\/types\/knowledge"}],"version-history":[{"count":7,"href":"https:\/\/riwal-wpn.acceptatie.indicia-interactiv.nl\/sv\/wp-json\/wp\/v2\/knowledge\/5699\/revisions"}],"predecessor-version":[{"id":9323,"href":"https:\/\/riwal-wpn.acceptatie.indicia-interactiv.nl\/sv\/wp-json\/wp\/v2\/knowledge\/5699\/revisions\/9323"}],"wp:featuredmedia":[{"embeddable":true,"href":"https:\/\/riwal-wpn.acceptatie.indicia-interactiv.nl\/sv\/wp-json\/wp\/v2\/media\/5700"}],"wp:attachment":[{"href":"https:\/\/riwal-wpn.acceptatie.indicia-interactiv.nl\/sv\/wp-json\/wp\/v2\/media?parent=5699"}],"wp:term":[{"taxonomy":"knowledge-category","embeddable":true,"href":"https:\/\/riwal-wpn.acceptatie.indicia-interactiv.nl\/sv\/wp-json\/wp\/v2\/knowledge-category?post=5699"},{"taxonomy":"knowledge-tag","embeddable":true,"href":"https:\/\/riwal-wpn.acceptatie.indicia-interactiv.nl\/sv\/wp-json\/wp\/v2\/knowledge-tag?post=5699"}],"curies":[{"name":"wp","href":"https:\/\/api.w.org\/{rel}","templated":true}]}}