{"id":9201,"date":"2026-03-04T02:49:00","date_gmt":"2026-03-04T02:49:00","guid":{"rendered":"https:\/\/riwal-wpn.acceptatie.indicia-interactiv.nl\/sv\/uthyrning\/category\/subcategory\/pelarlift-12-5m-elektrisk-jlg-t12e\/"},"modified":"2026-03-04T02:49:00","modified_gmt":"2026-03-04T02:49:00","slug":"pelarlift-12-5m-elektrisk-jlg-t12e","status":"publish","type":"machines-rental","link":"https:\/\/riwal-wpn.acceptatie.indicia-interactiv.nl\/sv\/uthyrning\/liftar\/pelarlift\/pelarlift-12-5m-elektrisk-jlg-t12e\/","title":{"rendered":"Pelarlift &#8211; 12.5m Elektrisk"},"content":{"rendered":"<p>JLG-Toucan12E+ \u00e4r en milj\u00f6v\u00e4nlig, n\u00e4stan ljudl\u00f6s eldriven pelarlift. Den \u00e4r supereffektiv och m\u00e5ngsidig med ett utligg p\u00e5 6,7 meter, en arbetsh\u00f6jd p\u00e5 12,65 meter och en lyftkapacitet p\u00e5 200 kg. L\u00e4mplig f\u00f6r b\u00e5de inomhus- och utomhusbruk.<\/p>\n","protected":false},"featured_media":9191,"template":"","meta":{"_acf_changed":false,"editor_notices":[]},"machines-rental-category":[215,224],"machines-propulsion":[218],"machines-location":[],"machines-lift-propulsion":[242],"machines-stability":[401],"machines-terrain":[240,241],"machines-tires-type":[404],"machines-platform-size":[383],"class_list":["post-9201","machines-rental","type-machines-rental","status-publish","has-post-thumbnail","hentry","machines-rental-category-liftar","machines-rental-category-pelarlift"],"acf":[],"yoast_head":"<!-- This site is optimized with the Yoast SEO Premium plugin v27.1 (Yoast SEO v27.1.1) - https:\/\/yoast.com\/product\/yoast-seo-premium-wordpress\/ -->\n<title>JLG T12E+ | 12,5 m Pelarlift | Uthyrning | Riwal<\/title>\n<meta name=\"description\" content=\"JLG-Toucan12E+ \u00e4r en milj\u00f6v\u00e4nlig, n\u00e4stan ljudl\u00f6s eldriven pelarlift. Den \u00e4r supereffektiv och m\u00e5ngsidig med ett utligg p\u00e5 6,7 meter, en arbetsh\u00f6jd p\u00e5 12,65 met\" \/>\n<meta name=\"robots\" content=\"noindex, follow, max-snippet:-1, max-image-preview:large, max-video-preview:-1\" \/>\n<meta property=\"og:locale\" content=\"sv_SE\" \/>\n<meta property=\"og:type\" content=\"article\" \/>\n<meta property=\"og:title\" content=\"Pelarlift - 12.5m Elektrisk\" \/>\n<meta property=\"og:description\" content=\"JLG-Toucan12E+ \u00e4r en milj\u00f6v\u00e4nlig, n\u00e4stan ljudl\u00f6s eldriven pelarlift. Den \u00e4r supereffektiv och m\u00e5ngsidig med ett utligg p\u00e5 6,7 meter, en arbetsh\u00f6jd p\u00e5 12,65 met\" \/>\n<meta property=\"og:url\" content=\"https:\/\/riwal-wpn.acceptatie.indicia-interactiv.nl\/sv\/uthyrning\/liftar\/pelarlift\/pelarlift-12-5m-elektrisk-jlg-t12e\/\" \/>\n<meta property=\"og:site_name\" content=\"Riwal Sverige\" \/>\n<meta property=\"og:image\" content=\"https:\/\/riwal-wpn.acceptatie.indicia-interactiv.nl\/app\/uploads\/sites\/13\/2024\/02\/T12EPlus-gallery-silo.png\" \/>\n\t<meta property=\"og:image:width\" content=\"385\" \/>\n\t<meta property=\"og:image:height\" content=\"385\" \/>\n\t<meta property=\"og:image:type\" content=\"image\/png\" \/>\n<meta name=\"twitter:card\" content=\"summary_large_image\" \/>\n<script type=\"application\/ld+json\" class=\"yoast-schema-graph\">{\"@context\":\"https:\/\/schema.org\",\"@graph\":[{\"@type\":\"WebPage\",\"@id\":\"https:\/\/riwal-wpn.acceptatie.indicia-interactiv.nl\/sv\/uthyrning\/liftar\/pelarlift\/pelarlift-12-5m-elektrisk-jlg-t12e\/\",\"url\":\"https:\/\/riwal-wpn.acceptatie.indicia-interactiv.nl\/sv\/uthyrning\/liftar\/pelarlift\/pelarlift-12-5m-elektrisk-jlg-t12e\/\",\"name\":\"JLG T12E+ | 12,5 m Pelarlift | Uthyrning | Riwal\",\"isPartOf\":{\"@id\":\"https:\/\/riwal-wpn.acceptatie.indicia-interactiv.nl\/sv\/#website\"},\"primaryImageOfPage\":{\"@id\":\"https:\/\/riwal-wpn.acceptatie.indicia-interactiv.nl\/sv\/uthyrning\/liftar\/pelarlift\/pelarlift-12-5m-elektrisk-jlg-t12e\/#primaryimage\"},\"image\":{\"@id\":\"https:\/\/riwal-wpn.acceptatie.indicia-interactiv.nl\/sv\/uthyrning\/liftar\/pelarlift\/pelarlift-12-5m-elektrisk-jlg-t12e\/#primaryimage\"},\"thumbnailUrl\":\"https:\/\/riwal-wpn.acceptatie.indicia-interactiv.nl\/app\/uploads\/sites\/13\/2024\/02\/T12EPlus-gallery-silo.png\",\"datePublished\":\"2026-03-04T02:49:00+00:00\",\"description\":\"JLG-Toucan12E+ \u00e4r en milj\u00f6v\u00e4nlig, n\u00e4stan ljudl\u00f6s eldriven pelarlift. Den \u00e4r supereffektiv och m\u00e5ngsidig med ett utligg p\u00e5 6,7 meter, en arbetsh\u00f6jd p\u00e5 12,65 met\",\"breadcrumb\":{\"@id\":\"https:\/\/riwal-wpn.acceptatie.indicia-interactiv.nl\/sv\/uthyrning\/liftar\/pelarlift\/pelarlift-12-5m-elektrisk-jlg-t12e\/#breadcrumb\"},\"inLanguage\":\"sv-SE\",\"potentialAction\":[{\"@type\":\"ReadAction\",\"target\":[\"https:\/\/riwal-wpn.acceptatie.indicia-interactiv.nl\/sv\/uthyrning\/liftar\/pelarlift\/pelarlift-12-5m-elektrisk-jlg-t12e\/\"]}]},{\"@type\":\"ImageObject\",\"inLanguage\":\"sv-SE\",\"@id\":\"https:\/\/riwal-wpn.acceptatie.indicia-interactiv.nl\/sv\/uthyrning\/liftar\/pelarlift\/pelarlift-12-5m-elektrisk-jlg-t12e\/#primaryimage\",\"url\":\"https:\/\/riwal-wpn.acceptatie.indicia-interactiv.nl\/app\/uploads\/sites\/13\/2024\/02\/T12EPlus-gallery-silo.png\",\"contentUrl\":\"https:\/\/riwal-wpn.acceptatie.indicia-interactiv.nl\/app\/uploads\/sites\/13\/2024\/02\/T12EPlus-gallery-silo.png\",\"width\":385,\"height\":385},{\"@type\":\"BreadcrumbList\",\"@id\":\"https:\/\/riwal-wpn.acceptatie.indicia-interactiv.nl\/sv\/uthyrning\/liftar\/pelarlift\/pelarlift-12-5m-elektrisk-jlg-t12e\/#breadcrumb\",\"itemListElement\":[{\"@type\":\"ListItem\",\"position\":1,\"name\":\"Hem\",\"item\":\"https:\/\/riwal-wpn.acceptatie.indicia-interactiv.nl\/sv\/\"},{\"@type\":\"ListItem\",\"position\":2,\"name\":\"Uthyrning\",\"item\":\"https:\/\/riwal-wpn.acceptatie.indicia-interactiv.nl\/sv\/rental\/\"},{\"@type\":\"ListItem\",\"position\":3,\"name\":\"Pelarlift &#8211; 12.5m Elektrisk\"}]},{\"@type\":\"WebSite\",\"@id\":\"https:\/\/riwal-wpn.acceptatie.indicia-interactiv.nl\/sv\/#website\",\"url\":\"https:\/\/riwal-wpn.acceptatie.indicia-interactiv.nl\/sv\/\",\"name\":\"Riwal Sverige\",\"description\":\"Arial work platform &amp; Telehandler Rental\/Sales\",\"publisher\":{\"@id\":\"https:\/\/riwal-wpn.acceptatie.indicia-interactiv.nl\/sv\/#organization\"},\"potentialAction\":[{\"@type\":\"SearchAction\",\"target\":{\"@type\":\"EntryPoint\",\"urlTemplate\":\"https:\/\/riwal-wpn.acceptatie.indicia-interactiv.nl\/sv\/?s={search_term_string}\"},\"query-input\":{\"@type\":\"PropertyValueSpecification\",\"valueRequired\":true,\"valueName\":\"search_term_string\"}}],\"inLanguage\":\"sv-SE\"},{\"@type\":\"Organization\",\"@id\":\"https:\/\/riwal-wpn.acceptatie.indicia-interactiv.nl\/sv\/#organization\",\"name\":\"Riwal\",\"url\":\"https:\/\/riwal-wpn.acceptatie.indicia-interactiv.nl\/sv\/\",\"logo\":{\"@type\":\"ImageObject\",\"inLanguage\":\"sv-SE\",\"@id\":\"https:\/\/riwal-wpn.acceptatie.indicia-interactiv.nl\/sv\/#\/schema\/logo\/image\/\",\"url\":\"\",\"contentUrl\":\"\",\"caption\":\"Riwal\"},\"image\":{\"@id\":\"https:\/\/riwal-wpn.acceptatie.indicia-interactiv.nl\/sv\/#\/schema\/logo\/image\/\"}}]}<\/script>\n<!-- \/ Yoast SEO Premium plugin. -->","yoast_head_json":{"title":"JLG T12E+ | 12,5 m Pelarlift | Uthyrning | Riwal","description":"JLG-Toucan12E+ \u00e4r en milj\u00f6v\u00e4nlig, n\u00e4stan ljudl\u00f6s eldriven pelarlift. Den \u00e4r supereffektiv och m\u00e5ngsidig med ett utligg p\u00e5 6,7 meter, en arbetsh\u00f6jd p\u00e5 12,65 met","robots":{"index":"noindex","follow":"follow","max-snippet":"max-snippet:-1","max-image-preview":"max-image-preview:large","max-video-preview":"max-video-preview:-1"},"og_locale":"sv_SE","og_type":"article","og_title":"Pelarlift - 12.5m Elektrisk","og_description":"JLG-Toucan12E+ \u00e4r en milj\u00f6v\u00e4nlig, n\u00e4stan ljudl\u00f6s eldriven pelarlift. Den \u00e4r supereffektiv och m\u00e5ngsidig med ett utligg p\u00e5 6,7 meter, en arbetsh\u00f6jd p\u00e5 12,65 met","og_url":"https:\/\/riwal-wpn.acceptatie.indicia-interactiv.nl\/sv\/uthyrning\/liftar\/pelarlift\/pelarlift-12-5m-elektrisk-jlg-t12e\/","og_site_name":"Riwal Sverige","og_image":[{"width":385,"height":385,"url":"https:\/\/riwal-wpn.acceptatie.indicia-interactiv.nl\/app\/uploads\/sites\/13\/2024\/02\/T12EPlus-gallery-silo.png","type":"image\/png"}],"twitter_card":"summary_large_image","schema":{"@context":"https:\/\/schema.org","@graph":[{"@type":"WebPage","@id":"https:\/\/riwal-wpn.acceptatie.indicia-interactiv.nl\/sv\/uthyrning\/liftar\/pelarlift\/pelarlift-12-5m-elektrisk-jlg-t12e\/","url":"https:\/\/riwal-wpn.acceptatie.indicia-interactiv.nl\/sv\/uthyrning\/liftar\/pelarlift\/pelarlift-12-5m-elektrisk-jlg-t12e\/","name":"JLG T12E+ | 12,5 m Pelarlift | Uthyrning | Riwal","isPartOf":{"@id":"https:\/\/riwal-wpn.acceptatie.indicia-interactiv.nl\/sv\/#website"},"primaryImageOfPage":{"@id":"https:\/\/riwal-wpn.acceptatie.indicia-interactiv.nl\/sv\/uthyrning\/liftar\/pelarlift\/pelarlift-12-5m-elektrisk-jlg-t12e\/#primaryimage"},"image":{"@id":"https:\/\/riwal-wpn.acceptatie.indicia-interactiv.nl\/sv\/uthyrning\/liftar\/pelarlift\/pelarlift-12-5m-elektrisk-jlg-t12e\/#primaryimage"},"thumbnailUrl":"https:\/\/riwal-wpn.acceptatie.indicia-interactiv.nl\/app\/uploads\/sites\/13\/2024\/02\/T12EPlus-gallery-silo.png","datePublished":"2026-03-04T02:49:00+00:00","description":"JLG-Toucan12E+ \u00e4r en milj\u00f6v\u00e4nlig, n\u00e4stan ljudl\u00f6s eldriven pelarlift. Den \u00e4r supereffektiv och m\u00e5ngsidig med ett utligg p\u00e5 6,7 meter, en arbetsh\u00f6jd p\u00e5 12,65 met","breadcrumb":{"@id":"https:\/\/riwal-wpn.acceptatie.indicia-interactiv.nl\/sv\/uthyrning\/liftar\/pelarlift\/pelarlift-12-5m-elektrisk-jlg-t12e\/#breadcrumb"},"inLanguage":"sv-SE","potentialAction":[{"@type":"ReadAction","target":["https:\/\/riwal-wpn.acceptatie.indicia-interactiv.nl\/sv\/uthyrning\/liftar\/pelarlift\/pelarlift-12-5m-elektrisk-jlg-t12e\/"]}]},{"@type":"ImageObject","inLanguage":"sv-SE","@id":"https:\/\/riwal-wpn.acceptatie.indicia-interactiv.nl\/sv\/uthyrning\/liftar\/pelarlift\/pelarlift-12-5m-elektrisk-jlg-t12e\/#primaryimage","url":"https:\/\/riwal-wpn.acceptatie.indicia-interactiv.nl\/app\/uploads\/sites\/13\/2024\/02\/T12EPlus-gallery-silo.png","contentUrl":"https:\/\/riwal-wpn.acceptatie.indicia-interactiv.nl\/app\/uploads\/sites\/13\/2024\/02\/T12EPlus-gallery-silo.png","width":385,"height":385},{"@type":"BreadcrumbList","@id":"https:\/\/riwal-wpn.acceptatie.indicia-interactiv.nl\/sv\/uthyrning\/liftar\/pelarlift\/pelarlift-12-5m-elektrisk-jlg-t12e\/#breadcrumb","itemListElement":[{"@type":"ListItem","position":1,"name":"Hem","item":"https:\/\/riwal-wpn.acceptatie.indicia-interactiv.nl\/sv\/"},{"@type":"ListItem","position":2,"name":"Uthyrning","item":"https:\/\/riwal-wpn.acceptatie.indicia-interactiv.nl\/sv\/rental\/"},{"@type":"ListItem","position":3,"name":"Pelarlift &#8211; 12.5m Elektrisk"}]},{"@type":"WebSite","@id":"https:\/\/riwal-wpn.acceptatie.indicia-interactiv.nl\/sv\/#website","url":"https:\/\/riwal-wpn.acceptatie.indicia-interactiv.nl\/sv\/","name":"Riwal Sverige","description":"Arial work platform &amp; Telehandler Rental\/Sales","publisher":{"@id":"https:\/\/riwal-wpn.acceptatie.indicia-interactiv.nl\/sv\/#organization"},"potentialAction":[{"@type":"SearchAction","target":{"@type":"EntryPoint","urlTemplate":"https:\/\/riwal-wpn.acceptatie.indicia-interactiv.nl\/sv\/?s={search_term_string}"},"query-input":{"@type":"PropertyValueSpecification","valueRequired":true,"valueName":"search_term_string"}}],"inLanguage":"sv-SE"},{"@type":"Organization","@id":"https:\/\/riwal-wpn.acceptatie.indicia-interactiv.nl\/sv\/#organization","name":"Riwal","url":"https:\/\/riwal-wpn.acceptatie.indicia-interactiv.nl\/sv\/","logo":{"@type":"ImageObject","inLanguage":"sv-SE","@id":"https:\/\/riwal-wpn.acceptatie.indicia-interactiv.nl\/sv\/#\/schema\/logo\/image\/","url":"","contentUrl":"","caption":"Riwal"},"image":{"@id":"https:\/\/riwal-wpn.acceptatie.indicia-interactiv.nl\/sv\/#\/schema\/logo\/image\/"}}]}},"_links":{"self":[{"href":"https:\/\/riwal-wpn.acceptatie.indicia-interactiv.nl\/sv\/wp-json\/wp\/v2\/machines-rental\/9201","targetHints":{"allow":["GET"]}}],"collection":[{"href":"https:\/\/riwal-wpn.acceptatie.indicia-interactiv.nl\/sv\/wp-json\/wp\/v2\/machines-rental"}],"about":[{"href":"https:\/\/riwal-wpn.acceptatie.indicia-interactiv.nl\/sv\/wp-json\/wp\/v2\/types\/machines-rental"}],"wp:featuredmedia":[{"embeddable":true,"href":"https:\/\/riwal-wpn.acceptatie.indicia-interactiv.nl\/sv\/wp-json\/wp\/v2\/media\/9191"}],"wp:attachment":[{"href":"https:\/\/riwal-wpn.acceptatie.indicia-interactiv.nl\/sv\/wp-json\/wp\/v2\/media?parent=9201"}],"wp:term":[{"taxonomy":"machines-rental-category","embeddable":true,"href":"https:\/\/riwal-wpn.acceptatie.indicia-interactiv.nl\/sv\/wp-json\/wp\/v2\/machines-rental-category?post=9201"},{"taxonomy":"machines-propulsion","embeddable":true,"href":"https:\/\/riwal-wpn.acceptatie.indicia-interactiv.nl\/sv\/wp-json\/wp\/v2\/machines-propulsion?post=9201"},{"taxonomy":"machines-location","embeddable":true,"href":"https:\/\/riwal-wpn.acceptatie.indicia-interactiv.nl\/sv\/wp-json\/wp\/v2\/machines-location?post=9201"},{"taxonomy":"machines-lift-propulsion","embeddable":true,"href":"https:\/\/riwal-wpn.acceptatie.indicia-interactiv.nl\/sv\/wp-json\/wp\/v2\/machines-lift-propulsion?post=9201"},{"taxonomy":"machines-stability","embeddable":true,"href":"https:\/\/riwal-wpn.acceptatie.indicia-interactiv.nl\/sv\/wp-json\/wp\/v2\/machines-stability?post=9201"},{"taxonomy":"machines-terrain","embeddable":true,"href":"https:\/\/riwal-wpn.acceptatie.indicia-interactiv.nl\/sv\/wp-json\/wp\/v2\/machines-terrain?post=9201"},{"taxonomy":"machines-tires-type","embeddable":true,"href":"https:\/\/riwal-wpn.acceptatie.indicia-interactiv.nl\/sv\/wp-json\/wp\/v2\/machines-tires-type?post=9201"},{"taxonomy":"machines-platform-size","embeddable":true,"href":"https:\/\/riwal-wpn.acceptatie.indicia-interactiv.nl\/sv\/wp-json\/wp\/v2\/machines-platform-size?post=9201"}],"curies":[{"name":"wp","href":"https:\/\/api.w.org\/{rel}","templated":true}]}}