{"id":4822,"date":"2023-09-19T11:55:14","date_gmt":"2023-09-19T11:55:14","guid":{"rendered":"https:\/\/riwal-wpn.acceptatie.indicia-interactiv.nl\/sv\/?page_id=4822"},"modified":"2024-01-19T08:35:00","modified_gmt":"2024-01-19T08:35:00","slug":"uthyrning-hyresvillkor","status":"publish","type":"page","link":"https:\/\/riwal-wpn.acceptatie.indicia-interactiv.nl\/sv\/uthyrning-hyresvillkor\/","title":{"rendered":"Hyresvillkor"},"content":{"rendered":"<div class=\"container\">\n<h1 class=\"wp-block-heading\" id=\"h-hyresvillkor\">Hyresvillkor<\/h1>\n<\/div>\n\n<div class=\"container\">\n<p><em>Nedanst\u00e5ende text \u00e4r en sammanfattning av Riwals Sveriges hyresvillkor, samt f\u00f6rtydligande av g\u00e4llande regler vid uthyrningsprocessen.&nbsp;&nbsp;<\/em><\/p>\n<\/div>\n\n<div class=\"container\">\n<p>Den part som beg\u00e4r, best\u00e4ller, hyr och\/eller tar emot utrustningen som hyrs ut av Uthyraren&nbsp;betecknas nedan som Hyrestagare. Riwal Sverige AB betecknas som Uthyrare.&nbsp;Mobila arbetsplatsformar, teleskoplastare, truckar, containrar, reservdelar och alla andra&nbsp; produkter fr\u00e5n Uthyraren betecknas som utrustning. Dessa Allm\u00e4nna Villkoren g\u00e4ller f\u00f6r alla&nbsp; avtal, samt f\u00f6r alla f\u00f6rfr\u00e5gningar, offerter, erbjudanden, instruktioner, kontrakt,&nbsp; ordererk\u00e4nnanden, bekr\u00e4ftelser och andra transaktioner mellan parterna i samband med att&nbsp; Hyrestagaren hyr utrustningen. Vidare g\u00e4ller uthyrarens senast uppdaterade prislista.&nbsp;Avvikelser \u00e4r giltiga endast om de \u00e4r skriftligt dokumenterade f\u00f6r det enskilda uppdraget,&nbsp;och d\u00e4rmed godk\u00e4nda av Riwal Sverige AB.&nbsp;&nbsp;<\/p>\n<\/div>\n\n<div class=\"container\">\n<p><\/p>\n<\/div>\n\n<div class=\"container\">\n<h3 class=\"wp-block-heading\" id=\"h-uthyrarens-tjanster-och-debitering-av-dessa-nbsp\"><strong>UTHYRARENS TJ\u00c4NSTER OCH DEBITERING AV DESSA&nbsp;<\/strong><\/h3>\n<\/div>\n\n<div class=\"container\">\n<p>Uthyrarens tj\u00e4nster kan omfatta; <a href=\"https:\/\/riwal-wpn.acceptatie.indicia-interactiv.nl\/sv\/uthyrning\/\">uthyrning <\/a>av utrustning, service av utrustning (faktureras\u00a0 per timme), transport fr\u00e5n uppst\u00e4llningsplats tur och retur, montering, uppst\u00e4llning och\u00a0demontering (faktureras per timme), ansvarsfriskrivning (f\u00f6rs\u00e4kring) av hyrt materiel,\u00a0br\u00e4nslef\u00f6rbrukning, uppladdning av batterier m.m.\u00a0\u00a0<\/p>\n<\/div>\n\n<div class=\"container\">\n<p>N\u00e4r materiel ska levereras\/st\u00e4llas upp, kan det finnas behov av till\u00e4ggstj\u00e4nster som till exempel&nbsp; tillst\u00e5nd att parkera p\u00e5 allm\u00e4n v\u00e4g, anm\u00e4lan till myndighet, leverans av avsp\u00e4rrningsmaterial, leverans av k\u00f6rplattor och kranhj\u00e4lp vid leverans. Omen eller flera av&nbsp;ovanst\u00e5ende tj\u00e4nster \u00f6nskas, ska detta avtalas vid best\u00e4llning av material varefter de utf\u00f6rs f\u00f6r&nbsp; hyrestagarens r\u00e4kning.&nbsp;&nbsp;<\/p>\n<\/div>\n\n<div class=\"container\">\n<p><\/p>\n<\/div>\n\n<div class=\"container\">\n<h3 class=\"wp-block-heading\" id=\"h-hyrestagarens-plikter-och-ansvar-nbsp\"><strong>HYRESTAGARENS PLIKTER OCH ANSVAR&nbsp;<\/strong><\/h3>\n<\/div>\n\n<div class=\"container\">\n<h4 class=\"wp-block-heading\" id=\"h-transport-och-leverans\">Transport och leverans<\/h4>\n<\/div>\n\n<div class=\"container\">\n<p>Det \u00e5ligger Hyrestagaren att se till att materialet kan framf\u00f6ras till \u00f6verenskommen plats p\u00e5&nbsp;h\u00e5llbara v\u00e4gar och uppst\u00e4llas p\u00e5 ett h\u00e5llbart underlag. Ev. extra v\u00e4ntetid eller n\u00f6dv\u00e4ndigt&nbsp; bruk av exempelvis kran eller andra hj\u00e4lpmedel debiteras Hyrestagaren. Riskerna och&nbsp; kostnaderna f\u00f6r anv\u00e4ndning, lagring och f\u00f6rvaring av materiel \u00f6verg\u00e5r till Hyrestagaren vid leverans. Om Hyrestagaren \u00f6nskar h\u00e4mta materiel hos uthyrarens filialer, har Hyrestagaren det fulla ansvaret under transporten.&nbsp;&nbsp;<\/p>\n<\/div>\n\n<div class=\"container\">\n<p><\/p>\n<\/div>\n\n<div class=\"container\">\n<h4 class=\"wp-block-heading\" id=\"h-reklamation-av-utrustning\">Reklamation av utrustning<\/h4>\n<\/div>\n\n<div class=\"container\">\n<p>Liftar och maskiner levereras i ett rent och driftklart skick. Hyrestagaren f\u00e5r under&nbsp; inga omst\u00e4ndigheter l\u00e5ta utf\u00f6ra reparationer eller f\u00f6r\u00e4ndringar p\u00e5 den hyrda utrustningen, utan&nbsp;m\u00e5ste snarast meddela uthyraren ifall det skulle uppst\u00e5 driftst\u00f6rningar. Vid ev. fel eller brister&nbsp; p\u00e5 det hyrda materialet \u00e4r hyrestagaren f\u00f6rpliktad att omg\u00e5ende efter mottagandet reklamera&nbsp; det hyrda materialet. Reklamation som g\u00f6rs efter f\u00f6rsta hyresdagen har ingen r\u00e4ttsverkan.&nbsp;Hyrestagaren \u00e4r ers\u00e4ttningsansvarig f\u00f6r ev. skador p\u00e5 materialet vid reparationsarbeten i&nbsp;strid med det som anges ovan.&nbsp;&nbsp;<\/p>\n<\/div>\n\n<div class=\"container\">\n<p><\/p>\n<\/div>\n\n<div class=\"container\">\n<h4 class=\"wp-block-heading\" id=\"h-placering-och-anvandning\">Placering och anv\u00e4ndning<\/h4>\n<\/div>\n\n<div class=\"container\">\n<p>Hyrestagaren f\u00e5r inte, utan skriftlig \u00f6verenskommelse med Uthyraren, l\u00e5na ut, hyra ut eller \u00f6verl\u00e5ta materiel till tredje man, och materialet f\u00e5r inte heller flyttas till ny adress utan\u00a0\u00f6verenskommelse med uthyraren. Vid anv\u00e4ndning i utlandet kr\u00e4vs vidare s\u00e4rskilt tillst\u00e5nd fr\u00e5n\u00a0Uthyraren och dennes f\u00f6rs\u00e4kringsbolag och f\u00f6rbeh\u00e5ll g\u00f6rs f\u00f6r ev. premieh\u00f6jningar.\u00a0\u00a0<\/p>\n<\/div>\n\n<div class=\"container\">\n<p>Hyrestagaren ska anv\u00e4nda utrustningen p\u00e5 ett noggrant och korrekt s\u00e4tt, f\u00f6renligt med dess karakt\u00e4r och syfte, i enlighet med alla instruktioner, rekommendationer och\/eller allm\u00e4nna riktlinjer eller specifika instruktioner i manualer fr\u00e5n tillverkaren eller Uthyraren och ska uppfylla\u00a0samtliga krav i till\u00e4mpliga lagar om innehav, anv\u00e4ndning och underh\u00e5ll av utrustningen.\u00a0\u00a0<\/p>\n<\/div>\n\n<div class=\"container\">\n<p>Hyrestagaren ansvarar f\u00f6r det dagliga underh\u00e5llet av utrustningen och m\u00e5ste s\u00e4kerst\u00e4lla att endast utbildad och erfaren personal utf\u00f6r det dagliga underh\u00e5llet. Under hyresperioden \u00e4r hyrestagaren f\u00f6rpliktad att genomf\u00f6ra s\u00e4kerhetsm\u00e4ssig kontroll och driftsm\u00e4ssigt underh\u00e5ll av utrustningen, till exempel kontroll av v\u00e4tskeniv\u00e5 i batterier, laddning av batterier, sm\u00f6rjning m.m. samt att h\u00e5lla materialet rengjort. Endast de av uthyraren f\u00f6reskrivna\u00a0 sm\u00f6rjmedlen f\u00e5r anv\u00e4ndas. Uppfylls inte detta och skador uppst\u00e5r till f\u00f6ljd, debiteras detta Hyrestagaren.\u00a0\u00a0<\/p>\n<\/div>\n\n<div class=\"container\">\n<p>Hyrestagaren f\u00e5r inte g\u00f6ra tekniska justeringar av utrustningen och\/eller modifiera, avaktivera&nbsp;och\/eller p\u00e5 annat s\u00e4tt kringg\u00e5 utrustningens s\u00e4kerhetsinst\u00e4llningar. Hyrestagaren ska inte&nbsp; \u00e4ndra utrustningen eller dess utseende utan skriftligt tillst\u00e5nd fr\u00e5n Uthyraren. Uthyrarens&nbsp;personal ska alltid ha obegr\u00e4nsad tillg\u00e5ng till att kontrollera (inspektera) det uthyrda materialet.<\/p>\n<\/div>\n\n<div class=\"container\">\n<p><\/p>\n<\/div>\n\n<div class=\"container\">\n<h4 class=\"wp-block-heading\" id=\"h-aterlamning\">\u00c5terl\u00e4mning<\/h4>\n<\/div>\n\n<div class=\"container\">\n<p>Hyrestagaren ska efter avslutad anv\u00e4ndning f\u00f6rbereda maskinens avh\u00e4mtning genom att se&nbsp; till att utrustningen \u00e4r rengjord, samt uppst\u00e4lld d\u00e4r den blev levererad. Hyrestagaren ska&nbsp; s\u00e4kerst\u00e4lla att utrustningen \u00e4r redo f\u00f6r transport. Ev. v\u00e4ntetid p\u00e5 debiteras Hyrestagaren.&nbsp; Hyrestagaren ska alltid \u00e5terl\u00e4mna den hyrda utrustningen i samma skick som den&nbsp; mottagits, bortsett fr\u00e5n normalt slitage. Detta kontrolleras av uthyraren inom rimlig tid efter&nbsp; \u00e5terl\u00e4mnandet och om det blir n\u00f6dv\u00e4ndigt med reng\u00f6ring eller reparation debiteras&nbsp; hyrestagaren kostnaderna f\u00f6r detta. Alla elektriska liftar ska vara laddade inf\u00f6r avh\u00e4mtning\/ \u00e5terl\u00e4mning. Om inte s\u00e5 \u00e4r fallet debiteras hyrestagaren kostnad f\u00f6r uppladdning.&nbsp;&nbsp;<\/p>\n<\/div>\n\n<div class=\"container\">\n<p>Nyckeln placeras p\u00e5 samma st\u00e4lle som vid leverans eller enligt \u00f6verenskommelse. Eventuella&nbsp;f\u00f6rsvunna eller f\u00f6rst\u00f6rda delar, verktyg, st\u00f6dplattor, elkablar, nycklar o.s.v. ers\u00e4tts&nbsp; av Hyrestagaren.&nbsp;&nbsp;<\/p>\n<\/div>\n\n<div class=\"container\">\n<p>Vid hyresavslut skall utrustningen avbokas senast kl 14.00 sista dagen f\u00f6r anv\u00e4ndandet och vara \u00e5ter hos uthyraren senast 16.00 samma dag. Vid meddelande om hyresavslut efter kl&nbsp;14.00, debiteras \u00e4ven p\u00e5f\u00f6ljande dag.&nbsp;&nbsp;<\/p>\n<\/div>\n\n<div class=\"container\">\n<p><\/p>\n<\/div>\n\n<div class=\"container\">\n<h3 class=\"wp-block-heading\" id=\"h-ansvar-och-skador-nbsp\"><strong>ANSVAR OCH SKADOR&nbsp;<\/strong><\/h3>\n<\/div>\n\n<div class=\"container\">\n<p>Hyrestagaren \u00e4r ansvarig f\u00f6r skador p\u00e5 den hyrda utrustningen under&nbsp; hyresperioden. Hyrestagaren ska kompensera Uthyraren f\u00f6r all skada p\u00e5 utrustningen,&nbsp; inklusive, men inte begr\u00e4nsat till, skada till f\u00f6ljd av felaktig anv\u00e4ndning, f\u00f6rst\u00f6relse, st\u00f6ld,&nbsp; missbruk och brand. I h\u00e4ndelse av missbruk, st\u00f6ld eller annan f\u00f6rlust av utrustningen,&nbsp; eller om utrustningen \u00e4r irreparabelt skadad, \u00e4r Hyrestagaren skyldig att betala Uthyraren&nbsp; det aktuella ers\u00e4ttningspriset f\u00f6r utrustningen.&nbsp;&nbsp;<\/p>\n<\/div>\n\n<div class=\"container\">\n<p>Om skada eller defekt ej rapporteras till Uthyraren inom 24 timmar efter leverans av&nbsp; utrustningen, anses utrustningen ha levererats utan n\u00e5gra skador eller defekter. Vid defekt eller&nbsp; driftst\u00f6rning av utrustningen under avtalsperioden och denna driftst\u00f6rning eller defekt inte&nbsp; kan h\u00e4nf\u00f6ras till Hyrestagaren, kommer Uthyraren att reparera eller byta ut utrustningen i&nbsp; enlighet med vad Uthyraren anser l\u00e4mpligt.<\/p>\n<\/div>\n\n<div class=\"container\">\n<p>I h\u00e4ndelse av skada, missbruk, st\u00f6ld eller annan f\u00f6rlust av utrustningen ska&nbsp; Hyrestagaren meddela Uthyraren s\u00e5 snart som m\u00f6jligt och d\u00e4refter bekr\u00e4fta detta skriftligen&nbsp; inom 24 timmar. Vid missbruk eller st\u00f6ld ska Hyrestagaren omedelbart underr\u00e4tta&nbsp; polisen. En kopia av polisanm\u00e4lan ska l\u00e4mnas direkt till Uthyraren. Uthyraren \u00e4r&nbsp; aldrig ansvarig gentemot Hyrestagaren eller n\u00e5gon tredje part f\u00f6r indirekta skador eller&nbsp; f\u00f6ljdskador (tex vinstf\u00f6rlust, aff\u00e4rsf\u00f6rlust eller driftf\u00f6rlust av n\u00e5gon art).&nbsp;&nbsp;<\/p>\n<\/div>\n\n<div class=\"container\">\n<p><\/p>\n<\/div>\n\n<div class=\"container\">\n<h3 class=\"wp-block-heading\" id=\"h-skadeanmalan\"><strong>SKADEANM\u00c4LAN<\/strong><\/h3>\n<\/div>\n\n<div class=\"container\">\n<p>Vid skada p\u00e5 lift eller annan utrustning, ska en anm\u00e4lan omg\u00e5ende g\u00f6ras till Riwal. I v\u00e5ra hyresvillkor framg\u00e5r det att f\u00f6ljande information ska framg\u00e5:\u00a0\u00a0<\/p>\n<\/div>\n\n<div class=\"container\">\n<p>\u2022 Kundens namn och telefonnummer&nbsp;&nbsp;<\/p>\n<\/div>\n\n<div class=\"container\">\n<p>\u2022 Lifttyp och tillh\u00f6rande individnummer&nbsp;&nbsp;<\/p>\n<\/div>\n\n<div class=\"container\">\n<p>\u2022 Geografisk placering&nbsp;&nbsp;<\/p>\n<\/div>\n\n<div class=\"container\">\n<p>\u2022 Skadans omfattning&nbsp;&nbsp;<\/p>\n<\/div>\n\n<div class=\"container\">\n<p>\u2022 Omst\u00e4ndigheterna f\u00f6r hur skadan uppstod&nbsp;&nbsp;<\/p>\n<\/div>\n\n<div class=\"container\">\n<p>\u2022 Upplysningar om motpart; namn, telefonnummer och&nbsp;f\u00f6rs\u00e4kringsnummer.&nbsp;&nbsp;<\/p>\n<\/div>\n\n<div class=\"container\">\n<p>H\u00e4refter uppr\u00e4ttar Riwal ett skade\u00e4rende med foton, beskrivning och annan\u00a0dokumentation. Observera att varje skada behandlas f\u00f6r sig, vilket kan medf\u00f6ra multipla\u00a0sj\u00e4lvrisker.\u00a0L\u00e4s mer om v\u00e5r <a href=\"https:\/\/riwal-wpn.acceptatie.indicia-interactiv.nl\/sv\/service\/\">service<\/a>. <\/p>\n<\/div>\n\n<div class=\"container\">\n<p><\/p>\n<\/div>\n\n<div class=\"container\">\n<h3 class=\"wp-block-heading\" id=\"h-ansvarsforsakring-nbsp-nbsp\"><strong>ANSVARSF\u00d6RS\u00c4KRING&nbsp;&nbsp;<\/strong><\/h3>\n<\/div>\n\n<div class=\"container\">\n<p>Hyrestagaren ska teckna en f\u00f6rs\u00e4kring f\u00f6r den hyrda utrustningen f\u00f6r egen r\u00e4kning.&nbsp;Om Hyrestagaren f\u00f6re ing\u00e5ende av hyresavtal, kan tillhandah\u00e5lla tillr\u00e4ckligt f\u00f6rs\u00e4kringsbevis f\u00f6r&nbsp;egen r\u00e4kning till Uthyraren, och om denna f\u00f6rs\u00e4kring ger tillr\u00e4ckligt skydd f\u00f6r skador p\u00e5&nbsp; utrustningen, under hela hyresperioden, \u00e4r Hyrestagaren befriad fr\u00e5n&nbsp;deltagande i Riwals ansvarsfriskrivningspolicy.&nbsp;&nbsp;<\/p>\n<\/div>\n\n<div class=\"container\">\n<p>Hyrestagaren kan delvis k\u00f6pa sig fri fr\u00e5n skadeansvar p\u00e5 utrustningen, mot en extra kostnad,&nbsp;varvid Uthyraren avst\u00e5r fr\u00e5n regressr\u00e4tt att kr\u00e4va skadan fr\u00e5n Hyrestagaren med undantag f\u00f6r&nbsp;den \u00f6verenskomna sj\u00e4lvrisken.&nbsp;&nbsp;<\/p>\n<\/div>\n\n<div class=\"container\">\n<p>Uthyraren \u00e4r ensam ansvarig f\u00f6r skador p\u00e5 gods och personskador p\u00e5 Hyrestagarens gods och&nbsp; personer i den m\u00e5n denna skada har orsakats av ett p\u00e5visbart fel i den levererade utrusningen och som redan fanns innan utrustningen levererades till Hyrestagaren eller skada orsakad av&nbsp;upps\u00e5tlig handling eller grov v\u00e5rdsl\u00f6shet fr\u00e5n Uthyrarens sida. Uthyrarens ansvarsf\u00f6rs\u00e4kring \u00e4r&nbsp; begr\u00e4nsad till 1 000 000 EUR.&nbsp;&nbsp;<\/p>\n<\/div>\n\n<div class=\"container\">\n<p>Uthyraren har tecknat ansvarsf\u00f6rs\u00e4kring i enlighet med EU:s\u00a0Motorfordonsf\u00f6rs\u00e4kringsdirektiv och\/eller liknande lokal lagstiftning. Uthyraren f\u00f6rbeh\u00e5ller sig all\u00a0 r\u00e4tt att utan begr\u00e4nsning kr\u00e4va ers\u00e4ttning f\u00f6r skada orsakad av tredje part d\u00e4r\u00a0ansvarsf\u00f6rs\u00e4kringen f\u00f6r motorfordon ej omfattas, tex. om f\u00f6raren var p\u00e5verkad av alkohol eller\u00a0droger vid tidpunkten f\u00f6r trafikolyckan, f\u00f6raren ej innehar giltigt tillst\u00e5nd att k\u00f6ra fordonet av\u00a0beh\u00f6rig myndighet.\u00a0\u00a0<\/p>\n<\/div>\n\n<div class=\"container\">\n<p><\/p>\n<\/div>\n\n<div class=\"container\">\n<h3 class=\"wp-block-heading\" id=\"h-ansvarsfriskrivningspolicy-forsakring\">Ansvarsfriskrivningspolicy \/ f\u00f6rs\u00e4kring<\/h3>\n<\/div>\n\n<div class=\"container\">\n<p>Hyrestagaren kan, mot en extra avgift ut\u00f6ver hyran, delvis k\u00f6pa sig fri fr\u00e5n ansvar f\u00f6r\u00a0 skada, varefter Uthyraren avs\u00e4ger sig sin regressr\u00e4tt i enlighet med Riwals\u00a0ansvars-friskrivningspolicy. Ansvarsfriskrivningen omfattar en sj\u00e4lvrisk p\u00e5 5000 kr per skadeh\u00e4ndelse och per utrustning. Vid skada p\u00e5\/av tredje part, vid anv\u00e4ndning av motorfordon, omfattas ansvarsfriskrivningen av motorfordonsf\u00f6rs\u00e4kringens sj\u00e4lvrisk.\u00a0\u00a0<\/p>\n<\/div>\n\n<div class=\"container\">\n<p><\/p>\n<\/div>\n\n<div class=\"container\">\n<h3 class=\"wp-block-heading\" id=\"h-anbud-och-prisuppgifter\"><strong>ANBUD OCH PRISUPPGIFTER\u00a0\u00a0<\/strong><\/h3>\n<\/div>\n\n<div class=\"container\">\n<p>Alla prisuppgifter uppgers exkl. moms. Varje anbud och prisuppgift \u00e4r g\u00e4llande i max. 4 veckor\u00a0och l\u00e4mnas alltid med f\u00f6rbeh\u00e5ll f\u00f6r mellanuthyrning eller mellanf\u00f6rs\u00e4ljning. Hyrpriser framg\u00e5r\u00a0 av den f\u00f6r var tid aktuell hyrprislistan. Uthyraren f\u00f6rbeh\u00e5ller sig r\u00e4tten att utan i f\u00f6rv\u00e4g skriftlig\u00a0 information g\u00f6ra justeringar i den aktuella hyrprislistan.\u00a0\u00a0<\/p>\n<\/div>\n\n<div class=\"container\">\n<p><\/p>\n<\/div>\n\n<div class=\"container\">\n<h3 class=\"wp-block-heading\" id=\"h-fakturering-och-betalning-nbsp\"><strong>FAKTURERING OCH BETALNING&nbsp;<\/strong><\/h3>\n<\/div>\n\n<div class=\"container\">\n<p>Hyran baseras p\u00e5 anv\u00e4ndandet av utrustningen i enheter av antalet timmar per dag och\u00a0antalet arbetsdagar per vecka. Hyran kan ensidigt \u00e4ndras av Uthyraren om Uthyrarens kostnader (inkl. transportkostnader) \u00f6kar till f\u00f6ljd av \u00e4ndringar i lagar och f\u00f6rordningar. Den kan \u00e4ven \u00e4ndras om \u00e4ndringar eller f\u00f6rseningar uppkommer som \u00e4r orsakade av Hyrestagaren.\u00a0\u00a0<\/p>\n<\/div>\n\n<div class=\"container\">\n<p>Om den hyrda utrustningen kommer anv\u00e4ndas under l\u00f6rdag, s\u00f6ndag och helgdagar, r\u00e4knas \u00e4ven dessa som hyresdagar. Hyran \u00e4r baserad p\u00e5 max. 8 timmar per arbetsdag. Uthyraren \u00e4r ber\u00e4ttigad till den\u00a0 avtalade hyran, oavsett om den hyrda utrustningen anv\u00e4nds eller ej.\u00a0\u00a0<\/p>\n<\/div>\n\n<div class=\"container\">\n<p>Hyrestagaren m\u00e5ste skriftligen framf\u00f6ra krav avseende fakturor till Uthyraren inom 14 dagar fr\u00e5n fakturadatumet. Om detta inte g\u00f6rs kan Hyrestagaren inte \u00e5beropa felaktigheter i\u00a0fakturorna. Underl\u00e5tenhet av Uthyraren att notera ett ordernummer p\u00e5 fakturorna fritar inte\u00a0Hyrestagaren fr\u00e5n sina betalningsf\u00f6rpliktelser gentemot Uthyraren. Hyran ska betalas av Hyrestagaren inom 14 dagar fr\u00e5n fakturadatum, s\u00e5vida inte annan period \u00f6verenskommits i avtalet.\u00a0\u00a0<\/p>\n<\/div>\n\n<div class=\"container\">\n<p>Hyrestagaren \u00e4r skyldig att betala Uthyraren en r\u00e4nta p\u00e5 2% per m\u00e5nad avseende den\u00a0utest\u00e5ende hyran och alla andra obetalda belopp (inkl. obetalda r\u00e4ntor) fram till dagen f\u00f6r full betalning. Alla utomr\u00e4ttsliga och andra kostnader som Uthyraren \u00e5drar sig i samband med indrivning av ev. f\u00f6rfallna belopp (inkl., utan begr\u00e4nsning, r\u00e4tteg\u00e5ngskostnader,\u00a0skadest\u00e5ndsers\u00e4ttning och\/eller b\u00f6ter) ska b\u00e4ras av Hyrestagaren.\u00a0\u00a0<\/p>\n<\/div>\n\n<div class=\"container\">\n<p><\/p>\n<\/div>\n\n<div class=\"container\">\n<h3 class=\"wp-block-heading\" id=\"h-hyresavtalets-loptid-och-upphorande-nbsp\"><strong>HYRESAVTALETS L\u00d6PTID OCH UPPH\u00d6RANDE&nbsp;<\/strong><\/h3>\n<\/div>\n\n<div class=\"container\">\n<p><\/p>\n<\/div>\n\n<div class=\"container\">\n<p>Hyresavtalet b\u00f6rjar g\u00e4lla fr.o.m. den dag som den hyrda utrustningen st\u00e4lls till Hyrestagarens f\u00f6rfogande. Hyresperioden ber\u00e4knas normalt som antalet vardagar inom sj\u00e4lva hyresperioden om inte annat \u00f6verenskommits. Hyrestagaren kan inte r\u00e4kna med att hyra utrustningen ut\u00f6ver den avtalade perioden.\u00a0\u00a0<\/p>\n<\/div>\n\n<div class=\"container\">\n<p>Uthyraren kan s\u00e4ga upp avtalet utan varsel om Hyrestagaren beg\u00e4r konkurs, anses vara i konkurs, p\u00e5 annat s\u00e4tt inte kan betala sina skulder eller ej uppfyller de Allm\u00e4nna villkoren och\u00a0 p\u00e5st\u00e5dd \u00f6vertr\u00e4delse inte har \u00e5tg\u00e4rdats inom 10 dagar, om utrustningen \u00e4r flyttad till annan\u00a0 plats utan Uthyrarens tillst\u00e5nd.\u00a0\u00a0<\/p>\n<\/div>\n\n<div class=\"container\">\n<p>Upps\u00e4gelse av l\u00e5ngfristigt skriftligt avtal med l\u00f6ptid p\u00e5 mer \u00e4n 3 m\u00e5nader har en upps\u00e4gningstid\u00a0 p\u00e5 minst 7 dagar och ska ske skriftligt. Vid kortfristiga hyresavslut skall utrustningen avbokas senast kl 14.00 sista dagen f\u00f6r anv\u00e4ndandet och vara \u00e5ter hos uthyraren senast 16.00 samma\u00a0 dag. Vid meddelande om hyresavslut efter kl 14.00, debiteras \u00e4ven p\u00e5f\u00f6ljande dag.\u00a0\u00a0<\/p>\n<\/div>\n\n<div class=\"container\">\n<p><\/p>\n<\/div>\n\n<div class=\"container\">\n<h3 class=\"wp-block-heading\" id=\"h-force-majeure-nbsp\"><strong>FORCE MAJEURE&nbsp;<\/strong><\/h3>\n<\/div>\n\n<div class=\"container\">\n<p>Vid Force Majeure har Uthyraren r\u00e4tt att avbryta sina skyldigheter. Uthyraren \u00e4r d\u00e5 befriad\u00a0fr\u00e5n sina f\u00f6rpliktelser och har r\u00e4tt att s\u00e4ga upp hyresavtalet. Antingen helt eller delvis, utan ingripande av\u00a0 n\u00e5gon domstol. Force majeure f\u00f6religger s\u00e5vida uthyraren eller uthyrarens underleverant\u00f6r\u00a0f\u00f6rhindras att uppfylla avtal som regleras av dessa allm\u00e4nna villkor f\u00f6r hyra av liftar och materiel till f\u00f6ljd av h\u00e4ndelser s\u00e5som krig, inb\u00f6rdeskrig, uppror, terrorhandlingar, offentliga restriktioner, import- eller exportf\u00f6rbud, naturkatastrofer av alla slag samt utbredda eller lokala arbetskonflikter, brand, elavbrott, datorvirus eller liknande s\u00e5vida det inte kan p\u00e5visas\u00a0att uthyraren rimligtvis borde ha f\u00f6rutsett detta vid tidpunkten n\u00e4r avtalet ingicks.\u00a0\u00a0<\/p>\n<\/div>\n\n<div class=\"container\">\n<p><\/p>\n<\/div>\n\n<div class=\"container\">\n<h3 class=\"wp-block-heading\" id=\"h-tillamplig-lag-och-behorig-domstol-nbsp-nbsp\"><strong>TILL\u00c4MPLIG LAG OCH BEH\u00d6RIG DOMSTOL&nbsp;&nbsp;<\/strong><\/h3>\n<\/div>\n\n<div class=\"container\">\n<p>Dessa Allm\u00e4nna Villkor och eventuella avtal regleras uteslutande av och tolkas i&nbsp;enlighet med svensk lag. Alla tvister ska exklusivt h\u00e4nvisas till och slutligen avg\u00f6ras av&nbsp; beh\u00f6rig domstol i Stockholm. Detta \u00e4r uteslutande till f\u00f6rm\u00e5n f\u00f6r Uthyraren, s\u00e5 att Uthyraren&nbsp; aldrig \u00e4r f\u00f6rhindrad att v\u00e4cka talan avseende en tvist vid annan beh\u00f6rig domstol.&nbsp;&nbsp;<\/p>\n<\/div>\n\n<div class=\"container\">\n<p>Ladda g\u00e4rna ner och l\u00e4s mer om v\u00e5ra allm\u00e4nna hyresvillkor via knapparna nedan. <\/p>\n<\/div>\n\n<div class=\"rental-wp-default-block rental-theme-block-default-margin\">\n\t\t\t\t\t\t\t\t<div class=\"container\">\n<div class=\"wp-block-buttons is-content-justification-center is-layout-flex wp-container-core-buttons-is-layout-a89b3969 wp-block-buttons-is-layout-flex\">\n<div class=\"wp-block-button\"><a class=\"wp-block-button__link wp-element-button\" href=\"https:\/\/www.paperturn-view.com\/riwal-holding-group-bv\/hyresavtal-svenska-version-3?pid=MjU256566\">Hyresvillkor SE<\/a><\/div>\n\n\n\n<div class=\"wp-block-button\"><a class=\"wp-block-button__link wp-element-button\" href=\"https:\/\/www.paperturn-view.com\/riwal-holding-group-bv\/allmnna-villkor-engensla-version-3?pid=MjU256576\">Hyresvillkor ENG<\/a><\/div>\n<\/div>\n<\/div>\n\t\t\t\t\t\t\t<\/div> ","protected":false},"excerpt":{"rendered":"<p>Hyresvillkor Nedanst\u00e5ende text \u00e4r en sammanfattning av Riwals Sveriges hyresvillkor, samt f\u00f6rtydligande av g\u00e4llande regler vid uthyrningsprocessen.&nbsp;&nbsp; Den part som beg\u00e4r, best\u00e4ller, hyr och\/eller tar emot utrustningen som hyrs ut av Uthyraren&nbsp;betecknas nedan som Hyrestagare. Riwal Sverige AB betecknas som Uthyrare.&nbsp;Mobila arbetsplatsformar, teleskoplastare, truckar, containrar, reservdelar och alla andra&nbsp; produkter fr\u00e5n Uthyraren betecknas som utrustning. &hellip; <a href=\"https:\/\/riwal-wpn.acceptatie.indicia-interactiv.nl\/sv\/uthyrning-hyresvillkor\/\">G\u00e5 vidare<\/a><\/p>\n","protected":false},"author":19,"featured_media":0,"parent":0,"menu_order":0,"comment_status":"closed","ping_status":"closed","template":"","meta":{"_acf_changed":false,"editor_notices":[],"footnotes":""},"class_list":["post-4822","page","type-page","status-publish","hentry"],"acf":[],"yoast_head":"<!-- This site is optimized with the Yoast SEO Premium plugin v27.1 (Yoast SEO v27.1.1) - https:\/\/yoast.com\/product\/yoast-seo-premium-wordpress\/ -->\n<title>Hyresvillkor | Uthyrning | Riwal<\/title>\n<meta name=\"description\" content=\"L\u00e4s om v\u00e5ra allm\u00e4nna hyresvillkor h\u00e4r. V\u00e4lkommen att kontakta oss om du har n\u00e5gra fr\u00e5gor eller funderingar.\" \/>\n<meta name=\"robots\" content=\"noindex, follow, max-snippet:-1, max-image-preview:large, max-video-preview:-1\" \/>\n<meta property=\"og:locale\" content=\"sv_SE\" \/>\n<meta property=\"og:type\" content=\"article\" \/>\n<meta property=\"og:title\" content=\"Hyresvillkor\" \/>\n<meta property=\"og:description\" content=\"L\u00e4s om v\u00e5ra allm\u00e4nna hyresvillkor h\u00e4r. V\u00e4lkommen att kontakta oss om du har n\u00e5gra fr\u00e5gor eller funderingar.\" \/>\n<meta property=\"og:url\" content=\"https:\/\/riwal-wpn.acceptatie.indicia-interactiv.nl\/sv\/uthyrning-hyresvillkor\/\" \/>\n<meta property=\"og:site_name\" content=\"Riwal Sverige\" \/>\n<meta property=\"article:modified_time\" content=\"2024-01-19T08:35:00+00:00\" \/>\n<meta name=\"twitter:card\" content=\"summary_large_image\" \/>\n<meta name=\"twitter:label1\" content=\"Est. reading time\" \/>\n\t<meta name=\"twitter:data1\" content=\"10 minuter\" \/>\n<script type=\"application\/ld+json\" class=\"yoast-schema-graph\">{\"@context\":\"https:\/\/schema.org\",\"@graph\":[{\"@type\":\"WebPage\",\"@id\":\"https:\/\/riwal-wpn.acceptatie.indicia-interactiv.nl\/sv\/uthyrning-hyresvillkor\/\",\"url\":\"https:\/\/riwal-wpn.acceptatie.indicia-interactiv.nl\/sv\/uthyrning-hyresvillkor\/\",\"name\":\"Hyresvillkor | Uthyrning | Riwal\",\"isPartOf\":{\"@id\":\"https:\/\/riwal-wpn.acceptatie.indicia-interactiv.nl\/sv\/#website\"},\"datePublished\":\"2023-09-19T11:55:14+00:00\",\"dateModified\":\"2024-01-19T08:35:00+00:00\",\"description\":\"L\u00e4s om v\u00e5ra allm\u00e4nna hyresvillkor h\u00e4r. V\u00e4lkommen att kontakta oss om du har n\u00e5gra fr\u00e5gor eller funderingar.\",\"breadcrumb\":{\"@id\":\"https:\/\/riwal-wpn.acceptatie.indicia-interactiv.nl\/sv\/uthyrning-hyresvillkor\/#breadcrumb\"},\"inLanguage\":\"sv-SE\",\"potentialAction\":[{\"@type\":\"ReadAction\",\"target\":[\"https:\/\/riwal-wpn.acceptatie.indicia-interactiv.nl\/sv\/uthyrning-hyresvillkor\/\"]}]},{\"@type\":\"BreadcrumbList\",\"@id\":\"https:\/\/riwal-wpn.acceptatie.indicia-interactiv.nl\/sv\/uthyrning-hyresvillkor\/#breadcrumb\",\"itemListElement\":[{\"@type\":\"ListItem\",\"position\":1,\"name\":\"Hem\",\"item\":\"https:\/\/riwal-wpn.acceptatie.indicia-interactiv.nl\/sv\/\"},{\"@type\":\"ListItem\",\"position\":2,\"name\":\"Hyresvillkor\"}]},{\"@type\":\"WebSite\",\"@id\":\"https:\/\/riwal-wpn.acceptatie.indicia-interactiv.nl\/sv\/#website\",\"url\":\"https:\/\/riwal-wpn.acceptatie.indicia-interactiv.nl\/sv\/\",\"name\":\"Riwal Sverige\",\"description\":\"Arial work platform &amp; Telehandler Rental\/Sales\",\"publisher\":{\"@id\":\"https:\/\/riwal-wpn.acceptatie.indicia-interactiv.nl\/sv\/#organization\"},\"potentialAction\":[{\"@type\":\"SearchAction\",\"target\":{\"@type\":\"EntryPoint\",\"urlTemplate\":\"https:\/\/riwal-wpn.acceptatie.indicia-interactiv.nl\/sv\/?s={search_term_string}\"},\"query-input\":{\"@type\":\"PropertyValueSpecification\",\"valueRequired\":true,\"valueName\":\"search_term_string\"}}],\"inLanguage\":\"sv-SE\"},{\"@type\":\"Organization\",\"@id\":\"https:\/\/riwal-wpn.acceptatie.indicia-interactiv.nl\/sv\/#organization\",\"name\":\"Riwal\",\"url\":\"https:\/\/riwal-wpn.acceptatie.indicia-interactiv.nl\/sv\/\",\"logo\":{\"@type\":\"ImageObject\",\"inLanguage\":\"sv-SE\",\"@id\":\"https:\/\/riwal-wpn.acceptatie.indicia-interactiv.nl\/sv\/#\/schema\/logo\/image\/\",\"url\":\"\",\"contentUrl\":\"\",\"caption\":\"Riwal\"},\"image\":{\"@id\":\"https:\/\/riwal-wpn.acceptatie.indicia-interactiv.nl\/sv\/#\/schema\/logo\/image\/\"}}]}<\/script>\n<!-- \/ Yoast SEO Premium plugin. -->","yoast_head_json":{"title":"Hyresvillkor | Uthyrning | Riwal","description":"L\u00e4s om v\u00e5ra allm\u00e4nna hyresvillkor h\u00e4r. V\u00e4lkommen att kontakta oss om du har n\u00e5gra fr\u00e5gor eller funderingar.","robots":{"index":"noindex","follow":"follow","max-snippet":"max-snippet:-1","max-image-preview":"max-image-preview:large","max-video-preview":"max-video-preview:-1"},"og_locale":"sv_SE","og_type":"article","og_title":"Hyresvillkor","og_description":"L\u00e4s om v\u00e5ra allm\u00e4nna hyresvillkor h\u00e4r. V\u00e4lkommen att kontakta oss om du har n\u00e5gra fr\u00e5gor eller funderingar.","og_url":"https:\/\/riwal-wpn.acceptatie.indicia-interactiv.nl\/sv\/uthyrning-hyresvillkor\/","og_site_name":"Riwal Sverige","article_modified_time":"2024-01-19T08:35:00+00:00","twitter_card":"summary_large_image","twitter_misc":{"Est. reading time":"10 minuter"},"schema":{"@context":"https:\/\/schema.org","@graph":[{"@type":"WebPage","@id":"https:\/\/riwal-wpn.acceptatie.indicia-interactiv.nl\/sv\/uthyrning-hyresvillkor\/","url":"https:\/\/riwal-wpn.acceptatie.indicia-interactiv.nl\/sv\/uthyrning-hyresvillkor\/","name":"Hyresvillkor | Uthyrning | Riwal","isPartOf":{"@id":"https:\/\/riwal-wpn.acceptatie.indicia-interactiv.nl\/sv\/#website"},"datePublished":"2023-09-19T11:55:14+00:00","dateModified":"2024-01-19T08:35:00+00:00","description":"L\u00e4s om v\u00e5ra allm\u00e4nna hyresvillkor h\u00e4r. V\u00e4lkommen att kontakta oss om du har n\u00e5gra fr\u00e5gor eller funderingar.","breadcrumb":{"@id":"https:\/\/riwal-wpn.acceptatie.indicia-interactiv.nl\/sv\/uthyrning-hyresvillkor\/#breadcrumb"},"inLanguage":"sv-SE","potentialAction":[{"@type":"ReadAction","target":["https:\/\/riwal-wpn.acceptatie.indicia-interactiv.nl\/sv\/uthyrning-hyresvillkor\/"]}]},{"@type":"BreadcrumbList","@id":"https:\/\/riwal-wpn.acceptatie.indicia-interactiv.nl\/sv\/uthyrning-hyresvillkor\/#breadcrumb","itemListElement":[{"@type":"ListItem","position":1,"name":"Hem","item":"https:\/\/riwal-wpn.acceptatie.indicia-interactiv.nl\/sv\/"},{"@type":"ListItem","position":2,"name":"Hyresvillkor"}]},{"@type":"WebSite","@id":"https:\/\/riwal-wpn.acceptatie.indicia-interactiv.nl\/sv\/#website","url":"https:\/\/riwal-wpn.acceptatie.indicia-interactiv.nl\/sv\/","name":"Riwal Sverige","description":"Arial work platform &amp; Telehandler Rental\/Sales","publisher":{"@id":"https:\/\/riwal-wpn.acceptatie.indicia-interactiv.nl\/sv\/#organization"},"potentialAction":[{"@type":"SearchAction","target":{"@type":"EntryPoint","urlTemplate":"https:\/\/riwal-wpn.acceptatie.indicia-interactiv.nl\/sv\/?s={search_term_string}"},"query-input":{"@type":"PropertyValueSpecification","valueRequired":true,"valueName":"search_term_string"}}],"inLanguage":"sv-SE"},{"@type":"Organization","@id":"https:\/\/riwal-wpn.acceptatie.indicia-interactiv.nl\/sv\/#organization","name":"Riwal","url":"https:\/\/riwal-wpn.acceptatie.indicia-interactiv.nl\/sv\/","logo":{"@type":"ImageObject","inLanguage":"sv-SE","@id":"https:\/\/riwal-wpn.acceptatie.indicia-interactiv.nl\/sv\/#\/schema\/logo\/image\/","url":"","contentUrl":"","caption":"Riwal"},"image":{"@id":"https:\/\/riwal-wpn.acceptatie.indicia-interactiv.nl\/sv\/#\/schema\/logo\/image\/"}}]}},"_links":{"self":[{"href":"https:\/\/riwal-wpn.acceptatie.indicia-interactiv.nl\/sv\/wp-json\/wp\/v2\/pages\/4822","targetHints":{"allow":["GET"]}}],"collection":[{"href":"https:\/\/riwal-wpn.acceptatie.indicia-interactiv.nl\/sv\/wp-json\/wp\/v2\/pages"}],"about":[{"href":"https:\/\/riwal-wpn.acceptatie.indicia-interactiv.nl\/sv\/wp-json\/wp\/v2\/types\/page"}],"author":[{"embeddable":true,"href":"https:\/\/riwal-wpn.acceptatie.indicia-interactiv.nl\/sv\/wp-json\/wp\/v2\/users\/19"}],"replies":[{"embeddable":true,"href":"https:\/\/riwal-wpn.acceptatie.indicia-interactiv.nl\/sv\/wp-json\/wp\/v2\/comments?post=4822"}],"version-history":[{"count":15,"href":"https:\/\/riwal-wpn.acceptatie.indicia-interactiv.nl\/sv\/wp-json\/wp\/v2\/pages\/4822\/revisions"}],"predecessor-version":[{"id":6961,"href":"https:\/\/riwal-wpn.acceptatie.indicia-interactiv.nl\/sv\/wp-json\/wp\/v2\/pages\/4822\/revisions\/6961"}],"wp:attachment":[{"href":"https:\/\/riwal-wpn.acceptatie.indicia-interactiv.nl\/sv\/wp-json\/wp\/v2\/media?parent=4822"}],"curies":[{"name":"wp","href":"https:\/\/api.w.org\/{rel}","templated":true}]}}