{"id":1478,"date":"2023-07-19T12:06:22","date_gmt":"2023-07-19T12:06:22","guid":{"rendered":"https:\/\/riwal-wpn.acceptatie.indicia-interactiv.nl\/sv-se\/?post_type=training&#038;p=1478"},"modified":"2024-02-12T09:25:54","modified_gmt":"2024-02-12T09:25:54","slug":"fallskydd-raddning-evakuering","status":"publish","type":"training","link":"https:\/\/riwal-wpn.acceptatie.indicia-interactiv.nl\/sv\/vara-utbildningar\/fallskydd\/fallskydd-raddning-evakuering\/","title":{"rendered":"Fallskydd Grund + R\u00e4ddning\/Evakuering"},"content":{"rendered":"<div class=\"rental-wp-default-block rental-theme-block-default-margin\">\n\t\t\t\t\t\t\t\t<div class=\"container\">\n<div class=\"wp-block-rental-theme-title-text rental-theme-block-default-margin\">\n\t<div class=\"wp-block-rental-theme-title-text__container\">\n\t\t<div class=\"wp-block-rental-theme-title-text__wrapper\">\n\t\t\t<h2 class='wp-block-rental-theme-title-text__title'>Fallskydd Grund + R\u00e4ddning \/ Evakuering<\/h2>\t\t<\/div>\n\t\t<div class='wp-block-rental-theme-title-text__text'>\n\n<p class=\"has-normal-font-size\">V\u00e5r grundl\u00e4ggande utbildning i Fallskydd Grund + R\u00e4ddning \/ Evakuering v\u00e4nder sig till alla som arbetar p\u00e5 h\u00f6jd med exempelvis tak, st\u00e4llning eller liftar. Den v\u00e4nder sig \u00e4ven till de som indirekt ansvarar f\u00f6r, planerar, monterar eller hanterar fallskydd. Vi ser ocks\u00e5 till att prata om b\u00e5de arbetsgivarens och arbetstagarens skyldigheter n\u00e4r det g\u00e4ller fallskydd. Det \u00e4r ett samspel som m\u00e5ste fungera f\u00f6r att s\u00e5 l\u00e5ngt det \u00e4r m\u00f6jligt kunna f\u00f6rebygga och f\u00f6rhindra fallskador.<\/p>\n\n\n\n<p class=\"has-normal-font-size\">Med fallskydd avses s\u00e5dant som skyddar och f\u00f6rhindrar att fallolyckor sker. Det kan till exempel r\u00f6ra sig om olika typer av kollektivt eller personlig fallskyddsutrustning som f\u00f6rebygger fallolyckor. Enligt lag \u00e4r arbetsgivaren skyldig att ha ett fallskyddsprogram f\u00f6r att skydda arbetstagaren vid arbete p\u00e5 h\u00f6g h\u00f6jd.<\/p>\n\n\n\n<p>Kursdeltagarna f\u00e5r l\u00e4ra sig grundprinciperna samt vilken sorts utrustning som kr\u00e4vs f\u00f6r olika typer av arbete samt praktiska \u00f6vningar med utrustning f\u00f6r r\u00e4ddning\/evakuering.<\/p>\n\n<\/div>\n\t<\/div>\n<\/div><\/div>\n\t\t\t\t\t\t\t<\/div> \n\n<div class=\"container\">\n<h2 class=\"wp-block-heading\" id=\"h-kombinerad-utbildning-i-fallskydd-raddning\">Kombinerad utbildning i fallskydd \/ r\u00e4ddning <\/h2>\n<\/div>\n\n<div class=\"rental-wp-default-block rental-theme-block-default-margin\">\n\t\t\t\t\t\t\t\t<div class=\"container\">\n<div class=\"wp-block-media-text has-media-on-the-right is-stacked-on-mobile\"><div class=\"wp-block-media-text__content\">\n<p>Under f\u00f6rmiddagen f\u00e5r du l\u00e4ra dig om hur man kan f\u00f6rebygga fallrisker vid arbete p\u00e5 h\u00f6g h\u00f6jd. Vi g\u00e5r igenom allt fr\u00e5n regelverk till personlig fallskyddsutrustning (PFU), planering, riskbed\u00f6mning och annat som \u00e4r viktigt n\u00e4r det g\u00e4ller fallskydd. Allt f\u00f6r att du ska ha b\u00e4sta m\u00f6jliga f\u00f6ruts\u00e4ttningar att utf\u00f6ra ditt jobb p\u00e5 ett s\u00e5 s\u00e4kert s\u00e4tt som m\u00f6jligt. <\/p>\n\n\n\n<p>Under eftermiddagen tr\u00e4nar vi praktiskt med personligt fallskydd och olika redskap f\u00f6r r\u00e4ddning och evakuering. Du f\u00e5r l\u00e4ra dig grundprinciperna kring fallskydd samt vilken typ av utrustning som kr\u00e4vs f\u00f6r olika typer av situationer. Du f\u00e5r ocks\u00e5 l\u00e4ra dig hur du f\u00f6rvarar, sk\u00f6ter om och underh\u00e5ller din personliga fallskyddsutrustning samt f\u00e5r genomf\u00f6ra praktisk \u00f6vning och teoriprov. <\/p>\n\n\n\n<p>Utbildningen f\u00f6ljer arbetsmilj\u00f6verkets f\u00f6reskrifter och EU-direktivet. Ladda g\u00e4rna ner utbildningens kursbeskrivning.<\/p>\n\n\n\n<div class=\"wp-block-buttons is-layout-flex wp-block-buttons-is-layout-flex\">\n<div class=\"wp-block-button\"><a class=\"wp-block-button__link wp-element-button\" href=\"https:\/\/drive.google.com\/file\/d\/1Jk2hg6YvLi43x50mm30J1HAXUNvs7kFD\/view?usp=sharing\" target=\"_blank\" rel=\"noreferrer noopener\">Kursbeskrivning <\/a><\/div>\n<\/div>\n\n\n\n<p> <\/p>\n<\/div><figure class=\"wp-block-media-text__media\"><img loading=\"lazy\" decoding=\"async\" width=\"1024\" height=\"683\" src=\"https:\/\/riwal-wpn.acceptatie.indicia-interactiv.nl\/app\/uploads\/sites\/13\/2023\/07\/earthlander-3232-1024x683.jpg\" alt=\"Fallskydd R\u00e4ddning grund\" class=\"wp-image-1636 size-full\" srcset=\"https:\/\/riwal-wpn.acceptatie.indicia-interactiv.nl\/app\/uploads\/sites\/13\/2023\/07\/earthlander-3232-1024x683.jpg 1024w, https:\/\/riwal-wpn.acceptatie.indicia-interactiv.nl\/app\/uploads\/sites\/13\/2023\/07\/earthlander-3232-2048x1365.jpg 2048w, https:\/\/riwal-wpn.acceptatie.indicia-interactiv.nl\/app\/uploads\/sites\/13\/2023\/07\/earthlander-3232-1388x925.jpg 1388w, https:\/\/riwal-wpn.acceptatie.indicia-interactiv.nl\/app\/uploads\/sites\/13\/2023\/07\/earthlander-3232-830x553.jpg 830w, https:\/\/riwal-wpn.acceptatie.indicia-interactiv.nl\/app\/uploads\/sites\/13\/2023\/07\/earthlander-3232-250x167.jpg 250w, https:\/\/riwal-wpn.acceptatie.indicia-interactiv.nl\/app\/uploads\/sites\/13\/2023\/07\/earthlander-3232-300x200.jpg 300w, https:\/\/riwal-wpn.acceptatie.indicia-interactiv.nl\/app\/uploads\/sites\/13\/2023\/07\/earthlander-3232-768x512.jpg 768w, https:\/\/riwal-wpn.acceptatie.indicia-interactiv.nl\/app\/uploads\/sites\/13\/2023\/07\/earthlander-3232-1536x1024.jpg 1536w, https:\/\/riwal-wpn.acceptatie.indicia-interactiv.nl\/app\/uploads\/sites\/13\/2023\/07\/earthlander-3232-178x119.jpg 178w, https:\/\/riwal-wpn.acceptatie.indicia-interactiv.nl\/app\/uploads\/sites\/13\/2023\/07\/earthlander-3232-390x260.jpg 390w\" sizes=\"auto, (max-width: 1024px) 100vw, 1024px\" \/><\/figure><\/div>\n<\/div>\n\t\t\t\t\t\t\t<\/div> \n\n<div class=\"rental-wp-default-block rental-theme-block-default-margin\">\n\t\t\t\t\t\t\t\t<div class=\"container\"><div class=\"wp-block-rental-theme-expertises wp-block-rental-theme-expertises--white rental-theme-block-default-margin\">\n\t\t<div class=\"wp-block-rental-theme-expertises__container\">\n\t\t\t<h3 class='wp-block-rental-theme-expertises__title'><br>Praktisk information<\/h3>\t\t\t\n\n<div class=\"wp-block-columns is-layout-flex wp-container-core-columns-is-layout-28f84493 wp-block-columns-is-layout-flex\">\n<div class=\"wp-block-column is-layout-flow wp-block-column-is-layout-flow\"><div class=\"wp-block-rental-theme-expertise-item\">\n\t<div class=\"wp-block-rental-theme-expertise-item__container\">\n\t\t<div class=\"wp-block-rental-theme-expertise-item__content\">\n\t\t\t\t\t\t\t\t\t\t\t\t<div class=\"wp-block-rental-theme-expertise-item--no-link\">\n\t\t\t\t\t\t<h2 class='wp-block-rental-theme-expertise-item__title'>F\u00f6rkunskaper<\/h2>\t\t\t\t\t<\/div>\n\t\t\t\t\t\t\t\t<div class=\"wp-block-rental-theme-expertise-item__text\">\n\n<p>F\u00f6r att f\u00e5 g\u00e5 v\u00e5r utbildning i Fallskydd \/ R\u00e4ddning beh\u00f6ver du inte ha n\u00e5gra f\u00f6rkunskaper. Du beh\u00f6ver dock ha fyllt 18 \u00e5r samt ha en god f\u00f6rst\u00e5else i svenska. Vid f\u00f6rfr\u00e5gan kan alla v\u00e5ra utbildningar h\u00e5llas p\u00e5 engelska. Kontakta oss f\u00f6r mer information.<\/p>\n\n<\/div>\n\t\t\t\t\t<\/div>\n\t<\/div>\n<\/div>\n<\/div>\n\n\n\n<div class=\"wp-block-column is-layout-flow wp-block-column-is-layout-flow\"><div class=\"wp-block-rental-theme-expertise-item\">\n\t<div class=\"wp-block-rental-theme-expertise-item__container\">\n\t\t<div class=\"wp-block-rental-theme-expertise-item__content\">\n\t\t\t\t\t\t\t\t\t\t\t\t<div class=\"wp-block-rental-theme-expertise-item--no-link\">\n\t\t\t\t\t\t<h2 class='wp-block-rental-theme-expertise-item__title'>Plats<\/h2>\t\t\t\t\t<\/div>\n\t\t\t\t\t\t\t\t<div class=\"wp-block-rental-theme-expertise-item__text\">\n\n<p>Vi h\u00e5ller v\u00e5r kurs i Fallskydd \/ R\u00e4ddning p\u00e5 v\u00e5ra dep\u00e5er i <strong>Stockholm<\/strong>, <strong>Norrk\u00f6ping<\/strong>, <strong>G\u00e4vle <\/strong>och <strong>Malm\u00f6<\/strong>, eller hos v\u00e5ra samarbetspartners i <strong>Borl\u00e4nge <\/strong>eller <strong>Skellefte\u00e5<\/strong>. Vill ni att vi ska komma till er? Inga problem, vi erbjuder \u00e4ven f\u00f6retagsanpassade utbildningar. Kontakta oss f\u00f6r mer information! <\/p>\n\n<\/div>\n\t\t\t\t\t<\/div>\n\t<\/div>\n<\/div>\n<\/div>\n<\/div>\n\n\t\t<\/div>\n<\/div>\n\n<\/div>\n\t\t\t\t\t\t\t<\/div> \n\n<div class=\"rental-wp-default-block rental-theme-block-default-margin\">\n\t\t\t\t\t\t\t\t<div class=\"container\">\n<div class=\"wp-block-columns is-layout-flex wp-container-core-columns-is-layout-28f84493 wp-block-columns-is-layout-flex\">\n<div class=\"wp-block-column is-layout-flow wp-block-column-is-layout-flow\">\n<h2 class=\"wp-block-heading has-large-font-size\" id=\"h-certifikat\">Certifikat<\/h2>\n\n\n\n<p>N\u00e4r du har genomf\u00f6rt det teoretiska provet och har blivit godk\u00e4nd, f\u00e5r du ett certifikat p\u00e5 att du har klarat utbildningen. Certifikatet \u00e4r giltigt i fem \u00e5r. Efter det m\u00e5ste du repetera utbildningen.<\/p>\n<\/div>\n\n\n\n<div class=\"wp-block-column is-layout-flow wp-block-column-is-layout-flow\">\n<h2 class=\"wp-block-heading has-large-font-size\" id=\"h-vad-ingar\">Vad ing\u00e5r? <\/h2>\n\n\n\n<p>I kursavgiften ing\u00e5r det kursmaterial, fika och lunch. Kaffe finns tillg\u00e4ngligt under hela utbildningen.<\/p>\n<\/div>\n<\/div>\n<\/div>\n\t\t\t\t\t\t\t<\/div> \n\n<div class=\"rental-wp-default-block rental-theme-block-default-margin\">\n\t\t\t\t\t\t\t\t<div class=\"container\">\n<div class=\"wp-block-columns is-layout-flex wp-container-core-columns-is-layout-28f84493 wp-block-columns-is-layout-flex\">\n<div class=\"wp-block-column is-layout-flow wp-block-column-is-layout-flow\"><\/div>\n\n\n\n<div class=\"wp-block-column is-layout-flow wp-block-column-is-layout-flow\"><\/div>\n\n\n\n<div class=\"wp-block-column is-layout-flow wp-block-column-is-layout-flow\"><\/div>\n<\/div>\n<\/div>\n\t\t\t\t\t\t\t<\/div> \n\n<div class=\"rental-wp-default-block rental-theme-block-default-margin\">\n\t\t\t\t\t\t\t\t<div class=\"container\">\n<div class=\"wp-block-columns is-layout-flex wp-container-core-columns-is-layout-28f84493 wp-block-columns-is-layout-flex\">\n<div class=\"wp-block-column is-layout-flow wp-block-column-is-layout-flow\">\n<h3 class=\"wp-block-heading\" id=\"h-varmt-valkommen-att-boka-din-utbildning-hos-oss\">Varmt v\u00e4lkommen att boka din utbildning hos oss! <\/h3>\n\n\n\n<p>Har du n\u00e5gra fr\u00e5gor eller funderingar? Kontakta oss p\u00e5 telefon: 08-704 29 18, via mail: utbildning@riwal.com eller via kontaktformul\u00e4ret nedan! <\/p>\n\n\n\n<div class=\"wp-block-buttons is-layout-flex wp-block-buttons-is-layout-flex\">\n<div class=\"wp-block-button\"><a class=\"wp-block-button__link wp-element-button\" href=\"https:\/\/riwal-wpn.acceptatie.indicia-interactiv.nl\/sv\/kontakta-riwal-utbildning\/\" target=\"_blank\" rel=\"noreferrer noopener\">Kontakta Riwal Utbildning<\/a><\/div>\n<\/div>\n\n\n\n<p><\/p>\n<\/div>\n\n\n\n<div class=\"wp-block-column is-layout-flow wp-block-column-is-layout-flow\">\n<figure class=\"wp-block-image size-large is-style-rounded\"><img loading=\"lazy\" decoding=\"async\" width=\"1024\" height=\"683\" src=\"https:\/\/riwal-wpn.acceptatie.indicia-interactiv.nl\/app\/uploads\/sites\/13\/2023\/06\/riwal-aerial-work-platform-rental-sales-4-1024x683.webp\" alt=\"\" class=\"wp-image-1078\" srcset=\"https:\/\/riwal-wpn.acceptatie.indicia-interactiv.nl\/app\/uploads\/sites\/13\/2023\/06\/riwal-aerial-work-platform-rental-sales-4-1024x683.webp 1024w, https:\/\/riwal-wpn.acceptatie.indicia-interactiv.nl\/app\/uploads\/sites\/13\/2023\/06\/riwal-aerial-work-platform-rental-sales-4-2048x1365.webp 2048w, https:\/\/riwal-wpn.acceptatie.indicia-interactiv.nl\/app\/uploads\/sites\/13\/2023\/06\/riwal-aerial-work-platform-rental-sales-4-1388x925.webp 1388w, https:\/\/riwal-wpn.acceptatie.indicia-interactiv.nl\/app\/uploads\/sites\/13\/2023\/06\/riwal-aerial-work-platform-rental-sales-4-830x553.webp 830w, https:\/\/riwal-wpn.acceptatie.indicia-interactiv.nl\/app\/uploads\/sites\/13\/2023\/06\/riwal-aerial-work-platform-rental-sales-4-250x167.webp 250w, https:\/\/riwal-wpn.acceptatie.indicia-interactiv.nl\/app\/uploads\/sites\/13\/2023\/06\/riwal-aerial-work-platform-rental-sales-4-300x200.webp 300w, https:\/\/riwal-wpn.acceptatie.indicia-interactiv.nl\/app\/uploads\/sites\/13\/2023\/06\/riwal-aerial-work-platform-rental-sales-4-768x512.webp 768w, https:\/\/riwal-wpn.acceptatie.indicia-interactiv.nl\/app\/uploads\/sites\/13\/2023\/06\/riwal-aerial-work-platform-rental-sales-4-1536x1024.webp 1536w, https:\/\/riwal-wpn.acceptatie.indicia-interactiv.nl\/app\/uploads\/sites\/13\/2023\/06\/riwal-aerial-work-platform-rental-sales-4-178x119.webp 178w, https:\/\/riwal-wpn.acceptatie.indicia-interactiv.nl\/app\/uploads\/sites\/13\/2023\/06\/riwal-aerial-work-platform-rental-sales-4-390x260.webp 390w\" sizes=\"auto, (max-width: 1024px) 100vw, 1024px\" \/><\/figure>\n<\/div>\n<\/div>\n<\/div>\n\t\t\t\t\t\t\t<\/div> ","protected":false},"featured_media":1639,"template":"","training-location":[167],"training-category":[109],"class_list":["post-1478","training","type-training","status-publish","has-post-thumbnail","hentry","training-category-fallskydd"],"acf":[],"yoast_head":"<!-- This site is optimized with the Yoast SEO Premium plugin v27.1 (Yoast SEO v27.1.1) - https:\/\/yoast.com\/product\/yoast-seo-premium-wordpress\/ -->\n<title>Fallskydd Grund + R\u00e4ddning\/Evakuering | Utbildning | Riwal<\/title>\n<meta name=\"description\" content=\"Utbilda dig i v\u00e5r kombo-utbildning Fallskydd \/ R\u00e4ddning, och f\u00f6rhindra risken f\u00f6r fallolyckor p\u00e5 din arbetsplats. Boka din utbildning idag!\" \/>\n<meta name=\"robots\" content=\"noindex, follow, max-snippet:-1, max-image-preview:large, max-video-preview:-1\" \/>\n<meta property=\"og:locale\" content=\"sv_SE\" \/>\n<meta property=\"og:type\" content=\"article\" \/>\n<meta property=\"og:title\" content=\"Fallskydd Grund + R\u00e4ddning\/Evakuering\" \/>\n<meta property=\"og:description\" content=\"Utbilda dig i v\u00e5r kombo-utbildning Fallskydd \/ R\u00e4ddning, och f\u00f6rhindra risken f\u00f6r fallolyckor p\u00e5 din arbetsplats. Boka din utbildning idag!\" \/>\n<meta property=\"og:url\" content=\"https:\/\/riwal-wpn.acceptatie.indicia-interactiv.nl\/sv\/vara-utbildningar\/fallskydd\/fallskydd-raddning-evakuering\/\" \/>\n<meta property=\"og:site_name\" content=\"Riwal Sverige\" \/>\n<meta property=\"article:modified_time\" content=\"2024-02-12T09:25:54+00:00\" \/>\n<meta property=\"og:image\" content=\"https:\/\/riwal-wpn.acceptatie.indicia-interactiv.nl\/app\/uploads\/sites\/13\/2023\/07\/earthlander-3137-scaled.jpg\" \/>\n\t<meta property=\"og:image:width\" content=\"2560\" \/>\n\t<meta property=\"og:image:height\" content=\"1707\" \/>\n\t<meta property=\"og:image:type\" content=\"image\/jpeg\" \/>\n<meta name=\"twitter:card\" content=\"summary_large_image\" \/>\n<meta name=\"twitter:label1\" content=\"Est. reading time\" \/>\n\t<meta name=\"twitter:data1\" content=\"3 minuter\" \/>\n<script type=\"application\/ld+json\" class=\"yoast-schema-graph\">{\"@context\":\"https:\/\/schema.org\",\"@graph\":[{\"@type\":\"WebPage\",\"@id\":\"https:\/\/riwal-wpn.acceptatie.indicia-interactiv.nl\/sv\/vara-utbildningar\/fallskydd\/fallskydd-raddning-evakuering\/\",\"url\":\"https:\/\/riwal-wpn.acceptatie.indicia-interactiv.nl\/sv\/vara-utbildningar\/fallskydd\/fallskydd-raddning-evakuering\/\",\"name\":\"Fallskydd Grund + R\u00e4ddning\/Evakuering | Utbildning | Riwal\",\"isPartOf\":{\"@id\":\"https:\/\/riwal-wpn.acceptatie.indicia-interactiv.nl\/sv\/#website\"},\"primaryImageOfPage\":{\"@id\":\"https:\/\/riwal-wpn.acceptatie.indicia-interactiv.nl\/sv\/vara-utbildningar\/fallskydd\/fallskydd-raddning-evakuering\/#primaryimage\"},\"image\":{\"@id\":\"https:\/\/riwal-wpn.acceptatie.indicia-interactiv.nl\/sv\/vara-utbildningar\/fallskydd\/fallskydd-raddning-evakuering\/#primaryimage\"},\"thumbnailUrl\":\"https:\/\/riwal-wpn.acceptatie.indicia-interactiv.nl\/app\/uploads\/sites\/13\/2023\/07\/earthlander-3137-scaled.jpg\",\"datePublished\":\"2023-07-19T12:06:22+00:00\",\"dateModified\":\"2024-02-12T09:25:54+00:00\",\"description\":\"Utbilda dig i v\u00e5r kombo-utbildning Fallskydd \/ R\u00e4ddning, och f\u00f6rhindra risken f\u00f6r fallolyckor p\u00e5 din arbetsplats. Boka din utbildning idag!\",\"breadcrumb\":{\"@id\":\"https:\/\/riwal-wpn.acceptatie.indicia-interactiv.nl\/sv\/vara-utbildningar\/fallskydd\/fallskydd-raddning-evakuering\/#breadcrumb\"},\"inLanguage\":\"sv-SE\",\"potentialAction\":[{\"@type\":\"ReadAction\",\"target\":[\"https:\/\/riwal-wpn.acceptatie.indicia-interactiv.nl\/sv\/vara-utbildningar\/fallskydd\/fallskydd-raddning-evakuering\/\"]}]},{\"@type\":\"ImageObject\",\"inLanguage\":\"sv-SE\",\"@id\":\"https:\/\/riwal-wpn.acceptatie.indicia-interactiv.nl\/sv\/vara-utbildningar\/fallskydd\/fallskydd-raddning-evakuering\/#primaryimage\",\"url\":\"https:\/\/riwal-wpn.acceptatie.indicia-interactiv.nl\/app\/uploads\/sites\/13\/2023\/07\/earthlander-3137-scaled.jpg\",\"contentUrl\":\"https:\/\/riwal-wpn.acceptatie.indicia-interactiv.nl\/app\/uploads\/sites\/13\/2023\/07\/earthlander-3137-scaled.jpg\",\"width\":2560,\"height\":1707,\"caption\":\"fallskydd-utbildning-riwal\"},{\"@type\":\"BreadcrumbList\",\"@id\":\"https:\/\/riwal-wpn.acceptatie.indicia-interactiv.nl\/sv\/vara-utbildningar\/fallskydd\/fallskydd-raddning-evakuering\/#breadcrumb\",\"itemListElement\":[{\"@type\":\"ListItem\",\"position\":1,\"name\":\"Hem\",\"item\":\"https:\/\/riwal-wpn.acceptatie.indicia-interactiv.nl\/sv\/\"},{\"@type\":\"ListItem\",\"position\":2,\"name\":\"Utbildning\",\"item\":\"https:\/\/riwal-wpn.acceptatie.indicia-interactiv.nl\/sv\/vara-utbildningar\/\"},{\"@type\":\"ListItem\",\"position\":3,\"name\":\"Fallskydd Grund + R\u00e4ddning\/Evakuering\"}]},{\"@type\":\"WebSite\",\"@id\":\"https:\/\/riwal-wpn.acceptatie.indicia-interactiv.nl\/sv\/#website\",\"url\":\"https:\/\/riwal-wpn.acceptatie.indicia-interactiv.nl\/sv\/\",\"name\":\"Riwal Sverige\",\"description\":\"Arial work platform &amp; Telehandler Rental\/Sales\",\"publisher\":{\"@id\":\"https:\/\/riwal-wpn.acceptatie.indicia-interactiv.nl\/sv\/#organization\"},\"potentialAction\":[{\"@type\":\"SearchAction\",\"target\":{\"@type\":\"EntryPoint\",\"urlTemplate\":\"https:\/\/riwal-wpn.acceptatie.indicia-interactiv.nl\/sv\/?s={search_term_string}\"},\"query-input\":{\"@type\":\"PropertyValueSpecification\",\"valueRequired\":true,\"valueName\":\"search_term_string\"}}],\"inLanguage\":\"sv-SE\"},{\"@type\":\"Organization\",\"@id\":\"https:\/\/riwal-wpn.acceptatie.indicia-interactiv.nl\/sv\/#organization\",\"name\":\"Riwal\",\"url\":\"https:\/\/riwal-wpn.acceptatie.indicia-interactiv.nl\/sv\/\",\"logo\":{\"@type\":\"ImageObject\",\"inLanguage\":\"sv-SE\",\"@id\":\"https:\/\/riwal-wpn.acceptatie.indicia-interactiv.nl\/sv\/#\/schema\/logo\/image\/\",\"url\":\"\",\"contentUrl\":\"\",\"caption\":\"Riwal\"},\"image\":{\"@id\":\"https:\/\/riwal-wpn.acceptatie.indicia-interactiv.nl\/sv\/#\/schema\/logo\/image\/\"}}]}<\/script>\n<!-- \/ Yoast SEO Premium plugin. -->","yoast_head_json":{"title":"Fallskydd Grund + R\u00e4ddning\/Evakuering | Utbildning | Riwal","description":"Utbilda dig i v\u00e5r kombo-utbildning Fallskydd \/ R\u00e4ddning, och f\u00f6rhindra risken f\u00f6r fallolyckor p\u00e5 din arbetsplats. Boka din utbildning idag!","robots":{"index":"noindex","follow":"follow","max-snippet":"max-snippet:-1","max-image-preview":"max-image-preview:large","max-video-preview":"max-video-preview:-1"},"og_locale":"sv_SE","og_type":"article","og_title":"Fallskydd Grund + R\u00e4ddning\/Evakuering","og_description":"Utbilda dig i v\u00e5r kombo-utbildning Fallskydd \/ R\u00e4ddning, och f\u00f6rhindra risken f\u00f6r fallolyckor p\u00e5 din arbetsplats. Boka din utbildning idag!","og_url":"https:\/\/riwal-wpn.acceptatie.indicia-interactiv.nl\/sv\/vara-utbildningar\/fallskydd\/fallskydd-raddning-evakuering\/","og_site_name":"Riwal Sverige","article_modified_time":"2024-02-12T09:25:54+00:00","og_image":[{"width":2560,"height":1707,"url":"https:\/\/riwal-wpn.acceptatie.indicia-interactiv.nl\/app\/uploads\/sites\/13\/2023\/07\/earthlander-3137-scaled.jpg","type":"image\/jpeg"}],"twitter_card":"summary_large_image","twitter_misc":{"Est. reading time":"3 minuter"},"schema":{"@context":"https:\/\/schema.org","@graph":[{"@type":"WebPage","@id":"https:\/\/riwal-wpn.acceptatie.indicia-interactiv.nl\/sv\/vara-utbildningar\/fallskydd\/fallskydd-raddning-evakuering\/","url":"https:\/\/riwal-wpn.acceptatie.indicia-interactiv.nl\/sv\/vara-utbildningar\/fallskydd\/fallskydd-raddning-evakuering\/","name":"Fallskydd Grund + R\u00e4ddning\/Evakuering | Utbildning | Riwal","isPartOf":{"@id":"https:\/\/riwal-wpn.acceptatie.indicia-interactiv.nl\/sv\/#website"},"primaryImageOfPage":{"@id":"https:\/\/riwal-wpn.acceptatie.indicia-interactiv.nl\/sv\/vara-utbildningar\/fallskydd\/fallskydd-raddning-evakuering\/#primaryimage"},"image":{"@id":"https:\/\/riwal-wpn.acceptatie.indicia-interactiv.nl\/sv\/vara-utbildningar\/fallskydd\/fallskydd-raddning-evakuering\/#primaryimage"},"thumbnailUrl":"https:\/\/riwal-wpn.acceptatie.indicia-interactiv.nl\/app\/uploads\/sites\/13\/2023\/07\/earthlander-3137-scaled.jpg","datePublished":"2023-07-19T12:06:22+00:00","dateModified":"2024-02-12T09:25:54+00:00","description":"Utbilda dig i v\u00e5r kombo-utbildning Fallskydd \/ R\u00e4ddning, och f\u00f6rhindra risken f\u00f6r fallolyckor p\u00e5 din arbetsplats. Boka din utbildning idag!","breadcrumb":{"@id":"https:\/\/riwal-wpn.acceptatie.indicia-interactiv.nl\/sv\/vara-utbildningar\/fallskydd\/fallskydd-raddning-evakuering\/#breadcrumb"},"inLanguage":"sv-SE","potentialAction":[{"@type":"ReadAction","target":["https:\/\/riwal-wpn.acceptatie.indicia-interactiv.nl\/sv\/vara-utbildningar\/fallskydd\/fallskydd-raddning-evakuering\/"]}]},{"@type":"ImageObject","inLanguage":"sv-SE","@id":"https:\/\/riwal-wpn.acceptatie.indicia-interactiv.nl\/sv\/vara-utbildningar\/fallskydd\/fallskydd-raddning-evakuering\/#primaryimage","url":"https:\/\/riwal-wpn.acceptatie.indicia-interactiv.nl\/app\/uploads\/sites\/13\/2023\/07\/earthlander-3137-scaled.jpg","contentUrl":"https:\/\/riwal-wpn.acceptatie.indicia-interactiv.nl\/app\/uploads\/sites\/13\/2023\/07\/earthlander-3137-scaled.jpg","width":2560,"height":1707,"caption":"fallskydd-utbildning-riwal"},{"@type":"BreadcrumbList","@id":"https:\/\/riwal-wpn.acceptatie.indicia-interactiv.nl\/sv\/vara-utbildningar\/fallskydd\/fallskydd-raddning-evakuering\/#breadcrumb","itemListElement":[{"@type":"ListItem","position":1,"name":"Hem","item":"https:\/\/riwal-wpn.acceptatie.indicia-interactiv.nl\/sv\/"},{"@type":"ListItem","position":2,"name":"Utbildning","item":"https:\/\/riwal-wpn.acceptatie.indicia-interactiv.nl\/sv\/vara-utbildningar\/"},{"@type":"ListItem","position":3,"name":"Fallskydd Grund + R\u00e4ddning\/Evakuering"}]},{"@type":"WebSite","@id":"https:\/\/riwal-wpn.acceptatie.indicia-interactiv.nl\/sv\/#website","url":"https:\/\/riwal-wpn.acceptatie.indicia-interactiv.nl\/sv\/","name":"Riwal Sverige","description":"Arial work platform &amp; Telehandler Rental\/Sales","publisher":{"@id":"https:\/\/riwal-wpn.acceptatie.indicia-interactiv.nl\/sv\/#organization"},"potentialAction":[{"@type":"SearchAction","target":{"@type":"EntryPoint","urlTemplate":"https:\/\/riwal-wpn.acceptatie.indicia-interactiv.nl\/sv\/?s={search_term_string}"},"query-input":{"@type":"PropertyValueSpecification","valueRequired":true,"valueName":"search_term_string"}}],"inLanguage":"sv-SE"},{"@type":"Organization","@id":"https:\/\/riwal-wpn.acceptatie.indicia-interactiv.nl\/sv\/#organization","name":"Riwal","url":"https:\/\/riwal-wpn.acceptatie.indicia-interactiv.nl\/sv\/","logo":{"@type":"ImageObject","inLanguage":"sv-SE","@id":"https:\/\/riwal-wpn.acceptatie.indicia-interactiv.nl\/sv\/#\/schema\/logo\/image\/","url":"","contentUrl":"","caption":"Riwal"},"image":{"@id":"https:\/\/riwal-wpn.acceptatie.indicia-interactiv.nl\/sv\/#\/schema\/logo\/image\/"}}]}},"_links":{"self":[{"href":"https:\/\/riwal-wpn.acceptatie.indicia-interactiv.nl\/sv\/wp-json\/wp\/v2\/training\/1478","targetHints":{"allow":["GET"]}}],"collection":[{"href":"https:\/\/riwal-wpn.acceptatie.indicia-interactiv.nl\/sv\/wp-json\/wp\/v2\/training"}],"about":[{"href":"https:\/\/riwal-wpn.acceptatie.indicia-interactiv.nl\/sv\/wp-json\/wp\/v2\/types\/training"}],"version-history":[{"count":51,"href":"https:\/\/riwal-wpn.acceptatie.indicia-interactiv.nl\/sv\/wp-json\/wp\/v2\/training\/1478\/revisions"}],"predecessor-version":[{"id":9284,"href":"https:\/\/riwal-wpn.acceptatie.indicia-interactiv.nl\/sv\/wp-json\/wp\/v2\/training\/1478\/revisions\/9284"}],"wp:featuredmedia":[{"embeddable":true,"href":"https:\/\/riwal-wpn.acceptatie.indicia-interactiv.nl\/sv\/wp-json\/wp\/v2\/media\/1639"}],"wp:attachment":[{"href":"https:\/\/riwal-wpn.acceptatie.indicia-interactiv.nl\/sv\/wp-json\/wp\/v2\/media?parent=1478"}],"wp:term":[{"taxonomy":"training-location","embeddable":true,"href":"https:\/\/riwal-wpn.acceptatie.indicia-interactiv.nl\/sv\/wp-json\/wp\/v2\/training-location?post=1478"},{"taxonomy":"training-category","embeddable":true,"href":"https:\/\/riwal-wpn.acceptatie.indicia-interactiv.nl\/sv\/wp-json\/wp\/v2\/training-category?post=1478"}],"curies":[{"name":"wp","href":"https:\/\/api.w.org\/{rel}","templated":true}]}}